{"id":6064,"date":"2025-03-10T11:35:31","date_gmt":"2025-03-10T10:35:31","guid":{"rendered":"https:\/\/www.rochefortpacifique.org\/edition2025\/?page_id=6064"},"modified":"2025-03-31T16:35:22","modified_gmt":"2025-03-31T14:35:22","slug":"pays-territoire-invite","status":"publish","type":"page","link":"https:\/\/www.rochefortpacifique.org\/edition2025\/pays-territoire-invite\/","title":{"rendered":"Guam \u00e0 l&rsquo;honneur &#8211; Festival Rochefort Pacifique"},"content":{"rendered":"\n<header class=\"wp-block-uagb-container page-title-header uagb-block-8347f88f alignfull uagb-is-root-container\"><div class=\"uagb-container-inner-blocks-wrap\">\n<div class=\"wp-block-uagb-container uagb-block-c9fe4809 alignfull uagb-is-root-container\"><div class=\"uagb-container-inner-blocks-wrap\">\n<p class=\"estilo_title has-text-color has-link-color wp-elements-ce3fb2faf93d51d2642da74792062a05\" style=\"color:#193452;font-size:20px;font-style:normal;font-weight:300;text-transform:uppercase\"><strong><strong>Pays \/ Territoire invit\u00e9<\/strong><\/strong><\/p>\n\n\n\n<div data-aos= \"fade-up\" data-aos-duration=\"400\" data-aos-delay=\"0\" data-aos-easing=\"ease\" data-aos-once=\"true\" class=\"wp-block-uagb-advanced-heading uagb-block-b3968097 rp-h2\"><h1 class=\"uagb-heading-text\">Guam \u00e0 l&rsquo;honneur<\/h1><\/div>\n\n\n\n<p class=\"estilo_title has-white-color has-text-color has-link-color wp-elements-b33e5cc93b18c77d599b658fafa44f91\" style=\"font-size:32px;font-style:normal;font-weight:300;text-transform:uppercase\"><strong>Festival Rochefort Pacifique<\/strong><\/p>\n<\/div><\/div>\n<\/div><\/header>\n\n\n\n<div class=\"wp-block-uagb-container uagb-block-871f45a2 alignfull uagb-is-root-container\"><div class=\"uagb-container-inner-blocks-wrap\">\n<div style=\"height:5rem\" aria-hidden=\"true\" class=\"wp-block-spacer\"><\/div>\n\n\n\n<div class=\"wp-block-uagb-advanced-heading uagb-block-f138a313\"><h2 class=\"uagb-heading-text\">Une collaboration avec le festival international du film de Guam (GIFF)<\/h2><\/div>\n\n\n\n<div style=\"height:3rem\" aria-hidden=\"true\" class=\"wp-block-spacer\"><\/div>\n\n\n\n<blockquote class=\"wp-block-quote is-layout-flow wp-block-quote-is-layout-flow\">\n<p>En 2025 le Festival Rochefort Pacifique met \u00e0 l\u2019honneur, GUAM ou Gu\u00e5han (en langue Chamorro), un territoire \u00ab non-incorpor\u00e9 \u00bb des \u00c9tats-Unis, la plus m\u00e9ridionale des \u00eeles Mariannes. Cette \u00eele fait partie de la Micron\u00e9sie, sans doute la r\u00e9gion la moins connue d\u2019Oc\u00e9anie, qui regroupe quelque 2 000 \u00eeles organis\u00e9es en plusieurs \u00e9tats r\u00e9partis sur plus de sept millions de kilom\u00e8tres carr\u00e9s.<\/p>\n<\/blockquote>\n\n\n\n<div style=\"height:2rem\" aria-hidden=\"true\" class=\"wp-block-spacer\"><\/div>\n\n\n\t\t\t\t\t<div\n\t\t\t\t\t\tclass=\"wp-block-uagb-image-gallery uagb-block-8637988b     \"\n\t\t\t\t\t\tstyle=\"\"\n\t\t\t\t\t>\n\t\t\t\t\t\t\t\t\t\t\t<div class=\"spectra-image-gallery spectra-image-gallery__layout--grid spectra-image-gallery__layout--grid-col-2 spectra-image-gallery__layout--grid-col-tab-3 spectra-image-gallery__layout--grid-col-mob-2\">\n\t\t\t\t\t\t\t\t\t\t\t<div class='spectra-image-gallery__media-wrapper' data-spectra-gallery-image-id='6621' tabindex=\"0\">\n\t\t\t\t\t\t\t<div class=\"spectra-image-gallery__media spectra-image-gallery__media--grid\">\n\t\t\t\t<picture>\n\t\t\t\t\t<source media=\"(min-width: 1024px)\" srcset=\"https:\/\/www.rochefortpacifique.org\/edition2025\/wp-content\/uploads\/sites\/3\/2025\/03\/DSC_3702-MediaGalleries-1024x536-1.jpg\">\n\t\t\t\t\t<source media=\"(min-width: 768px)\" srcset=\"https:\/\/www.rochefortpacifique.org\/edition2025\/wp-content\/uploads\/sites\/3\/2025\/03\/DSC_3702-MediaGalleries-1024x536-1.jpg\">\n\t\t\t\t\t<img decoding=\"async\" class=\"spectra-image-gallery__media-thumbnail spectra-image-gallery__media-thumbnail--grid\" src=\"https:\/\/www.rochefortpacifique.org\/edition2025\/wp-content\/uploads\/sites\/3\/2025\/03\/DSC_3702-MediaGalleries-1024x536-1-300x157.jpg\" alt=\"\" loading=\"lazy\" \/>\n\t\t\t\t<\/picture>\n\t\t\t\t<div class=\"spectra-image-gallery__media-thumbnail-blurrer\"><\/div>\n\t\t\t\t\t\t\t\t\t\t\t<div class=\"spectra-image-gallery__media-thumbnail-caption-wrapper spectra-image-gallery__media-thumbnail-caption-wrapper--overlay\"><\/div>\n\t\t\t\t\t\t\t\t<\/div>\n\t\t\t\t\t\t<\/div>\n\t\t\t\t\t\t<div class='spectra-image-gallery__media-wrapper' data-spectra-gallery-image-id='6622' tabindex=\"0\">\n\t\t\t\t\t\t\t<div class=\"spectra-image-gallery__media spectra-image-gallery__media--grid\">\n\t\t\t\t<picture>\n\t\t\t\t\t<source media=\"(min-width: 1024px)\" srcset=\"https:\/\/www.rochefortpacifique.org\/edition2025\/wp-content\/uploads\/sites\/3\/2025\/03\/guammap.jpg\">\n\t\t\t\t\t<source media=\"(min-width: 768px)\" srcset=\"https:\/\/www.rochefortpacifique.org\/edition2025\/wp-content\/uploads\/sites\/3\/2025\/03\/guammap.jpg\">\n\t\t\t\t\t<img decoding=\"async\" class=\"spectra-image-gallery__media-thumbnail spectra-image-gallery__media-thumbnail--grid\" src=\"https:\/\/www.rochefortpacifique.org\/edition2025\/wp-content\/uploads\/sites\/3\/2025\/03\/guammap-246x300.jpg\" alt=\"\" loading=\"lazy\" \/>\n\t\t\t\t<\/picture>\n\t\t\t\t<div class=\"spectra-image-gallery__media-thumbnail-blurrer\"><\/div>\n\t\t\t\t\t\t\t\t\t\t\t<div class=\"spectra-image-gallery__media-thumbnail-caption-wrapper spectra-image-gallery__media-thumbnail-caption-wrapper--overlay\"><\/div>\n\t\t\t\t\t\t\t\t<\/div>\n\t\t\t\t\t\t<\/div>\n\t\t\t\t\t\t\t\t\t\t<\/div>\n\t\t\t\t\t\t\t\t\t\t\t\t\t\t\t\t\t\t<\/div>\n\t\t\t\t\t\t\t\t\t\n\n\n<div style=\"height:3rem\" aria-hidden=\"true\" class=\"wp-block-spacer\"><\/div>\n\n\n\n<p>Gr\u00e2ce \u00e0 notre collaboration avec le festival international du film de Guam (GIFF) organis\u00e9 par Kel et Don MUNA et sponsoris\u00e9 par la cha\u00eene de t\u00e9l\u00e9vision PBS Guam KGTF, sugg\u00e9r\u00e9e par nos invit\u00e9s fidjiens en 2024, nous vous pr\u00e9senterons cette \u00eele du Pacifique, abord\u00e9e par les marins europ\u00e9ens de Magellan le 6 mars 1521, \u00e9pisode \u00e9voqu\u00e9 par le po\u00e8te Craig SANTOS PEREZ dans \u00ab Oui, C\u2019est Une Mutinerie \u00bb.<\/p>\n\n\n\n<div style=\"height:3rem\" aria-hidden=\"true\" class=\"wp-block-spacer\"><\/div>\n\n\n\n<div class=\" responsive-iframe-container\"><iframe loading=\"lazy\" class=\"responsive-iframe\" src=\"https:\/\/www.facebook.com\/plugins\/video.php?height=314&#038;href=https%3A%2F%2Fwww.facebook.com%2FFestivalRochefortPacifique%2Fvideos%2F577659711898700%2F&#038;show_text=false&#038;width=560&#038;t=0\" width=\"100%\" height=\"420\" style=\"border:none;overflow:hidden\" scrolling=\"no\" frameborder=\"0\" allowfullscreen=\"true\" allow=\"autoplay; clipboard-write; encrypted-media; picture-in-picture; web-share\" allowFullScreen=\"true\"><\/iframe>\n<\/div>\n\n\n\n<div style=\"height:2rem\" aria-hidden=\"true\" class=\"wp-block-spacer\"><\/div>\n\n\n\n<div class=\"wp-block-uagb-container uagb-layout-grid uagb-block-59fb96fd\">\n<p>En partenariat avec :<\/p>\n\n\n\n<div class=\"wp-block-uagb-image aligncenter uagb-block-62f74cfc wp-block-uagb-image--layout-default wp-block-uagb-image--effect-static wp-block-uagb-image--align-center\"><figure class=\"wp-block-uagb-image__figure\"><a class=\"\" href=\"https:\/\/www.pbsguam.org\/about-pbs-guam\/\" target=\"_blank\" rel=\"noreferrer noopener\"><img decoding=\"async\" srcset=\"https:\/\/www.rochefortpacifique.org\/edition2025\/wp-content\/uploads\/sites\/3\/2025\/01\/pbs_guam_02-copy.webp ,https:\/\/www.rochefortpacifique.org\/edition2025\/wp-content\/uploads\/sites\/3\/2025\/01\/pbs_guam_02-copy.webp 780w, https:\/\/www.rochefortpacifique.org\/edition2025\/wp-content\/uploads\/sites\/3\/2025\/01\/pbs_guam_02-copy.webp 360w\" sizes=\"auto, (max-width: 480px) 150px\" src=\"https:\/\/www.rochefortpacifique.org\/edition2025\/wp-content\/uploads\/sites\/3\/2025\/01\/pbs_guam_02-copy.webp\" alt=\"\" class=\"uag-image-5425\" width=\"360\" height=\"88\" title=\"pbs_guam_02-copy\" loading=\"lazy\" role=\"img\"\/><\/a><\/figure><\/div>\n\n\n<div class=\"wp-block-image\">\n<figure class=\"aligncenter size-full is-resized\"><a href=\"https:\/\/www.guamfilmfestival.org\/about\/\" target=\"_blank\" rel=\" noreferrer noopener\"><img loading=\"lazy\" decoding=\"async\" width=\"200\" height=\"200\" src=\"https:\/\/www.rochefortpacifique.org\/edition2025\/wp-content\/uploads\/sites\/3\/2025\/01\/logo_giff_2022.png\" alt=\"\" class=\"wp-image-5426\" style=\"width:auto;height:88px\" srcset=\"https:\/\/www.rochefortpacifique.org\/edition2025\/wp-content\/uploads\/sites\/3\/2025\/01\/logo_giff_2022.png 200w, https:\/\/www.rochefortpacifique.org\/edition2025\/wp-content\/uploads\/sites\/3\/2025\/01\/logo_giff_2022-150x150.png 150w\" sizes=\"auto, (max-width: 200px) 100vw, 200px\" \/><\/a><\/figure>\n<\/div><\/div>\n\n\n\n<div style=\"height:5rem\" aria-hidden=\"true\" class=\"wp-block-spacer\"><\/div>\n\n\n\n<div class=\"wp-block-uagb-advanced-heading uagb-block-7828f001\"><h3 class=\"uagb-heading-text\">La musique et la danse \u00e0 l&rsquo;honneur<\/h3><\/div>\n\n\n\n<p>Le peuple Chamorro a connu trois occupations coloniales, espagnole, japonaise puis am\u00e9ricaine. Un documentaire remarquable, \u201dWar for Guam\u201d retrace cette histoire complexe, que raconte aussi l\u2019\u00e9crivain Adrien GOMBEAUD \u00e0 travers une plong\u00e9e dans la plus grande n\u00e9cropole aquatique de la guerre du Pacifique \u00e0 Chuuk en Micron\u00e9sie. Les cons\u00e9quences des \u00ab contacts \u00bb europ\u00e9ens pour les populations oc\u00e9aniennes seront d\u00e9taill\u00e9es par l\u2019arch\u00e9ologue cal\u00e9donien Christophe SAND qui pr\u00e9sentera son ouvrage H\u00e9catombe Oc\u00e9anienne sur l\u2019histoire de la d\u00e9population du Pacifique (XVIe-XXe si\u00e8cle).<\/p>\n\n\n\n<p>La musique et la danse sont \u00e0 l\u2019honneur cette ann\u00e9e avec le Conservatoire Michel Legrand de Rochefort qui, pour l\u2019ouverture du Festival jeudi, nous offre un spectacle inspir\u00e9 par l\u2019 Oc\u00e9anie. Suivra la premi\u00e8re mondiale du premier long-m\u00e9trage de Niel ROMERO \u00ab Something to Call our Own \u00bb sur l\u2019importance de la musique et de la danse comme moyen d\u2019affirmation et de r\u00e9sistance de la culture Chamorro de Guam. Vendredi, le court m\u00e9trage n\u00e9o-cal\u00e9donien \u00ab Bereziina \u00bb d\u2019Anthony PEDULLA raconte un dilemme entre tradition et \u00e9mancipation d\u2019une jeune fille par la danse, et \u00ab Tradewinds \u00bb de Kyle PERRON nous pr\u00e9sente un musicien Chamorro inspirant de jeunes musiciens de Guam.<\/p>\n\n\n\n<div style=\"height:3rem\" aria-hidden=\"true\" class=\"wp-block-spacer\"><\/div>\n\n\n\n<a data-flickr-embed=\"true\" data-header=\"true\" data-footer=\"true\" href=\"https:\/\/www.flickr.com\/photos\/42977009@N05\" title=\"\" target=\"_blank\" rel=\"noopener\"><img loading=\"lazy\" decoding=\"async\" src=\"https:\/\/live.staticflickr.com\/65535\/54411269293_267edfa7b4_c.jpg\" width=\"1024\" height=\"768\" alt=\"\"\/><\/a><script async src=\"\/\/embedr.flickr.com\/assets\/client-code.js\" charset=\"utf-8\"><\/script>\n\n\n\n<div style=\"height:5rem\" aria-hidden=\"true\" class=\"wp-block-spacer\"><\/div>\n\n\n\n<div class=\"wp-block-uagb-advanced-heading uagb-block-cbbcede0\"><h3 class=\"uagb-heading-text\">Litt\u00e9rature et cin\u00e9ma<\/h3><\/div>\n\n\n\n<p>Ce 19e Festival vous fera aussi voyager en pays Maori avec la merveilleuse histoire du jeune \u00ab Charlie \u00bb de Tania ROXBOROGH qui, en ramassant les d\u00e9chets sur les plages, recueille une sir\u00e8ne et prot\u00e8ge avec elle l\u2019environnement marin. Vendredi apr\u00e8s midi le film de Petr LOM \u00ab I am the river, the river is me \u00bb nous fera descendre le fleuve Whanganui, premi\u00e8re rivi\u00e8re au monde reconnue comme personne morale \u00e0 l\u2019initiative du peuple Maori.<\/p>\n\n\n\n<p>Le film \u00ab The Convert \u00bb nous embarque dans la Nouvelle-Z\u00e9lande tumultueuse des ann\u00e9es 1830 et \u00ab La L\u00e9gende de Molly Johnson \u00bb de Leah PURCELL, \u00e9crivaine, sc\u00e9nariste, cin\u00e9aste et actrice nous fait d\u00e9couvrir le fin fond du bush australien en 1893. De retour au XXIe si\u00e8cle, \u00ab Cemel \u00bb de Faustine LEFRANC nous fait d\u00e9couvrir le vivre-ensemble dans une \u00e9cole maternelle de Nouvelle Cal\u00e9donie et Reynald MERIENNE nous invite \u00e0 d\u00e9couvrir l\u2019identit\u00e9 transgenre en Polyn\u00e9sie fran\u00e7aise dans son documentaire \u00ab Fi\u00e8r.e.s La voix du Pacifique \u00bb doublement prim\u00e9 au FIFO 2025.<\/p>\n\n\n\n<div style=\"height:3rem\" aria-hidden=\"true\" class=\"wp-block-spacer\"><\/div>\n\n\n\n<blockquote class=\"wp-block-quote is-layout-flow wp-block-quote-is-layout-flow\">\n<p>Pour que Rochefort et le Pacifique nous r\u00e9unissent \u00e0 nouveau en 2025 dans un espace exceptionnel d\u2019\u00e9change de paroles oc\u00e9aniennes, bienvenue \u00e0 nos invit\u00e9.es, bienvenue \u00e0 vous, festivali\u00e8res, festivaliers, et un grand merci aux b\u00e9n\u00e9voles, aux financeurs et aux partenaires qui nous soutiennent.<\/p>\n<\/blockquote>\n\n\n\n<div style=\"height:8rem\" aria-hidden=\"true\" class=\"wp-block-spacer\"><\/div>\n<\/div><\/div>\n\n\n\n<div data-aos= \"fade-up\" data-aos-duration=\"400\" data-aos-delay=\"0\" data-aos-easing=\"ease\" data-aos-once=\"true\" id=\"presentation\" class=\"wp-block-uagb-container uagb-block-06d3a718 alignfull uagb-is-root-container\"><div class=\"uagb-container-inner-blocks-wrap\">\n<div class=\"wp-block-media-text is-stacked-on-mobile\" style=\"grid-template-columns:40% auto\"><figure class=\"wp-block-media-text__media\"><img loading=\"lazy\" decoding=\"async\" width=\"728\" height=\"1024\" src=\"https:\/\/www.rochefortpacifique.org\/edition2025\/wp-content\/uploads\/sites\/3\/2025\/01\/affiche-RP-2025-mobile-728x1024.jpg\" alt=\"\" class=\"wp-image-5470 size-full\" srcset=\"https:\/\/www.rochefortpacifique.org\/edition2025\/wp-content\/uploads\/sites\/3\/2025\/01\/affiche-RP-2025-mobile-728x1024.jpg 728w, https:\/\/www.rochefortpacifique.org\/edition2025\/wp-content\/uploads\/sites\/3\/2025\/01\/affiche-RP-2025-mobile-213x300.jpg 213w, https:\/\/www.rochefortpacifique.org\/edition2025\/wp-content\/uploads\/sites\/3\/2025\/01\/affiche-RP-2025-mobile-768x1080.jpg 768w, https:\/\/www.rochefortpacifique.org\/edition2025\/wp-content\/uploads\/sites\/3\/2025\/01\/affiche-RP-2025-mobile.jpg 980w\" sizes=\"auto, (max-width: 728px) 100vw, 728px\" \/><\/figure><div class=\"wp-block-media-text__content\">\n<p class=\"estilo_title has-text-color has-link-color wp-elements-468aed120121ac1d957fe3db09f069f1\" style=\"color:#fdad2c;font-style:normal;font-weight:300\"><strong>19e \u00e9dition<\/strong><\/p>\n\n\n\n<div data-aos= \"fade-up\" data-aos-duration=\"400\" data-aos-delay=\"0\" data-aos-easing=\"ease\" data-aos-once=\"true\" class=\"wp-block-uagb-advanced-heading uagb-block-0e556482 rp-h2\"><h2 class=\"uagb-heading-text\">Le Festival<br><span class=\"sub-h2\">Rochefort Pacifique<\/span><\/h2><\/div>\n\n\n\n<p class=\"estilo_title has-text-color has-link-color wp-elements-e7467b55f244bac687056d9977921328\" style=\"color:#fdad2c;font-size:32px;font-style:normal;font-weight:300\"><strong>du 10 au 12 avril 2025<\/strong><\/p>\n\n\n\n<div class=\"wp-block-uagb-buttons uagb-buttons__outer-wrap uagb-btn__default-btn uagb-btn-tablet__default-btn uagb-btn-mobile__default-btn uagb-block-5d6c80d1\"><div class=\"uagb-buttons__wrap uagb-buttons-layout-wrap \">\n<div class=\"wp-block-uagb-buttons-child uagb-buttons__outer-wrap uagb-block-267fceb0 wp-block-button\"><div class=\"uagb-button__wrapper\"><a class=\"uagb-buttons-repeater wp-block-button__link\" aria-label=\"\" href=\"\/programmation-2025\" rel=\"follow noopener\" target=\"_self\" role=\"button\"><div class=\"uagb-button__link\">programme<\/div><\/a><\/div><\/div>\n<\/div><\/div>\n<\/div><\/div>\n<\/div><\/div>\n","protected":false},"excerpt":{"rendered":"<p>Pays \/ Territoire invit\u00e9 Guam \u00e0 l&rsquo;honneur Festival Rochefort Pacifique Une collaboration avec le festival international du film de Guam (GIFF) En 2025 le Festival Rochefort Pacifique met \u00e0 l\u2019honneur, GUAM ou Gu\u00e5han (en langue Chamorro), un territoire \u00ab non-incorpor\u00e9 \u00bb des \u00c9tats-Unis, la plus m\u00e9ridionale des \u00eeles Mariannes. Cette \u00eele fait partie de la [&hellip;]<\/p>\n","protected":false},"author":12,"featured_media":5475,"parent":0,"menu_order":3,"comment_status":"closed","ping_status":"closed","template":"page-full.php","meta":{"_acf_changed":false,"inline_featured_image":false,"_uag_custom_page_level_css":"","footnotes":""},"class_list":["post-6064","page","type-page","status-publish","has-post-thumbnail","hentry"],"acf":[],"uagb_featured_image_src":{"full":["https:\/\/www.rochefortpacifique.org\/edition2025\/wp-content\/uploads\/sites\/3\/2025\/01\/red-visuel-RP-2025-facebook-820x312-2.jpeg",820,312,false],"thumbnail":["https:\/\/www.rochefortpacifique.org\/edition2025\/wp-content\/uploads\/sites\/3\/2025\/01\/red-visuel-RP-2025-facebook-820x312-2-150x150.jpeg",150,150,true],"medium":["https:\/\/www.rochefortpacifique.org\/edition2025\/wp-content\/uploads\/sites\/3\/2025\/01\/red-visuel-RP-2025-facebook-820x312-2-300x114.jpeg",300,114,true],"medium_large":["https:\/\/www.rochefortpacifique.org\/edition2025\/wp-content\/uploads\/sites\/3\/2025\/01\/red-visuel-RP-2025-facebook-820x312-2-768x292.jpeg",768,292,true],"large":["https:\/\/www.rochefortpacifique.org\/edition2025\/wp-content\/uploads\/sites\/3\/2025\/01\/red-visuel-RP-2025-facebook-820x312-2.jpeg",800,304,false],"1536x1536":["https:\/\/www.rochefortpacifique.org\/edition2025\/wp-content\/uploads\/sites\/3\/2025\/01\/red-visuel-RP-2025-facebook-820x312-2.jpeg",820,312,false],"2048x2048":["https:\/\/www.rochefortpacifique.org\/edition2025\/wp-content\/uploads\/sites\/3\/2025\/01\/red-visuel-RP-2025-facebook-820x312-2.jpeg",820,312,false]},"uagb_author_info":{"display_name":"Julien Taureau","author_link":"https:\/\/www.rochefortpacifique.org\/edition2025\/author\/julient\/"},"uagb_comment_info":0,"uagb_excerpt":"Pays \/ Territoire invit\u00e9 Guam \u00e0 l&rsquo;honneur Festival Rochefort Pacifique Une collaboration avec le festival international du film de Guam (GIFF) En 2025 le Festival Rochefort Pacifique met \u00e0 l\u2019honneur, GUAM ou Gu\u00e5han (en langue Chamorro), un territoire \u00ab non-incorpor\u00e9 \u00bb des \u00c9tats-Unis, la plus m\u00e9ridionale des \u00eeles Mariannes. Cette \u00eele fait partie de la\u2026","_links":{"self":[{"href":"https:\/\/www.rochefortpacifique.org\/edition2025\/wp-json\/wp\/v2\/pages\/6064","targetHints":{"allow":["GET"]}}],"collection":[{"href":"https:\/\/www.rochefortpacifique.org\/edition2025\/wp-json\/wp\/v2\/pages"}],"about":[{"href":"https:\/\/www.rochefortpacifique.org\/edition2025\/wp-json\/wp\/v2\/types\/page"}],"author":[{"embeddable":true,"href":"https:\/\/www.rochefortpacifique.org\/edition2025\/wp-json\/wp\/v2\/users\/12"}],"replies":[{"embeddable":true,"href":"https:\/\/www.rochefortpacifique.org\/edition2025\/wp-json\/wp\/v2\/comments?post=6064"}],"version-history":[{"count":27,"href":"https:\/\/www.rochefortpacifique.org\/edition2025\/wp-json\/wp\/v2\/pages\/6064\/revisions"}],"predecessor-version":[{"id":6627,"href":"https:\/\/www.rochefortpacifique.org\/edition2025\/wp-json\/wp\/v2\/pages\/6064\/revisions\/6627"}],"wp:featuredmedia":[{"embeddable":true,"href":"https:\/\/www.rochefortpacifique.org\/edition2025\/wp-json\/wp\/v2\/media\/5475"}],"wp:attachment":[{"href":"https:\/\/www.rochefortpacifique.org\/edition2025\/wp-json\/wp\/v2\/media?parent=6064"}],"curies":[{"name":"wp","href":"https:\/\/api.w.org\/{rel}","templated":true}]}}