{"id":5564,"date":"2025-03-07T15:10:55","date_gmt":"2025-03-07T14:10:55","guid":{"rendered":"https:\/\/www.rochefortpacifique.org\/edition2025\/?page_id=5564"},"modified":"2025-10-17T12:53:14","modified_gmt":"2025-10-17T10:53:14","slug":"festival-rochefort-pacifique-edition-2026","status":"publish","type":"page","link":"https:\/\/www.rochefortpacifique.org\/edition2025\/","title":{"rendered":"Festival Rochefort Pacifique &#8211; \u00c9dition 2025 &#8211; Du 10 au 12 avril"},"content":{"rendered":"\n<div id=\"intro\" class=\"wp-block-uagb-container uagb-block-f4d21bc7 alignfull uagb-is-root-container\"><div class=\"uagb-container-inner-blocks-wrap\">\n<div class=\"wp-block-uagb-image aligncenter uagb-block-b2423408 wp-block-uagb-image--layout-default wp-block-uagb-image--effect-static wp-block-uagb-image--align-center img-fluid uag-hide-mob\"><figure class=\"wp-block-uagb-image__figure\"><img decoding=\"async\" srcset=\"https:\/\/www.rochefortpacifique.org\/edition2025\/wp-content\/uploads\/sites\/3\/2025\/03\/festival-rochefort-pacifique_du-10au12avril2025_visuel_programmation2025.jpg ,https:\/\/www.rochefortpacifique.org\/edition2025\/wp-content\/uploads\/sites\/3\/2025\/03\/festival-rochefort-pacifique_du-10au12avril2025_visuel_programmation2025.jpg 780w, https:\/\/www.rochefortpacifique.org\/edition2025\/wp-content\/uploads\/sites\/3\/2025\/03\/festival-rochefort-pacifique_du-10au12avril2025_visuel_programmation2025-1024x576.jpg 360w\" sizes=\"auto, (max-width: 480px) 150px\" src=\"https:\/\/www.rochefortpacifique.org\/edition2025\/wp-content\/uploads\/sites\/3\/2025\/03\/festival-rochefort-pacifique_du-10au12avril2025_visuel_programmation2025.jpg\" alt=\"Festival Rochefort Pacifique 19e \u00e9dition 2025 - Cin\u00e9ma Litt\u00e9rature - Guam \u00e0 l'honneur\" class=\"uag-image-6438\" width=\"1920\" height=\"1080\" title=\"festival-rochefort-pacifique_du-10au12avril2025_visuel_programmation2025\" loading=\"lazy\" role=\"img\"\/><\/figure><\/div>\n\n\n\n<div class=\"wp-block-uagb-buttons uagb-buttons__outer-wrap uagb-btn__default-btn uagb-btn-tablet__default-btn uagb-btn-mobile__default-btn uagb-block-6e7d3dd7 uag-hide-tab uag-hide-mob\"><div class=\"uagb-buttons__wrap uagb-buttons-layout-wrap \">\n<div class=\"wp-block-uagb-buttons-child uagb-buttons__outer-wrap uagb-block-5f8da853 wp-block-button\"><div class=\"uagb-button__wrapper\"><a class=\"uagb-buttons-repeater wp-block-button__link\" aria-label=\"\" href=\"#presentation\" rel=\"follow noopener\" target=\"_self\" role=\"button\"><div class=\"uagb-button__link\">D\u00e9couvrir<\/div><\/a><\/div><\/div>\n<\/div><\/div>\n<\/div><\/div>\n\n\n\n<div id=\"presentation\" class=\"wp-block-uagb-container uagb-block-06d3a718 alignfull uagb-is-root-container\"><div class=\"uagb-container-inner-blocks-wrap\">\n<div class=\"wp-block-media-text is-stacked-on-mobile\"><figure class=\"wp-block-media-text__media\"><img loading=\"lazy\" decoding=\"async\" width=\"724\" height=\"1024\" src=\"https:\/\/www.rochefortpacifique.org\/edition2025\/wp-content\/uploads\/sites\/3\/2025\/03\/programme-rochefort-pacifique-2025_affiche-724x1024.jpg\" alt=\"\" class=\"wp-image-6150 size-full\" srcset=\"https:\/\/www.rochefortpacifique.org\/edition2025\/wp-content\/uploads\/sites\/3\/2025\/03\/programme-rochefort-pacifique-2025_affiche-724x1024.jpg 724w, https:\/\/www.rochefortpacifique.org\/edition2025\/wp-content\/uploads\/sites\/3\/2025\/03\/programme-rochefort-pacifique-2025_affiche-212x300.jpg 212w, https:\/\/www.rochefortpacifique.org\/edition2025\/wp-content\/uploads\/sites\/3\/2025\/03\/programme-rochefort-pacifique-2025_affiche-768x1086.jpg 768w, https:\/\/www.rochefortpacifique.org\/edition2025\/wp-content\/uploads\/sites\/3\/2025\/03\/programme-rochefort-pacifique-2025_affiche-1086x1536.jpg 1086w, https:\/\/www.rochefortpacifique.org\/edition2025\/wp-content\/uploads\/sites\/3\/2025\/03\/programme-rochefort-pacifique-2025_affiche.jpg 1358w\" sizes=\"auto, (max-width: 724px) 100vw, 724px\" \/><\/figure><div class=\"wp-block-media-text__content\">\n<div class=\"wp-block-uagb-separator uagb-block-baf7973e uag-hide-desktop uag-hide-tab\"><div class=\"uagb-separator-spacing-wrapper\"><div class=\"wp-block-uagb-separator__inner\" style=\"--my-background-image:\"><\/div><\/div><\/div>\n\n\n\n<p class=\"estilo_title has-text-color has-link-color wp-elements-dfc3430395ca17c1f84e659656be2efc\" style=\"color:#fdad2c;font-style:normal;font-weight:300\"><strong>19<sup>e<\/sup> \u00e9dition<\/strong><\/p>\n\n\n\n<div data-aos= \"fade-up\" data-aos-duration=\"400\" data-aos-delay=\"0\" data-aos-easing=\"ease\" data-aos-once=\"true\" class=\"wp-block-uagb-advanced-heading uagb-block-b3968097 rp-h2\"><h2 class=\"uagb-heading-text\">Le Festival<br><span class=\"sub-h2\">Rochefort Pacifique<\/span><\/h2><\/div>\n\n\n\n<p class=\"estilo_title has-text-color has-link-color wp-elements-e7467b55f244bac687056d9977921328\" style=\"color:#fdad2c;font-size:32px;font-style:normal;font-weight:300\"><strong>du 10 au 12 avril 2025<\/strong><\/p>\n\n\n\n<div style=\"height:2rem\" aria-hidden=\"true\" class=\"wp-block-spacer\"><\/div>\n\n\n\n<h3 class=\"wp-block-heading\">\u00c9dito<\/h3>\n\n\n\n<p>Cette ann\u00e9e, le Festival Rochefort Pacifique met \u00e0 l\u2019honneur, <strong>GUAM <\/strong>ou Gu\u00e5han (en langue Chamorro), un territoire \u00ab non-incorpor\u00e9 \u00bb des \u00c9tats-Unis, la plus m\u00e9ridionale des \u00eeles Mariannes. Guam fait partie de la Micron\u00e9sie, r\u00e9gion peu connue d\u2019Oc\u00e9anie qui regroupe quelques 2 000 \u00eeles et plusieurs \u00e9tats, sur plus de sept millions de km<sup>2<\/sup>.<\/p>\n\n\n\n<p>Pour que Rochefort et le Pacifique nous r\u00e9unissent \u00e0 nouveau en 2025 dans un espace exceptionnel d\u2019\u00e9change de paroles oc\u00e9aniennes, bienvenue \u00e0 toutes et tous et un grand merci aux b\u00e9n\u00e9voles, financeurs et partenaires qui nous soutiennent.<\/p>\n\n\n\n<div style=\"height:1rem\" aria-hidden=\"true\" class=\"wp-block-spacer\"><\/div>\n\n\n\n<div class=\"wp-block-uagb-buttons uagb-buttons__outer-wrap uagb-btn__default-btn uagb-btn-tablet__default-btn uagb-btn-mobile__default-btn uagb-block-5d6c80d1\"><div class=\"uagb-buttons__wrap uagb-buttons-layout-wrap \">\n<div class=\"wp-block-uagb-buttons-child uagb-buttons__outer-wrap uagb-block-267fceb0 wp-block-button\"><div class=\"uagb-button__wrapper\"><a class=\"uagb-buttons-repeater wp-block-button__link\" aria-label=\"\" href=\"\/le-festival\" rel=\"follow noopener\" target=\"_self\" role=\"button\"><div class=\"uagb-button__link\">D\u00e9couvrir<\/div><\/a><\/div><\/div>\n<\/div><\/div>\n<\/div><\/div>\n<\/div><\/div>\n\n\n\n<div style=\"height:60px\" aria-hidden=\"true\" class=\"wp-block-spacer\"><\/div>\n\n\n\n<div class=\"wp-block-uagb-container uagb-block-b4fb268a alignfull uagb-is-root-container\"><div class=\"uagb-container-inner-blocks-wrap\">\n<div class=\"wp-block-uagb-container uagb-block-698333c4\">\n<p class=\"estilo_title has-text-color has-link-color wp-elements-d74716dc1b71185c168a0a7e993fc4a9\" style=\"color:#fdad2c;font-style:normal;font-weight:300\"><strong>Retours sur la 19<sup>e<\/sup> \u00e9dition<\/strong><\/p>\n\n\n\n<div data-aos= \"fade-up\" data-aos-duration=\"400\" data-aos-delay=\"0\" data-aos-easing=\"ease\" data-aos-once=\"true\" class=\"wp-block-uagb-advanced-heading uagb-block-dbf866bf rp-h2\"><h2 class=\"uagb-heading-text\">Vid\u00e9os d&rsquo;interview et cin\u00e9-d\u00e9bat<\/h2><\/div>\n\n\n\n<div style=\"height:40px\" aria-hidden=\"true\" class=\"wp-block-spacer\"><\/div>\n\n\n\n<h3 class=\"wp-block-heading\"><a href=\"https:\/\/www.rochefortpacifique.org\/edition2025\/festival\/les-droits-de-la-nature\/\">Cin\u00e9 D\u00e9bat<\/a> sur le film <a href=\"https:\/\/www.rochefortpacifique.org\/edition2025\/festival\/i-am-the-river-the-river-is-me\/\" data-type=\"festival\" data-id=\"5873\">\u00ab\u00a0I am the river and the river is me\u00a0\u00bb<\/a> au 19<sup>e<\/sup> festival Rochefort Pacifique 2025<\/h3>\n\n\n\n<p><em>Cin\u00e9 D\u00e9bat sur le film \u00ab\u00a0I am the river, The river is me\u00a0\u00bb (2024) au 19<sup>e<\/sup> Festival Rochefort Pacifique 2025, avec le r\u00e9alisateur Petr Rom et la productrice Corinne van Egeraat, anim\u00e9 par Catherine Ruelle et Herv\u00e9 Gigaroff, le samedi 12 Avril 2025 au Cin\u00e9ma Apollo 8 de Rochefort.<\/em><\/p>\n\n\n\n<div style=\"height:40px\" aria-hidden=\"true\" class=\"wp-block-spacer\"><\/div>\n\n\n\n<figure class=\"wp-block-embed is-type-video is-provider-youtube wp-block-embed-youtube wp-embed-aspect-16-9 wp-has-aspect-ratio\"><div class=\"wp-block-embed__wrapper\">\n<div class=\"ratio ratio-16x9\"><iframe loading=\"lazy\" title=\"Cin\u00e9 D\u00e9bat sur le film &quot;I am the river, the river is me&quot; au 19e festival Rochefort Pacifique 2025\" width=\"800\" height=\"450\" src=\"https:\/\/www.youtube.com\/embed\/PZUqh6ISXO8?feature=oembed\" frameborder=\"0\" allow=\"accelerometer; autoplay; clipboard-write; encrypted-media; gyroscope; picture-in-picture; web-share\" referrerpolicy=\"strict-origin-when-cross-origin\" allowfullscreen><\/iframe><\/div>\n<\/div><\/figure>\n<\/div>\n\n\n\n<div style=\"height:40px\" aria-hidden=\"true\" class=\"wp-block-spacer\"><\/div>\n\n\n\n<div class=\"wp-block-uagb-container uagb-block-177cf70a\">\n<div class=\"wp-block-uagb-container uagb-block-048140f2\">\n<h3 class=\"wp-block-heading\">Interview de Niel Romero, de Guam, r\u00e9alisateur du film <a href=\"https:\/\/www.rochefortpacifique.org\/edition2025\/festival\/something-to-call-our-own\/\" data-type=\"festival\" data-id=\"5531\">\u00ab\u00a0Something calls your own\u201d<\/a><\/h3>\n\n\n\n<div style=\"height:40px\" aria-hidden=\"true\" class=\"wp-block-spacer\"><\/div>\n\n\n\n<figure class=\"wp-block-embed is-type-video is-provider-youtube wp-block-embed-youtube wp-embed-aspect-16-9 wp-has-aspect-ratio\"><div class=\"wp-block-embed__wrapper\">\n<div class=\"ratio ratio-16x9\"><iframe loading=\"lazy\" title=\"Interview de Niel Romero, de Guam, r\u00e9alisateur du film &quot;Something calls your own&quot;\" width=\"800\" height=\"450\" src=\"https:\/\/www.youtube.com\/embed\/1CDDbU7_KvQ?feature=oembed\" frameborder=\"0\" allow=\"accelerometer; autoplay; clipboard-write; encrypted-media; gyroscope; picture-in-picture; web-share\" referrerpolicy=\"strict-origin-when-cross-origin\" allowfullscreen><\/iframe><\/div>\n<\/div><\/figure>\n<\/div>\n\n\n\n<div class=\"wp-block-uagb-container uagb-block-b650465f\">\n<h3 class=\"wp-block-heading\">Cin\u00e9 D\u00e9bat sur le film <a href=\"https:\/\/www.rochefortpacifique.org\/edition2025\/festival\/bereziina\/\" data-type=\"festival\" data-id=\"5821\">\u00ab\u00a0Bereziina\u00a0\u00bb<\/a> au 19<sup>e<\/sup> festival Rochefort Pacifique 2025<\/h3>\n\n\n\n<div style=\"height:40px\" aria-hidden=\"true\" class=\"wp-block-spacer\"><\/div>\n\n\n\n<figure class=\"wp-block-embed is-type-video is-provider-youtube wp-block-embed-youtube wp-embed-aspect-16-9 wp-has-aspect-ratio\"><div class=\"wp-block-embed__wrapper\">\n<div class=\"ratio ratio-16x9\"><iframe loading=\"lazy\" title=\"Cin\u00e9 D\u00e9bat sur le film &quot;Bereziina&quot; au 19e festival Rochefort Pacifique 2025\" width=\"800\" height=\"450\" src=\"https:\/\/www.youtube.com\/embed\/lclCKGYfMNU?start=240&#038;feature=oembed\" frameborder=\"0\" allow=\"accelerometer; autoplay; clipboard-write; encrypted-media; gyroscope; picture-in-picture; web-share\" referrerpolicy=\"strict-origin-when-cross-origin\" allowfullscreen><\/iframe><\/div>\n<\/div><\/figure>\n<\/div>\n<\/div>\n\n\n\n<div class=\"wp-block-uagb-container uagb-block-de2e0bcb\">\n<div style=\"height:40px\" aria-hidden=\"true\" class=\"wp-block-spacer\"><\/div>\n\n\n\n<h3 class=\"wp-block-heading\">\u00ab\u00a0<a href=\"https:\/\/www.rochefortpacifique.org\/edition2025\/festival\/hecatombe-oceanienne\/\" data-type=\"festival\" data-id=\"5797\">H\u00e9catombe Oc\u00e9anienne<\/a>\u00a0\u00bb pr\u00e9sent\u00e9 par son auteur Christophe Sand au 19<sup>e<\/sup> festival Rochefort Pacifique 2025<\/h3>\n\n\n\n<div style=\"height:40px\" aria-hidden=\"true\" class=\"wp-block-spacer\"><\/div>\n\n\n\n<figure class=\"wp-block-embed is-type-video is-provider-youtube wp-block-embed-youtube wp-embed-aspect-16-9 wp-has-aspect-ratio\"><div class=\"wp-block-embed__wrapper\">\n<div class=\"ratio ratio-16x9\"><iframe loading=\"lazy\" title=\"&quot;H\u00e9catombe Oc\u00e9anienne&quot; pr\u00e9sent\u00e9 par Christophe Sand au 19e festival Rochefort Pacifique 2025\" width=\"800\" height=\"450\" src=\"https:\/\/www.youtube.com\/embed\/jGGhbwZf0E4?feature=oembed\" frameborder=\"0\" allow=\"accelerometer; autoplay; clipboard-write; encrypted-media; gyroscope; picture-in-picture; web-share\" referrerpolicy=\"strict-origin-when-cross-origin\" allowfullscreen><\/iframe><\/div>\n<\/div><\/figure>\n<\/div>\n<\/div><\/div>\n\n\n\n<div style=\"height:60px\" aria-hidden=\"true\" class=\"wp-block-spacer\"><\/div>\n\n\n\n<div id=\"invites\" class=\"wp-block-uagb-container uagb-block-5d33ec49 alignfull uagb-is-root-container\"><div class=\"uagb-container-inner-blocks-wrap\">\n<div style=\"height:6em\" aria-hidden=\"true\" class=\"wp-block-spacer\"><\/div>\n\n\n\n<div class=\"wp-block-uagb-container uagb-block-7b74d7a9\">\n<div class=\"wp-block-uagb-container uagb-block-9a282158 alignfull uagb-is-root-container\"><div class=\"uagb-container-inner-blocks-wrap\">\n<div class=\"wp-block-uagb-container uagb-block-9a9e2cb3\">\n<div data-aos= \"fade-up\" data-aos-duration=\"400\" data-aos-delay=\"0\" data-aos-easing=\"ease\" data-aos-once=\"true\" class=\"wp-block-uagb-advanced-heading uagb-block-6b07f080 rp-h2\"><h2 class=\"uagb-heading-text\"><span class=\"sub-h2\">Ils seront pr\u00e9sents<\/span><\/h2><\/div>\n\n\n\n<p class=\"estilo_title has-text-color has-link-color wp-elements-f7db3e12b3d8cf719ffbbf5fb7d0114d\" style=\"color:#01c6d1;font-size:32px;font-style:normal;font-weight:300\"><strong>Cin\u00e9astes, \u00e9crivains &amp; intervenants<\/strong><\/p>\n<\/div>\n\n\n\n<div class=\"wp-block-uagb-container uagb-block-fe3c99df\">\n<div class=\"wp-block-uagb-buttons uagb-buttons__outer-wrap uagb-btn__medium-btn uagb-btn-tablet__default-btn uagb-btn-mobile__default-btn uagb-block-759c255a uag-blocks-common-selector\" style=\"--z-index-desktop:2;;--z-index-tablet:undefined;;--z-index-mobile:undefined;\"><div class=\"uagb-buttons__wrap uagb-buttons-layout-wrap \">\n<div class=\"wp-block-uagb-buttons-child uagb-buttons__outer-wrap uagb-block-d4aafbae wp-block-button\"><div class=\"uagb-button__wrapper\"><a class=\"uagb-buttons-repeater wp-block-button__link\" aria-label=\"\" href=\"\/invites-et-intervenants\/\" rel=\"follow noopener\" target=\"_self\" role=\"button\"><div class=\"uagb-button__link\">Tous  les participants<\/div><\/a><\/div><\/div>\n<\/div><\/div>\n<\/div>\n<\/div><\/div>\n\n\n\n<div style=\"height:2em\" aria-hidden=\"true\" class=\"wp-block-spacer\"><\/div>\n\n\n\n\t\t\t<div class=\"wp-block-uagb-post-carousel uagb-post-grid home-invites uagb-post__image-position-background uagb-post__image-enabled uagb-block-cc6df631     uagb-post__arrow-outside uagb-slick-carousel uagb-post__items uagb-post__columns-5 is-carousel uagb-post__columns-tablet-2 uagb-post__columns-mobile-1 uagb-post__carousel_equal-height\" data-total=\"1\" style=\"\">\n\n\t\t\t\t\t\t\t\t\t\t\t\t<article class=\"uagb-post__inner-wrap\">\t\t\t\t\t\t\t\t<h4 class=\"uagb-post__title uagb-post__text\">\n\t\t\t\t<a href=\"https:\/\/www.rochefortpacifique.org\/edition2025\/festival\/adrien-gombeaud\/\" target=\"_self\" rel=\"bookmark noopener noreferrer\">Adrien Gombeaud<\/a>\n\t\t\t<\/h4>\n\t\t\t\t\t\t<div class='uagb-post__text uagb-post-grid-byline'>\n\t\t\t\t\t\t\t<\/div>\n\t\t\t\t\t\t<div class='uagb-post__image'>\n\t\t\t\t\t\t\t\t\t<a href=\"https:\/\/www.rochefortpacifique.org\/edition2025\/festival\/adrien-gombeaud\/\" target=\"_self\" rel=\"bookmark noopener noreferrer\"><img loading=\"lazy\" decoding=\"async\" width=\"650\" height=\"650\" src=\"https:\/\/www.rochefortpacifique.org\/edition2025\/wp-content\/uploads\/sites\/3\/2025\/03\/adrien-gombeaud.jpg\" class=\"attachment-large size-large\" alt=\"\" srcset=\"https:\/\/www.rochefortpacifique.org\/edition2025\/wp-content\/uploads\/sites\/3\/2025\/03\/adrien-gombeaud.jpg 650w, https:\/\/www.rochefortpacifique.org\/edition2025\/wp-content\/uploads\/sites\/3\/2025\/03\/adrien-gombeaud-300x300.jpg 300w, https:\/\/www.rochefortpacifique.org\/edition2025\/wp-content\/uploads\/sites\/3\/2025\/03\/adrien-gombeaud-150x150.jpg 150w\" sizes=\"auto, (max-width: 650px) 100vw, 650px\" \/>\t\t\t\t\t<\/a>\n\t\t\t\t\t\t\t\t\t<\/div>\n\t\t\t\n\t\t\t\t\t\t\t\t<a class=\"uagb-post__link-complete-box\" href=\"https:\/\/www.rochefortpacifique.org\/edition2025\/festival\/adrien-gombeaud\/\" target=\"_self\" rel=\"bookmark noopener noreferrer\"><\/a>\n\t\t\t\t\t\t\t<\/article>\n\t\t\t\t\t\t\t\t\t\t\t\t\t\t\t\t<article class=\"uagb-post__inner-wrap\">\t\t\t\t\t\t\t\t<h4 class=\"uagb-post__title uagb-post__text\">\n\t\t\t\t<a href=\"https:\/\/www.rochefortpacifique.org\/edition2025\/festival\/marin-ledun\/\" target=\"_self\" rel=\"bookmark noopener noreferrer\">Marin Ledun<\/a>\n\t\t\t<\/h4>\n\t\t\t\t\t\t<div class='uagb-post__text uagb-post-grid-byline'>\n\t\t\t\t\t\t\t<\/div>\n\t\t\t\t\t\t<div class='uagb-post__image'>\n\t\t\t\t\t\t\t\t\t<a href=\"https:\/\/www.rochefortpacifique.org\/edition2025\/festival\/marin-ledun\/\" target=\"_self\" rel=\"bookmark noopener noreferrer\"><img loading=\"lazy\" decoding=\"async\" width=\"699\" height=\"1024\" src=\"https:\/\/www.rochefortpacifique.org\/edition2025\/wp-content\/uploads\/sites\/3\/2025\/03\/LEDUN_Marin_photo_2022francesca_mantovaniA\u00aeGallimard_87A1103.4-Marin-Ledun-699x1024.jpg\" class=\"attachment-large size-large\" alt=\"\" srcset=\"https:\/\/www.rochefortpacifique.org\/edition2025\/wp-content\/uploads\/sites\/3\/2025\/03\/LEDUN_Marin_photo_2022francesca_mantovaniA\u00aeGallimard_87A1103.4-Marin-Ledun-699x1024.jpg 699w, https:\/\/www.rochefortpacifique.org\/edition2025\/wp-content\/uploads\/sites\/3\/2025\/03\/LEDUN_Marin_photo_2022francesca_mantovaniA\u00aeGallimard_87A1103.4-Marin-Ledun-205x300.jpg 205w, https:\/\/www.rochefortpacifique.org\/edition2025\/wp-content\/uploads\/sites\/3\/2025\/03\/LEDUN_Marin_photo_2022francesca_mantovaniA\u00aeGallimard_87A1103.4-Marin-Ledun-768x1126.jpg 768w, https:\/\/www.rochefortpacifique.org\/edition2025\/wp-content\/uploads\/sites\/3\/2025\/03\/LEDUN_Marin_photo_2022francesca_mantovaniA\u00aeGallimard_87A1103.4-Marin-Ledun-1048x1536.jpg 1048w, https:\/\/www.rochefortpacifique.org\/edition2025\/wp-content\/uploads\/sites\/3\/2025\/03\/LEDUN_Marin_photo_2022francesca_mantovaniA\u00aeGallimard_87A1103.4-Marin-Ledun.jpg 1310w\" sizes=\"auto, (max-width: 699px) 100vw, 699px\" \/>\t\t\t\t\t<\/a>\n\t\t\t\t\t\t\t\t\t<\/div>\n\t\t\t\n\t\t\t\t\t\t\t\t<a class=\"uagb-post__link-complete-box\" href=\"https:\/\/www.rochefortpacifique.org\/edition2025\/festival\/marin-ledun\/\" target=\"_self\" rel=\"bookmark noopener noreferrer\"><\/a>\n\t\t\t\t\t\t\t<\/article>\n\t\t\t\t\t\t\t\t\t\t\t\t\t\t\t\t<article class=\"uagb-post__inner-wrap\">\t\t\t\t\t\t\t\t<h4 class=\"uagb-post__title uagb-post__text\">\n\t\t\t\t<a href=\"https:\/\/www.rochefortpacifique.org\/edition2025\/festival\/odile-lacoste\/\" target=\"_self\" rel=\"bookmark noopener noreferrer\">Odile Lacoste<\/a>\n\t\t\t<\/h4>\n\t\t\t\t\t\t<div class='uagb-post__text uagb-post-grid-byline'>\n\t\t\t\t\t\t\t<\/div>\n\t\t\t\t\t\t<div class='uagb-post__image'>\n\t\t\t\t\t\t\t\t\t<a href=\"https:\/\/www.rochefortpacifique.org\/edition2025\/festival\/odile-lacoste\/\" target=\"_self\" rel=\"bookmark noopener noreferrer\"><img loading=\"lazy\" decoding=\"async\" width=\"800\" height=\"745\" src=\"https:\/\/www.rochefortpacifique.org\/edition2025\/wp-content\/uploads\/sites\/3\/2025\/03\/odile-lacoste.jpg\" class=\"attachment-large size-large\" alt=\"\" srcset=\"https:\/\/www.rochefortpacifique.org\/edition2025\/wp-content\/uploads\/sites\/3\/2025\/03\/odile-lacoste.jpg 908w, https:\/\/www.rochefortpacifique.org\/edition2025\/wp-content\/uploads\/sites\/3\/2025\/03\/odile-lacoste-300x280.jpg 300w, https:\/\/www.rochefortpacifique.org\/edition2025\/wp-content\/uploads\/sites\/3\/2025\/03\/odile-lacoste-768x716.jpg 768w\" sizes=\"auto, (max-width: 800px) 100vw, 800px\" \/>\t\t\t\t\t<\/a>\n\t\t\t\t\t\t\t\t\t<\/div>\n\t\t\t\n\t\t\t\t\t\t\t\t<a class=\"uagb-post__link-complete-box\" href=\"https:\/\/www.rochefortpacifique.org\/edition2025\/festival\/odile-lacoste\/\" target=\"_self\" rel=\"bookmark noopener noreferrer\"><\/a>\n\t\t\t\t\t\t\t<\/article>\n\t\t\t\t\t\t\t\t\t\t\t\t\t\t\t\t<article class=\"uagb-post__inner-wrap\">\t\t\t\t\t\t\t\t<h4 class=\"uagb-post__title uagb-post__text\">\n\t\t\t\t<a href=\"https:\/\/www.rochefortpacifique.org\/edition2025\/festival\/louisa-raszyk\/\" target=\"_self\" rel=\"bookmark noopener noreferrer\">Louise Raszyk\u00a0<\/a>\n\t\t\t<\/h4>\n\t\t\t\t\t\t<div class='uagb-post__text uagb-post-grid-byline'>\n\t\t\t\t\t\t\t<\/div>\n\t\t\t\t\t\t<div class='uagb-post__image'>\n\t\t\t\t\t\t\t\t\t<a href=\"https:\/\/www.rochefortpacifique.org\/edition2025\/festival\/louisa-raszyk\/\" target=\"_self\" rel=\"bookmark noopener noreferrer\"><img loading=\"lazy\" decoding=\"async\" width=\"600\" height=\"600\" src=\"https:\/\/www.rochefortpacifique.org\/edition2025\/wp-content\/uploads\/sites\/3\/2025\/03\/louisa-Raszyk.jpg\" class=\"attachment-large size-large\" alt=\"\" srcset=\"https:\/\/www.rochefortpacifique.org\/edition2025\/wp-content\/uploads\/sites\/3\/2025\/03\/louisa-Raszyk.jpg 600w, https:\/\/www.rochefortpacifique.org\/edition2025\/wp-content\/uploads\/sites\/3\/2025\/03\/louisa-Raszyk-300x300.jpg 300w, https:\/\/www.rochefortpacifique.org\/edition2025\/wp-content\/uploads\/sites\/3\/2025\/03\/louisa-Raszyk-150x150.jpg 150w\" sizes=\"auto, (max-width: 600px) 100vw, 600px\" \/>\t\t\t\t\t<\/a>\n\t\t\t\t\t\t\t\t\t<\/div>\n\t\t\t\n\t\t\t\t\t\t\t\t<a class=\"uagb-post__link-complete-box\" href=\"https:\/\/www.rochefortpacifique.org\/edition2025\/festival\/louisa-raszyk\/\" target=\"_self\" rel=\"bookmark noopener noreferrer\"><\/a>\n\t\t\t\t\t\t\t<\/article>\n\t\t\t\t\t\t\t\t\t\t\t\t\t\t\t\t<article class=\"uagb-post__inner-wrap\">\t\t\t\t\t\t\t\t<h4 class=\"uagb-post__title uagb-post__text\">\n\t\t\t\t<a href=\"https:\/\/www.rochefortpacifique.org\/edition2025\/festival\/niel-romero\/\" target=\"_self\" rel=\"bookmark noopener noreferrer\">Niel Romero<\/a>\n\t\t\t<\/h4>\n\t\t\t\t\t\t<div class='uagb-post__text uagb-post-grid-byline'>\n\t\t\t\t\t\t\t<\/div>\n\t\t\t\t\t\t<div class='uagb-post__image'>\n\t\t\t\t\t\t\t\t\t<a href=\"https:\/\/www.rochefortpacifique.org\/edition2025\/festival\/niel-romero\/\" target=\"_self\" rel=\"bookmark noopener noreferrer\"><img loading=\"lazy\" decoding=\"async\" width=\"800\" height=\"1000\" src=\"https:\/\/www.rochefortpacifique.org\/edition2025\/wp-content\/uploads\/sites\/3\/2025\/03\/SomeThingCallOurOwn-NDR-Headshot-Romero-2-819x1024.jpg\" class=\"attachment-large size-large\" alt=\"\" srcset=\"https:\/\/www.rochefortpacifique.org\/edition2025\/wp-content\/uploads\/sites\/3\/2025\/03\/SomeThingCallOurOwn-NDR-Headshot-Romero-2-819x1024.jpg 819w, https:\/\/www.rochefortpacifique.org\/edition2025\/wp-content\/uploads\/sites\/3\/2025\/03\/SomeThingCallOurOwn-NDR-Headshot-Romero-2-240x300.jpg 240w, https:\/\/www.rochefortpacifique.org\/edition2025\/wp-content\/uploads\/sites\/3\/2025\/03\/SomeThingCallOurOwn-NDR-Headshot-Romero-2-768x960.jpg 768w, https:\/\/www.rochefortpacifique.org\/edition2025\/wp-content\/uploads\/sites\/3\/2025\/03\/SomeThingCallOurOwn-NDR-Headshot-Romero-2-1229x1536.jpg 1229w, https:\/\/www.rochefortpacifique.org\/edition2025\/wp-content\/uploads\/sites\/3\/2025\/03\/SomeThingCallOurOwn-NDR-Headshot-Romero-2.jpg 1536w\" sizes=\"auto, (max-width: 800px) 100vw, 800px\" \/>\t\t\t\t\t<\/a>\n\t\t\t\t\t\t\t\t\t<\/div>\n\t\t\t\n\t\t\t\t\t\t\t\t<a class=\"uagb-post__link-complete-box\" href=\"https:\/\/www.rochefortpacifique.org\/edition2025\/festival\/niel-romero\/\" target=\"_self\" rel=\"bookmark noopener noreferrer\"><\/a>\n\t\t\t\t\t\t\t<\/article>\n\t\t\t\t\t\t\t\t\t\t\t\t\t\t\t\t<article class=\"uagb-post__inner-wrap\">\t\t\t\t\t\t\t\t<h4 class=\"uagb-post__title uagb-post__text\">\n\t\t\t\t<a href=\"https:\/\/www.rochefortpacifique.org\/edition2025\/festival\/abel-hauata\/\" target=\"_self\" rel=\"bookmark noopener noreferrer\">Abel Hauata<\/a>\n\t\t\t<\/h4>\n\t\t\t\t\t\t<div class='uagb-post__text uagb-post-grid-byline'>\n\t\t\t\t\t\t\t<\/div>\n\t\t\t\t\t\t<div class='uagb-post__image'>\n\t\t\t\t\t\t\t\t\t<a href=\"https:\/\/www.rochefortpacifique.org\/edition2025\/festival\/abel-hauata\/\" target=\"_self\" rel=\"bookmark noopener noreferrer\"><img loading=\"lazy\" decoding=\"async\" width=\"751\" height=\"972\" src=\"https:\/\/www.rochefortpacifique.org\/edition2025\/wp-content\/uploads\/sites\/3\/2025\/03\/AbelPhotoTrombi.jpg\" class=\"attachment-large size-large\" alt=\"\" srcset=\"https:\/\/www.rochefortpacifique.org\/edition2025\/wp-content\/uploads\/sites\/3\/2025\/03\/AbelPhotoTrombi.jpg 751w, https:\/\/www.rochefortpacifique.org\/edition2025\/wp-content\/uploads\/sites\/3\/2025\/03\/AbelPhotoTrombi-232x300.jpg 232w\" sizes=\"auto, (max-width: 751px) 100vw, 751px\" \/>\t\t\t\t\t<\/a>\n\t\t\t\t\t\t\t\t\t<\/div>\n\t\t\t\n\t\t\t\t\t\t\t\t<a class=\"uagb-post__link-complete-box\" href=\"https:\/\/www.rochefortpacifique.org\/edition2025\/festival\/abel-hauata\/\" target=\"_self\" rel=\"bookmark noopener noreferrer\"><\/a>\n\t\t\t\t\t\t\t<\/article>\n\t\t\t\t\t\t\t\t\t\t\t\t\t\t\t\t<article class=\"uagb-post__inner-wrap\">\t\t\t\t\t\t\t\t<h4 class=\"uagb-post__title uagb-post__text\">\n\t\t\t\t<a href=\"https:\/\/www.rochefortpacifique.org\/edition2025\/festival\/cinthia-djiram\/\" target=\"_self\" rel=\"bookmark noopener noreferrer\">Cinthia Djiram<\/a>\n\t\t\t<\/h4>\n\t\t\t\t\t\t<div class='uagb-post__text uagb-post-grid-byline'>\n\t\t\t\t\t\t\t<\/div>\n\t\t\t\t\t\t<div class='uagb-post__image'>\n\t\t\t\t\t\t\t\t\t<a href=\"https:\/\/www.rochefortpacifique.org\/edition2025\/festival\/cinthia-djiram\/\" target=\"_self\" rel=\"bookmark noopener noreferrer\"><img loading=\"lazy\" decoding=\"async\" width=\"800\" height=\"923\" src=\"https:\/\/www.rochefortpacifique.org\/edition2025\/wp-content\/uploads\/sites\/3\/2025\/04\/cinthia-djiram-888x1024.jpg\" class=\"attachment-large size-large\" alt=\"\" srcset=\"https:\/\/www.rochefortpacifique.org\/edition2025\/wp-content\/uploads\/sites\/3\/2025\/04\/cinthia-djiram-888x1024.jpg 888w, https:\/\/www.rochefortpacifique.org\/edition2025\/wp-content\/uploads\/sites\/3\/2025\/04\/cinthia-djiram-260x300.jpg 260w, https:\/\/www.rochefortpacifique.org\/edition2025\/wp-content\/uploads\/sites\/3\/2025\/04\/cinthia-djiram-768x886.jpg 768w, https:\/\/www.rochefortpacifique.org\/edition2025\/wp-content\/uploads\/sites\/3\/2025\/04\/cinthia-djiram-1332x1536.jpg 1332w, https:\/\/www.rochefortpacifique.org\/edition2025\/wp-content\/uploads\/sites\/3\/2025\/04\/cinthia-djiram-1776x2048.jpg 1776w, https:\/\/www.rochefortpacifique.org\/edition2025\/wp-content\/uploads\/sites\/3\/2025\/04\/cinthia-djiram.jpg 1892w\" sizes=\"auto, (max-width: 800px) 100vw, 800px\" \/>\t\t\t\t\t<\/a>\n\t\t\t\t\t\t\t\t\t<\/div>\n\t\t\t\n\t\t\t\t\t\t\t\t<a class=\"uagb-post__link-complete-box\" href=\"https:\/\/www.rochefortpacifique.org\/edition2025\/festival\/cinthia-djiram\/\" target=\"_self\" rel=\"bookmark noopener noreferrer\"><\/a>\n\t\t\t\t\t\t\t<\/article>\n\t\t\t\t\t\t\t\t\t\t\t\t\t\t\t\t<article class=\"uagb-post__inner-wrap\">\t\t\t\t\t\t\t\t<h4 class=\"uagb-post__title uagb-post__text\">\n\t\t\t\t<a href=\"https:\/\/www.rochefortpacifique.org\/edition2025\/festival\/tania-roxborogh\/\" target=\"_self\" rel=\"bookmark noopener noreferrer\">Tania K. Roxborogh<\/a>\n\t\t\t<\/h4>\n\t\t\t\t\t\t<div class='uagb-post__text uagb-post-grid-byline'>\n\t\t\t\t\t\t\t<\/div>\n\t\t\t\t\t\t<div class='uagb-post__image'>\n\t\t\t\t\t\t\t\t\t<a href=\"https:\/\/www.rochefortpacifique.org\/edition2025\/festival\/tania-roxborogh\/\" target=\"_self\" rel=\"bookmark noopener noreferrer\"><img loading=\"lazy\" decoding=\"async\" width=\"768\" height=\"1024\" src=\"https:\/\/www.rochefortpacifique.org\/edition2025\/wp-content\/uploads\/sites\/3\/2025\/03\/Tania_Roxborogh_2022-768x1024.jpg\" class=\"attachment-large size-large\" alt=\"\" srcset=\"https:\/\/www.rochefortpacifique.org\/edition2025\/wp-content\/uploads\/sites\/3\/2025\/03\/Tania_Roxborogh_2022-768x1024.jpg 768w, https:\/\/www.rochefortpacifique.org\/edition2025\/wp-content\/uploads\/sites\/3\/2025\/03\/Tania_Roxborogh_2022-225x300.jpg 225w, https:\/\/www.rochefortpacifique.org\/edition2025\/wp-content\/uploads\/sites\/3\/2025\/03\/Tania_Roxborogh_2022-1152x1536.jpg 1152w, https:\/\/www.rochefortpacifique.org\/edition2025\/wp-content\/uploads\/sites\/3\/2025\/03\/Tania_Roxborogh_2022.jpg 1440w\" sizes=\"auto, (max-width: 768px) 100vw, 768px\" \/>\t\t\t\t\t<\/a>\n\t\t\t\t\t\t\t\t\t<\/div>\n\t\t\t\n\t\t\t\t\t\t\t\t<a class=\"uagb-post__link-complete-box\" href=\"https:\/\/www.rochefortpacifique.org\/edition2025\/festival\/tania-roxborogh\/\" target=\"_self\" rel=\"bookmark noopener noreferrer\"><\/a>\n\t\t\t\t\t\t\t<\/article>\n\t\t\t\t\t\t\t\t\t\t\t\t\t\t\t\t<article class=\"uagb-post__inner-wrap\">\t\t\t\t\t\t\t\t<h4 class=\"uagb-post__title uagb-post__text\">\n\t\t\t\t<a href=\"https:\/\/www.rochefortpacifique.org\/edition2025\/festival\/craig-santos-perez\/\" target=\"_self\" rel=\"bookmark noopener noreferrer\">Craig Santos Perez<\/a>\n\t\t\t<\/h4>\n\t\t\t\t\t\t<div class='uagb-post__text uagb-post-grid-byline'>\n\t\t\t\t\t\t\t<\/div>\n\t\t\t\t\t\t<div class='uagb-post__image'>\n\t\t\t\t\t\t\t\t\t<a href=\"https:\/\/www.rochefortpacifique.org\/edition2025\/festival\/craig-santos-perez\/\" target=\"_self\" rel=\"bookmark noopener noreferrer\"><img loading=\"lazy\" decoding=\"async\" width=\"683\" height=\"1024\" src=\"https:\/\/www.rochefortpacifique.org\/edition2025\/wp-content\/uploads\/sites\/3\/2025\/03\/craig-santos-perez-683x1024.jpg\" class=\"attachment-large size-large\" alt=\"\" srcset=\"https:\/\/www.rochefortpacifique.org\/edition2025\/wp-content\/uploads\/sites\/3\/2025\/03\/craig-santos-perez-683x1024.jpg 683w, https:\/\/www.rochefortpacifique.org\/edition2025\/wp-content\/uploads\/sites\/3\/2025\/03\/craig-santos-perez-200x300.jpg 200w, https:\/\/www.rochefortpacifique.org\/edition2025\/wp-content\/uploads\/sites\/3\/2025\/03\/craig-santos-perez-768x1152.jpg 768w, https:\/\/www.rochefortpacifique.org\/edition2025\/wp-content\/uploads\/sites\/3\/2025\/03\/craig-santos-perez-1024x1536.jpg 1024w, https:\/\/www.rochefortpacifique.org\/edition2025\/wp-content\/uploads\/sites\/3\/2025\/03\/craig-santos-perez.jpg 1280w\" sizes=\"auto, (max-width: 683px) 100vw, 683px\" \/>\t\t\t\t\t<\/a>\n\t\t\t\t\t\t\t\t\t<\/div>\n\t\t\t\n\t\t\t\t\t\t\t\t<a class=\"uagb-post__link-complete-box\" href=\"https:\/\/www.rochefortpacifique.org\/edition2025\/festival\/craig-santos-perez\/\" target=\"_self\" rel=\"bookmark noopener noreferrer\"><\/a>\n\t\t\t\t\t\t\t<\/article>\n\t\t\t\t\t\t\t\t\t\t\t\t\t\t\t\t<article class=\"uagb-post__inner-wrap\">\t\t\t\t\t\t\t\t<h4 class=\"uagb-post__title uagb-post__text\">\n\t\t\t\t<a href=\"https:\/\/www.rochefortpacifique.org\/edition2025\/festival\/anthony-pedulla\/\" target=\"_self\" rel=\"bookmark noopener noreferrer\">Anthony Pedulla<\/a>\n\t\t\t<\/h4>\n\t\t\t\t\t\t<div class='uagb-post__text uagb-post-grid-byline'>\n\t\t\t\t\t\t\t<\/div>\n\t\t\t\t\t\t<div class='uagb-post__image'>\n\t\t\t\t\t\t\t\t\t<a href=\"https:\/\/www.rochefortpacifique.org\/edition2025\/festival\/anthony-pedulla\/\" target=\"_self\" rel=\"bookmark noopener noreferrer\"><img loading=\"lazy\" decoding=\"async\" width=\"800\" height=\"645\" src=\"https:\/\/www.rochefortpacifique.org\/edition2025\/wp-content\/uploads\/sites\/3\/2025\/03\/Anthony-Pedulla-image-1024x825.jpg\" class=\"attachment-large size-large\" alt=\"\" srcset=\"https:\/\/www.rochefortpacifique.org\/edition2025\/wp-content\/uploads\/sites\/3\/2025\/03\/Anthony-Pedulla-image-1024x825.jpg 1024w, https:\/\/www.rochefortpacifique.org\/edition2025\/wp-content\/uploads\/sites\/3\/2025\/03\/Anthony-Pedulla-image-300x242.jpg 300w, https:\/\/www.rochefortpacifique.org\/edition2025\/wp-content\/uploads\/sites\/3\/2025\/03\/Anthony-Pedulla-image-768x618.jpg 768w, https:\/\/www.rochefortpacifique.org\/edition2025\/wp-content\/uploads\/sites\/3\/2025\/03\/Anthony-Pedulla-image-1536x1237.jpg 1536w, https:\/\/www.rochefortpacifique.org\/edition2025\/wp-content\/uploads\/sites\/3\/2025\/03\/Anthony-Pedulla-image.jpg 1920w\" sizes=\"auto, (max-width: 800px) 100vw, 800px\" \/>\t\t\t\t\t<\/a>\n\t\t\t\t\t\t\t\t\t<\/div>\n\t\t\t\n\t\t\t\t\t\t\t\t<a class=\"uagb-post__link-complete-box\" href=\"https:\/\/www.rochefortpacifique.org\/edition2025\/festival\/anthony-pedulla\/\" target=\"_self\" rel=\"bookmark noopener noreferrer\"><\/a>\n\t\t\t\t\t\t\t<\/article>\n\t\t\t\t\t\t\t\t\t\t\t\t\t\t\t\t<article class=\"uagb-post__inner-wrap\">\t\t\t\t\t\t\t\t<h4 class=\"uagb-post__title uagb-post__text\">\n\t\t\t\t<a href=\"https:\/\/www.rochefortpacifique.org\/edition2025\/festival\/mireille-vignol\/\" target=\"_self\" rel=\"bookmark noopener noreferrer\">Mireille Vignol<\/a>\n\t\t\t<\/h4>\n\t\t\t\t\t\t<div class='uagb-post__text uagb-post-grid-byline'>\n\t\t\t\t\t\t\t<\/div>\n\t\t\t\t\t\t<div class='uagb-post__image'>\n\t\t\t\t\t\t\t\t\t<a href=\"https:\/\/www.rochefortpacifique.org\/edition2025\/festival\/mireille-vignol\/\" target=\"_self\" rel=\"bookmark noopener noreferrer\"><img loading=\"lazy\" decoding=\"async\" width=\"439\" height=\"419\" src=\"https:\/\/www.rochefortpacifique.org\/edition2025\/wp-content\/uploads\/sites\/3\/2025\/03\/Mireille-Vignol.png\" class=\"attachment-large size-large\" alt=\"\" srcset=\"https:\/\/www.rochefortpacifique.org\/edition2025\/wp-content\/uploads\/sites\/3\/2025\/03\/Mireille-Vignol.png 439w, https:\/\/www.rochefortpacifique.org\/edition2025\/wp-content\/uploads\/sites\/3\/2025\/03\/Mireille-Vignol-300x286.png 300w\" sizes=\"auto, (max-width: 439px) 100vw, 439px\" \/>\t\t\t\t\t<\/a>\n\t\t\t\t\t\t\t\t\t<\/div>\n\t\t\t\n\t\t\t\t\t\t\t\t<a class=\"uagb-post__link-complete-box\" href=\"https:\/\/www.rochefortpacifique.org\/edition2025\/festival\/mireille-vignol\/\" target=\"_self\" rel=\"bookmark noopener noreferrer\"><\/a>\n\t\t\t\t\t\t\t<\/article>\n\t\t\t\t\t\t\t\t\t\t\t\t\t\t\t\t<article class=\"uagb-post__inner-wrap\">\t\t\t\t\t\t\t\t<h4 class=\"uagb-post__title uagb-post__text\">\n\t\t\t\t<a href=\"https:\/\/www.rochefortpacifique.org\/edition2025\/festival\/christophe-sand\/\" target=\"_self\" rel=\"bookmark noopener noreferrer\">Christophe Sand<\/a>\n\t\t\t<\/h4>\n\t\t\t\t\t\t<div class='uagb-post__text uagb-post-grid-byline'>\n\t\t\t\t\t\t\t<\/div>\n\t\t\t\t\t\t<div class='uagb-post__image'>\n\t\t\t\t\t\t\t\t\t<a href=\"https:\/\/www.rochefortpacifique.org\/edition2025\/festival\/christophe-sand\/\" target=\"_self\" rel=\"bookmark noopener noreferrer\"><img loading=\"lazy\" decoding=\"async\" width=\"800\" height=\"800\" src=\"https:\/\/www.rochefortpacifique.org\/edition2025\/wp-content\/uploads\/sites\/3\/2025\/03\/christophe_sand-1024x1024.jpg\" class=\"attachment-large size-large\" alt=\"\" srcset=\"https:\/\/www.rochefortpacifique.org\/edition2025\/wp-content\/uploads\/sites\/3\/2025\/03\/christophe_sand-1024x1024.jpg 1024w, https:\/\/www.rochefortpacifique.org\/edition2025\/wp-content\/uploads\/sites\/3\/2025\/03\/christophe_sand-300x300.jpg 300w, https:\/\/www.rochefortpacifique.org\/edition2025\/wp-content\/uploads\/sites\/3\/2025\/03\/christophe_sand-150x150.jpg 150w, https:\/\/www.rochefortpacifique.org\/edition2025\/wp-content\/uploads\/sites\/3\/2025\/03\/christophe_sand-768x768.jpg 768w, https:\/\/www.rochefortpacifique.org\/edition2025\/wp-content\/uploads\/sites\/3\/2025\/03\/christophe_sand-1536x1536.jpg 1536w, https:\/\/www.rochefortpacifique.org\/edition2025\/wp-content\/uploads\/sites\/3\/2025\/03\/christophe_sand.jpg 1920w\" sizes=\"auto, (max-width: 800px) 100vw, 800px\" \/>\t\t\t\t\t<\/a>\n\t\t\t\t\t\t\t\t\t<\/div>\n\t\t\t\n\t\t\t\t\t\t\t\t<a class=\"uagb-post__link-complete-box\" href=\"https:\/\/www.rochefortpacifique.org\/edition2025\/festival\/christophe-sand\/\" target=\"_self\" rel=\"bookmark noopener noreferrer\"><\/a>\n\t\t\t\t\t\t\t<\/article>\n\t\t\t\t\t\t\t\t\t\t\t\t\t\t\t\t<article class=\"uagb-post__inner-wrap\">\t\t\t\t\t\t\t\t<h4 class=\"uagb-post__title uagb-post__text\">\n\t\t\t\t<a href=\"https:\/\/www.rochefortpacifique.org\/edition2025\/festival\/caroline-omond\/\" target=\"_self\" rel=\"bookmark noopener noreferrer\">Caroline Omond<\/a>\n\t\t\t<\/h4>\n\t\t\t\t\t\t<div class='uagb-post__text uagb-post-grid-byline'>\n\t\t\t\t\t\t\t<\/div>\n\t\t\t\t\t\t<div class='uagb-post__image'>\n\t\t\t\t\t\t\t\t\t<a href=\"https:\/\/www.rochefortpacifique.org\/edition2025\/festival\/caroline-omond\/\" target=\"_self\" rel=\"bookmark noopener noreferrer\"><img loading=\"lazy\" decoding=\"async\" width=\"800\" height=\"832\" src=\"https:\/\/www.rochefortpacifique.org\/edition2025\/wp-content\/uploads\/sites\/3\/2025\/03\/caroline-omond-985x1024.jpg\" class=\"attachment-large size-large\" alt=\"\" srcset=\"https:\/\/www.rochefortpacifique.org\/edition2025\/wp-content\/uploads\/sites\/3\/2025\/03\/caroline-omond-985x1024.jpg 985w, https:\/\/www.rochefortpacifique.org\/edition2025\/wp-content\/uploads\/sites\/3\/2025\/03\/caroline-omond-288x300.jpg 288w, https:\/\/www.rochefortpacifique.org\/edition2025\/wp-content\/uploads\/sites\/3\/2025\/03\/caroline-omond-768x799.jpg 768w, https:\/\/www.rochefortpacifique.org\/edition2025\/wp-content\/uploads\/sites\/3\/2025\/03\/caroline-omond.jpg 1454w\" sizes=\"auto, (max-width: 800px) 100vw, 800px\" \/>\t\t\t\t\t<\/a>\n\t\t\t\t\t\t\t\t\t<\/div>\n\t\t\t\n\t\t\t\t\t\t\t\t<a class=\"uagb-post__link-complete-box\" href=\"https:\/\/www.rochefortpacifique.org\/edition2025\/festival\/caroline-omond\/\" target=\"_self\" rel=\"bookmark noopener noreferrer\"><\/a>\n\t\t\t\t\t\t\t<\/article>\n\t\t\t\t\t\t\t\t\t\t\t\t\t\t\t\t<article class=\"uagb-post__inner-wrap\">\t\t\t\t\t\t\t\t<h4 class=\"uagb-post__title uagb-post__text\">\n\t\t\t\t<a href=\"https:\/\/www.rochefortpacifique.org\/edition2025\/festival\/catherine-ruelle\/\" target=\"_self\" rel=\"bookmark noopener noreferrer\">Catherine Ruelle<\/a>\n\t\t\t<\/h4>\n\t\t\t\t\t\t<div class='uagb-post__text uagb-post-grid-byline'>\n\t\t\t\t\t\t\t<\/div>\n\t\t\t\t\t\t<div class='uagb-post__image'>\n\t\t\t\t\t\t\t\t\t<a href=\"https:\/\/www.rochefortpacifique.org\/edition2025\/festival\/catherine-ruelle\/\" target=\"_self\" rel=\"bookmark noopener noreferrer\"><img loading=\"lazy\" decoding=\"async\" width=\"768\" height=\"1024\" src=\"https:\/\/www.rochefortpacifique.org\/edition2025\/wp-content\/uploads\/sites\/3\/2025\/03\/catherine_ruelle2-768x1024.jpg\" class=\"attachment-large size-large\" alt=\"\" srcset=\"https:\/\/www.rochefortpacifique.org\/edition2025\/wp-content\/uploads\/sites\/3\/2025\/03\/catherine_ruelle2-768x1024.jpg 768w, https:\/\/www.rochefortpacifique.org\/edition2025\/wp-content\/uploads\/sites\/3\/2025\/03\/catherine_ruelle2-225x300.jpg 225w, https:\/\/www.rochefortpacifique.org\/edition2025\/wp-content\/uploads\/sites\/3\/2025\/03\/catherine_ruelle2-1152x1536.jpg 1152w, https:\/\/www.rochefortpacifique.org\/edition2025\/wp-content\/uploads\/sites\/3\/2025\/03\/catherine_ruelle2.jpg 1200w\" sizes=\"auto, (max-width: 768px) 100vw, 768px\" \/>\t\t\t\t\t<\/a>\n\t\t\t\t\t\t\t\t\t<\/div>\n\t\t\t\n\t\t\t\t\t\t\t\t<a class=\"uagb-post__link-complete-box\" href=\"https:\/\/www.rochefortpacifique.org\/edition2025\/festival\/catherine-ruelle\/\" target=\"_self\" rel=\"bookmark noopener noreferrer\"><\/a>\n\t\t\t\t\t\t\t<\/article>\n\t\t\t\t\t\t\t\t\t\t\t\t\t\t\t\t<article class=\"uagb-post__inner-wrap\">\t\t\t\t\t\t\t\t<h4 class=\"uagb-post__title uagb-post__text\">\n\t\t\t\t<a href=\"https:\/\/www.rochefortpacifique.org\/edition2025\/festival\/bernard-bories\/\" target=\"_self\" rel=\"bookmark noopener noreferrer\">Bernard Bories<\/a>\n\t\t\t<\/h4>\n\t\t\t\t\t\t<div class='uagb-post__text uagb-post-grid-byline'>\n\t\t\t\t\t\t\t<\/div>\n\t\t\t\t\t\t<div class='uagb-post__image'>\n\t\t\t\t\t\t\t\t\t<a href=\"https:\/\/www.rochefortpacifique.org\/edition2025\/festival\/bernard-bories\/\" target=\"_self\" rel=\"bookmark noopener noreferrer\"><img loading=\"lazy\" decoding=\"async\" width=\"580\" height=\"870\" src=\"https:\/\/www.rochefortpacifique.org\/edition2025\/wp-content\/uploads\/sites\/3\/2025\/03\/bernard-bories-president-du-580x0-2.webp\" class=\"attachment-large size-large\" alt=\"\" srcset=\"https:\/\/www.rochefortpacifique.org\/edition2025\/wp-content\/uploads\/sites\/3\/2025\/03\/bernard-bories-president-du-580x0-2.webp 580w, https:\/\/www.rochefortpacifique.org\/edition2025\/wp-content\/uploads\/sites\/3\/2025\/03\/bernard-bories-president-du-580x0-2-200x300.webp 200w\" sizes=\"auto, (max-width: 580px) 100vw, 580px\" \/>\t\t\t\t\t<\/a>\n\t\t\t\t\t\t\t\t\t<\/div>\n\t\t\t\n\t\t\t\t\t\t\t\t<a class=\"uagb-post__link-complete-box\" href=\"https:\/\/www.rochefortpacifique.org\/edition2025\/festival\/bernard-bories\/\" target=\"_self\" rel=\"bookmark noopener noreferrer\"><\/a>\n\t\t\t\t\t\t\t<\/article>\n\t\t\t\t\t\t\t\t\t\t\t<\/div>\n\t\t\t<\/div>\n<\/div><\/div>\n\n\n\n<div style=\"height:60px\" aria-hidden=\"true\" class=\"wp-block-spacer\"><\/div>\n\n\n\n<div data-aos= \"fade\" data-aos-duration=\"400\" data-aos-delay=\"0\" data-aos-easing=\"ease\" data-aos-once=\"true\" id=\"programmation-2025\" class=\"wp-block-uagb-container uag-blocks-common-selector uagb-block-a16a61d3 alignfull uagb-is-root-container\"><div class=\"uagb-container-inner-blocks-wrap\">\n<div class=\"wp-block-uagb-image uagb-block-7f899d58 wp-block-uagb-image--layout-default wp-block-uagb-image--effect-static wp-block-uagb-image--align-none home-prog-img-bg uag-blocks-common-selector\" style=\"--z-index-desktop:1;;--z-index-tablet:undefined;;--z-index-mobile:undefined;\"><figure class=\"wp-block-uagb-image__figure\"><img decoding=\"async\" srcset=\"https:\/\/www.rochefortpacifique.org\/edition2025\/wp-content\/uploads\/sites\/3\/2025\/03\/oiseua-seul.png ,https:\/\/www.rochefortpacifique.org\/edition2025\/wp-content\/uploads\/sites\/3\/2025\/03\/oiseua-seul.png 780w, https:\/\/www.rochefortpacifique.org\/edition2025\/wp-content\/uploads\/sites\/3\/2025\/03\/oiseua-seul.png 360w\" sizes=\"auto, (max-width: 480px) 150px\" src=\"https:\/\/www.rochefortpacifique.org\/edition2025\/wp-content\/uploads\/sites\/3\/2025\/03\/oiseua-seul.png\" alt=\"\" class=\"uag-image-5688\" width=\"660\" height=\"260\" title=\"oiseua-seul\" loading=\"lazy\" role=\"img\"\/><\/figure><\/div>\n\n\n\n<div class=\"wp-block-uagb-container uagb-block-e5d4f848\">\n<div data-aos= \"fade-up\" data-aos-duration=\"400\" data-aos-delay=\"0\" data-aos-easing=\"ease\" data-aos-once=\"true\" class=\"wp-block-uagb-advanced-heading uagb-block-2e38713c rp-h2 uag-blocks-common-selector\" style=\"--z-index-desktop:2;;--z-index-tablet:undefined;;--z-index-mobile:undefined;\"><h2 class=\"uagb-heading-text\">Programmation<\/h2><p class=\"uagb-desc-text\">du 10 au 12 avril 2025<\/p><\/div>\n\n\n\n<div class=\"wp-block-uagb-buttons uagb-buttons__outer-wrap uagb-btn__medium-btn uagb-btn-tablet__default-btn uagb-btn-mobile__default-btn uagb-block-7768adfe uag-blocks-common-selector\" style=\"--z-index-desktop:2;;--z-index-tablet:undefined;;--z-index-mobile:undefined;\"><div class=\"uagb-buttons__wrap uagb-buttons-layout-wrap \">\n<div class=\"wp-block-uagb-buttons-child uagb-buttons__outer-wrap uagb-block-309d0769 wp-block-button\"><div class=\"uagb-button__wrapper\"><a class=\"uagb-buttons-repeater wp-block-button__link\" aria-label=\"\" href=\"https:\/\/www.rochefortpacifique.org\/edition2025\/wp-content\/uploads\/sites\/3\/2025\/04\/programme-rochefort-pacifique-avril2025-web.pdf\" rel=\"follow noopener\" target=\"_blank\" role=\"button\"><div class=\"uagb-button__link\">T\u00e9l\u00e9charger<\/div><\/a><\/div><\/div>\n\n\n\n<div class=\"wp-block-uagb-buttons-child uagb-buttons__outer-wrap uagb-block-912db363 wp-block-button\"><div class=\"uagb-button__wrapper\"><a class=\"uagb-buttons-repeater wp-block-button__link\" aria-label=\"\" href=\"\/programmation-2025\" rel=\"follow noopener\" target=\"_self\" role=\"button\"><div class=\"uagb-button__link\">Toute la prog.<\/div><\/a><\/div><\/div>\n<\/div><\/div>\n<\/div>\n<\/div><\/div>\n\n\n\n<div style=\"height:5em\" aria-hidden=\"true\" class=\"wp-block-spacer\"><\/div>\n\n\n\n<div class=\"wp-block-uagb-container programmation-grid uagb-block-9b8df578 alignfull uagb-is-root-container\"><div class=\"uagb-container-inner-blocks-wrap\">\n<div class=\"wp-block-uagb-tabs uagb-block-dbd23828 uagb-tabs__wrap uagb-tabs__vstyle6-desktop uagb-tabs__vstyle6-tablet uagb-tabs__stack1-mobile\" data-tab-active=\"0\"><ul class=\"uagb-tabs__panel uagb-tabs__align-left\" role=\"tablist\"><li class=\"uagb-tab uagb-tabs__active\" role=\"none\"><a href=\"#uagb-tabs__tab0\" class=\"uagb-tabs-list uagb-tabs__icon-position-left\" data-tab=\"0\" role=\"tab\"><div>Rendez-vous<br>Oc\u00e9aniens<\/div><\/a><\/li><li class=\"uagb-tab \" role=\"none\"><a href=\"#uagb-tabs__tab1\" class=\"uagb-tabs-list uagb-tabs__icon-position-left\" data-tab=\"1\" role=\"tab\"><div>Jeudi<br><strong>10<\/strong><\/div><\/a><\/li><li class=\"uagb-tab \" role=\"none\"><a href=\"#uagb-tabs__tab2\" class=\"uagb-tabs-list uagb-tabs__icon-position-left\" data-tab=\"2\" role=\"tab\"><div>Vendredi<br><strong>11<\/strong><\/div><\/a><\/li><li class=\"uagb-tab \" role=\"none\"><a href=\"#uagb-tabs__tab3\" class=\"uagb-tabs-list uagb-tabs__icon-position-left\" data-tab=\"3\" role=\"tab\"><div>Samedi<br><strong>12<\/strong><\/div><\/a><\/li><\/ul><div class=\"uagb-tabs__body-wrap\">\n<div class=\"wp-block-uagb-tabs-child uagb-tabs__body-container uagb-inner-tab-0\" aria-labelledby=\"uagb-tabs__tab0\"><div id=\"prog-complete\" class=\"festival-events-grid\">\n\t\t\t\t<a href=\"https:\/\/www.rochefortpacifique.org\/edition2025\/festival\/rencontre-avec-benoit-trepied\/\" class=\"event-card-link\">\n\t\t\t\t\t<div class=\"event-card\">\n\t\t\t\t\t\t<div class=\"prog-event-thumbnail\" style=\"background-image: url(https:\/\/www.rochefortpacifique.org\/edition2025\/wp-content\/uploads\/sites\/3\/2025\/09\/benoit-trepied_decolonisier-la-kanaki_nouvelle-caledonie-640x1024.jpg); max-height: 270px;\"><\/div>\n\t\t\t\t\t\t<div class=\"event-content\">\n\t\t\t\t\t\t<div class=\"event-date\">\n                    <span class=\"event-day\">Vendredi<\/span>\n                    <span class=\"event-number\">03<\/span>\n                    <span class=\"event-month\">Octobre<\/span>\n                <\/div> <!-- Ajout de la date ici -->\n\t\t\t\t\t\t\t<div class=\"event-infos\">\n\t\t\t\t\t\t\t\t<p>18 h\n\t\t\t\t\t\t\t\t<span class=\"separator\">\u2014<\/span>\n\t\t\t\t\t\t\t\tSalle de Conf\u00e9rence du CIM - Librairie de la Corderie Royale de Rochefort<\/p>\n\t\t\t\t\t\t\t<\/div>\n\t\t\t\t\t\t\t<span class=\"event-badge\">Rendez-vous Oc\u00e9anien<\/span>\n\t\t\t\t\t\t\t<h3>Rencontre avec Beno\u00eet Tr\u00e9pied autour du livre \u00ab\u00a0D\u00e9coloniser la Kanaki-Nouvelle-Cal\u00e9donie\u00a0\u00bb<\/h3>\n\t\t\t\t\t\t\t<p class=\"subtitle\"><\/p>\n\t\t\t\t\t\t\t<p class=\"creator\"><p class=\"subtitle\">De Beno\u00eet Tr\u00e9pied<\/p><\/p>\n\t\t\t\t\t\t\t<div class=\"event-excerpt\"><p class=\"event-text\">Le second \u00ab\u00a0Rendez-Vous Oc\u00e9anien\u00a0\u00bb de 2025 recevra Beno\u00eet Tr\u00e9pied, anthropologue charg\u00e9 de recherche au CNRS, qui pr\u00e9sentera son livre \u00ab\u00a0D\u00e9coloniser la Kanaky-Nouvelle-Cal\u00e9donie\u00a0\u00bb parue en Mars 2025 \u00e0 Anacharsis \u00c9ditions, Le vendredi 3 Octobre 2025 \u00e0 18h \u00e0 la Salle de Conf\u00e9rence du CIM &#8211; Corderie Royale &#8211; Centre International de la Mer &#8211; librairie de [&hellip;]<\/p><p class=\"event-details\"><\/p>\n                <\/div>\n            <\/div>\n        <\/div>\n    <\/a>\n\t\t\t\t<a href=\"https:\/\/www.rochefortpacifique.org\/edition2025\/festival\/projection-de-i-am-the-river-the-river-is-me\/\" class=\"event-card-link\">\n\t\t\t\t\t<div class=\"event-card\">\n\t\t\t\t\t\t<div class=\"prog-event-thumbnail\" style=\"background-image: url(https:\/\/www.rochefortpacifique.org\/edition2025\/wp-content\/uploads\/sites\/3\/2025\/03\/Poster-I-am-the-river-A4-scaled-2-724x1024.jpg); max-height: 270px;\"><\/div>\n\t\t\t\t\t\t<div class=\"event-content\">\n\t\t\t\t\t\t<div class=\"event-date\">\n                    <span class=\"event-day\">Jeudi<\/span>\n                    <span class=\"event-number\">26<\/span>\n                    <span class=\"event-month\">Juin<\/span>\n                <\/div> <!-- Ajout de la date ici -->\n\t\t\t\t\t\t\t<div class=\"event-infos\">\n\t\t\t\t\t\t\t\t<p>20 h\n\t\t\t\t\t\t\t\t<span class=\"separator\">\u2014<\/span>\n\t\t\t\t\t\t\t\tCin\u00e9ma le Galaxy - Cognac<\/p>\n\t\t\t\t\t\t\t<\/div>\n\t\t\t\t\t\t\t<span class=\"event-badge\">Cin\u00e9-d\u00e9bat<\/span><span class=\"event-badge\">Rendez-vous Oc\u00e9anien<\/span>\n\t\t\t\t\t\t\t<h3>Projection de \u00ab\u00a0I am the river, the river is me\u00a0\u00bb<\/h3>\n\t\t\t\t\t\t\t<p class=\"subtitle\"><\/p>\n\t\t\t\t\t\t\t<p class=\"creator\"><p class=\"subtitle\">De Corinne Van Egeraat &amp; Petr Lom<\/p><\/p>\n\t\t\t\t\t\t\t<div class=\"event-excerpt\"><p class=\"event-text\">Premier \u00ab\u00a0Rendez-vous Oc\u00e9anien\u00a0\u00bb de 2025 r\u00e9ussi au Cin\u00e9ma Galaxy de Cognac hier soir 26\/6 pour une projection de \u00ab\u00a0I am the river, the river is me\u00a0\u00bb de Petr Lom &amp; Corinne Van Egeraat, suivie d&rsquo;\u00e9changes entre les cin\u00e9astes et un public tr\u00e8s motiv\u00e9 par les questions d&rsquo;eau de rivi\u00e8res et de nature, avec la collaboration [&hellip;]<\/p><p class=\"event-details\">en partenariat avec le collectif \u201cPour la reconnaissance des droits du fleuve Charente\u201d<\/p>\n                <\/div>\n            <\/div>\n        <\/div>\n    <\/a>\n\t\t\t\t<a href=\"https:\/\/www.rochefortpacifique.org\/edition2025\/festival\/projection-de-i-am-the-river-the-river-is-me\/\" class=\"event-card-link\">\n\t\t\t\t\t<div class=\"event-card\">\n\t\t\t\t\t\t<div class=\"prog-event-thumbnail\" style=\"background-image: url(https:\/\/www.rochefortpacifique.org\/edition2025\/wp-content\/uploads\/sites\/3\/2025\/03\/Poster-I-am-the-river-A4-scaled-2-724x1024.jpg); max-height: 270px;\"><\/div>\n\t\t\t\t\t\t<div class=\"event-content\">\n\t\t\t\t\t\t<div class=\"event-date\">\n                    <span class=\"event-day\">Vendredi<\/span>\n                    <span class=\"event-number\">27<\/span>\n                    <span class=\"event-month\">Juin<\/span>\n                <\/div> <!-- Ajout de la date ici -->\n\t\t\t\t\t\t\t<div class=\"event-infos\">\n\t\t\t\t\t\t\t\t<p>20 h\n\t\t\t\t\t\t\t\t<span class=\"separator\">\u2014<\/span>\n\t\t\t\t\t\t\t\tCin\u00e9ma Le Palace - Surg\u00e8res<\/p>\n\t\t\t\t\t\t\t<\/div>\n\t\t\t\t\t\t\t<span class=\"event-badge\">Cin\u00e9-d\u00e9bat<\/span><span class=\"event-badge\">Rendez-vous Oc\u00e9anien<\/span>\n\t\t\t\t\t\t\t<h3>Projection de \u00ab\u00a0I am the river, the river is me\u00a0\u00bb<\/h3>\n\t\t\t\t\t\t\t<p class=\"subtitle\"><\/p>\n\t\t\t\t\t\t\t<p class=\"creator\"><p class=\"subtitle\">De Corinne Van Egeraat &amp; Petr Lom<\/p><\/p>\n\t\t\t\t\t\t\t<div class=\"event-excerpt\"><p class=\"event-text\">Premier \u00ab\u00a0Rendez-vous Oc\u00e9anien\u00a0\u00bb de 2025 r\u00e9ussi au Cin\u00e9ma Galaxy de Cognac hier soir 26\/6 pour une projection de \u00ab\u00a0I am the river, the river is me\u00a0\u00bb de Petr Lom &amp; Corinne Van Egeraat, suivie d&rsquo;\u00e9changes entre les cin\u00e9astes et un public tr\u00e8s motiv\u00e9 par les questions d&rsquo;eau de rivi\u00e8res et de nature, avec la collaboration [&hellip;]<\/p><p class=\"event-details\">en partenariat avec le collectif \u201cPour la reconnaissance des droits du fleuve Charente\u201d<\/p>\n                <\/div>\n            <\/div>\n        <\/div>\n    <\/a>\n\t\t\t\t<a href=\"https:\/\/www.rochefortpacifique.org\/edition2025\/festival\/myrjana-la-valeur-dune-femme\/\" class=\"event-card-link\">\n\t\t\t\t\t<div class=\"event-card\">\n\t\t\t\t\t\t<div class=\"prog-event-thumbnail\" style=\"background-image: url(https:\/\/www.rochefortpacifique.org\/edition2025\/wp-content\/uploads\/sites\/3\/2025\/03\/myCANAL_Jaquette_MEA_600x800-OMti.webp); max-height: 270px;\"><\/div>\n\t\t\t\t\t\t<div class=\"event-content\">\n\t\t\t\t\t\t <!-- Ajout de la date ici -->\n\t\t\t\t\t\t\t<div class=\"event-infos\">\n\t\t\t\t\t\t\t\t<p>\n\t\t\t\t\t\t\t\t<span class=\"separator\">\u2014<\/span>\n\t\t\t\t\t\t\t\t<\/p>\n\t\t\t\t\t\t\t<\/div>\n\t\t\t\t\t\t\t<span class=\"event-badge\">Cin\u00e9-d\u00e9bat<\/span><span class=\"event-badge\">Rendez-vous Oc\u00e9anien<\/span>\n\t\t\t\t\t\t\t<h3>MYRJANA, LA VALEUR D&rsquo;UNE FEMME<\/h3>\n\t\t\t\t\t\t\t<p class=\"subtitle\"><\/p>\n\t\t\t\t\t\t\t<p class=\"creator\"><\/p>\n\t\t\t\t\t\t\t<div class=\"event-excerpt\"><p class=\"event-details\">Documentaire \/ NOUVELLE-CAL\u00c9DONIE \/ 73&#039; \/ VF \/ 2024<\/p><p class=\"event-text\">Depuis le f\u00e9minicide de Myrjana, en Nouvelle-Cal\u00e9donie, ses s\u0153urs prennent soin de ses deux jeunes orphelins laiss\u00e9s pour compte et se mettent en mouvement avec C\u00e9cile, la sage-femme du village.<\/p><p class=\"event-details\">Avec le r\u00e9alisateur en visioconf\u00e9rence depuis la Nouvelle-Cal\u00e9donie<\/p>\n                <\/div>\n            <\/div>\n        <\/div>\n    <\/a>\n\t\t\t\t<a href=\"https:\/\/www.rochefortpacifique.org\/edition2025\/festival\/1878-2\/\" class=\"event-card-link\">\n\t\t\t\t\t<div class=\"event-card\">\n\t\t\t\t\t\t<div class=\"prog-event-thumbnail\" style=\"background-image: url(https:\/\/www.rochefortpacifique.org\/edition2025\/wp-content\/uploads\/sites\/3\/2025\/03\/1878_AFF_HD-scaled-1-724x1024.jpg); max-height: 270px;\"><\/div>\n\t\t\t\t\t\t<div class=\"event-content\">\n\t\t\t\t\t\t <!-- Ajout de la date ici -->\n\t\t\t\t\t\t\t<div class=\"event-infos\">\n\t\t\t\t\t\t\t\t<p>\n\t\t\t\t\t\t\t\t<span class=\"separator\">\u2014<\/span>\n\t\t\t\t\t\t\t\t<\/p>\n\t\t\t\t\t\t\t<\/div>\n\t\t\t\t\t\t\t<span class=\"event-badge\">Cin\u00e9-d\u00e9bat<\/span><span class=\"event-badge\">Rendez-vous Oc\u00e9anien<\/span>\n\t\t\t\t\t\t\t<h3>1878<\/h3>\n\t\t\t\t\t\t\t<p class=\"subtitle\"><\/p>\n\t\t\t\t\t\t\t<p class=\"creator\"><\/p>\n\t\t\t\t\t\t\t<div class=\"event-excerpt\"><p class=\"event-details\">Court m\u00e9trage \/ NOUVELLE-CAL\u00c9DONIE \/ 20&#039; \/ Fran\u00e7ais \/ Drehu \/ 2024<\/p><p class=\"event-text\">1878, Nouvelle-Cal\u00e9donie. Alors qu\u2019une bataille sanglante fait rage, un missionnaire croise le regard d\u2019une petite fille kanak. Et si elle, il pouvait la sauver ?<\/p><p class=\"event-details\">En pr\u00e9sence de la r\u00e9alisatrice et de Siman\u00eb Wenethem, acteur du film<\/p>\n                <\/div>\n            <\/div>\n        <\/div>\n    <\/a>\n\t\t\t\t<a href=\"https:\/\/www.rochefortpacifique.org\/edition2025\/festival\/les-droits-de-la-nature\/\" class=\"event-card-link\">\n\t\t\t\t\t<div class=\"event-card\">\n\t\t\t\t\t\t<div class=\"prog-event-thumbnail\" style=\"background-image: url(https:\/\/www.rochefortpacifique.org\/edition2025\/wp-content\/uploads\/sites\/3\/2025\/03\/etre-la-riviere.jpg); max-height: 270px;\"><\/div>\n\t\t\t\t\t\t<div class=\"event-content\">\n\t\t\t\t\t\t <!-- Ajout de la date ici -->\n\t\t\t\t\t\t\t<div class=\"event-infos\">\n\t\t\t\t\t\t\t\t<p>\n\t\t\t\t\t\t\t\t<span class=\"separator\">\u2014<\/span>\n\t\t\t\t\t\t\t\t<\/p>\n\t\t\t\t\t\t\t<\/div>\n\t\t\t\t\t\t\t<span class=\"event-badge\">Rencontre litt\u00e9raire<\/span><span class=\"event-badge\">Rendez-vous Oc\u00e9anien<\/span>\n\t\t\t\t\t\t\t<h3>LES DROITS DE LA NATURE<\/h3>\n\t\t\t\t\t\t\t<p class=\"subtitle\"><\/p>\n\t\t\t\t\t\t\t<p class=\"creator\"><\/p>\n\t\t\t\t\t\t\t<div class=\"event-excerpt\"><p class=\"event-text\">Un livre&nbsp;\u00caTRE LA RIVI\u00c8REde Sacha Bourgeois-GirondeEssai \/ Editions Presses Universitaires France \/ France \/ 2020 Une enqu\u00eate sur l\u2019attribution d\u2019une personnalit\u00e9 juridique au fleuve Whanganui par la loi n\u00e9o-z\u00e9landaise, de l\u2019analyse du texte juridique et son histoire \u00e0 la rencontre des acteurs sur les rives du fleuve.<\/p><p class=\"event-details\">en partenariat avec le collectif \u201cPour la reconnaissance des droits du fleuve Charente\u201d<\/p>\n                <\/div>\n            <\/div>\n        <\/div>\n    <\/a>\n\t\t\t\t<a href=\"https:\/\/www.rochefortpacifique.org\/edition2025\/festival\/la-petite-fille-blanche\/\" class=\"event-card-link\">\n\t\t\t\t\t<div class=\"event-card\">\n\t\t\t\t\t\t<div class=\"prog-event-thumbnail\" style=\"background-image: url(https:\/\/www.rochefortpacifique.org\/edition2025\/wp-content\/uploads\/sites\/3\/2025\/03\/la-petite-fille-blanche-e1741602302706-603x1024.jpg); max-height: 270px;\"><\/div>\n\t\t\t\t\t\t<div class=\"event-content\">\n\t\t\t\t\t\t <!-- Ajout de la date ici -->\n\t\t\t\t\t\t\t<div class=\"event-infos\">\n\t\t\t\t\t\t\t\t<p>\n\t\t\t\t\t\t\t\t<span class=\"separator\">\u2014<\/span>\n\t\t\t\t\t\t\t\t<\/p>\n\t\t\t\t\t\t\t<\/div>\n\t\t\t\t\t\t\t<span class=\"event-badge\">Rencontre litt\u00e9raire<\/span><span class=\"event-badge\">Rendez-vous Oc\u00e9anien<\/span>\n\t\t\t\t\t\t\t<h3>La Petite Fille Blanche<\/h3>\n\t\t\t\t\t\t\t<p class=\"subtitle\"><\/p>\n\t\t\t\t\t\t\t<p class=\"creator\"><\/p>\n\t\t\t\t\t\t\t<div class=\"event-excerpt\"><p class=\"event-details\">Roman \/ Editions Synchronique \/ AUSTRALIE \/ 2025<\/p><p class=\"event-text\">Pendant treize ans Odette, qui vit une petite ville rurale australienne, a r\u00e9ussi, apr\u00e8s la disparition de sa fille Lila, \u00e0 \u00e9lever sa petite-fille Sissy discr\u00e8tement, \u00e9vitant l\u2019attention des services sociaux qui enl\u00e8vent les enfants aborig\u00e8nes \u00e0 la peau claire \u00e0 leur famille. Mais arrive en ville un nouveau policier z\u00e9l\u00e9\u2026Dans cette fuite \u00e0 travers [&hellip;]<\/p><p class=\"event-details\">Traduit de l'anglais (Australie) par Nadine Gassie<br \/><br \/>\r\nPr\u00e9sent\u00e9 par la traductrice<\/p>\n                <\/div>\n            <\/div>\n        <\/div>\n    <\/a><\/div>\n<\/div>\n\n\n\n<div class=\"wp-block-uagb-tabs-child uagb-tabs__body-container uagb-inner-tab-1\" aria-labelledby=\"uagb-tabs__tab1\"><div class=\"festival-events-grid\">\n\t\t\t <a href=\"https:\/\/www.rochefortpacifique.org\/edition2025\/festival\/narcisse-pelletier-jeune-mousse-perdu-en-australie\/\" class=\"event-card-link\">\n                <div class=\"event-card\" style=\"background-image: url(https:\/\/www.rochefortpacifique.org\/edition2025\/wp-content\/uploads\/sites\/3\/2025\/03\/narcisse-pelletier_expo-2-724x1024.jpg);\">\n                    <div class=\"event-content\">\n                        <div class=\"event-infos\">\n                            <p>14 h<\/p> <!-- Affiche \"14 h\" -->\n                            <span class=\"event-separator\"><\/span>\n                            <p>Mus\u00e9e H\u00e8bre<\/p>\n                        <\/div>\n                        <span class=\"event-badge\">Exposition<\/span>\n                        <h3>Visite de l\u2019exposition \u201cNarcisse Pelletier, jeune mousse perdu en Australie\u201d par l\u2019historien Thomas Duranteau<\/h3>\n\t\t\t\t\t\t<p class=\"subtitle\"><\/p>\n                        \n                        <span class=\"event-separator\"><\/span>\n                        <p class=\"event-meta\"><p>Sur inscription aupr\u00e8s du Mus\u00e9e H\u00e8bre - 05 46 82 91 60 - tarif 5.50 \u20ac (entr\u00e9e mus\u00e9e) gratuit pour les adh\u00e9rents - 20 personnes max.<\/p>\n<\/p>\n\n                    <\/div>\n                <\/div>\n\t\t\t<\/a>\n\t\t\t <a href=\"https:\/\/www.rochefortpacifique.org\/edition2025\/festival\/hecatombe-oceanienne\/\" class=\"event-card-link\">\n                <div class=\"event-card\" style=\"background-image: url(https:\/\/www.rochefortpacifique.org\/edition2025\/wp-content\/uploads\/sites\/3\/2025\/03\/hecatombe-oceanienne-811x1024.jpg);\">\n                    <div class=\"event-content\">\n                        <div class=\"event-infos\">\n                            <p>16 h<\/p> <!-- Affiche \"14 h\" -->\n                            <span class=\"event-separator\"><\/span>\n                            <p>Mus\u00e9e H\u00e8bre<\/p>\n                        <\/div>\n                        <span class=\"event-badge\">Rencontre litt\u00e9raire<\/span>\n                        <h3>H\u00c9CATOMBE OC\u00c9ANIENNE<\/h3>\n\t\t\t\t\t\t<p class=\"subtitle\">Histoire de la d\u00e9population du Pacifique et ses cons\u00e9quences (XVIe-XXe si\u00e8cle)<\/p>\n                        <p class=\"subtitle\">De Christophe Sand<\/p>\n                        <span class=\"event-separator\"><\/span>\n                        <p class=\"event-meta\"><p>En pr\u00e9sence de l\u2019auteur<br \/>\nD\u00e9dicace sur place<\/p>\n<\/p>\n\n                    <\/div>\n                <\/div>\n\t\t\t<\/a>\n\t\t\t <a href=\"https:\/\/www.rochefortpacifique.org\/edition2025\/festival\/ouverture-de-la-19e-edition-du-festival\/\" class=\"event-card-link\">\n                <div class=\"event-card\" style=\"background-image: url(https:\/\/www.rochefortpacifique.org\/edition2025\/wp-content\/uploads\/sites\/3\/2025\/01\/affiche-RP-2025-mobile-728x1024.jpg);\">\n                    <div class=\"event-content\">\n                        <div class=\"event-infos\">\n                            <p>18 h 30<\/p> <!-- Affiche \"14 h\" -->\n                            <span class=\"event-separator\"><\/span>\n                            <p>Appolo Cin\u00e9 8<\/p>\n                        <\/div>\n                        <span class=\"event-badge\">Animation<\/span><span class=\"event-badge\">Discours d&#039;ouverture<\/span>\n                        <h3>OUVERTURE DE LA 19e \u00c9DITION DU FESTIVAL<\/h3>\n\t\t\t\t\t\t<p class=\"subtitle\">Gala du Conservatoire de musique et de danse Michel Legrand de Rochefort<\/p>\n                        \n                        <span class=\"event-separator\"><\/span>\n                        <p class=\"event-meta\"><p>Pot de l\u2019amiti\u00e9<\/p>\n<\/p>\n\n                    <\/div>\n                <\/div>\n\t\t\t<\/a>\n\t\t\t <a href=\"https:\/\/www.rochefortpacifique.org\/edition2025\/festival\/something-to-call-our-own\/\" class=\"event-card-link\">\n                <div class=\"event-card\" style=\"background-image: url(https:\/\/www.rochefortpacifique.org\/edition2025\/wp-content\/uploads\/sites\/3\/2025\/03\/SomeThingCallOurOwn-Poster-819x1024.jpg);\">\n                    <div class=\"event-content\">\n                        <div class=\"event-infos\">\n                            <p>21 h<\/p> <!-- Affiche \"14 h\" -->\n                            <span class=\"event-separator\"><\/span>\n                            <p>Appolo Cin\u00e9 8<\/p>\n                        <\/div>\n                        <span class=\"event-badge\">Cin\u00e9-d\u00e9bat<\/span>\n                        <h3>Something To Call Our Own<\/h3>\n\t\t\t\t\t\t<p class=\"subtitle\"><\/p>\n                        <p class=\"subtitle\">De Niel Romero<\/p>\n                        <span class=\"event-separator\"><\/span>\n                        <p class=\"event-meta\"><p>En pr\u00e9sence du r\u00e9alisateur<br \/>\nInterpr\u00e8te : Odile Lacoste<\/p>\n<\/p>\n\n                    <\/div>\n                <\/div>\n\t\t\t<\/a><\/div>\n<\/div>\n\n\n\n<div class=\"wp-block-uagb-tabs-child uagb-tabs__body-container uagb-inner-tab-2\" aria-labelledby=\"uagb-tabs__tab2\"><div class=\"festival-events-grid\">\n\t\t\t <a href=\"https:\/\/www.rochefortpacifique.org\/edition2025\/festival\/bereziina\/\" class=\"event-card-link\">\n                <div class=\"event-card\" style=\"background-image: url(https:\/\/www.rochefortpacifique.org\/edition2025\/wp-content\/uploads\/sites\/3\/2025\/03\/BereziinaPoster-766x1024.jpg);\">\n                    <div class=\"event-content\">\n                        <div class=\"event-infos\">\n                            <p>10 h<\/p> <!-- Affiche \"14 h\" -->\n                            <span class=\"event-separator\"><\/span>\n                            <p>Appolo Cin\u00e9 8<\/p>\n                        <\/div>\n                        <span class=\"event-badge\">Cin\u00e9-d\u00e9bat<\/span>\n                        <h3>BEREZIINA<\/h3>\n\t\t\t\t\t\t<p class=\"subtitle\"><\/p>\n                        <p class=\"subtitle\">De Anthony Pedulla<\/p>\n                        <span class=\"event-separator\"><\/span>\n                        <p class=\"event-meta\"><p>En pr\u00e9sence du r\u00e9alisateur<br \/>\net de la productrice Cinthia DJIRAM<\/p>\n<\/p>\n\n                    <\/div>\n                <\/div>\n\t\t\t<\/a>\n\t\t\t <a href=\"https:\/\/www.rochefortpacifique.org\/edition2025\/festival\/charlie-tangaroa-et-la-creature-des-abysses\/\" class=\"event-card-link\">\n                <div class=\"event-card\" style=\"background-image: url(https:\/\/www.rochefortpacifique.org\/edition2025\/wp-content\/uploads\/sites\/3\/2025\/03\/Couv1CharlieTagaroaweb-624x1024.jpg);\">\n                    <div class=\"event-content\">\n                        <div class=\"event-infos\">\n                            <p>10 h 45<\/p> <!-- Affiche \"14 h\" -->\n                            <span class=\"event-separator\"><\/span>\n                            <p>Appolo Cin\u00e9 8<\/p>\n                        <\/div>\n                        <span class=\"event-badge\">Rencontre litt\u00e9raire<\/span>\n                        <h3>Charlie Tangaroa et la cr\u00e9ature des abysses<\/h3>\n\t\t\t\t\t\t<p class=\"subtitle\"><\/p>\n                        <p class=\"subtitle\">De Tania K. Roxborogh<\/p>\n                        <span class=\"event-separator\"><\/span>\n                        <p class=\"event-meta\"><p>Traduit par Christine ROTH<br \/>\nPr\u00e9sent\u00e9 par Mireille Vignol, traductrice avec l\u2019auteure en visioconf\u00e9rence depuis la Nouvelle-Z\u00e9lande<br \/>\nInterpr\u00e8te : Odile LACOSTE<\/p>\n<\/p>\n\n                    <\/div>\n                <\/div>\n\t\t\t<\/a>\n\t\t\t <a href=\"https:\/\/www.rochefortpacifique.org\/edition2025\/festival\/tradewinds\/\" class=\"event-card-link\">\n                <div class=\"event-card\" style=\"background-image: url(https:\/\/www.rochefortpacifique.org\/edition2025\/wp-content\/uploads\/sites\/3\/2025\/03\/TRADEWINDSposter-819x1024.jpg);\">\n                    <div class=\"event-content\">\n                        <div class=\"event-infos\">\n                            <p>11 h 15<\/p> <!-- Affiche \"14 h\" -->\n                            <span class=\"event-separator\"><\/span>\n                            <p>Appolo Cin\u00e9 8<\/p>\n                        <\/div>\n                        <span class=\"event-badge\">Cin\u00e9-d\u00e9bat<\/span>\n                        <h3>TradeWinds<\/h3>\n\t\t\t\t\t\t<p class=\"subtitle\"><\/p>\n                        <p class=\"subtitle\">De Kyle Perron<\/p>\n                        <span class=\"event-separator\"><\/span>\n                        <p class=\"event-meta\"><p>Pr\u00e9sent\u00e9 par Niel Romero, cin\u00e9aste de Guam<br \/>\nInterpr\u00e8te : Odile LACOSTE<\/p>\n<\/p>\n\n                    <\/div>\n                <\/div>\n\t\t\t<\/a>\n\t\t\t <a href=\"https:\/\/www.rochefortpacifique.org\/edition2025\/festival\/henua\/\" class=\"event-card-link\">\n                <div class=\"event-card\" style=\"background-image: url(https:\/\/www.rochefortpacifique.org\/edition2025\/wp-content\/uploads\/sites\/3\/2025\/03\/HENUA-700x1024.jpg);\">\n                    <div class=\"event-content\">\n                        <div class=\"event-infos\">\n                            <p>14 h<\/p> <!-- Affiche \"14 h\" -->\n                            <span class=\"event-separator\"><\/span>\n                            <p>Appolo Cin\u00e9 8<\/p>\n                        <\/div>\n                        <span class=\"event-badge\">Rencontre litt\u00e9raire<\/span>\n                        <h3>Henua<\/h3>\n\t\t\t\t\t\t<p class=\"subtitle\"><\/p>\n                        <p class=\"subtitle\">De Marin Ledun<\/p>\n                        <span class=\"event-separator\"><\/span>\n                        <p class=\"event-meta\"><p> En pr\u00e9sence de l\u2019auteur<\/p>\n<\/p>\n\n                    <\/div>\n                <\/div>\n\t\t\t<\/a>\n\t\t\t <a href=\"https:\/\/www.rochefortpacifique.org\/edition2025\/festival\/war-for-guam\/\" class=\"event-card-link\">\n                <div class=\"event-card\" style=\"background-image: url(https:\/\/www.rochefortpacifique.org\/edition2025\/wp-content\/uploads\/sites\/3\/2025\/03\/WarForGuam-affiche-741x1024.jpg);\">\n                    <div class=\"event-content\">\n                        <div class=\"event-infos\">\n                            <p>14 h 45<\/p> <!-- Affiche \"14 h\" -->\n                            <span class=\"event-separator\"><\/span>\n                            <p>Appolo Cin\u00e9 8<\/p>\n                        <\/div>\n                        <span class=\"event-badge\">Cin\u00e9-d\u00e9bat<\/span>\n                        <h3>War for Guam<\/h3>\n\t\t\t\t\t\t<p class=\"subtitle\"><\/p>\n                        <p class=\"subtitle\">De Frances Negron Muntaner<\/p>\n                        <span class=\"event-separator\"><\/span>\n                        <p class=\"event-meta\"><p>Pr\u00e9sent\u00e9 par Niel Romero, cin\u00e9aste de Guam<br \/>\nInterpr\u00e8te : Odile LACOSTE<\/p>\n<\/p>\n\n                    <\/div>\n                <\/div>\n\t\t\t<\/a>\n\t\t\t <a href=\"https:\/\/www.rochefortpacifique.org\/edition2025\/festival\/micronesie\/\" class=\"event-card-link\">\n                <div class=\"event-card\" style=\"background-image: url(https:\/\/www.rochefortpacifique.org\/edition2025\/wp-content\/uploads\/sites\/3\/2025\/03\/micronesie-editions-magellan-et-cie-666x1024.jpg);\">\n                    <div class=\"event-content\">\n                        <div class=\"event-infos\">\n                            <p>16 h 30<\/p> <!-- Affiche \"14 h\" -->\n                            <span class=\"event-separator\"><\/span>\n                            <p>Appolo Cin\u00e9 8<\/p>\n                        <\/div>\n                        <span class=\"event-badge\">Rencontre litt\u00e9raire<\/span>\n                        <h3>Micron\u00e9sie<\/h3>\n\t\t\t\t\t\t<p class=\"subtitle\"><\/p>\n                        <p class=\"subtitle\">De Adrien Gombeaud<\/p>\n                        <span class=\"event-separator\"><\/span>\n                        <p class=\"event-meta\"><p>En pr\u00e9sence de l\u2019auteur<\/p>\n<\/p>\n\n                    <\/div>\n                <\/div>\n\t\t\t<\/a>\n\t\t\t <a href=\"https:\/\/www.rochefortpacifique.org\/edition2025\/festival\/a-la-decouverte-de-lile-de-guam\/\" class=\"event-card-link\">\n                <div class=\"event-card\" style=\"background-image: url(https:\/\/www.rochefortpacifique.org\/edition2025\/wp-content\/uploads\/sites\/3\/2025\/03\/b8-1024x358.jpg);\">\n                    <div class=\"event-content\">\n                        <div class=\"event-infos\">\n                            <p>17 h 15<\/p> <!-- Affiche \"14 h\" -->\n                            <span class=\"event-separator\"><\/span>\n                            <p>Appolo Cin\u00e9 8<\/p>\n                        <\/div>\n                        <span class=\"event-badge\">Table ronde<\/span>\n                        <h3>\u00c0 la d\u00e9couverte de l&rsquo;\u00efle de Guam<\/h3>\n\t\t\t\t\t\t<p class=\"subtitle\">Pr\u00e9sentation du territoire invit\u00e9<\/p>\n                        \n                        <span class=\"event-separator\"><\/span>\n                        <p class=\"event-meta\"><p>Anim\u00e9e par Catherine Ruelle, journaliste et critique de cin\u00e9ma.<br \/>\nInterpr\u00e8te : Odile LACOSTE<\/p>\n<\/p>\n\n                    <\/div>\n                <\/div>\n\t\t\t<\/a>\n\t\t\t <a href=\"https:\/\/www.rochefortpacifique.org\/edition2025\/festival\/hecatombe-oceanienne-2\/\" class=\"event-card-link\">\n                <div class=\"event-card\" style=\"background-image: url(https:\/\/www.rochefortpacifique.org\/edition2025\/wp-content\/uploads\/sites\/3\/2025\/03\/hecatombe-oceanienne-811x1024.jpg);\">\n                    <div class=\"event-content\">\n                        <div class=\"event-infos\">\n                            <p>18 h<\/p> <!-- Affiche \"14 h\" -->\n                            <span class=\"event-separator\"><\/span>\n                            <p>Apollo Cin\u00e9 8<\/p>\n                        <\/div>\n                        <span class=\"event-badge\">Rencontre litt\u00e9raire<\/span>\n                        <h3>H\u00c9CATOMBE OC\u00c9ANIENNE<\/h3>\n\t\t\t\t\t\t<p class=\"subtitle\">Histoire de la d\u00e9population du Pacifique et ses cons\u00e9quences (XVIe-XXe si\u00e8cle)<\/p>\n                        <p class=\"subtitle\">De Christophe Sand<\/p>\n                        <span class=\"event-separator\"><\/span>\n                        <p class=\"event-meta\"><p>En pr\u00e9sence de l\u2019auteur<\/p>\n<\/p>\n\n                    <\/div>\n                <\/div>\n\t\t\t<\/a>\n\t\t\t <a href=\"https:\/\/www.rochefortpacifique.org\/edition2025\/festival\/the-convert\/\" class=\"event-card-link\">\n                <div class=\"event-card\" style=\"background-image: url(https:\/\/www.rochefortpacifique.org\/edition2025\/wp-content\/uploads\/sites\/3\/2025\/03\/6afficheTheConvert-698x1024.jpg);\">\n                    <div class=\"event-content\">\n                        <div class=\"event-infos\">\n                            <p>20 h 30<\/p> <!-- Affiche \"14 h\" -->\n                            <span class=\"event-separator\"><\/span>\n                            <p>Appolo Cin\u00e9 8<\/p>\n                        <\/div>\n                        <span class=\"event-badge\">Cin\u00e9-d\u00e9bat<\/span>\n                        <h3>The Convert<\/h3>\n\t\t\t\t\t\t<p class=\"subtitle\"><\/p>\n                        <p class=\"subtitle\">De Lee Tamahori<\/p>\n                        <span class=\"event-separator\"><\/span>\n                        <p class=\"event-meta\"><p>Pr\u00e9sent\u00e9 par Bernard Bories, cr\u00e9ateur du Festival des Antipodes<\/p>\n<\/p>\n\n                    <\/div>\n                <\/div>\n\t\t\t<\/a><\/div>\n<\/div>\n\n\n\n<div class=\"wp-block-uagb-tabs-child uagb-tabs__body-container uagb-inner-tab-3\" aria-labelledby=\"uagb-tabs__tab3\"><div class=\"festival-events-grid\">\n\t\t\t <a href=\"https:\/\/www.rochefortpacifique.org\/edition2025\/festival\/fier-e-s-la-voix-du-pacifique\/\" class=\"event-card-link\">\n                <div class=\"event-card\" style=\"background-image: url(https:\/\/www.rochefortpacifique.org\/edition2025\/wp-content\/uploads\/sites\/3\/2025\/03\/FIER-E-S_affiche-724x1024.jpg);\">\n                    <div class=\"event-content\">\n                        <div class=\"event-infos\">\n                            <p>10 h<\/p> <!-- Affiche \"14 h\" -->\n                            <span class=\"event-separator\"><\/span>\n                            <p>Appolo Cin\u00e9 8<\/p>\n                        <\/div>\n                        <span class=\"event-badge\">Cin\u00e9-d\u00e9bat<\/span>\n                        <h3>Fi\u00e8r.e.s, la Voix du Pacifique<\/h3>\n\t\t\t\t\t\t<p class=\"subtitle\"><\/p>\n                        <p class=\"subtitle\">De Raynald MERIENNE<\/p>\n                        <span class=\"event-separator\"><\/span>\n                        <p class=\"event-meta\"><p>Pr\u00e9sent\u00e9 par Caroline Omond, productrice du film, Gabriel, personnage du film et avec le r\u00e9alisateur en visioconf\u00e9rence depuis Hawa\u00ef<\/p>\n<\/p>\n\n                    <\/div>\n                <\/div>\n\t\t\t<\/a>\n\t\t\t <a href=\"https:\/\/www.rochefortpacifique.org\/edition2025\/festival\/la-legende-de-molly-johnson\/\" class=\"event-card-link\">\n                <div class=\"event-card\" style=\"background-image: url(https:\/\/www.rochefortpacifique.org\/edition2025\/wp-content\/uploads\/sites\/3\/2025\/03\/Legende-Molly-Johnson-Couverture-605x1024.jpg);\">\n                    <div class=\"event-content\">\n                        <div class=\"event-infos\">\n                            <p>11 h 30<\/p> <!-- Affiche \"14 h\" -->\n                            <span class=\"event-separator\"><\/span>\n                            <p>Appolo Cin\u00e9 8<\/p>\n                        <\/div>\n                        <span class=\"event-badge\">Rencontre litt\u00e9raire<\/span>\n                        <h3>La L\u00e9gende de Molly Johnson<\/h3>\n\t\t\t\t\t\t<p class=\"subtitle\"><\/p>\n                        <p class=\"subtitle\">De Leah PURCELL<\/p>\n                        <span class=\"event-separator\"><\/span>\n                        <p class=\"event-meta\"><p>Traduit par Mireille VIGNOL<br \/>\nPr\u00e9sent\u00e9 par la traductrice Mireille VIGNOL et de l\u2019auteure en visioconf\u00e9rence depuis l\u2019Australie<\/p>\n<\/p>\n\n                    <\/div>\n                <\/div>\n\t\t\t<\/a>\n\t\t\t <a href=\"https:\/\/www.rochefortpacifique.org\/edition2025\/festival\/cemel-la-vie-ensemble\/\" class=\"event-card-link\">\n                <div class=\"event-card\" style=\"background-image: url(https:\/\/www.rochefortpacifique.org\/edition2025\/wp-content\/uploads\/sites\/3\/2025\/03\/CEMELposter-867x1024.jpg);\">\n                    <div class=\"event-content\">\n                        <div class=\"event-infos\">\n                            <p>14 h<\/p> <!-- Affiche \"14 h\" -->\n                            <span class=\"event-separator\"><\/span>\n                            <p>Appolo Cin\u00e9 8<\/p>\n                        <\/div>\n                        <span class=\"event-badge\">Cin\u00e9-d\u00e9bat<\/span>\n                        <h3>Cemel, La Vie Ensemble<\/h3>\n\t\t\t\t\t\t<p class=\"subtitle\"><\/p>\n                        <p class=\"subtitle\">De Faustine Lefranc<\/p>\n                        <span class=\"event-separator\"><\/span>\n                        <p class=\"event-meta\"><p>Pr\u00e9sent\u00e9 par la r\u00e9alisatrice, Sylvain Lefranc, preneur de son et Diane Derne-Lefranc, 6 ans personnage du film<\/p>\n<\/p>\n\n                    <\/div>\n                <\/div>\n\t\t\t<\/a>\n\t\t\t <a href=\"https:\/\/www.rochefortpacifique.org\/edition2025\/festival\/master-class-ukulele\/\" class=\"event-card-link\">\n                <div class=\"event-card\" style=\"background-image: url(https:\/\/www.rochefortpacifique.org\/edition2025\/wp-content\/uploads\/sites\/3\/2025\/03\/ukulele-1024x678.jpg);\">\n                    <div class=\"event-content\">\n                        <div class=\"event-infos\">\n                            <p>14 h<\/p> <!-- Affiche \"14 h\" -->\n                            <span class=\"event-separator\"><\/span>\n                            <p>Palais des Congr\u00e8s de Rochefort<\/p>\n                        <\/div>\n                        <span class=\"event-badge\">Animation<\/span><span class=\"event-badge\">Atelier musical<\/span>\n                        <h3>MASTER CLASS \u00ab\u00a0UKUL\u00c9L\u00c9\u00a0\u00bb<\/h3>\n\t\t\t\t\t\t<p class=\"subtitle\">par Jean-Baptiste LIVENAIS - JEAN BAT MUSIC<\/p>\n                        \n                        <span class=\"event-separator\"><\/span>\n                        <p class=\"event-meta\"><p>Dur\u00e9e : 2h, 15 participant.e.s maxi. <br \/>\nPrix : 20 euros. Paiement sur place. Inscription conseill\u00e9e au 07 86 38 99 90<\/p>\n<\/p>\n\n                    <\/div>\n                <\/div>\n\t\t\t<\/a>\n\t\t\t <a href=\"https:\/\/www.rochefortpacifique.org\/edition2025\/festival\/oui-cest-une-mutinerie\/\" class=\"event-card-link\">\n                <div class=\"event-card\" style=\"background-image: url(https:\/\/www.rochefortpacifique.org\/edition2025\/wp-content\/uploads\/sites\/3\/2025\/03\/Mutinerie_couv.jpg);\">\n                    <div class=\"event-content\">\n                        <div class=\"event-infos\">\n                            <p>15 h<\/p> <!-- Affiche \"14 h\" -->\n                            <span class=\"event-separator\"><\/span>\n                            <p>Appolo Cin\u00e9 8<\/p>\n                        <\/div>\n                        <span class=\"event-badge\">Rencontre litt\u00e9raire<\/span>\n                        <h3>Oui, c&rsquo;est une Mutinerie<\/h3>\n\t\t\t\t\t\t<p class=\"subtitle\"><\/p>\n                        <p class=\"subtitle\">De Craig Santos Perez<\/p>\n                        <span class=\"event-separator\"><\/span>\n                        <p class=\"event-meta\"><p>Avec l\u2019auteur en visioconf\u00e9rence depuis la Californie<br \/>\nInterpr\u00e8te : Odile LACOSTE<\/p>\n<\/p>\n\n                    <\/div>\n                <\/div>\n\t\t\t<\/a>\n\t\t\t <a href=\"https:\/\/www.rochefortpacifique.org\/edition2025\/festival\/i-am-the-river-the-river-is-me\/\" class=\"event-card-link\">\n                <div class=\"event-card\" style=\"background-image: url(https:\/\/www.rochefortpacifique.org\/edition2025\/wp-content\/uploads\/sites\/3\/2025\/03\/Poster-I-am-the-river-A4-scaled-2-724x1024.jpg);\">\n                    <div class=\"event-content\">\n                        <div class=\"event-infos\">\n                            <p>17 h<\/p> <!-- Affiche \"14 h\" -->\n                            <span class=\"event-separator\"><\/span>\n                            <p>Appolo Cin\u00e9 8<\/p>\n                        <\/div>\n                        <span class=\"event-badge\">Cin\u00e9-d\u00e9bat<\/span>\n                        <h3>I am the River, the River is Me<\/h3>\n\t\t\t\t\t\t<p class=\"subtitle\"><\/p>\n                        <p class=\"subtitle\">De Corinne Van Egeraat &amp; Petr Lom<\/p>\n                        <span class=\"event-separator\"><\/span>\n                        <p class=\"event-meta\"><p>En pr\u00e9sence du r\u00e9alisateur et de la productrice Corinne VAN EGERAAT<\/p>\n<\/p>\n\n                    <\/div>\n                <\/div>\n\t\t\t<\/a>\n\t\t\t <a href=\"https:\/\/www.rochefortpacifique.org\/edition2025\/festival\/cloture-du-festival\/\" class=\"event-card-link\">\n                <div class=\"event-card\" style=\"background-image: url(https:\/\/www.rochefortpacifique.org\/edition2025\/wp-content\/uploads\/sites\/3\/2025\/01\/bird.png);\">\n                    <div class=\"event-content\">\n                        <div class=\"event-infos\">\n                            <p>19 h<\/p> <!-- Affiche \"14 h\" -->\n                            <span class=\"event-separator\"><\/span>\n                            <p>Appolo Cin\u00e9 8<\/p>\n                        <\/div>\n                        <span class=\"event-badge\">Animation<\/span><span class=\"event-badge\">Discours<\/span>\n                        <h3>Cl\u00f4ture du Festival<\/h3>\n\t\t\t\t\t\t<p class=\"subtitle\">PASSATION ENTRE GUAM ET LES PAYS ET TERRITOIRES \u00c0 L\u2019HONNEUR EN 2026<\/p>\n                        \n                        <span class=\"event-separator\"><\/span>\n                        <p class=\"event-meta\"><p>Pr\u00e9sentation de l\u2019\u00e9dition sp\u00e9ciale 2026 - 20e anniversaire<\/p>\n<\/p>\n\n                    <\/div>\n                <\/div>\n\t\t\t<\/a><\/div>\n<\/div>\n<\/div><\/div>\n<\/div><\/div>\n\n\n\n<div style=\"height:60px\" aria-hidden=\"true\" class=\"wp-block-spacer\"><\/div>\n\n\n\n<div class=\"wp-block-uagb-container uag-blocks-common-selector uagb-block-636a9e87 alignfull uagb-is-root-container\"><div class=\"uagb-container-inner-blocks-wrap\"><\/div><\/div>\n\n\n\n<div id=\"guam-a-lhonneur\" class=\"wp-block-uagb-container uagb-block-63bf81ea alignfull uagb-is-root-container\"><div class=\"uagb-container-inner-blocks-wrap\">\n<div style=\"height:5rem\" aria-hidden=\"true\" class=\"wp-block-spacer\"><\/div>\n\n\n\n<div class=\"wp-block-uagb-container uagb-block-8731195c alignfull uagb-is-root-container\"><div class=\"uagb-container-inner-blocks-wrap\">\n<div class=\"wp-block-uagb-container uagb-block-a049d465\">\n<p class=\"estilo_title has-text-color has-link-color wp-elements-dd3516e178815fa762c55b96b70d0050\" style=\"color:#193452;font-size:32px;font-style:normal;font-weight:300\"><strong>Festival<br>Rochefort Pacifique<\/strong><\/p>\n\n\n\n<div style=\"height:1rem\" aria-hidden=\"true\" class=\"wp-block-spacer\"><\/div>\n\n\n\n<div data-aos= \"fade-up\" data-aos-duration=\"400\" data-aos-delay=\"0\" data-aos-easing=\"ease\" data-aos-once=\"true\" class=\"wp-block-uagb-advanced-heading uagb-block-19a49d1e rp-h2\"><h2 class=\"uagb-heading-text\">Guam<br><span class=\"sub-h2\">\u00e0 l&rsquo;honneur<\/span><\/h2><\/div>\n\n\n\n<div style=\"height:2rem\" aria-hidden=\"true\" class=\"wp-block-spacer\"><\/div>\n\n\n\n<p class=\"has-white-color has-text-color has-link-color wp-elements-cc4e260a02066408b3df8dbda40ebabf\">D\u00e8s son origine le Festival Rochefort Pacifique a mis \u00e0 l\u2019honneur un pays diff\u00e9rent du Pacifique, chacune de ses \u00e9ditions annuelles : Tonga, Nouvelle-Z\u00e9lande, Samoa\u2026<\/p>\n\n\n\n<p class=\"has-white-color has-text-color has-link-color wp-elements-9e0ef1eda0cc10a01c9bdaa5da63fb94\">Nous sommes entr\u00e9s en partenariat avec le \u201dGuam International Film Festival\u201d (le \u201dGIFF\u201d), et le \u201dGuam Educational Telecommunications Corporation\u201d, connu aussi sous le nom de \u201dPBS Guam KGTF Channel\u201d, pour \u00e0 la fois vous pr\u00e9senter une nouvelle r\u00e9gion du Pacifique, peu connue des Fran\u00e7ais, et vous montrer comment son dynamisme cin\u00e9matographique \u00e9tait un remarquable ambassadeur pour faire connaitre la diversit\u00e9 culturelle et les projets des peuples de Guam au monde entier.<\/p>\n\n\n\n<div class=\"wp-block-uagb-buttons uagb-buttons__outer-wrap uagb-btn__default-btn uagb-btn-tablet__default-btn uagb-btn-mobile__default-btn uagb-block-8c775864\"><div class=\"uagb-buttons__wrap uagb-buttons-layout-wrap \">\n<div class=\"wp-block-uagb-buttons-child uagb-buttons__outer-wrap uagb-block-42057779 wp-block-button\"><div class=\"uagb-button__wrapper\"><a class=\"uagb-buttons-repeater wp-block-button__link\" aria-label=\"\" href=\"\/pays-territoire-invite\" rel=\"follow noopener\" target=\"_self\" role=\"button\"><div class=\"uagb-button__link\">En savoir +<\/div><\/a><\/div><\/div>\n<\/div><\/div>\n<\/div>\n\n\n\n<div data-aos= \"fade-up\" data-aos-duration=\"400\" data-aos-delay=\"0\" data-aos-easing=\"ease\" data-aos-once=\"true\" class=\"wp-block-uagb-container uagb-block-f8fe8b52\">\n<div class=\" responsive-iframe-container\"><iframe loading=\"lazy\" class=\"responsive-iframe\" src=\"https:\/\/www.facebook.com\/plugins\/video.php?height=314&#038;href=https%3A%2F%2Fwww.facebook.com%2FFestivalRochefortPacifique%2Fvideos%2F577659711898700%2F&#038;show_text=false&#038;width=560&#038;t=0\" width=\"100%\" height=\"420\" style=\"border:none;overflow:hidden\" scrolling=\"no\" frameborder=\"0\" allowfullscreen=\"true\" allow=\"autoplay; clipboard-write; encrypted-media; picture-in-picture; web-share\" allowFullScreen=\"true\"><\/iframe>\n<\/div>\n\n\n\n<div style=\"height:2rem\" aria-hidden=\"true\" class=\"wp-block-spacer\"><\/div>\n\n\n\n<div class=\"wp-block-uagb-container uagb-layout-grid uagb-block-59fb96fd\">\n<p>En partenariat avec :<\/p>\n\n\n\n<div class=\"wp-block-uagb-image aligncenter uagb-block-62f74cfc wp-block-uagb-image--layout-default wp-block-uagb-image--effect-static wp-block-uagb-image--align-center\"><figure class=\"wp-block-uagb-image__figure\"><a class=\"\" href=\"https:\/\/www.pbsguam.org\/about-pbs-guam\/\" target=\"_blank\" rel=\"noreferrer noopener\"><img decoding=\"async\" srcset=\"https:\/\/www.rochefortpacifique.org\/edition2025\/wp-content\/uploads\/sites\/3\/2025\/01\/pbs_guam_02-copy.webp ,https:\/\/www.rochefortpacifique.org\/edition2025\/wp-content\/uploads\/sites\/3\/2025\/01\/pbs_guam_02-copy.webp 780w, https:\/\/www.rochefortpacifique.org\/edition2025\/wp-content\/uploads\/sites\/3\/2025\/01\/pbs_guam_02-copy.webp 360w\" sizes=\"auto, (max-width: 480px) 150px\" src=\"https:\/\/www.rochefortpacifique.org\/edition2025\/wp-content\/uploads\/sites\/3\/2025\/01\/pbs_guam_02-copy.webp\" alt=\"\" class=\"uag-image-5425\" width=\"360\" height=\"88\" title=\"pbs_guam_02-copy\" loading=\"lazy\" role=\"img\"\/><\/a><\/figure><\/div>\n\n\n<div class=\"wp-block-image\">\n<figure class=\"aligncenter size-full is-resized\"><a href=\"https:\/\/www.guamfilmfestival.org\/about\/\" target=\"_blank\" rel=\" noreferrer noopener\"><img loading=\"lazy\" decoding=\"async\" width=\"200\" height=\"200\" src=\"https:\/\/www.rochefortpacifique.org\/edition2025\/wp-content\/uploads\/sites\/3\/2025\/01\/logo_giff_2022.png\" alt=\"\" class=\"wp-image-5426\" style=\"width:auto;height:88px\" srcset=\"https:\/\/www.rochefortpacifique.org\/edition2025\/wp-content\/uploads\/sites\/3\/2025\/01\/logo_giff_2022.png 200w, https:\/\/www.rochefortpacifique.org\/edition2025\/wp-content\/uploads\/sites\/3\/2025\/01\/logo_giff_2022-150x150.png 150w\" sizes=\"auto, (max-width: 200px) 100vw, 200px\" \/><\/a><\/figure>\n<\/div><\/div>\n<\/div>\n<\/div><\/div>\n\n\n\n<div style=\"height:5rem\" aria-hidden=\"true\" class=\"wp-block-spacer\"><\/div>\n<\/div><\/div>\n\n\n\n<div style=\"height:100px\" aria-hidden=\"true\" class=\"wp-block-spacer\"><\/div>\n\n\n\n<div style=\"height:60px\" aria-hidden=\"true\" class=\"wp-block-spacer\"><\/div>\n\n\n\n<div class=\"wp-block-uagb-container uagb-block-e9d6728b alignfull uagb-is-root-container\"><div class=\"uagb-container-inner-blocks-wrap\">\n<div class=\"wp-block-uagb-container uagb-block-e1957f2c\">\n<p class=\"estilo_title has-white-color has-text-color has-link-color wp-elements-90572d96bb8f93355d8083e7847781f1\" style=\"font-size:20px;font-style:normal;font-weight:300\"><strong>Festival<br>Rochefort Pacifique<\/strong><\/p>\n\n\n\n<div style=\"height:1rem\" aria-hidden=\"true\" class=\"wp-block-spacer\"><\/div>\n\n\n\n<div data-aos= \"fade-up\" data-aos-duration=\"400\" data-aos-delay=\"0\" data-aos-easing=\"ease\" data-aos-once=\"true\" class=\"wp-block-uagb-advanced-heading uagb-block-b23fecc6 rp-h2\"><h2 class=\"uagb-heading-text\">Infos<br>pratiques<\/h2><\/div>\n<\/div>\n\n\n\n<div class=\"wp-block-uagb-container uagb-block-a227cbbb\">\n<h3 class=\"wp-block-heading\">CIN\u00c9MA APOLLO CIN\u00c9 8<\/h3>\n\n\n\n<p>1 Cours Roy Bry, 17300 Rochefort.<br>Il est recommand\u00e9 de se pr\u00e9senter 30 mn avant la s\u00e9ance de chaque d\u00e9but de matin\u00e9e \/ apr\u00e8s-midi \/ soir\u00e9e pour paiement et mise \u00e0 jour de votre adh\u00e9sion.<\/p>\n\n\n\n<h3 class=\"wp-block-heading\">PARTICIPATION<\/h3>\n\n\n\n<p>5 \u20ac par journ\u00e9e<br>GRATUITE POUR LES SCOLAIRES, \u00c9TUDIANTS, MEMBRES DES CENTRES SOCIAUX<br>ET ADH\u00c9RENT.E.S (adh\u00e9sion annuelle : 10 \u20ac)<\/p>\n\n\n\n<h3 class=\"wp-block-heading\">L\u2019ESPACE LIBRAIRIE<\/h3>\n\n\n\n<p>Espace de vente de livres et de d\u00e9dicaces au Cin\u00e9ma Apollo Cin\u00e9 8.<\/p>\n<\/div>\n\n\n\n<div class=\"wp-block-uagb-container uagb-block-8e340c60\">\n<div class=\"wp-block-uagb-image uagb-block-c0346062 wp-block-uagb-image--layout-default wp-block-uagb-image--effect-static wp-block-uagb-image--align-none\"><figure class=\"wp-block-uagb-image__figure\"><img decoding=\"async\" srcset=\"https:\/\/www.rochefortpacifique.org\/edition2025\/wp-content\/uploads\/sites\/3\/2025\/03\/rochefort_pacifique_map_2025-924x1024.jpg ,https:\/\/www.rochefortpacifique.org\/edition2025\/wp-content\/uploads\/sites\/3\/2025\/03\/rochefort_pacifique_map_2025.jpg 780w, https:\/\/www.rochefortpacifique.org\/edition2025\/wp-content\/uploads\/sites\/3\/2025\/03\/rochefort_pacifique_map_2025.jpg 360w\" sizes=\"auto, (max-width: 480px) 150px\" src=\"https:\/\/www.rochefortpacifique.org\/edition2025\/wp-content\/uploads\/sites\/3\/2025\/03\/rochefort_pacifique_map_2025-924x1024.jpg\" alt=\"\" class=\"uag-image-6176\" width=\"1920\" height=\"2127\" title=\"rochefort_pacifique_map_2025\" loading=\"lazy\" role=\"img\"\/><\/figure><\/div>\n<\/div>\n<\/div><\/div>\n","protected":false},"excerpt":{"rendered":"<p>19e \u00e9dition Le FestivalRochefort Pacifique du 10 au 12 avril 2025 \u00c9dito Cette ann\u00e9e, le Festival Rochefort Pacifique met \u00e0 l\u2019honneur, GUAM ou Gu\u00e5han (en langue Chamorro), un territoire \u00ab non-incorpor\u00e9 \u00bb des \u00c9tats-Unis, la plus m\u00e9ridionale des \u00eeles Mariannes. Guam fait partie de la Micron\u00e9sie, r\u00e9gion peu connue d\u2019Oc\u00e9anie qui regroupe quelques 2 000 [&hellip;]<\/p>\n","protected":false},"author":12,"featured_media":5328,"parent":0,"menu_order":0,"comment_status":"closed","ping_status":"closed","template":"page-full.php","meta":{"_acf_changed":false,"inline_featured_image":false,"_uag_custom_page_level_css":"","footnotes":""},"class_list":["post-5564","page","type-page","status-publish","has-post-thumbnail","hentry"],"acf":[],"uagb_featured_image_src":{"full":["https:\/\/www.rochefortpacifique.org\/edition2025\/wp-content\/uploads\/sites\/3\/2025\/01\/visuel-RP-2025-horizontal-1400x700-web-2.jpg",1400,700,false],"thumbnail":["https:\/\/www.rochefortpacifique.org\/edition2025\/wp-content\/uploads\/sites\/3\/2025\/01\/visuel-RP-2025-horizontal-1400x700-web-2-150x150.jpg",150,150,true],"medium":["https:\/\/www.rochefortpacifique.org\/edition2025\/wp-content\/uploads\/sites\/3\/2025\/01\/visuel-RP-2025-horizontal-1400x700-web-2-300x150.jpg",300,150,true],"medium_large":["https:\/\/www.rochefortpacifique.org\/edition2025\/wp-content\/uploads\/sites\/3\/2025\/01\/visuel-RP-2025-horizontal-1400x700-web-2-768x384.jpg",768,384,true],"large":["https:\/\/www.rochefortpacifique.org\/edition2025\/wp-content\/uploads\/sites\/3\/2025\/01\/visuel-RP-2025-horizontal-1400x700-web-2-1024x512.jpg",800,400,true],"1536x1536":["https:\/\/www.rochefortpacifique.org\/edition2025\/wp-content\/uploads\/sites\/3\/2025\/01\/visuel-RP-2025-horizontal-1400x700-web-2.jpg",1400,700,false],"2048x2048":["https:\/\/www.rochefortpacifique.org\/edition2025\/wp-content\/uploads\/sites\/3\/2025\/01\/visuel-RP-2025-horizontal-1400x700-web-2.jpg",1400,700,false]},"uagb_author_info":{"display_name":"Julien Taureau","author_link":"https:\/\/www.rochefortpacifique.org\/edition2025\/author\/julient\/"},"uagb_comment_info":0,"uagb_excerpt":"19e \u00e9dition Le FestivalRochefort Pacifique du 10 au 12 avril 2025 \u00c9dito Cette ann\u00e9e, le Festival Rochefort Pacifique met \u00e0 l\u2019honneur, GUAM ou Gu\u00e5han (en langue Chamorro), un territoire \u00ab non-incorpor\u00e9 \u00bb des \u00c9tats-Unis, la plus m\u00e9ridionale des \u00eeles Mariannes. Guam fait partie de la Micron\u00e9sie, r\u00e9gion peu connue d\u2019Oc\u00e9anie qui regroupe quelques 2 000\u2026","_links":{"self":[{"href":"https:\/\/www.rochefortpacifique.org\/edition2025\/wp-json\/wp\/v2\/pages\/5564","targetHints":{"allow":["GET"]}}],"collection":[{"href":"https:\/\/www.rochefortpacifique.org\/edition2025\/wp-json\/wp\/v2\/pages"}],"about":[{"href":"https:\/\/www.rochefortpacifique.org\/edition2025\/wp-json\/wp\/v2\/types\/page"}],"author":[{"embeddable":true,"href":"https:\/\/www.rochefortpacifique.org\/edition2025\/wp-json\/wp\/v2\/users\/12"}],"replies":[{"embeddable":true,"href":"https:\/\/www.rochefortpacifique.org\/edition2025\/wp-json\/wp\/v2\/comments?post=5564"}],"version-history":[{"count":141,"href":"https:\/\/www.rochefortpacifique.org\/edition2025\/wp-json\/wp\/v2\/pages\/5564\/revisions"}],"predecessor-version":[{"id":6772,"href":"https:\/\/www.rochefortpacifique.org\/edition2025\/wp-json\/wp\/v2\/pages\/5564\/revisions\/6772"}],"wp:featuredmedia":[{"embeddable":true,"href":"https:\/\/www.rochefortpacifique.org\/edition2025\/wp-json\/wp\/v2\/media\/5328"}],"wp:attachment":[{"href":"https:\/\/www.rochefortpacifique.org\/edition2025\/wp-json\/wp\/v2\/media?parent=5564"}],"curies":[{"name":"wp","href":"https:\/\/api.w.org\/{rel}","templated":true}]}}