{"id":5541,"date":"2025-03-07T12:43:10","date_gmt":"2025-03-07T11:43:10","guid":{"rendered":"https:\/\/www.rochefortpacifique.org\/edition2025\/?page_id=5541"},"modified":"2025-03-31T12:31:05","modified_gmt":"2025-03-31T10:31:05","slug":"rendez-vous-oceaniens","status":"publish","type":"page","link":"https:\/\/www.rochefortpacifique.org\/edition2025\/rendez-vous-oceaniens\/","title":{"rendered":"Les Rendez-vous Oc\u00e9aniens &#8211; Festival Rochefort Pacifique"},"content":{"rendered":"\n<div class=\"wp-block-uagb-container page-title-header uagb-block-8347f88f alignfull uagb-is-root-container\"><div class=\"uagb-container-inner-blocks-wrap\">\n<div class=\"wp-block-uagb-container uagb-block-c9fe4809 alignfull uagb-is-root-container\"><div class=\"uagb-container-inner-blocks-wrap\">\n<p class=\"estilo_title has-text-color has-link-color wp-elements-e016eb6e4e148f681eabebbea6e855ad\" style=\"color:#193452;font-size:32px;font-style:normal;font-weight:300;text-transform:uppercase\"><strong><strong>Festival Rochefort Pacifique<\/strong><\/strong><\/p>\n\n\n\n<div data-aos= \"fade-up\" data-aos-duration=\"400\" data-aos-delay=\"0\" data-aos-easing=\"ease\" data-aos-once=\"true\" class=\"wp-block-uagb-advanced-heading uagb-block-b3968097 rp-h2\"><h1 class=\"uagb-heading-text\">Les rendez-vous Oc\u00e9aniens<\/h1><\/div>\n\n\n\n<p class=\"estilo_title has-white-color has-text-color has-link-color wp-elements-242ede2c9aa8d865776e81571a9c4020\" style=\"font-size:32px;font-style:normal;font-weight:300;text-transform:uppercase\"><strong>\u00c9dition 2025<\/strong><\/p>\n<\/div><\/div>\n<\/div><\/div>\n\n\n\n<div style=\"height:5rem\" aria-hidden=\"true\" class=\"wp-block-spacer\"><\/div>\n\n\n\n<div class=\"wp-block-uagb-container uagb-block-faf6e1fb default uagb-is-root-container\">\n<blockquote class=\"wp-block-quote is-layout-flow wp-block-quote-is-layout-flow\">\n<p class=\"has-text-align-left\"><strong>RENDEZ-VOUS OC\u00c9ANIENS 2025<br><\/strong>En projet pour l\u2019apr\u00e8s festival, quelques pistes de rendez-vous oc\u00e9aniens en perspective pour 2025 !<\/p>\n<\/blockquote>\n<\/div>\n\n\n\n<div style=\"height:3rem\" aria-hidden=\"true\" class=\"wp-block-spacer\"><\/div>\n\n\n\n<div class=\"wp-block-uagb-container uagb-block-5deebf29 alignfull uagb-is-root-container\"><div class=\"uagb-container-inner-blocks-wrap\"><div id=\"prog-complete\" class=\"festival-events-grid\">\n\t\t\t\t<a href=\"https:\/\/www.rochefortpacifique.org\/edition2025\/festival\/rencontre-avec-benoit-trepied\/\" class=\"event-card-link\">\n\t\t\t\t\t<div class=\"event-card\">\n\t\t\t\t\t\t<div class=\"prog-event-thumbnail\" style=\"background-image: url(https:\/\/www.rochefortpacifique.org\/edition2025\/wp-content\/uploads\/sites\/3\/2025\/09\/benoit-trepied_decolonisier-la-kanaki_nouvelle-caledonie-640x1024.jpg); max-height: 270px;\"><\/div>\n\t\t\t\t\t\t<div class=\"event-content\">\n\t\t\t\t\t\t<div class=\"event-date\">\n                    <span class=\"event-day\">Vendredi<\/span>\n                    <span class=\"event-number\">03<\/span>\n                    <span class=\"event-month\">Octobre<\/span>\n                <\/div> <!-- Ajout de la date ici -->\n\t\t\t\t\t\t\t<div class=\"event-infos\">\n\t\t\t\t\t\t\t\t<p>18 h\n\t\t\t\t\t\t\t\t<span class=\"separator\">\u2014<\/span>\n\t\t\t\t\t\t\t\tSalle de Conf\u00e9rence du CIM - Librairie de la Corderie Royale de Rochefort<\/p>\n\t\t\t\t\t\t\t<\/div>\n\t\t\t\t\t\t\t<span class=\"event-badge\">Rendez-vous Oc\u00e9anien<\/span>\n\t\t\t\t\t\t\t<h3>Rencontre avec Beno\u00eet Tr\u00e9pied autour du livre \u00ab\u00a0D\u00e9coloniser la Kanaki-Nouvelle-Cal\u00e9donie\u00a0\u00bb<\/h3>\n\t\t\t\t\t\t\t<p class=\"subtitle\"><\/p>\n\t\t\t\t\t\t\t<p class=\"creator\"><p class=\"subtitle\">De Beno\u00eet Tr\u00e9pied<\/p><\/p>\n\t\t\t\t\t\t\t<div class=\"event-excerpt\"><p class=\"event-text\">Le second \u00ab\u00a0Rendez-Vous Oc\u00e9anien\u00a0\u00bb de 2025 recevra Beno\u00eet Tr\u00e9pied, anthropologue charg\u00e9 de recherche au CNRS, qui pr\u00e9sentera son livre \u00ab\u00a0D\u00e9coloniser la Kanaky-Nouvelle-Cal\u00e9donie\u00a0\u00bb parue en Mars 2025 \u00e0 Anacharsis \u00c9ditions, Le vendredi 3 Octobre 2025 \u00e0 18h \u00e0 la Salle de Conf\u00e9rence du CIM &#8211; Corderie Royale &#8211; Centre International de la Mer &#8211; librairie de [&hellip;]<\/p><p class=\"event-details\"><\/p>\n                <\/div>\n            <\/div>\n        <\/div>\n    <\/a>\n\t\t\t\t<a href=\"https:\/\/www.rochefortpacifique.org\/edition2025\/festival\/projection-de-i-am-the-river-the-river-is-me\/\" class=\"event-card-link\">\n\t\t\t\t\t<div class=\"event-card\">\n\t\t\t\t\t\t<div class=\"prog-event-thumbnail\" style=\"background-image: url(https:\/\/www.rochefortpacifique.org\/edition2025\/wp-content\/uploads\/sites\/3\/2025\/03\/Poster-I-am-the-river-A4-scaled-2-724x1024.jpg); max-height: 270px;\"><\/div>\n\t\t\t\t\t\t<div class=\"event-content\">\n\t\t\t\t\t\t<div class=\"event-date\">\n                    <span class=\"event-day\">Jeudi<\/span>\n                    <span class=\"event-number\">26<\/span>\n                    <span class=\"event-month\">Juin<\/span>\n                <\/div> <!-- Ajout de la date ici -->\n\t\t\t\t\t\t\t<div class=\"event-infos\">\n\t\t\t\t\t\t\t\t<p>20 h\n\t\t\t\t\t\t\t\t<span class=\"separator\">\u2014<\/span>\n\t\t\t\t\t\t\t\tCin\u00e9ma le Galaxy - Cognac<\/p>\n\t\t\t\t\t\t\t<\/div>\n\t\t\t\t\t\t\t<span class=\"event-badge\">Cin\u00e9-d\u00e9bat<\/span><span class=\"event-badge\">Rendez-vous Oc\u00e9anien<\/span>\n\t\t\t\t\t\t\t<h3>Projection de \u00ab\u00a0I am the river, the river is me\u00a0\u00bb<\/h3>\n\t\t\t\t\t\t\t<p class=\"subtitle\"><\/p>\n\t\t\t\t\t\t\t<p class=\"creator\"><p class=\"subtitle\">De Corinne Van Egeraat &amp; Petr Lom<\/p><\/p>\n\t\t\t\t\t\t\t<div class=\"event-excerpt\"><p class=\"event-text\">Premier \u00ab\u00a0Rendez-vous Oc\u00e9anien\u00a0\u00bb de 2025 r\u00e9ussi au Cin\u00e9ma Galaxy de Cognac hier soir 26\/6 pour une projection de \u00ab\u00a0I am the river, the river is me\u00a0\u00bb de Petr Lom &amp; Corinne Van Egeraat, suivie d&rsquo;\u00e9changes entre les cin\u00e9astes et un public tr\u00e8s motiv\u00e9 par les questions d&rsquo;eau de rivi\u00e8res et de nature, avec la collaboration [&hellip;]<\/p><p class=\"event-details\">en partenariat avec le collectif \u201cPour la reconnaissance des droits du fleuve Charente\u201d<\/p>\n                <\/div>\n            <\/div>\n        <\/div>\n    <\/a>\n\t\t\t\t<a href=\"https:\/\/www.rochefortpacifique.org\/edition2025\/festival\/projection-de-i-am-the-river-the-river-is-me\/\" class=\"event-card-link\">\n\t\t\t\t\t<div class=\"event-card\">\n\t\t\t\t\t\t<div class=\"prog-event-thumbnail\" style=\"background-image: url(https:\/\/www.rochefortpacifique.org\/edition2025\/wp-content\/uploads\/sites\/3\/2025\/03\/Poster-I-am-the-river-A4-scaled-2-724x1024.jpg); max-height: 270px;\"><\/div>\n\t\t\t\t\t\t<div class=\"event-content\">\n\t\t\t\t\t\t<div class=\"event-date\">\n                    <span class=\"event-day\">Vendredi<\/span>\n                    <span class=\"event-number\">27<\/span>\n                    <span class=\"event-month\">Juin<\/span>\n                <\/div> <!-- Ajout de la date ici -->\n\t\t\t\t\t\t\t<div class=\"event-infos\">\n\t\t\t\t\t\t\t\t<p>20 h\n\t\t\t\t\t\t\t\t<span class=\"separator\">\u2014<\/span>\n\t\t\t\t\t\t\t\tCin\u00e9ma Le Palace - Surg\u00e8res<\/p>\n\t\t\t\t\t\t\t<\/div>\n\t\t\t\t\t\t\t<span class=\"event-badge\">Cin\u00e9-d\u00e9bat<\/span><span class=\"event-badge\">Rendez-vous Oc\u00e9anien<\/span>\n\t\t\t\t\t\t\t<h3>Projection de \u00ab\u00a0I am the river, the river is me\u00a0\u00bb<\/h3>\n\t\t\t\t\t\t\t<p class=\"subtitle\"><\/p>\n\t\t\t\t\t\t\t<p class=\"creator\"><p class=\"subtitle\">De Corinne Van Egeraat &amp; Petr Lom<\/p><\/p>\n\t\t\t\t\t\t\t<div class=\"event-excerpt\"><p class=\"event-text\">Premier \u00ab\u00a0Rendez-vous Oc\u00e9anien\u00a0\u00bb de 2025 r\u00e9ussi au Cin\u00e9ma Galaxy de Cognac hier soir 26\/6 pour une projection de \u00ab\u00a0I am the river, the river is me\u00a0\u00bb de Petr Lom &amp; Corinne Van Egeraat, suivie d&rsquo;\u00e9changes entre les cin\u00e9astes et un public tr\u00e8s motiv\u00e9 par les questions d&rsquo;eau de rivi\u00e8res et de nature, avec la collaboration [&hellip;]<\/p><p class=\"event-details\">en partenariat avec le collectif \u201cPour la reconnaissance des droits du fleuve Charente\u201d<\/p>\n                <\/div>\n            <\/div>\n        <\/div>\n    <\/a>\n\t\t\t\t<a href=\"https:\/\/www.rochefortpacifique.org\/edition2025\/festival\/myrjana-la-valeur-dune-femme\/\" class=\"event-card-link\">\n\t\t\t\t\t<div class=\"event-card\">\n\t\t\t\t\t\t<div class=\"prog-event-thumbnail\" style=\"background-image: url(https:\/\/www.rochefortpacifique.org\/edition2025\/wp-content\/uploads\/sites\/3\/2025\/03\/myCANAL_Jaquette_MEA_600x800-OMti.webp); max-height: 270px;\"><\/div>\n\t\t\t\t\t\t<div class=\"event-content\">\n\t\t\t\t\t\t <!-- Ajout de la date ici -->\n\t\t\t\t\t\t\t<div class=\"event-infos\">\n\t\t\t\t\t\t\t\t<p>\n\t\t\t\t\t\t\t\t<span class=\"separator\">\u2014<\/span>\n\t\t\t\t\t\t\t\t<\/p>\n\t\t\t\t\t\t\t<\/div>\n\t\t\t\t\t\t\t<span class=\"event-badge\">Cin\u00e9-d\u00e9bat<\/span><span class=\"event-badge\">Rendez-vous Oc\u00e9anien<\/span>\n\t\t\t\t\t\t\t<h3>MYRJANA, LA VALEUR D&rsquo;UNE FEMME<\/h3>\n\t\t\t\t\t\t\t<p class=\"subtitle\"><\/p>\n\t\t\t\t\t\t\t<p class=\"creator\"><\/p>\n\t\t\t\t\t\t\t<div class=\"event-excerpt\"><p class=\"event-details\">Documentaire \/ NOUVELLE-CAL\u00c9DONIE \/ 73&#039; \/ VF \/ 2024<\/p><p class=\"event-text\">Depuis le f\u00e9minicide de Myrjana, en Nouvelle-Cal\u00e9donie, ses s\u0153urs prennent soin de ses deux jeunes orphelins laiss\u00e9s pour compte et se mettent en mouvement avec C\u00e9cile, la sage-femme du village.<\/p><p class=\"event-details\">Avec le r\u00e9alisateur en visioconf\u00e9rence depuis la Nouvelle-Cal\u00e9donie<\/p>\n                <\/div>\n            <\/div>\n        <\/div>\n    <\/a>\n\t\t\t\t<a href=\"https:\/\/www.rochefortpacifique.org\/edition2025\/festival\/1878-2\/\" class=\"event-card-link\">\n\t\t\t\t\t<div class=\"event-card\">\n\t\t\t\t\t\t<div class=\"prog-event-thumbnail\" style=\"background-image: url(https:\/\/www.rochefortpacifique.org\/edition2025\/wp-content\/uploads\/sites\/3\/2025\/03\/1878_AFF_HD-scaled-1-724x1024.jpg); max-height: 270px;\"><\/div>\n\t\t\t\t\t\t<div class=\"event-content\">\n\t\t\t\t\t\t <!-- Ajout de la date ici -->\n\t\t\t\t\t\t\t<div class=\"event-infos\">\n\t\t\t\t\t\t\t\t<p>\n\t\t\t\t\t\t\t\t<span class=\"separator\">\u2014<\/span>\n\t\t\t\t\t\t\t\t<\/p>\n\t\t\t\t\t\t\t<\/div>\n\t\t\t\t\t\t\t<span class=\"event-badge\">Cin\u00e9-d\u00e9bat<\/span><span class=\"event-badge\">Rendez-vous Oc\u00e9anien<\/span>\n\t\t\t\t\t\t\t<h3>1878<\/h3>\n\t\t\t\t\t\t\t<p class=\"subtitle\"><\/p>\n\t\t\t\t\t\t\t<p class=\"creator\"><\/p>\n\t\t\t\t\t\t\t<div class=\"event-excerpt\"><p class=\"event-details\">Court m\u00e9trage \/ NOUVELLE-CAL\u00c9DONIE \/ 20&#039; \/ Fran\u00e7ais \/ Drehu \/ 2024<\/p><p class=\"event-text\">1878, Nouvelle-Cal\u00e9donie. Alors qu\u2019une bataille sanglante fait rage, un missionnaire croise le regard d\u2019une petite fille kanak. Et si elle, il pouvait la sauver ?<\/p><p class=\"event-details\">En pr\u00e9sence de la r\u00e9alisatrice et de Siman\u00eb Wenethem, acteur du film<\/p>\n                <\/div>\n            <\/div>\n        <\/div>\n    <\/a>\n\t\t\t\t<a href=\"https:\/\/www.rochefortpacifique.org\/edition2025\/festival\/les-droits-de-la-nature\/\" class=\"event-card-link\">\n\t\t\t\t\t<div class=\"event-card\">\n\t\t\t\t\t\t<div class=\"prog-event-thumbnail\" style=\"background-image: url(https:\/\/www.rochefortpacifique.org\/edition2025\/wp-content\/uploads\/sites\/3\/2025\/03\/etre-la-riviere.jpg); max-height: 270px;\"><\/div>\n\t\t\t\t\t\t<div class=\"event-content\">\n\t\t\t\t\t\t <!-- Ajout de la date ici -->\n\t\t\t\t\t\t\t<div class=\"event-infos\">\n\t\t\t\t\t\t\t\t<p>\n\t\t\t\t\t\t\t\t<span class=\"separator\">\u2014<\/span>\n\t\t\t\t\t\t\t\t<\/p>\n\t\t\t\t\t\t\t<\/div>\n\t\t\t\t\t\t\t<span class=\"event-badge\">Rencontre litt\u00e9raire<\/span><span class=\"event-badge\">Rendez-vous Oc\u00e9anien<\/span>\n\t\t\t\t\t\t\t<h3>LES DROITS DE LA NATURE<\/h3>\n\t\t\t\t\t\t\t<p class=\"subtitle\"><\/p>\n\t\t\t\t\t\t\t<p class=\"creator\"><\/p>\n\t\t\t\t\t\t\t<div class=\"event-excerpt\"><p class=\"event-text\">Un livre&nbsp;\u00caTRE LA RIVI\u00c8REde Sacha Bourgeois-GirondeEssai \/ Editions Presses Universitaires France \/ France \/ 2020 Une enqu\u00eate sur l\u2019attribution d\u2019une personnalit\u00e9 juridique au fleuve Whanganui par la loi n\u00e9o-z\u00e9landaise, de l\u2019analyse du texte juridique et son histoire \u00e0 la rencontre des acteurs sur les rives du fleuve.<\/p><p class=\"event-details\">en partenariat avec le collectif \u201cPour la reconnaissance des droits du fleuve Charente\u201d<\/p>\n                <\/div>\n            <\/div>\n        <\/div>\n    <\/a>\n\t\t\t\t<a href=\"https:\/\/www.rochefortpacifique.org\/edition2025\/festival\/la-petite-fille-blanche\/\" class=\"event-card-link\">\n\t\t\t\t\t<div class=\"event-card\">\n\t\t\t\t\t\t<div class=\"prog-event-thumbnail\" style=\"background-image: url(https:\/\/www.rochefortpacifique.org\/edition2025\/wp-content\/uploads\/sites\/3\/2025\/03\/la-petite-fille-blanche-e1741602302706-603x1024.jpg); max-height: 270px;\"><\/div>\n\t\t\t\t\t\t<div class=\"event-content\">\n\t\t\t\t\t\t <!-- Ajout de la date ici -->\n\t\t\t\t\t\t\t<div class=\"event-infos\">\n\t\t\t\t\t\t\t\t<p>\n\t\t\t\t\t\t\t\t<span class=\"separator\">\u2014<\/span>\n\t\t\t\t\t\t\t\t<\/p>\n\t\t\t\t\t\t\t<\/div>\n\t\t\t\t\t\t\t<span class=\"event-badge\">Rencontre litt\u00e9raire<\/span><span class=\"event-badge\">Rendez-vous Oc\u00e9anien<\/span>\n\t\t\t\t\t\t\t<h3>La Petite Fille Blanche<\/h3>\n\t\t\t\t\t\t\t<p class=\"subtitle\"><\/p>\n\t\t\t\t\t\t\t<p class=\"creator\"><\/p>\n\t\t\t\t\t\t\t<div class=\"event-excerpt\"><p class=\"event-details\">Roman \/ Editions Synchronique \/ AUSTRALIE \/ 2025<\/p><p class=\"event-text\">Pendant treize ans Odette, qui vit une petite ville rurale australienne, a r\u00e9ussi, apr\u00e8s la disparition de sa fille Lila, \u00e0 \u00e9lever sa petite-fille Sissy discr\u00e8tement, \u00e9vitant l\u2019attention des services sociaux qui enl\u00e8vent les enfants aborig\u00e8nes \u00e0 la peau claire \u00e0 leur famille. Mais arrive en ville un nouveau policier z\u00e9l\u00e9\u2026Dans cette fuite \u00e0 travers [&hellip;]<\/p><p class=\"event-details\">Traduit de l'anglais (Australie) par Nadine Gassie<br \/><br \/>\r\nPr\u00e9sent\u00e9 par la traductrice<\/p>\n                <\/div>\n            <\/div>\n        <\/div>\n    <\/a><\/div>\n<\/div><\/div>\n\n\n\n<div style=\"height:5rem\" aria-hidden=\"true\" class=\"wp-block-spacer\"><\/div>\n","protected":false},"excerpt":{"rendered":"<p>Festival Rochefort Pacifique Les rendez-vous Oc\u00e9aniens \u00c9dition 2025 RENDEZ-VOUS OC\u00c9ANIENS 2025En projet pour l\u2019apr\u00e8s festival, quelques pistes de rendez-vous oc\u00e9aniens en perspective pour 2025 !<\/p>\n","protected":false},"author":12,"featured_media":5475,"parent":0,"menu_order":4,"comment_status":"closed","ping_status":"closed","template":"page-full.php","meta":{"_acf_changed":false,"inline_featured_image":false,"_uag_custom_page_level_css":"","footnotes":""},"class_list":["post-5541","page","type-page","status-publish","has-post-thumbnail","hentry"],"acf":[],"uagb_featured_image_src":{"full":["https:\/\/www.rochefortpacifique.org\/edition2025\/wp-content\/uploads\/sites\/3\/2025\/01\/red-visuel-RP-2025-facebook-820x312-2.jpeg",820,312,false],"thumbnail":["https:\/\/www.rochefortpacifique.org\/edition2025\/wp-content\/uploads\/sites\/3\/2025\/01\/red-visuel-RP-2025-facebook-820x312-2-150x150.jpeg",150,150,true],"medium":["https:\/\/www.rochefortpacifique.org\/edition2025\/wp-content\/uploads\/sites\/3\/2025\/01\/red-visuel-RP-2025-facebook-820x312-2-300x114.jpeg",300,114,true],"medium_large":["https:\/\/www.rochefortpacifique.org\/edition2025\/wp-content\/uploads\/sites\/3\/2025\/01\/red-visuel-RP-2025-facebook-820x312-2-768x292.jpeg",768,292,true],"large":["https:\/\/www.rochefortpacifique.org\/edition2025\/wp-content\/uploads\/sites\/3\/2025\/01\/red-visuel-RP-2025-facebook-820x312-2.jpeg",800,304,false],"1536x1536":["https:\/\/www.rochefortpacifique.org\/edition2025\/wp-content\/uploads\/sites\/3\/2025\/01\/red-visuel-RP-2025-facebook-820x312-2.jpeg",820,312,false],"2048x2048":["https:\/\/www.rochefortpacifique.org\/edition2025\/wp-content\/uploads\/sites\/3\/2025\/01\/red-visuel-RP-2025-facebook-820x312-2.jpeg",820,312,false]},"uagb_author_info":{"display_name":"Julien Taureau","author_link":"https:\/\/www.rochefortpacifique.org\/edition2025\/author\/julient\/"},"uagb_comment_info":0,"uagb_excerpt":"Festival Rochefort Pacifique Les rendez-vous Oc\u00e9aniens \u00c9dition 2025 RENDEZ-VOUS OC\u00c9ANIENS 2025En projet pour l\u2019apr\u00e8s festival, quelques pistes de rendez-vous oc\u00e9aniens en perspective pour 2025 !","_links":{"self":[{"href":"https:\/\/www.rochefortpacifique.org\/edition2025\/wp-json\/wp\/v2\/pages\/5541","targetHints":{"allow":["GET"]}}],"collection":[{"href":"https:\/\/www.rochefortpacifique.org\/edition2025\/wp-json\/wp\/v2\/pages"}],"about":[{"href":"https:\/\/www.rochefortpacifique.org\/edition2025\/wp-json\/wp\/v2\/types\/page"}],"author":[{"embeddable":true,"href":"https:\/\/www.rochefortpacifique.org\/edition2025\/wp-json\/wp\/v2\/users\/12"}],"replies":[{"embeddable":true,"href":"https:\/\/www.rochefortpacifique.org\/edition2025\/wp-json\/wp\/v2\/comments?post=5541"}],"version-history":[{"count":26,"href":"https:\/\/www.rochefortpacifique.org\/edition2025\/wp-json\/wp\/v2\/pages\/5541\/revisions"}],"predecessor-version":[{"id":6689,"href":"https:\/\/www.rochefortpacifique.org\/edition2025\/wp-json\/wp\/v2\/pages\/5541\/revisions\/6689"}],"wp:featuredmedia":[{"embeddable":true,"href":"https:\/\/www.rochefortpacifique.org\/edition2025\/wp-json\/wp\/v2\/media\/5475"}],"wp:attachment":[{"href":"https:\/\/www.rochefortpacifique.org\/edition2025\/wp-json\/wp\/v2\/media?parent=5541"}],"curies":[{"name":"wp","href":"https:\/\/api.w.org\/{rel}","templated":true}]}}