{"id":5539,"date":"2025-03-07T12:43:10","date_gmt":"2025-03-07T11:43:10","guid":{"rendered":"https:\/\/www.rochefortpacifique.org\/edition2025\/?page_id=5539"},"modified":"2025-03-28T14:23:06","modified_gmt":"2025-03-28T13:23:06","slug":"le-festival","status":"publish","type":"page","link":"https:\/\/www.rochefortpacifique.org\/edition2025\/le-festival\/","title":{"rendered":"\u00c0 propos du festival &#8211; Festival Rochefort Pacifique"},"content":{"rendered":"\n<header class=\"wp-block-uagb-container page-title-header uagb-block-8347f88f alignfull uagb-is-root-container\"><div class=\"uagb-container-inner-blocks-wrap\">\n<div class=\"wp-block-uagb-container uagb-block-c9fe4809 alignfull uagb-is-root-container\"><div class=\"uagb-container-inner-blocks-wrap\">\n<p class=\"estilo_title has-text-color has-link-color wp-elements-d0042149c3f433c2ec1e9ba7ac4ba260\" style=\"color:#193452;font-size:32px;font-style:normal;font-weight:300;text-transform:uppercase\"><strong><strong>Cin\u00e9ma &amp; litt\u00e9rature<\/strong><\/strong><\/p>\n\n\n\n<div data-aos= \"fade-up\" data-aos-duration=\"400\" data-aos-delay=\"0\" data-aos-easing=\"ease\" data-aos-once=\"true\" class=\"wp-block-uagb-advanced-heading uagb-block-b3968097 rp-h2\"><h1 class=\"uagb-heading-text\">Le Festival<br>Rochefort Pacifique<\/h1><\/div>\n\n\n\n<p class=\"estilo_title has-white-color has-text-color has-link-color wp-elements-242ede2c9aa8d865776e81571a9c4020\" style=\"font-size:32px;font-style:normal;font-weight:300;text-transform:uppercase\"><strong>\u00c9dition 2025<\/strong><\/p>\n<\/div><\/div>\n<\/div><\/header>\n\n\n\n<div style=\"height:5rem\" aria-hidden=\"true\" class=\"wp-block-spacer\"><\/div>\n\n\n\n<div class=\"wp-block-uagb-container uagb-block-4428e55c alignfull uagb-is-root-container\"><div class=\"uagb-container-inner-blocks-wrap\">\n<div data-aos= \"fade-up\" data-aos-duration=\"400\" data-aos-delay=\"0\" data-aos-easing=\"ease\" data-aos-once=\"true\" class=\"wp-block-uagb-advanced-heading uagb-block-be5fe60b rp-h2\"><h1 class=\"uagb-heading-text\">L&rsquo;\u00e9dito<\/h1><\/div>\n\n\n\n<blockquote class=\"wp-block-quote is-layout-flow wp-block-quote-is-layout-flow\">\n<p>Cette ann\u00e9e, le Festival Rochefort Pacifique met \u00e0 l\u2019honneur, GUAM ou Gu\u00e5han (en langue Chamorro), un territoire \u00ab non-incorpor\u00e9 \u00bb des \u00c9tats-Unis, la plus m\u00e9ridionale des \u00eeles Mariannes. Guam fait partie de la Micron\u00e9sie, r\u00e9gion peu connue d\u2019Oc\u00e9anie qui regroupe quelques 2 000 \u00eeles et plusieurs \u00e9tats, sur plus de sept millions de km<sup>2<\/sup>.<\/p>\n<\/blockquote>\n\n\n\n<div class=\"wp-block-media-text is-stacked-on-mobile\" style=\"grid-template-columns:35% auto\"><figure class=\"wp-block-media-text__media\"><img loading=\"lazy\" decoding=\"async\" width=\"724\" height=\"1024\" src=\"https:\/\/www.rochefortpacifique.org\/edition2025\/wp-content\/uploads\/sites\/3\/2025\/03\/programme-rochefort-pacifique-2025_affiche-724x1024.jpg\" alt=\"\" class=\"wp-image-6150 size-full\" srcset=\"https:\/\/www.rochefortpacifique.org\/edition2025\/wp-content\/uploads\/sites\/3\/2025\/03\/programme-rochefort-pacifique-2025_affiche-724x1024.jpg 724w, https:\/\/www.rochefortpacifique.org\/edition2025\/wp-content\/uploads\/sites\/3\/2025\/03\/programme-rochefort-pacifique-2025_affiche-212x300.jpg 212w, https:\/\/www.rochefortpacifique.org\/edition2025\/wp-content\/uploads\/sites\/3\/2025\/03\/programme-rochefort-pacifique-2025_affiche-768x1086.jpg 768w, https:\/\/www.rochefortpacifique.org\/edition2025\/wp-content\/uploads\/sites\/3\/2025\/03\/programme-rochefort-pacifique-2025_affiche-1086x1536.jpg 1086w, https:\/\/www.rochefortpacifique.org\/edition2025\/wp-content\/uploads\/sites\/3\/2025\/03\/programme-rochefort-pacifique-2025_affiche.jpg 1358w\" sizes=\"auto, (max-width: 724px) 100vw, 724px\" \/><\/figure><div class=\"wp-block-media-text__content\">\n<p>Gr\u00e2ce \u00e0 notre collaboration avec le festival international du film de Guam (GIFF) organis\u00e9 par Kel et Don MUNA vous d\u00e9couvrirez Guam, abord\u00e9e par les marins europ\u00e9ens de Magellan le 6 mars 1521, \u00e9pisode \u00e9voqu\u00e9 par le po\u00e8te Craig SANTOS PEREZ dans \u00ab Oui, C\u2019est Une Mutinerie \u00bb&nbsp;; les occupations successives, espagnole, japonaise et am\u00e9ricaine dans \u00ab War for Guam \u00bb et la plus grande n\u00e9cropole aquatique de la guerre du Pacifique \u00e0 Chuuk en Micron\u00e9sie racont\u00e9e par Adrien GOMBEAUD.&nbsp;<\/p>\n\n\n\n<p>La musique et la danse sont \u00e0 l\u2019honneur avec le Conservatoire Michel Legrand de Rochefort qui nous offre un spectacle d\u2019ouverture inspir\u00e9 par l\u2019Oc\u00e9anie. Plusieurs films vous feront vivre l\u2019importance de la musique et de la danse comme moyen d\u2019affirmation et de r\u00e9sistance, de la culture Chamorro \u00e0 Guam, ou celle d\u2019une jeune Kanak en Nouvelle Cal\u00e9donie. Le 19e Festival vous fera aussi voyager en pays Maori, au fin fond du bush australien et en Polyn\u00e9sie fran\u00e7aise.<\/p>\n\n\n\n<p><strong><em>Nouveaut\u00e9 2025, les cin\u00e9-d\u00e9bats seront anim\u00e9s par Catherine Ruelle, journaliste et critique de cin\u00e9ma.<\/em><\/strong><\/p>\n\n\n\n<p><strong>Pour que Rochefort et le Pacifique nous r\u00e9unissent \u00e0 nouveau en 2025 dans un espace exceptionnel d\u2019\u00e9change de paroles oc\u00e9aniennes, bienvenue \u00e0 toutes et tous et un grand merci aux b\u00e9n\u00e9voles, financeurs et partenaires qui nous soutiennent.<\/strong><\/p>\n<\/div><\/div>\n<\/div><\/div>\n\n\n\n<div style=\"height:5rem\" aria-hidden=\"true\" class=\"wp-block-spacer\"><\/div>\n\n\n\n<div class=\"wp-block-uagb-container uagb-block-07c15a44 alignfull uagb-is-root-container\"><div class=\"uagb-container-inner-blocks-wrap\">\n<div data-aos= \"fade-up\" data-aos-duration=\"400\" data-aos-delay=\"0\" data-aos-easing=\"ease\" data-aos-once=\"true\" class=\"wp-block-uagb-advanced-heading uagb-block-3b652a6c rp-h2\"><h2 class=\"uagb-heading-text\">\u00c9ditions pr\u00e9c\u00e9dentes<\/h2><\/div>\n\n\n\n<blockquote class=\"wp-block-quote is-layout-flow wp-block-quote-is-layout-flow\">\n<p>Retrouvez toutes les \u00e9ditions du Festival Rochefort Pacifique, depuis sa cr\u00e9ation.<br>Programmes, retours en images et bien d&rsquo;autres souvenir \u00e0 vous partager !<\/p>\n<\/blockquote>\n\n\n\n<div class=\"wp-block-uagb-container uagb-block-18c2f76c alignfull uagb-is-root-container\"><div class=\"uagb-container-inner-blocks-wrap\">\n<div class=\"wp-block-uagb-container uagb-block-432b07a7\">\n<div class=\"wp-block-uagb-image uagb-block-5643d56b wp-block-uagb-image--layout-default wp-block-uagb-image--effect-zoomin wp-block-uagb-image--align-none\"><figure class=\"wp-block-uagb-image__figure\"><img decoding=\"async\" srcset=\"https:\/\/www.rochefortpacifique.org\/edition2025\/wp-content\/uploads\/sites\/3\/2025\/03\/affiche-2024-DEF-724x1024.jpg ,https:\/\/www.rochefortpacifique.org\/edition2025\/wp-content\/uploads\/sites\/3\/2025\/03\/affiche-2024-DEF.jpg 780w, https:\/\/www.rochefortpacifique.org\/edition2025\/wp-content\/uploads\/sites\/3\/2025\/03\/affiche-2024-DEF.jpg 360w\" sizes=\"auto, (max-width: 480px) 150px\" src=\"https:\/\/www.rochefortpacifique.org\/edition2025\/wp-content\/uploads\/sites\/3\/2025\/03\/affiche-2024-DEF-724x1024.jpg\" alt=\"\" class=\"uag-image-6404\" width=\"724\" height=\"1024\" title=\"affiche-2024-DEF\" loading=\"lazy\" role=\"img\"\/><\/figure><\/div>\n<a class=\"spectra-container-link-overlay\" rel=\"noopener\" href=\"\/festival\/edition-2024\"> <\/a><\/div>\n\n\n\n<div class=\"wp-block-uagb-container uagb-block-bdaa1b0f\">\n<div class=\"wp-block-uagb-image uagb-block-a2cb6475 wp-block-uagb-image--layout-default wp-block-uagb-image--effect-zoomin wp-block-uagb-image--align-none\"><figure class=\"wp-block-uagb-image__figure\"><img decoding=\"async\" srcset=\"https:\/\/www.rochefortpacifique.org\/edition2025\/wp-content\/uploads\/sites\/3\/2025\/03\/xxxxaffiche-RP-2023-A3-724x1024.jpg ,https:\/\/www.rochefortpacifique.org\/edition2025\/wp-content\/uploads\/sites\/3\/2025\/03\/xxxxaffiche-RP-2023-A3-scaled.jpg 780w, https:\/\/www.rochefortpacifique.org\/edition2025\/wp-content\/uploads\/sites\/3\/2025\/03\/xxxxaffiche-RP-2023-A3-scaled.jpg 360w\" sizes=\"auto, (max-width: 480px) 150px\" src=\"https:\/\/www.rochefortpacifique.org\/edition2025\/wp-content\/uploads\/sites\/3\/2025\/03\/xxxxaffiche-RP-2023-A3-724x1024.jpg\" alt=\"\" class=\"uag-image-6407\" width=\"724\" height=\"1024\" title=\"xxxxaffiche-RP-2023-A3\" loading=\"lazy\" role=\"img\"\/><\/figure><\/div>\n<a class=\"spectra-container-link-overlay\" rel=\"noopener\" href=\"\/festival\/edition-2023\"> <\/a><\/div>\n\n\n\n<div class=\"wp-block-uagb-container uagb-block-a146c56b\">\n<div class=\"wp-block-uagb-image uagb-block-ced834d3 wp-block-uagb-image--layout-default wp-block-uagb-image--effect-zoomin wp-block-uagb-image--align-none\"><figure class=\"wp-block-uagb-image__figure\"><img decoding=\"async\" srcset=\"https:\/\/www.rochefortpacifique.org\/edition2025\/wp-content\/uploads\/sites\/3\/2025\/03\/Affiche_RP2022_A4_v3-2-724x1024.jpg ,https:\/\/www.rochefortpacifique.org\/edition2025\/wp-content\/uploads\/sites\/3\/2025\/03\/Affiche_RP2022_A4_v3-2.jpg 780w, https:\/\/www.rochefortpacifique.org\/edition2025\/wp-content\/uploads\/sites\/3\/2025\/03\/Affiche_RP2022_A4_v3-2.jpg 360w\" sizes=\"auto, (max-width: 480px) 150px\" src=\"https:\/\/www.rochefortpacifique.org\/edition2025\/wp-content\/uploads\/sites\/3\/2025\/03\/Affiche_RP2022_A4_v3-2-724x1024.jpg\" alt=\"\" class=\"uag-image-6410\" width=\"724\" height=\"1024\" title=\"Affiche_RP2022_A4_v3-2\" loading=\"lazy\" role=\"img\"\/><\/figure><\/div>\n<a class=\"spectra-container-link-overlay\" rel=\"noopener\" href=\"\/festival\/edition-2022\"> <\/a><\/div>\n<\/div><\/div>\n\n\n\n<div style=\"height:20px\" aria-hidden=\"true\" class=\"wp-block-spacer\"><\/div>\n\n\n\n<div class=\"wp-block-uagb-container uagb-block-f31ed07a alignfull uagb-is-root-container\"><div class=\"uagb-container-inner-blocks-wrap\">\n<div class=\"wp-block-uagb-container uagb-block-1f110dc4\">\n<div class=\"wp-block-uagb-image uagb-block-7cc4bb9c wp-block-uagb-image--layout-default wp-block-uagb-image--effect-zoomin wp-block-uagb-image--align-none\"><figure class=\"wp-block-uagb-image__figure\"><img decoding=\"async\" srcset=\"https:\/\/www.rochefortpacifique.org\/edition2025\/wp-content\/uploads\/sites\/3\/2021\/03\/affiche-RP-2021-A3-724x1024.jpg ,https:\/\/www.rochefortpacifique.org\/edition2025\/wp-content\/uploads\/sites\/3\/2021\/03\/affiche-RP-2021-A3.jpg 780w, https:\/\/www.rochefortpacifique.org\/edition2025\/wp-content\/uploads\/sites\/3\/2021\/03\/affiche-RP-2021-A3.jpg 360w\" sizes=\"auto, (max-width: 480px) 150px\" src=\"https:\/\/www.rochefortpacifique.org\/edition2025\/wp-content\/uploads\/sites\/3\/2021\/03\/affiche-RP-2021-A3-724x1024.jpg\" alt=\"\" class=\"uag-image-3273\" width=\"724\" height=\"1024\" title=\"affiche-RP-2021-A3\" loading=\"lazy\" role=\"img\"\/><\/figure><\/div>\n<a class=\"spectra-container-link-overlay\" rel=\"noopener\" href=\"\/festival\/edition-2021\"> <\/a><\/div>\n\n\n\n<div class=\"wp-block-uagb-container uagb-block-c2ec43b2\">\n<div class=\"wp-block-uagb-image uagb-block-c4ec6a43 wp-block-uagb-image--layout-default wp-block-uagb-image--effect-zoomin wp-block-uagb-image--align-none\"><figure class=\"wp-block-uagb-image__figure\"><img decoding=\"async\" srcset=\"https:\/\/www.rochefortpacifique.org\/edition2025\/wp-content\/uploads\/sites\/3\/2020\/07\/affiche-RP-OCTOBRE-2020-A3-724x1024.jpg ,https:\/\/www.rochefortpacifique.org\/edition2025\/wp-content\/uploads\/sites\/3\/2020\/07\/affiche-RP-OCTOBRE-2020-A3.jpg 780w, https:\/\/www.rochefortpacifique.org\/edition2025\/wp-content\/uploads\/sites\/3\/2020\/07\/affiche-RP-OCTOBRE-2020-A3.jpg 360w\" sizes=\"auto, (max-width: 480px) 150px\" src=\"https:\/\/www.rochefortpacifique.org\/edition2025\/wp-content\/uploads\/sites\/3\/2020\/07\/affiche-RP-OCTOBRE-2020-A3-724x1024.jpg\" alt=\"\" class=\"uag-image-2868\" width=\"724\" height=\"1024\" title=\"affiche-RP-OCTOBRE-2020-A3\" loading=\"lazy\" role=\"img\"\/><\/figure><\/div>\n<a class=\"spectra-container-link-overlay\" rel=\"noopener\" href=\"\/festival\/edition-2020\"> <\/a><\/div>\n\n\n\n<div class=\"wp-block-uagb-container uagb-block-e90cbdb8\">\n<div class=\"wp-block-uagb-image uagb-block-b8ed5180 wp-block-uagb-image--layout-default wp-block-uagb-image--effect-zoomin wp-block-uagb-image--align-none\"><figure class=\"wp-block-uagb-image__figure\"><img decoding=\"async\" srcset=\"https:\/\/www.rochefortpacifique.org\/edition2025\/wp-content\/uploads\/sites\/3\/2018\/12\/Affiche-2019-724x1024.jpg ,https:\/\/www.rochefortpacifique.org\/edition2025\/wp-content\/uploads\/sites\/3\/2018\/12\/Affiche-2019.jpg 780w, https:\/\/www.rochefortpacifique.org\/edition2025\/wp-content\/uploads\/sites\/3\/2018\/12\/Affiche-2019.jpg 360w\" sizes=\"auto, (max-width: 480px) 150px\" src=\"https:\/\/www.rochefortpacifique.org\/edition2025\/wp-content\/uploads\/sites\/3\/2018\/12\/Affiche-2019-724x1024.jpg\" alt=\"\" class=\"uag-image-1539\" width=\"724\" height=\"1024\" title=\"Affiche 2019\" loading=\"lazy\" role=\"img\"\/><\/figure><\/div>\n<a class=\"spectra-container-link-overlay\" rel=\"noopener\" href=\"\/festival\/edition-2019\"> <\/a><\/div>\n<\/div><\/div>\n\n\n\n<div style=\"height:20px\" aria-hidden=\"true\" class=\"wp-block-spacer\"><\/div>\n\n\n\n<div class=\"wp-block-uagb-container uagb-block-75d9e9d1 alignfull uagb-is-root-container\"><div class=\"uagb-container-inner-blocks-wrap\">\n<div class=\"wp-block-uagb-container uagb-block-192a6a81\">\n<div class=\"wp-block-uagb-image uagb-block-9e1d4a6b wp-block-uagb-image--layout-default wp-block-uagb-image--effect-zoomin wp-block-uagb-image--align-none\"><figure class=\"wp-block-uagb-image__figure\"><img decoding=\"async\" srcset=\"https:\/\/www.rochefortpacifique.org\/edition2025\/wp-content\/uploads\/sites\/3\/2017\/12\/fb-affiche-RP2018.jpg ,https:\/\/www.rochefortpacifique.org\/edition2025\/wp-content\/uploads\/sites\/3\/2017\/12\/fb-affiche-RP2018.jpg 780w, https:\/\/www.rochefortpacifique.org\/edition2025\/wp-content\/uploads\/sites\/3\/2017\/12\/fb-affiche-RP2018.jpg 360w\" sizes=\"auto, (max-width: 480px) 150px\" src=\"https:\/\/www.rochefortpacifique.org\/edition2025\/wp-content\/uploads\/sites\/3\/2017\/12\/fb-affiche-RP2018.jpg\" alt=\"\" class=\"uag-image-1011\" width=\"724\" height=\"1024\" title=\"affiche 2018\" loading=\"lazy\" role=\"img\"\/><\/figure><\/div>\n<a class=\"spectra-container-link-overlay\" rel=\"noopener\" href=\"\/festival\/edition-2018\"> <\/a><\/div>\n\n\n\n<div class=\"wp-block-uagb-container uagb-block-28c4c920\">\n<div class=\"wp-block-uagb-image uagb-block-3dda7c01 wp-block-uagb-image--layout-default wp-block-uagb-image--effect-zoomin wp-block-uagb-image--align-none\"><figure class=\"wp-block-uagb-image__figure\"><img decoding=\"async\" srcset=\"https:\/\/www.rochefortpacifique.org\/edition2025\/wp-content\/uploads\/sites\/3\/2016\/12\/affiche-festival-rochefort-pacifique-2017.jpg ,https:\/\/www.rochefortpacifique.org\/edition2025\/wp-content\/uploads\/sites\/3\/2016\/12\/affiche-festival-rochefort-pacifique-2017.jpg 780w, https:\/\/www.rochefortpacifique.org\/edition2025\/wp-content\/uploads\/sites\/3\/2016\/12\/affiche-festival-rochefort-pacifique-2017.jpg 360w\" sizes=\"auto, (max-width: 480px) 150px\" src=\"https:\/\/www.rochefortpacifique.org\/edition2025\/wp-content\/uploads\/sites\/3\/2016\/12\/affiche-festival-rochefort-pacifique-2017.jpg\" alt=\"\" class=\"uag-image-152\" width=\"724\" height=\"1024\" title=\"affiche-festival-rochefort-pacifique-2017\" loading=\"lazy\" role=\"img\"\/><\/figure><\/div>\n<a class=\"spectra-container-link-overlay\" rel=\"noopener\" href=\"\/festival\/edition-2017\"> <\/a><\/div>\n\n\n\n<div class=\"wp-block-uagb-container uagb-block-ff9fb425\"><a class=\"spectra-container-link-overlay\" rel=\"noopener\" href=\"\/festival\/edition-2019\"> <\/a><\/div>\n<\/div><\/div>\n<\/div><\/div>\n\n\n\n<div style=\"height:5rem\" aria-hidden=\"true\" class=\"wp-block-spacer\"><\/div>\n\n\n\n<div class=\"wp-block-uagb-container uagb-block-ecf1c1cd alignfull uagb-is-root-container\"><div class=\"uagb-container-inner-blocks-wrap\">\n<div data-aos= \"fade-up\" data-aos-duration=\"400\" data-aos-delay=\"0\" data-aos-easing=\"ease\" data-aos-once=\"true\" class=\"wp-block-uagb-advanced-heading uagb-block-187869ce rp-h2\"><h2 class=\"uagb-heading-text\">Partenaires &amp; soutiens<\/h2><\/div>\n\n\n\n<blockquote class=\"wp-block-quote is-layout-flow wp-block-quote-is-layout-flow\">\n<p><strong>Merci \u00e0 vous ! Financeurs et partenaires qui nous soutiennent<\/strong><\/p>\n<\/blockquote>\n\n\n\n<div style=\"height:20px\" aria-hidden=\"true\" class=\"wp-block-spacer\"><\/div>\n\n\n\n<div class=\"wp-block-uagb-image aligncenter uagb-block-90f7abb6 wp-block-uagb-image--layout-default wp-block-uagb-image--effect-static wp-block-uagb-image--align-center\"><figure class=\"wp-block-uagb-image__figure\"><img decoding=\"async\" srcset=\"https:\/\/www.rochefortpacifique.org\/edition2025\/wp-content\/uploads\/sites\/3\/2025\/03\/Logos-partenaires-2025-03-19--scaled-e1743168135296.jpg ,https:\/\/www.rochefortpacifique.org\/edition2025\/wp-content\/uploads\/sites\/3\/2025\/03\/Logos-partenaires-2025-03-19--scaled-e1743168135296.jpg 780w, https:\/\/www.rochefortpacifique.org\/edition2025\/wp-content\/uploads\/sites\/3\/2025\/03\/Logos-partenaires-2025-03-19--scaled-e1743168135296.jpg 360w\" sizes=\"auto, (max-width: 480px) 150px\" src=\"https:\/\/www.rochefortpacifique.org\/edition2025\/wp-content\/uploads\/sites\/3\/2025\/03\/Logos-partenaires-2025-03-19--scaled-e1743168135296.jpg\" alt=\"\" class=\"uag-image-6485\" width=\"1186\" height=\"2014\" title=\"Logos partenaires 2025-03-19\" loading=\"lazy\" role=\"img\"\/><\/figure><\/div>\n<\/div><\/div>\n\n\n\n<div style=\"height:5rem\" aria-hidden=\"true\" class=\"wp-block-spacer\"><\/div>\n","protected":false},"excerpt":{"rendered":"<p>Cin\u00e9ma &amp; litt\u00e9rature Le FestivalRochefort Pacifique \u00c9dition 2025 L&rsquo;\u00e9dito Cette ann\u00e9e, le Festival Rochefort Pacifique met \u00e0 l\u2019honneur, GUAM ou Gu\u00e5han (en langue Chamorro), un territoire \u00ab non-incorpor\u00e9 \u00bb des \u00c9tats-Unis, la plus m\u00e9ridionale des \u00eeles Mariannes. Guam fait partie de la Micron\u00e9sie, r\u00e9gion peu connue d\u2019Oc\u00e9anie qui regroupe quelques 2 000 \u00eeles et plusieurs [&hellip;]<\/p>\n","protected":false},"author":12,"featured_media":5475,"parent":0,"menu_order":3,"comment_status":"closed","ping_status":"closed","template":"page-full.php","meta":{"_acf_changed":false,"inline_featured_image":false,"_uag_custom_page_level_css":"","footnotes":""},"class_list":["post-5539","page","type-page","status-publish","has-post-thumbnail","hentry"],"acf":[],"uagb_featured_image_src":{"full":["https:\/\/www.rochefortpacifique.org\/edition2025\/wp-content\/uploads\/sites\/3\/2025\/01\/red-visuel-RP-2025-facebook-820x312-2.jpeg",820,312,false],"thumbnail":["https:\/\/www.rochefortpacifique.org\/edition2025\/wp-content\/uploads\/sites\/3\/2025\/01\/red-visuel-RP-2025-facebook-820x312-2-150x150.jpeg",150,150,true],"medium":["https:\/\/www.rochefortpacifique.org\/edition2025\/wp-content\/uploads\/sites\/3\/2025\/01\/red-visuel-RP-2025-facebook-820x312-2-300x114.jpeg",300,114,true],"medium_large":["https:\/\/www.rochefortpacifique.org\/edition2025\/wp-content\/uploads\/sites\/3\/2025\/01\/red-visuel-RP-2025-facebook-820x312-2-768x292.jpeg",768,292,true],"large":["https:\/\/www.rochefortpacifique.org\/edition2025\/wp-content\/uploads\/sites\/3\/2025\/01\/red-visuel-RP-2025-facebook-820x312-2.jpeg",800,304,false],"1536x1536":["https:\/\/www.rochefortpacifique.org\/edition2025\/wp-content\/uploads\/sites\/3\/2025\/01\/red-visuel-RP-2025-facebook-820x312-2.jpeg",820,312,false],"2048x2048":["https:\/\/www.rochefortpacifique.org\/edition2025\/wp-content\/uploads\/sites\/3\/2025\/01\/red-visuel-RP-2025-facebook-820x312-2.jpeg",820,312,false]},"uagb_author_info":{"display_name":"Julien Taureau","author_link":"https:\/\/www.rochefortpacifique.org\/edition2025\/author\/julient\/"},"uagb_comment_info":0,"uagb_excerpt":"Cin\u00e9ma &amp; litt\u00e9rature Le FestivalRochefort Pacifique \u00c9dition 2025 L&rsquo;\u00e9dito Cette ann\u00e9e, le Festival Rochefort Pacifique met \u00e0 l\u2019honneur, GUAM ou Gu\u00e5han (en langue Chamorro), un territoire \u00ab non-incorpor\u00e9 \u00bb des \u00c9tats-Unis, la plus m\u00e9ridionale des \u00eeles Mariannes. Guam fait partie de la Micron\u00e9sie, r\u00e9gion peu connue d\u2019Oc\u00e9anie qui regroupe quelques 2 000 \u00eeles et plusieurs\u2026","_links":{"self":[{"href":"https:\/\/www.rochefortpacifique.org\/edition2025\/wp-json\/wp\/v2\/pages\/5539","targetHints":{"allow":["GET"]}}],"collection":[{"href":"https:\/\/www.rochefortpacifique.org\/edition2025\/wp-json\/wp\/v2\/pages"}],"about":[{"href":"https:\/\/www.rochefortpacifique.org\/edition2025\/wp-json\/wp\/v2\/types\/page"}],"author":[{"embeddable":true,"href":"https:\/\/www.rochefortpacifique.org\/edition2025\/wp-json\/wp\/v2\/users\/12"}],"replies":[{"embeddable":true,"href":"https:\/\/www.rochefortpacifique.org\/edition2025\/wp-json\/wp\/v2\/comments?post=5539"}],"version-history":[{"count":31,"href":"https:\/\/www.rochefortpacifique.org\/edition2025\/wp-json\/wp\/v2\/pages\/5539\/revisions"}],"predecessor-version":[{"id":6487,"href":"https:\/\/www.rochefortpacifique.org\/edition2025\/wp-json\/wp\/v2\/pages\/5539\/revisions\/6487"}],"wp:featuredmedia":[{"embeddable":true,"href":"https:\/\/www.rochefortpacifique.org\/edition2025\/wp-json\/wp\/v2\/media\/5475"}],"wp:attachment":[{"href":"https:\/\/www.rochefortpacifique.org\/edition2025\/wp-json\/wp\/v2\/media?parent=5539"}],"curies":[{"name":"wp","href":"https:\/\/api.w.org\/{rel}","templated":true}]}}