{"id":5537,"date":"2025-03-07T12:43:09","date_gmt":"2025-03-07T11:43:09","guid":{"rendered":"https:\/\/www.rochefortpacifique.org\/edition2025\/?page_id=5537"},"modified":"2025-04-03T13:47:30","modified_gmt":"2025-04-03T11:47:30","slug":"invites-et-intervenants","status":"publish","type":"page","link":"https:\/\/www.rochefortpacifique.org\/edition2025\/invites-et-intervenants\/","title":{"rendered":"Les invit\u00e9s et intervenants &#8211; Festival Rochefort Pacifique"},"content":{"rendered":"\n<header class=\"wp-block-uagb-container page-title-header uagb-block-8347f88f alignfull uagb-is-root-container\"><div class=\"uagb-container-inner-blocks-wrap\">\n<div class=\"wp-block-uagb-container uagb-block-c9fe4809 alignfull uagb-is-root-container\"><div class=\"uagb-container-inner-blocks-wrap\">\n<p class=\"estilo_title has-text-color has-link-color wp-elements-e016eb6e4e148f681eabebbea6e855ad\" style=\"color:#193452;font-size:32px;font-style:normal;font-weight:300;text-transform:uppercase\"><strong><strong>Festival Rochefort Pacifique<\/strong><\/strong><\/p>\n\n\n\n<div data-aos= \"fade-up\" data-aos-duration=\"400\" data-aos-delay=\"0\" data-aos-easing=\"ease\" data-aos-once=\"true\" class=\"wp-block-uagb-advanced-heading uagb-block-b3968097 rp-h2\"><h1 class=\"uagb-heading-text\">Les invit\u00e9s &amp; intervenants<\/h1><\/div>\n\n\n\n<p class=\"estilo_title has-white-color has-text-color has-link-color wp-elements-242ede2c9aa8d865776e81571a9c4020\" style=\"font-size:32px;font-style:normal;font-weight:300;text-transform:uppercase\"><strong>\u00c9dition 2025<\/strong><\/p>\n<\/div><\/div>\n<\/div><\/header>\n\n\n\n<div style=\"height:5rem\" aria-hidden=\"true\" class=\"wp-block-spacer\"><\/div>\n\n\n\n<div class=\"wp-block-uagb-container uagb-block-121b32be alignfull uagb-is-root-container\"><div class=\"uagb-container-inner-blocks-wrap\">\n<h2 class=\"wp-block-heading has-text-align-center has-x-large-font-size\">R\u00e9alisateurs \/ R\u00e9alisatrices<\/h2>\n\n\n\n<div style=\"height:1rem\" aria-hidden=\"true\" class=\"wp-block-spacer\"><\/div>\n\n\n\n<div class=\"wp-block-uagb-image alignleft uagb-block-302f4c5a wp-block-uagb-image--layout-default wp-block-uagb-image--effect-static wp-block-uagb-image--align-left\"><figure class=\"wp-block-uagb-image__figure\"><img decoding=\"async\" srcset=\"https:\/\/www.rochefortpacifique.org\/edition2025\/wp-content\/uploads\/sites\/3\/2025\/03\/frise_lightgreen.svg ,https:\/\/www.rochefortpacifique.org\/edition2025\/wp-content\/uploads\/sites\/3\/2025\/03\/frise_lightgreen.svg 780w, https:\/\/www.rochefortpacifique.org\/edition2025\/wp-content\/uploads\/sites\/3\/2025\/03\/frise_lightgreen.svg 360w\" sizes=\"auto, (max-width: 480px) 150px\" src=\"https:\/\/www.rochefortpacifique.org\/edition2025\/wp-content\/uploads\/sites\/3\/2025\/03\/frise_lightgreen.svg\" alt=\"\" class=\"uag-image-5892\" width=\"1612\" height=\"20\" title=\"frise_lightgreen\" loading=\"lazy\" role=\"img\"\/><\/figure><\/div>\n\n\n\n<div style=\"height:3rem\" aria-hidden=\"true\" class=\"wp-block-spacer\"><\/div>\n\n\n\n<div class=\"wp-block-uagb-container uagb-block-74b560de alignfull uagb-is-root-container\"><div class=\"uagb-container-inner-blocks-wrap\">\n<div class=\"wp-block-uagb-container invite-info-box uagb-block-e6b10fef\">\n<div class=\"wp-block-uagb-info-box uagb-block-f5f0cfb9 uagb-infobox__content-wrap  uagb-infobox_cta-type-all uagb-infobox-icon-above-title uagb-infobox-image-valign-top\"><a href=\"\/festival\/niel-romero\" class=\"uagb-infobox-link-wrap uagb-infbox__link-to-all\" target=\"_self\" aria-label=\"Infobox Link\" rel=\"noopener noreferrer\" onclick=\"return true;\"><\/a><div class=\"uagb-ifb-content\"><div class=\"uagb-ifb-image-content\"><img decoding=\"async\" src=\"https:\/\/www.rochefortpacifique.org\/edition2025\/wp-content\/uploads\/sites\/3\/2025\/03\/SomeThingCallOurOwn-NDR-Headshot-Romero-2-240x300.jpg\" alt=\"\" width=\"320\" height=\"400\" loading=\"lazy\"\/><\/div><div class=\"uagb-ifb-title-wrap\"><h3 class=\"uagb-ifb-title\">Niel Romero<\/h3><\/div><p class=\"uagb-ifb-desc\"><strong>Guam<br>R\u00e9alisateur<\/strong><br>Cin\u00e9-d\u00e9bat<br><em>Invit\u00e9<\/em><\/p><div class=\"uagb-ifb-button-wrapper wp-block-button\"><\/div><\/div><\/div>\n<\/div>\n\n\n\n<div class=\"wp-block-uagb-container invite-info-box uagb-block-53fadcc3\">\n<div class=\"wp-block-uagb-info-box uagb-block-8bc24fd7 uagb-infobox__content-wrap  uagb-infobox_cta-type-all uagb-infobox-icon-above-title uagb-infobox-image-valign-top\"><a href=\"\/festival\/anthony-pedulla\/\" class=\"uagb-infobox-link-wrap uagb-infbox__link-to-all\" target=\"_self\" aria-label=\"Infobox Link\" rel=\"noopener noreferrer\" onclick=\"return true;\"><\/a><div class=\"uagb-ifb-content\"><div class=\"uagb-ifb-image-content\"><img decoding=\"async\" src=\"https:\/\/www.rochefortpacifique.org\/edition2025\/wp-content\/uploads\/sites\/3\/2025\/03\/Anthony-Pedulla-image-1024x825.jpg\" alt=\"\" width=\"320\" height=\"257\" loading=\"lazy\"\/><\/div><div class=\"uagb-ifb-title-wrap\"><h3 class=\"uagb-ifb-title\">Anthony Pedulla<\/h3><\/div><p class=\"uagb-ifb-desc\"><strong>Nouvelle-Cal\u00e9donie<br>R\u00e9alisateur<\/strong><br>Cin\u00e9-d\u00e9bat<br><em>Invit\u00e9<\/em><\/p><div class=\"uagb-ifb-button-wrapper wp-block-button\"><\/div><\/div><\/div>\n<\/div>\n\n\n\n<div class=\"wp-block-uagb-container invite-info-box uagb-block-bd61f43f\">\n<div class=\"wp-block-uagb-info-box uagb-block-1fd2cb22 uagb-infobox__content-wrap  uagb-infobox_cta-type-all uagb-infobox-icon-above-title uagb-infobox-image-valign-top\"><a href=\"\/festival\/kyle-perron\/\" class=\"uagb-infobox-link-wrap uagb-infbox__link-to-all\" target=\"_self\" aria-label=\"Infobox Link\" rel=\"noopener noreferrer\" onclick=\"return true;\"><\/a><div class=\"uagb-ifb-content\"><div class=\"uagb-ifb-image-content\"><img decoding=\"async\" src=\"https:\/\/www.rochefortpacifique.org\/edition2025\/wp-content\/uploads\/sites\/3\/2025\/03\/Kyle-Perron_Director-169x300.jpg\" alt=\"\" width=\"320\" height=\"568\" loading=\"lazy\"\/><\/div><div class=\"uagb-ifb-title-wrap\"><h3 class=\"uagb-ifb-title\">Kile Perron<\/h3><\/div><p class=\"uagb-ifb-desc\"><strong>Guam<br>R\u00e9alisateur<\/strong><br>Cin\u00e9-d\u00e9bat<\/p><div class=\"uagb-ifb-button-wrapper wp-block-button\"><\/div><\/div><\/div>\n<\/div>\n<\/div><\/div>\n\n\n\n<div class=\"wp-block-uagb-container uagb-block-5fa62657 alignfull uagb-is-root-container\"><div class=\"uagb-container-inner-blocks-wrap\">\n<div class=\"wp-block-uagb-container invite-info-box uagb-block-debbcf4d\">\n<div class=\"wp-block-uagb-info-box uagb-block-bb69d026 uagb-infobox__content-wrap  uagb-infobox_cta-type-all uagb-infobox-icon-above-title uagb-infobox-image-valign-top\"><a href=\"\/festival\/anthony-pedulla\/\" class=\"uagb-infobox-link-wrap uagb-infbox__link-to-all\" target=\"_self\" aria-label=\"Infobox Link\" rel=\"noopener noreferrer\" onclick=\"return true;\"><\/a><div class=\"uagb-ifb-content\"><div class=\"uagb-ifb-image-content\"><img decoding=\"async\" src=\"https:\/\/www.rochefortpacifique.org\/edition2025\/wp-content\/uploads\/sites\/3\/2025\/03\/Lee-Tamahori.jpg-.png\" alt=\"\" width=\"320\" height=\"308\" loading=\"lazy\"\/><\/div><div class=\"uagb-ifb-title-wrap\"><h3 class=\"uagb-ifb-title\">Lee Tamahori<\/h3><\/div><p class=\"uagb-ifb-desc\"><strong>Nouvelle-Z\u00e9lande<br>R\u00e9alisateur<\/strong><br>Cin\u00e9-d\u00e9bat<\/p><div class=\"uagb-ifb-button-wrapper wp-block-button\"><\/div><\/div><\/div>\n<\/div>\n\n\n\n<div class=\"wp-block-uagb-container invite-info-box uagb-block-32cc16d7\">\n<div class=\"wp-block-uagb-info-box uagb-block-6a4bd69a uagb-infobox__content-wrap  uagb-infobox_cta-type-all uagb-infobox-icon-above-title uagb-infobox-image-valign-top\"><a href=\"\/festival\/corinne-van-egeraat-petr-lom\/\" class=\"uagb-infobox-link-wrap uagb-infbox__link-to-all\" target=\"_self\" aria-label=\"Infobox Link\" rel=\"noopener noreferrer\" onclick=\"return true;\"><\/a><div class=\"uagb-ifb-content\"><div class=\"uagb-ifb-image-content\"><img decoding=\"async\" src=\"https:\/\/www.rochefortpacifique.org\/edition2025\/wp-content\/uploads\/sites\/3\/2025\/03\/CorinnePetr_05IanTheRiver-1024x683.jpg\" alt=\"\" width=\"320\" height=\"213\" loading=\"lazy\"\/><\/div><div class=\"uagb-ifb-title-wrap\"><h3 class=\"uagb-ifb-title\">Corinne Van Egeraat &amp; Petr Lom<\/h3><\/div><p class=\"uagb-ifb-desc\"><strong>Pays-Bas \/ CanadaR\u00e9alisateur<\/strong><br>Cin\u00e9-d\u00e9bat<br><em>Invit\u00e9s<\/em><\/p><div class=\"uagb-ifb-button-wrapper wp-block-button\"><\/div><\/div><\/div>\n<\/div>\n\n\n\n<div class=\"wp-block-uagb-container invite-info-box uagb-block-547afbaf\">\n<div class=\"wp-block-uagb-info-box uagb-block-ddde8ff0 uagb-infobox__content-wrap  uagb-infobox_cta-type-all uagb-infobox-icon-above-title uagb-infobox-image-valign-top\"><a href=\"\/festival\/frances-negron-muntaner\/\" class=\"uagb-infobox-link-wrap uagb-infbox__link-to-all\" target=\"_self\" aria-label=\"Infobox Link\" rel=\"noopener noreferrer\" onclick=\"return true;\"><\/a><div class=\"uagb-ifb-content\"><div class=\"uagb-ifb-image-content\"><img decoding=\"async\" src=\"https:\/\/www.rochefortpacifique.org\/edition2025\/wp-content\/uploads\/sites\/3\/2025\/03\/Frances-NEGRON-MUNTANER-War_for_guam-press-07-1024x680.jpg\" alt=\"\" width=\"320\" height=\"212\" loading=\"lazy\"\/><\/div><div class=\"uagb-ifb-title-wrap\"><h3 class=\"uagb-ifb-title\">Frances Negron Muntaner<\/h3><\/div><p class=\"uagb-ifb-desc\"><strong>Porto-Rico<\/strong><br><strong>R\u00e9alisatrice<\/strong><br>Cin\u00e9-d\u00e9bat<\/p><div class=\"uagb-ifb-button-wrapper wp-block-button\"><\/div><\/div><\/div>\n<\/div>\n<\/div><\/div>\n\n\n\n<div class=\"wp-block-uagb-container uagb-block-eaccc876 alignfull uagb-is-root-container\"><div class=\"uagb-container-inner-blocks-wrap\">\n<div class=\"wp-block-uagb-container invite-info-box uagb-block-0bac56e6\">\n<div class=\"wp-block-uagb-info-box uagb-block-ba1fa597 uagb-infobox__content-wrap  uagb-infobox_cta-type-all uagb-infobox-icon-above-title uagb-infobox-image-valign-top\"><a href=\"\/festival\/raynald-merienne\/\" class=\"uagb-infobox-link-wrap uagb-infbox__link-to-all\" target=\"_self\" aria-label=\"Infobox Link\" rel=\"noopener noreferrer\" onclick=\"return true;\"><\/a><div class=\"uagb-ifb-content\"><div class=\"uagb-ifb-image-content\"><img decoding=\"async\" src=\"https:\/\/www.rochefortpacifique.org\/edition2025\/wp-content\/uploads\/sites\/3\/2025\/03\/Raynald-Merienne-\u00a9-Alain-Febvin-768x1024.jpg\" alt=\"\" width=\"320\" height=\"426\" loading=\"lazy\"\/><\/div><div class=\"uagb-ifb-title-wrap\"><h3 class=\"uagb-ifb-title\">Raynald Merienne<\/h3><\/div><p class=\"uagb-ifb-desc\"><strong>Polyn\u00e9sie fran\u00e7aise<\/strong><br><strong>R\u00e9alisateur<\/strong><br>Cin\u00e9-d\u00e9bat<br><em>Visio<\/em><\/p><div class=\"uagb-ifb-button-wrapper wp-block-button\"><\/div><\/div><\/div>\n<\/div>\n\n\n\n<div class=\"wp-block-uagb-container invite-info-box uagb-block-a1c20bf7\">\n<div class=\"wp-block-uagb-info-box uagb-block-be2cddd1 uagb-infobox__content-wrap  uagb-infobox_cta-type-all uagb-infobox-icon-above-title uagb-infobox-image-valign-top\"><a href=\"\/festival\/faustine-lefranc\/\" class=\"uagb-infobox-link-wrap uagb-infbox__link-to-all\" target=\"_self\" aria-label=\"Infobox Link\" rel=\"noopener noreferrer\" onclick=\"return true;\"><\/a><div class=\"uagb-ifb-content\"><div class=\"uagb-ifb-image-content\"><img decoding=\"async\" src=\"https:\/\/www.rochefortpacifique.org\/edition2025\/wp-content\/uploads\/sites\/3\/2025\/03\/FaustineLefranc-image-300x185.jpg\" alt=\"\" width=\"320\" height=\"197\" loading=\"lazy\"\/><\/div><div class=\"uagb-ifb-title-wrap\"><h3 class=\"uagb-ifb-title\">Faustine Lefranc<\/h3><\/div><p class=\"uagb-ifb-desc\"><strong>Nouvelle-Cal\u00e9donie<br>R\u00e9alisatrice<\/strong><br>Cin\u00e9-d\u00e9bat<br><em>Invit\u00e9e<\/em><\/p><div class=\"uagb-ifb-button-wrapper wp-block-button\"><\/div><\/div><\/div>\n<\/div>\n<\/div><\/div>\n\n\n\n<div style=\"height:5rem\" aria-hidden=\"true\" class=\"wp-block-spacer\"><\/div>\n\n\n\n<h2 class=\"wp-block-heading has-text-align-center has-x-large-font-size\">\u00c9crivains \/ \u00c9crivaines<\/h2>\n\n\n\n<div style=\"height:1rem\" aria-hidden=\"true\" class=\"wp-block-spacer\"><\/div>\n\n\n\n<div class=\"wp-block-uagb-image alignleft uagb-block-b5a561fe wp-block-uagb-image--layout-default wp-block-uagb-image--effect-static wp-block-uagb-image--align-left\"><figure class=\"wp-block-uagb-image__figure\"><img decoding=\"async\" srcset=\"https:\/\/www.rochefortpacifique.org\/edition2025\/wp-content\/uploads\/sites\/3\/2025\/03\/frise_lightgreen.svg ,https:\/\/www.rochefortpacifique.org\/edition2025\/wp-content\/uploads\/sites\/3\/2025\/03\/frise_lightgreen.svg 780w, https:\/\/www.rochefortpacifique.org\/edition2025\/wp-content\/uploads\/sites\/3\/2025\/03\/frise_lightgreen.svg 360w\" sizes=\"auto, (max-width: 480px) 150px\" src=\"https:\/\/www.rochefortpacifique.org\/edition2025\/wp-content\/uploads\/sites\/3\/2025\/03\/frise_lightgreen.svg\" alt=\"\" class=\"uag-image-5892\" width=\"1612\" height=\"20\" title=\"frise_lightgreen\" loading=\"lazy\" role=\"img\"\/><\/figure><\/div>\n\n\n\n<div style=\"height:3rem\" aria-hidden=\"true\" class=\"wp-block-spacer\"><\/div>\n\n\n\n<div class=\"wp-block-uagb-container uagb-block-50b49ee6 alignfull uagb-is-root-container\"><div class=\"uagb-container-inner-blocks-wrap\">\n<div class=\"wp-block-uagb-container invite-info-box uagb-block-2e8c5d7d\">\n<div class=\"wp-block-uagb-info-box uagb-block-bdec3add uagb-infobox__content-wrap  uagb-infobox_cta-type-all uagb-infobox-icon-above-title uagb-infobox-image-valign-top invite-info-box\"><a href=\"\/festival\/christophe-sand\/\" class=\"uagb-infobox-link-wrap uagb-infbox__link-to-all\" target=\"_self\" aria-label=\"Infobox Link\" rel=\"noopener noreferrer\" onclick=\"return true;\"><\/a><div class=\"uagb-ifb-content\"><div class=\"uagb-ifb-image-content\"><img decoding=\"async\" src=\"https:\/\/www.rochefortpacifique.org\/edition2025\/wp-content\/uploads\/sites\/3\/2025\/03\/christophe_sand-1024x1024.jpg\" alt=\"\" width=\"320\" height=\"320\" loading=\"lazy\"\/><\/div><div class=\"uagb-ifb-title-wrap\"><h3 class=\"uagb-ifb-title\">Christophe Sand<\/h3><\/div><p class=\"uagb-ifb-desc\"><strong>Nouvelle-Cal\u00e9donie<br>Arch\u00e9ologue \/ \u00c9crivain<br><\/strong>Rencontre litt\u00e9raire<br><em>Invit\u00e9<\/em><\/p><div class=\"uagb-ifb-button-wrapper wp-block-button\"><\/div><\/div><\/div>\n<\/div>\n\n\n\n<div class=\"wp-block-uagb-container invite-info-box uagb-block-6e0384f9\">\n<div class=\"wp-block-uagb-info-box uagb-block-5776bd2a uagb-infobox__content-wrap  uagb-infobox_cta-type-all uagb-infobox-icon-above-title uagb-infobox-image-valign-top\"><a href=\"\/festival\/tania-roxborogh\/\" class=\"uagb-infobox-link-wrap uagb-infbox__link-to-all\" target=\"_self\" aria-label=\"Infobox Link\" rel=\"noopener noreferrer\" onclick=\"return true;\"><\/a><div class=\"uagb-ifb-content\"><div class=\"uagb-ifb-image-content\"><img decoding=\"async\" src=\"https:\/\/www.rochefortpacifique.org\/edition2025\/wp-content\/uploads\/sites\/3\/2025\/03\/Tania_Roxborogh_2022-768x1024.jpg\" alt=\"\" width=\"320\" height=\"426\" loading=\"lazy\"\/><\/div><div class=\"uagb-ifb-title-wrap\"><h3 class=\"uagb-ifb-title\">Tania K. Roxborogh<\/h3><\/div><p class=\"uagb-ifb-desc\"><strong>Nouvelle-Z\u00e9lande<br>\u00c9crivaine<\/strong><br>Rencontre litt\u00e9raire<br><em>Visio<\/em><\/p><div class=\"uagb-ifb-button-wrapper wp-block-button\"><\/div><\/div><\/div>\n<\/div>\n\n\n\n<div class=\"wp-block-uagb-container invite-info-box uagb-block-544f3d75\">\n<div class=\"wp-block-uagb-info-box uagb-block-304d22b1 uagb-infobox__content-wrap  uagb-infobox_cta-type-all uagb-infobox-icon-above-title uagb-infobox-image-valign-top\"><a href=\"\/festival\/leah-purcell\/\" class=\"uagb-infobox-link-wrap uagb-infbox__link-to-all\" target=\"_self\" aria-label=\"Infobox Link\" rel=\"noopener noreferrer\" onclick=\"return true;\"><\/a><div class=\"uagb-ifb-content\"><div class=\"uagb-ifb-image-content\"><img decoding=\"async\" src=\"https:\/\/www.rochefortpacifique.org\/edition2025\/wp-content\/uploads\/sites\/3\/2025\/03\/Leah-Purcell-2-MollyJohnson-Actor-Writer-Director-Producer-Headshot-Oombarra-Productions-2024-Credit-photo-copyright-Marnya-Rothe-1024x683.jpg\" alt=\"\" width=\"320\" height=\"213\" loading=\"lazy\"\/><\/div><div class=\"uagb-ifb-title-wrap\"><h3 class=\"uagb-ifb-title\">Leah Purcell<\/h3><\/div><p class=\"uagb-ifb-desc\"><strong>Australie<br>Autrice<\/strong><br>Rencontre litt\u00e9raire<br><em><em>Visio<\/em><\/em><\/p><div class=\"uagb-ifb-button-wrapper wp-block-button\"><\/div><\/div><\/div>\n<\/div>\n<\/div><\/div>\n\n\n\n<div class=\"wp-block-uagb-container uagb-block-b22151f1 alignfull uagb-is-root-container\"><div class=\"uagb-container-inner-blocks-wrap\">\n<div class=\"wp-block-uagb-container invite-info-box uagb-block-67f41a01\">\n<div class=\"wp-block-uagb-info-box uagb-block-53f8fc3c uagb-infobox__content-wrap  uagb-infobox_cta-type-all uagb-infobox-icon-above-title uagb-infobox-image-valign-top\"><a href=\"\/festival\/marin-ledun\/\" class=\"uagb-infobox-link-wrap uagb-infbox__link-to-all\" target=\"_self\" aria-label=\"Infobox Link\" rel=\"noopener noreferrer\" onclick=\"return true;\"><\/a><div class=\"uagb-ifb-content\"><div class=\"uagb-ifb-image-content\"><img decoding=\"async\" src=\"https:\/\/www.rochefortpacifique.org\/edition2025\/wp-content\/uploads\/sites\/3\/2025\/03\/LEDUN_Marin_photo_2022francesca_mantovaniA\u00aeGallimard_87A1103.4-Marin-Ledun-699x1024.jpg\" alt=\"\" width=\"320\" height=\"468\" loading=\"lazy\"\/><\/div><div class=\"uagb-ifb-title-wrap\"><h3 class=\"uagb-ifb-title\">Marin Ledun<\/h3><\/div><p class=\"uagb-ifb-desc\"><strong>France<\/strong><br><strong>Romancier<\/strong><br>Rencontre litt\u00e9raire<br><em>Invit\u00e9<\/em><\/p><div class=\"uagb-ifb-button-wrapper wp-block-button\"><\/div><\/div><\/div>\n<\/div>\n\n\n\n<div class=\"wp-block-uagb-container invite-info-box uagb-block-98eaded4\">\n<div class=\"wp-block-uagb-info-box uagb-block-6eddf674 uagb-infobox__content-wrap  uagb-infobox_cta-type-all uagb-infobox-icon-above-title uagb-infobox-image-valign-top\"><a href=\"\/festival\/craig-santos-perez\/\" class=\"uagb-infobox-link-wrap uagb-infbox__link-to-all\" target=\"_self\" aria-label=\"Infobox Link\" rel=\"noopener noreferrer\" onclick=\"return true;\"><\/a><div class=\"uagb-ifb-content\"><div class=\"uagb-ifb-image-content\"><img decoding=\"async\" src=\"https:\/\/www.rochefortpacifique.org\/edition2025\/wp-content\/uploads\/sites\/3\/2025\/03\/craig-santos-perez-683x1024.jpg\" alt=\"\" width=\"320\" height=\"479\" loading=\"lazy\"\/><\/div><div class=\"uagb-ifb-title-wrap\"><h3 class=\"uagb-ifb-title\">Craig Santos Perez<\/h3><\/div><p class=\"uagb-ifb-desc\"><strong>Guam<\/strong><br><strong>Po\u00e8te, essayiste<\/strong><br>Rencontre litt\u00e9raire<br><em><em>Visio<\/em><\/em><\/p><div class=\"uagb-ifb-button-wrapper wp-block-button\"><\/div><\/div><\/div>\n<\/div>\n\n\n\n<div class=\"wp-block-uagb-container invite-info-box uagb-block-9974cf74\">\n<div class=\"wp-block-uagb-info-box uagb-block-6aff2df1 uagb-infobox__content-wrap  uagb-infobox_cta-type-all uagb-infobox-icon-above-title uagb-infobox-image-valign-top\"><a href=\"\/festival\/adrien-gombeaud\/\" class=\"uagb-infobox-link-wrap uagb-infbox__link-to-all\" target=\"_self\" aria-label=\"Infobox Link\" rel=\"noopener noreferrer\" onclick=\"return true;\"><\/a><div class=\"uagb-ifb-content\"><div class=\"uagb-ifb-image-content\"><img decoding=\"async\" src=\"https:\/\/www.rochefortpacifique.org\/edition2025\/wp-content\/uploads\/sites\/3\/2025\/03\/adrien-gombeaud.jpg\" alt=\"\" width=\"320\" height=\"320\" loading=\"lazy\"\/><\/div><div class=\"uagb-ifb-title-wrap\"><h3 class=\"uagb-ifb-title\">Adrien Gombeaud<\/h3><\/div><p class=\"uagb-ifb-desc\"><strong>France<br>\u00c9crivain<\/strong><br>Rencontre litt\u00e9raire<br><em>Invit\u00e9<\/em><\/p><div class=\"uagb-ifb-button-wrapper wp-block-button\"><\/div><\/div><\/div>\n<\/div>\n<\/div><\/div>\n\n\n\n<div style=\"height:5rem\" aria-hidden=\"true\" class=\"wp-block-spacer\"><\/div>\n\n\n\n<h2 class=\"wp-block-heading has-text-align-center has-x-large-font-size\">Intervenants \/ Intervenantes<\/h2>\n\n\n\n<div style=\"height:1rem\" aria-hidden=\"true\" class=\"wp-block-spacer\"><\/div>\n\n\n\n<div class=\"wp-block-uagb-image alignleft uagb-block-193756b4 wp-block-uagb-image--layout-default wp-block-uagb-image--effect-static wp-block-uagb-image--align-left\"><figure class=\"wp-block-uagb-image__figure\"><img decoding=\"async\" srcset=\"https:\/\/www.rochefortpacifique.org\/edition2025\/wp-content\/uploads\/sites\/3\/2025\/03\/frise_lightgreen.svg ,https:\/\/www.rochefortpacifique.org\/edition2025\/wp-content\/uploads\/sites\/3\/2025\/03\/frise_lightgreen.svg 780w, https:\/\/www.rochefortpacifique.org\/edition2025\/wp-content\/uploads\/sites\/3\/2025\/03\/frise_lightgreen.svg 360w\" sizes=\"auto, (max-width: 480px) 150px\" src=\"https:\/\/www.rochefortpacifique.org\/edition2025\/wp-content\/uploads\/sites\/3\/2025\/03\/frise_lightgreen.svg\" alt=\"\" class=\"uag-image-5892\" width=\"1612\" height=\"20\" title=\"frise_lightgreen\" loading=\"lazy\" role=\"img\"\/><\/figure><\/div>\n\n\n\n<div style=\"height:3rem\" aria-hidden=\"true\" class=\"wp-block-spacer\"><\/div>\n\n\n\n<div class=\"wp-block-uagb-container uagb-block-5104e10f alignfull uagb-is-root-container\"><div class=\"uagb-container-inner-blocks-wrap\">\n<div class=\"wp-block-uagb-container invite-info-box uagb-block-500d0d7a\">\n<div class=\"wp-block-uagb-info-box uagb-block-8618f45e uagb-infobox__content-wrap  uagb-infobox_cta-type-all uagb-infobox-icon-above-title uagb-infobox-image-valign-top\"><a href=\"\/festival\/catherine-ruelle\/\" class=\"uagb-infobox-link-wrap uagb-infbox__link-to-all\" target=\"_self\" aria-label=\"Infobox Link\" rel=\"noopener noreferrer\" onclick=\"return true;\"><\/a><div class=\"uagb-ifb-content\"><div class=\"uagb-ifb-image-content\"><img decoding=\"async\" src=\"https:\/\/www.rochefortpacifique.org\/edition2025\/wp-content\/uploads\/sites\/3\/2025\/03\/catherine_ruelle2-768x1024.jpg\" alt=\"\" width=\"320\" height=\"426\" loading=\"lazy\"\/><\/div><div class=\"uagb-ifb-title-wrap\"><h3 class=\"uagb-ifb-title\">Catherine Ruelle<\/h3><\/div><p class=\"uagb-ifb-desc\"><strong>France<br>Journaliste \/ Critique<\/strong><br>Cin\u00e9-d\u00e9bat<\/p><div class=\"uagb-ifb-button-wrapper wp-block-button\"><\/div><\/div><\/div>\n<\/div>\n\n\n\n<div class=\"wp-block-uagb-container invite-info-box uagb-block-e84533da\">\n<div class=\"wp-block-uagb-info-box uagb-block-da1b6f92 uagb-infobox__content-wrap  uagb-infobox_cta-type-all uagb-infobox-icon-above-title uagb-infobox-image-valign-top\"><a href=\"\/festival\/bernard-bories\" class=\"uagb-infobox-link-wrap uagb-infbox__link-to-all\" target=\"_self\" aria-label=\"Infobox Link\" rel=\"noopener noreferrer\" onclick=\"return true;\"><\/a><div class=\"uagb-ifb-content\"><div class=\"uagb-ifb-image-content\"><img decoding=\"async\" src=\"https:\/\/www.rochefortpacifique.org\/edition2025\/wp-content\/uploads\/sites\/3\/2025\/03\/bernard-bories-president-du-580x0-2.webp\" alt=\"\" width=\"320\" height=\"480\" loading=\"lazy\"\/><\/div><div class=\"uagb-ifb-title-wrap\"><h3 class=\"uagb-ifb-title\">Bernard Bories<\/h3><\/div><p class=\"uagb-ifb-desc\"><strong>France<br>Sp\u00e9cialiste du Pacifique<\/strong><br>Cin\u00e9-d\u00e9bat<\/p><div class=\"uagb-ifb-button-wrapper wp-block-button\"><\/div><\/div><\/div>\n<\/div>\n\n\n\n<div class=\"wp-block-uagb-container invite-info-box uagb-block-56ef257b\">\n<div class=\"wp-block-uagb-info-box uagb-block-c4775d6a uagb-infobox__content-wrap  uagb-infobox_cta-type-all uagb-infobox-icon-above-title uagb-infobox-image-valign-top\"><a href=\"\/festival\/cinthia-djiram\" class=\"uagb-infobox-link-wrap uagb-infbox__link-to-all\" target=\"_self\" aria-label=\"Infobox Link\" rel=\"noopener noreferrer\" onclick=\"return true;\"><\/a><div class=\"uagb-ifb-content\"><div class=\"uagb-ifb-image-content\"><img decoding=\"async\" src=\"https:\/\/www.rochefortpacifique.org\/edition2025\/wp-content\/uploads\/sites\/3\/2025\/04\/cinthia-djiram-888x1024.jpg\" alt=\"\" width=\"320\" height=\"369\" loading=\"lazy\"\/><\/div><div class=\"uagb-ifb-title-wrap\"><h3 class=\"uagb-ifb-title\">Cinthia DJIRAM<\/h3><\/div><p class=\"uagb-ifb-desc\"><strong>Nouvelle-Cal\u00e9donie<br>Productrice<\/strong><br>Cin\u00e9-d\u00e9bat<\/p><div class=\"uagb-ifb-button-wrapper wp-block-button\"><\/div><\/div><\/div>\n<\/div>\n<\/div><\/div>\n\n\n\n<div class=\"wp-block-uagb-container uagb-block-4f212fda alignfull uagb-is-root-container\"><div class=\"uagb-container-inner-blocks-wrap\">\n<div class=\"wp-block-uagb-container invite-info-box uagb-block-bd5af568\">\n<div class=\"wp-block-uagb-info-box uagb-block-4b7b9f0b uagb-infobox__content-wrap  uagb-infobox_cta-type-all uagb-infobox-icon-above-title uagb-infobox-image-valign-top\"><a href=\"\/festival\/caroline-omond\" class=\"uagb-infobox-link-wrap uagb-infbox__link-to-all\" target=\"_self\" aria-label=\"Infobox Link\" rel=\"noopener noreferrer\" onclick=\"return true;\"><\/a><div class=\"uagb-ifb-content\"><div class=\"uagb-ifb-image-content\"><img decoding=\"async\" src=\"https:\/\/www.rochefortpacifique.org\/edition2025\/wp-content\/uploads\/sites\/3\/2025\/03\/caroline-omond-985x1024.jpg\" alt=\"\" width=\"320\" height=\"332\" loading=\"lazy\"\/><\/div><div class=\"uagb-ifb-title-wrap\"><h3 class=\"uagb-ifb-title\">Caroline Omond<\/h3><\/div><p class=\"uagb-ifb-desc\"><strong>France<br>Productrice<\/strong><br>Cin\u00e9-d\u00e9bat<\/p><div class=\"uagb-ifb-button-wrapper wp-block-button\"><\/div><\/div><\/div>\n<\/div>\n\n\n\n<div class=\"wp-block-uagb-container invite-info-box uagb-block-733b0d2c\">\n<div class=\"wp-block-uagb-info-box uagb-block-b76096af uagb-infobox__content-wrap  uagb-infobox_cta-type-all uagb-infobox-icon-above-title uagb-infobox-image-valign-top\"><a href=\"\/festival\/abel-hauata\" class=\"uagb-infobox-link-wrap uagb-infbox__link-to-all\" target=\"_self\" aria-label=\"Infobox Link\" rel=\"noopener noreferrer\" onclick=\"return true;\"><\/a><div class=\"uagb-ifb-content\"><div class=\"uagb-ifb-image-content\"><img decoding=\"async\" src=\"https:\/\/www.rochefortpacifique.org\/edition2025\/wp-content\/uploads\/sites\/3\/2025\/03\/AbelPhotoTrombi.jpg\" alt=\"\" width=\"320\" height=\"414\" loading=\"lazy\"\/><\/div><div class=\"uagb-ifb-title-wrap\"><h3 class=\"uagb-ifb-title\">Abel Hauata<\/h3><\/div><p class=\"uagb-ifb-desc\"><strong>Polyn\u00e9sie Fran\u00e7aise<br>&#8211;<\/strong><br>Cin\u00e9-d\u00e9bat<\/p><div class=\"uagb-ifb-button-wrapper wp-block-button\"><\/div><\/div><\/div>\n<\/div>\n\n\n\n<div class=\"wp-block-uagb-container invite-info-box uagb-block-935e2116\">\n<div class=\"wp-block-uagb-info-box uagb-block-ac39d545 uagb-infobox__content-wrap  uagb-infobox_cta-type-all uagb-infobox-icon-above-title uagb-infobox-image-valign-top\"><a href=\"\/festival\/louisa-raszyk \" class=\"uagb-infobox-link-wrap uagb-infbox__link-to-all\" target=\"_self\" aria-label=\"Infobox Link\" rel=\"noopener noreferrer\" onclick=\"return true;\"><\/a><div class=\"uagb-ifb-content\"><div class=\"uagb-ifb-image-content\"><img decoding=\"async\" src=\"https:\/\/www.rochefortpacifique.org\/edition2025\/wp-content\/uploads\/sites\/3\/2025\/03\/louisa-Raszyk.jpg\" alt=\"\" width=\"320\" height=\"320\" loading=\"lazy\"\/><\/div><div class=\"uagb-ifb-title-wrap\"><h3 class=\"uagb-ifb-title\">Louise Raszyk<\/h3><\/div><p class=\"uagb-ifb-desc\"><strong>Australie<br>\u00c9ditrice<\/strong><br>Rencontre litt\u00e9raire<\/p><div class=\"uagb-ifb-button-wrapper wp-block-button\"><\/div><\/div><\/div>\n<\/div>\n<\/div><\/div>\n\n\n\n<div class=\"wp-block-uagb-container uagb-block-a657e43b alignfull uagb-is-root-container\"><div class=\"uagb-container-inner-blocks-wrap\">\n<div class=\"wp-block-group is-nowrap is-layout-flex wp-container-core-group-is-layout-ad2f72ca wp-block-group-is-layout-flex\">\n<div class=\"wp-block-uagb-container invite-info-box uagb-block-25dc915b\">\n<div class=\"wp-block-uagb-info-box uagb-block-42e691b0 uagb-infobox__content-wrap  uagb-infobox_cta-type-all uagb-infobox-icon-above-title uagb-infobox-image-valign-top\"><a href=\"\/festival\/mireille-vignol\" class=\"uagb-infobox-link-wrap uagb-infbox__link-to-all\" target=\"_self\" aria-label=\"Infobox Link\" rel=\"noopener noreferrer\" onclick=\"return true;\"><\/a><div class=\"uagb-ifb-content\"><div class=\"uagb-ifb-image-content\"><img decoding=\"async\" src=\"https:\/\/www.rochefortpacifique.org\/edition2025\/wp-content\/uploads\/sites\/3\/2025\/03\/Mireille-Vignol.png\" alt=\"\" width=\"320\" height=\"305\" loading=\"lazy\"\/><\/div><div class=\"uagb-ifb-title-wrap\"><h3 class=\"uagb-ifb-title\">Mireille Vignol<\/h3><\/div><p class=\"uagb-ifb-desc\"><strong>France<br>Traductrice<\/strong><br>Rencontre litt\u00e9raire<\/p><div class=\"uagb-ifb-button-wrapper wp-block-button\"><\/div><\/div><\/div>\n<\/div>\n\n\n\n<div class=\"wp-block-uagb-container invite-info-box uagb-block-33f2f4f6\">\n<div class=\"wp-block-uagb-info-box uagb-block-f3cdcb64 uagb-infobox__content-wrap  uagb-infobox_cta-type-all uagb-infobox-icon-above-title uagb-infobox-image-valign-top\"><a href=\"\/festival\/odile-lacoste\" class=\"uagb-infobox-link-wrap uagb-infbox__link-to-all\" target=\"_self\" aria-label=\"Infobox Link\" rel=\"noopener noreferrer\" onclick=\"return true;\"><\/a><div class=\"uagb-ifb-content\"><div class=\"uagb-ifb-image-content\"><img decoding=\"async\" src=\"https:\/\/www.rochefortpacifique.org\/edition2025\/wp-content\/uploads\/sites\/3\/2025\/03\/odile-lacoste.jpg\" alt=\"\" width=\"320\" height=\"298\" loading=\"lazy\"\/><\/div><div class=\"uagb-ifb-title-wrap\"><h3 class=\"uagb-ifb-title\">Odile Lacoste<\/h3><\/div><p class=\"uagb-ifb-desc\"><strong>France<br>Interpr\u00e8te<\/strong><br>Dur\u00e9e du festival<\/p><div class=\"uagb-ifb-button-wrapper wp-block-button\"><\/div><\/div><\/div>\n<\/div>\n<\/div>\n<\/div><\/div>\n<\/div><\/div>\n\n\n\n<div style=\"height:5rem\" aria-hidden=\"true\" class=\"wp-block-spacer\"><\/div>\n","protected":false},"excerpt":{"rendered":"<p>Festival Rochefort Pacifique Les invit\u00e9s &amp; intervenants \u00c9dition 2025 R\u00e9alisateurs \/ R\u00e9alisatrices \u00c9crivains \/ \u00c9crivaines Intervenants \/ Intervenantes<\/p>\n","protected":false},"author":12,"featured_media":5475,"parent":0,"menu_order":2,"comment_status":"closed","ping_status":"closed","template":"page-full.php","meta":{"_acf_changed":false,"inline_featured_image":false,"_uag_custom_page_level_css":"","footnotes":""},"class_list":["post-5537","page","type-page","status-publish","has-post-thumbnail","hentry"],"acf":[],"uagb_featured_image_src":{"full":["https:\/\/www.rochefortpacifique.org\/edition2025\/wp-content\/uploads\/sites\/3\/2025\/01\/red-visuel-RP-2025-facebook-820x312-2.jpeg",820,312,false],"thumbnail":["https:\/\/www.rochefortpacifique.org\/edition2025\/wp-content\/uploads\/sites\/3\/2025\/01\/red-visuel-RP-2025-facebook-820x312-2-150x150.jpeg",150,150,true],"medium":["https:\/\/www.rochefortpacifique.org\/edition2025\/wp-content\/uploads\/sites\/3\/2025\/01\/red-visuel-RP-2025-facebook-820x312-2-300x114.jpeg",300,114,true],"medium_large":["https:\/\/www.rochefortpacifique.org\/edition2025\/wp-content\/uploads\/sites\/3\/2025\/01\/red-visuel-RP-2025-facebook-820x312-2-768x292.jpeg",768,292,true],"large":["https:\/\/www.rochefortpacifique.org\/edition2025\/wp-content\/uploads\/sites\/3\/2025\/01\/red-visuel-RP-2025-facebook-820x312-2.jpeg",800,304,false],"1536x1536":["https:\/\/www.rochefortpacifique.org\/edition2025\/wp-content\/uploads\/sites\/3\/2025\/01\/red-visuel-RP-2025-facebook-820x312-2.jpeg",820,312,false],"2048x2048":["https:\/\/www.rochefortpacifique.org\/edition2025\/wp-content\/uploads\/sites\/3\/2025\/01\/red-visuel-RP-2025-facebook-820x312-2.jpeg",820,312,false]},"uagb_author_info":{"display_name":"Julien Taureau","author_link":"https:\/\/www.rochefortpacifique.org\/edition2025\/author\/julient\/"},"uagb_comment_info":0,"uagb_excerpt":"Festival Rochefort Pacifique Les invit\u00e9s &amp; intervenants \u00c9dition 2025 R\u00e9alisateurs \/ R\u00e9alisatrices \u00c9crivains \/ \u00c9crivaines Intervenants \/ Intervenantes","_links":{"self":[{"href":"https:\/\/www.rochefortpacifique.org\/edition2025\/wp-json\/wp\/v2\/pages\/5537","targetHints":{"allow":["GET"]}}],"collection":[{"href":"https:\/\/www.rochefortpacifique.org\/edition2025\/wp-json\/wp\/v2\/pages"}],"about":[{"href":"https:\/\/www.rochefortpacifique.org\/edition2025\/wp-json\/wp\/v2\/types\/page"}],"author":[{"embeddable":true,"href":"https:\/\/www.rochefortpacifique.org\/edition2025\/wp-json\/wp\/v2\/users\/12"}],"replies":[{"embeddable":true,"href":"https:\/\/www.rochefortpacifique.org\/edition2025\/wp-json\/wp\/v2\/comments?post=5537"}],"version-history":[{"count":72,"href":"https:\/\/www.rochefortpacifique.org\/edition2025\/wp-json\/wp\/v2\/pages\/5537\/revisions"}],"predecessor-version":[{"id":6672,"href":"https:\/\/www.rochefortpacifique.org\/edition2025\/wp-json\/wp\/v2\/pages\/5537\/revisions\/6672"}],"wp:featuredmedia":[{"embeddable":true,"href":"https:\/\/www.rochefortpacifique.org\/edition2025\/wp-json\/wp\/v2\/media\/5475"}],"wp:attachment":[{"href":"https:\/\/www.rochefortpacifique.org\/edition2025\/wp-json\/wp\/v2\/media?parent=5537"}],"curies":[{"name":"wp","href":"https:\/\/api.w.org\/{rel}","templated":true}]}}