{"id":5535,"date":"2025-03-07T12:43:08","date_gmt":"2025-03-07T11:43:08","guid":{"rendered":"https:\/\/www.rochefortpacifique.org\/edition2025\/?page_id=5535"},"modified":"2026-03-30T22:51:27","modified_gmt":"2026-03-30T20:51:27","slug":"programmation-2025","status":"publish","type":"page","link":"https:\/\/www.rochefortpacifique.org\/edition2025\/programmation-2025\/","title":{"rendered":"Programmation 2025 &#8211; Festival Rochefort Pacifique"},"content":{"rendered":"\n<header class=\"wp-block-uagb-container page-title-header uagb-block-8347f88f alignfull uagb-is-root-container\"><div class=\"uagb-container-inner-blocks-wrap\">\n<div class=\"wp-block-uagb-container uagb-block-c9fe4809 alignfull uagb-is-root-container\"><div class=\"uagb-container-inner-blocks-wrap\">\n<p class=\"estilo_title has-text-color has-link-color wp-elements-84f89749c974eab9b77f3d6a758deec9\" style=\"color:#fdad2c;font-size:32px;font-style:normal;font-weight:300;text-transform:uppercase\"><strong><strong>du 10 au 12 avril 2025<\/strong><\/strong><\/p>\n\n\n\n<div data-aos= \"fade-up\" data-aos-duration=\"400\" data-aos-delay=\"0\" data-aos-easing=\"ease\" data-aos-once=\"true\" class=\"wp-block-uagb-advanced-heading uagb-block-b3968097 rp-h2\"><h1 class=\"uagb-heading-text\">Programmation<\/h1><\/div>\n\n\n\n<p class=\"estilo_title has-white-color has-text-color has-link-color wp-elements-c9311b4ca41de432fa7c2757ac1a9561\" style=\"font-size:32px;font-style:normal;font-weight:300;text-transform:uppercase\"><strong>Guam \u00e0 l&rsquo;honneur<\/strong><\/p>\n<\/div><\/div>\n<\/div><\/header>\n\n\n\n<div id=\"programmation-complete\" class=\"wp-block-uagb-container programmation-grid uagb-block-e08d15c5 alignfull uagb-is-root-container\"><div class=\"uagb-container-inner-blocks-wrap\">\n<div data-aos= \"fade\" data-aos-duration=\"400\" data-aos-delay=\"0\" data-aos-easing=\"ease\" data-aos-once=\"true\" class=\"wp-block-uagb-tabs uagb-block-0a02407e uagb-tabs__wrap uagb-tabs__vstyle6-desktop uagb-tabs__vstyle6-tablet uagb-tabs__stack1-mobile\" data-tab-active=\"1\"><ul class=\"uagb-tabs__panel uagb-tabs__align-left\" role=\"tablist\"><li class=\"uagb-tab \" role=\"none\"><a href=\"#uagb-tabs__tab0\" class=\"uagb-tabs-list uagb-tabs__icon-position-left\" data-tab=\"0\" role=\"tab\"><div>Tous les \u00e9v\u00e9nements<\/div><\/a><\/li><li class=\"uagb-tab uagb-tabs__active\" role=\"none\"><a href=\"#uagb-tabs__tab1\" class=\"uagb-tabs-list uagb-tabs__icon-position-left\" data-tab=\"1\" role=\"tab\"><div>Rendez-vous Oc\u00e9aniens<\/div><\/a><\/li><li class=\"uagb-tab \" role=\"none\"><a href=\"#uagb-tabs__tab2\" class=\"uagb-tabs-list uagb-tabs__icon-position-left\" data-tab=\"2\" role=\"tab\"><div>Jeudi 10 avril<\/div><\/a><\/li><li class=\"uagb-tab \" role=\"none\"><a href=\"#uagb-tabs__tab3\" class=\"uagb-tabs-list uagb-tabs__icon-position-left\" data-tab=\"3\" role=\"tab\"><div>Vendredi 11 avril<\/div><\/a><\/li><li class=\"uagb-tab \" role=\"none\"><a href=\"#uagb-tabs__tab4\" class=\"uagb-tabs-list uagb-tabs__icon-position-left\" data-tab=\"4\" role=\"tab\"><div>Samedi 12 avril<\/div><\/a><\/li><li class=\"uagb-tab \" role=\"none\"><a href=\"#uagb-tabs__tab5\" class=\"uagb-tabs-list uagb-tabs__icon-position-left\" data-tab=\"5\" role=\"tab\"><div>Cin\u00e9-d\u00e9bat<\/div><\/a><\/li><li class=\"uagb-tab \" role=\"none\"><a href=\"#uagb-tabs__tab6\" class=\"uagb-tabs-list uagb-tabs__icon-position-left\" data-tab=\"6\" role=\"tab\"><div>Rencontres litt\u00e9raires<\/div><\/a><\/li><li class=\"uagb-tab \" role=\"none\"><a href=\"#uagb-tabs__tab7\" class=\"uagb-tabs-list uagb-tabs__icon-position-left\" data-tab=\"7\" role=\"tab\"><div>Animations<\/div><\/a><\/li><\/ul><div class=\"uagb-tabs__body-wrap\">\n<div data-aos= \"fade\" data-aos-duration=\"400\" data-aos-delay=\"0\" data-aos-easing=\"ease\" data-aos-once=\"true\" class=\"wp-block-uagb-tabs-child uagb-tabs__body-container uagb-inner-tab-0\" aria-labelledby=\"uagb-tabs__tab0\"><div id=\"prog-complete\" class=\"festival-events-grid\">\n\t\t\t\t<a href=\"https:\/\/www.rochefortpacifique.org\/edition2025\/festival\/rencontre-avec-benoit-trepied\/\" class=\"event-card-link\">\n\t\t\t\t\t<div class=\"event-card\">\n\t\t\t\t\t\t<div class=\"prog-event-thumbnail\" style=\"background-image: url(https:\/\/www.rochefortpacifique.org\/edition2025\/wp-content\/uploads\/sites\/3\/2025\/09\/benoit-trepied_decolonisier-la-kanaki_nouvelle-caledonie-640x1024.jpg); max-height: 270px;\"><\/div>\n\t\t\t\t\t\t<div class=\"event-content\">\n\t\t\t\t\t\t<div class=\"event-date\">\n                    <span class=\"event-day\">Vendredi<\/span>\n                    <span class=\"event-number\">03<\/span>\n                    <span class=\"event-month\">Octobre<\/span>\n                <\/div> <!-- Ajout de la date ici -->\n\t\t\t\t\t\t\t<div class=\"event-infos\">\n\t\t\t\t\t\t\t\t<p>18 h\n\t\t\t\t\t\t\t\t<span class=\"separator\">\u2014<\/span>\n\t\t\t\t\t\t\t\tSalle de Conf\u00e9rence du CIM - Librairie de la Corderie Royale de Rochefort<\/p>\n\t\t\t\t\t\t\t<\/div>\n\t\t\t\t\t\t\t<span class=\"event-badge\">Rendez-vous Oc\u00e9anien<\/span>\n\t\t\t\t\t\t\t<h3>Rencontre avec Beno\u00eet Tr\u00e9pied autour du livre \u00ab\u00a0D\u00e9coloniser la Kanaki-Nouvelle-Cal\u00e9donie\u00a0\u00bb<\/h3>\n\t\t\t\t\t\t\t<p class=\"subtitle\"><\/p>\n\t\t\t\t\t\t\t<p class=\"creator\"><p class=\"subtitle\">De Beno\u00eet Tr\u00e9pied<\/p><\/p>\n\t\t\t\t\t\t\t<div class=\"event-excerpt\"><p class=\"event-text\">Le second \u00ab\u00a0Rendez-Vous Oc\u00e9anien\u00a0\u00bb de 2025 recevra Beno\u00eet Tr\u00e9pied, anthropologue charg\u00e9 de recherche au CNRS, qui pr\u00e9sentera son livre \u00ab\u00a0D\u00e9coloniser la Kanaky-Nouvelle-Cal\u00e9donie\u00a0\u00bb parue en Mars 2025 \u00e0 Anacharsis \u00c9ditions, Le vendredi 3 Octobre 2025 \u00e0 18h \u00e0 la Salle de Conf\u00e9rence du CIM &#8211; Corderie Royale &#8211; Centre International de la Mer &#8211; librairie de [&hellip;]<\/p><p class=\"event-details\"><\/p>\n                <\/div>\n            <\/div>\n        <\/div>\n    <\/a>\n\t\t\t\t<a href=\"https:\/\/www.rochefortpacifique.org\/edition2025\/festival\/narcisse-pelletier-jeune-mousse-perdu-en-australie\/\" class=\"event-card-link\">\n\t\t\t\t\t<div class=\"event-card\">\n\t\t\t\t\t\t<div class=\"prog-event-thumbnail\" style=\"background-image: url(https:\/\/www.rochefortpacifique.org\/edition2025\/wp-content\/uploads\/sites\/3\/2025\/03\/narcisse-pelletier_expo-2-724x1024.jpg); max-height: 270px;\"><\/div>\n\t\t\t\t\t\t<div class=\"event-content\">\n\t\t\t\t\t\t<div class=\"event-date\">\n                    <span class=\"event-day\">Jeudi<\/span>\n                    <span class=\"event-number\">10<\/span>\n                    <span class=\"event-month\">Avril<\/span>\n                <\/div> <!-- Ajout de la date ici -->\n\t\t\t\t\t\t\t<div class=\"event-infos\">\n\t\t\t\t\t\t\t\t<p>14 h\n\t\t\t\t\t\t\t\t<span class=\"separator\">\u2014<\/span>\n\t\t\t\t\t\t\t\tMus\u00e9e H\u00e8bre<\/p>\n\t\t\t\t\t\t\t<\/div>\n\t\t\t\t\t\t\t<span class=\"event-badge\">Exposition<\/span>\n\t\t\t\t\t\t\t<h3>Visite de l\u2019exposition \u201cNarcisse Pelletier, jeune mousse perdu en Australie\u201d par l\u2019historien Thomas Duranteau<\/h3>\n\t\t\t\t\t\t\t<p class=\"subtitle\"><\/p>\n\t\t\t\t\t\t\t<p class=\"creator\"><\/p>\n\t\t\t\t\t\t\t<div class=\"event-excerpt\"><p class=\"event-text\">Visite de l\u2019exposition \u201cNarcisse Pelletier, jeune mousse perdu en Australie\u201d par l\u2019historien Thomas Duranteau<\/p><p class=\"event-details\">Sur inscription aupr\u00e8s du Mus\u00e9e H\u00e8bre - 05 46 82 91 60 - tarif 5.50 \u20ac (entr\u00e9e mus\u00e9e) gratuit pour les adh\u00e9rents - 20 personnes max.<\/p>\n                <\/div>\n            <\/div>\n        <\/div>\n    <\/a>\n\t\t\t\t<a href=\"https:\/\/www.rochefortpacifique.org\/edition2025\/festival\/hecatombe-oceanienne\/\" class=\"event-card-link\">\n\t\t\t\t\t<div class=\"event-card\">\n\t\t\t\t\t\t<div class=\"prog-event-thumbnail\" style=\"background-image: url(https:\/\/www.rochefortpacifique.org\/edition2025\/wp-content\/uploads\/sites\/3\/2025\/03\/hecatombe-oceanienne-811x1024.jpg); max-height: 270px;\"><\/div>\n\t\t\t\t\t\t<div class=\"event-content\">\n\t\t\t\t\t\t<div class=\"event-date\">\n                    <span class=\"event-day\">Jeudi<\/span>\n                    <span class=\"event-number\">10<\/span>\n                    <span class=\"event-month\">Avril<\/span>\n                <\/div> <!-- Ajout de la date ici -->\n\t\t\t\t\t\t\t<div class=\"event-infos\">\n\t\t\t\t\t\t\t\t<p>16 h\n\t\t\t\t\t\t\t\t<span class=\"separator\">\u2014<\/span>\n\t\t\t\t\t\t\t\tMus\u00e9e H\u00e8bre<\/p>\n\t\t\t\t\t\t\t<\/div>\n\t\t\t\t\t\t\t<span class=\"event-badge\">Rencontre litt\u00e9raire<\/span>\n\t\t\t\t\t\t\t<h3>H\u00c9CATOMBE OC\u00c9ANIENNE<\/h3>\n\t\t\t\t\t\t\t<p class=\"subtitle\"><\/p>\n\t\t\t\t\t\t\t<p class=\"creator\"><p class=\"subtitle\">De Christophe Sand<\/p><\/p>\n\t\t\t\t\t\t\t<div class=\"event-excerpt\"><p class=\"event-details\">Essai \/ \u00c9ditions Au Vent des \u00celes \/ Oc\u00e9anie \/ 2024<\/p><p class=\"event-text\">Pourquoi la d\u00e9population des peuples du Pacifique \u00e0 la suite des premiers contacts avec les navigateurs occidentaux a-t-elle \u00e9t\u00e9 minimis\u00e9e depuis plus d\u2019un demi-si\u00e8cle, alors m\u00eame que les donn\u00e9es arch\u00e9ologiques, les premiers \u00e9crits europ\u00e9ens et des traditions orales l\u2019attestent ? En associant t\u00e9moignages de l\u2019\u00e9poque des grandes exp\u00e9ditions, archives missionnaires, traditions orales et d\u00e9couvertes scientifiques, [&hellip;]<\/p><p class=\"event-details\">En pr\u00e9sence de l\u2019auteur<br \/><br \/>\r\nD\u00e9dicace sur place<\/p>\n                <\/div>\n            <\/div>\n        <\/div>\n    <\/a>\n\t\t\t\t<a href=\"https:\/\/www.rochefortpacifique.org\/edition2025\/festival\/ouverture-de-la-19e-edition-du-festival\/\" class=\"event-card-link\">\n\t\t\t\t\t<div class=\"event-card\">\n\t\t\t\t\t\t<div class=\"prog-event-thumbnail\" style=\"background-image: url(https:\/\/www.rochefortpacifique.org\/edition2025\/wp-content\/uploads\/sites\/3\/2025\/01\/affiche-RP-2025-mobile-728x1024.jpg); max-height: 270px;\"><\/div>\n\t\t\t\t\t\t<div class=\"event-content\">\n\t\t\t\t\t\t<div class=\"event-date\">\n                    <span class=\"event-day\">Jeudi<\/span>\n                    <span class=\"event-number\">10<\/span>\n                    <span class=\"event-month\">Avril<\/span>\n                <\/div> <!-- Ajout de la date ici -->\n\t\t\t\t\t\t\t<div class=\"event-infos\">\n\t\t\t\t\t\t\t\t<p>18 h 30\n\t\t\t\t\t\t\t\t<span class=\"separator\">\u2014<\/span>\n\t\t\t\t\t\t\t\tAppolo Cin\u00e9 8<\/p>\n\t\t\t\t\t\t\t<\/div>\n\t\t\t\t\t\t\t<span class=\"event-badge\">Animation<\/span><span class=\"event-badge\">Discours d&#039;ouverture<\/span>\n\t\t\t\t\t\t\t<h3>OUVERTURE DE LA 19e \u00c9DITION DU FESTIVAL<\/h3>\n\t\t\t\t\t\t\t<p class=\"subtitle\"><\/p>\n\t\t\t\t\t\t\t<p class=\"creator\"><\/p>\n\t\t\t\t\t\t\t<div class=\"event-excerpt\"><p class=\"event-text\">Spectacle de musiques et danses des \u00e9l\u00e8ves du Conservatoire inspir\u00e9es des cultures du Pacifique. Discours d\u2019ouverture<\/p><p class=\"event-details\">Pot de l\u2019amiti\u00e9<\/p>\n                <\/div>\n            <\/div>\n        <\/div>\n    <\/a>\n\t\t\t\t<a href=\"https:\/\/www.rochefortpacifique.org\/edition2025\/festival\/something-to-call-our-own\/\" class=\"event-card-link\">\n\t\t\t\t\t<div class=\"event-card\">\n\t\t\t\t\t\t<div class=\"prog-event-thumbnail\" style=\"background-image: url(https:\/\/www.rochefortpacifique.org\/edition2025\/wp-content\/uploads\/sites\/3\/2025\/03\/SomeThingCallOurOwn-Poster-819x1024.jpg); max-height: 270px;\"><\/div>\n\t\t\t\t\t\t<div class=\"event-content\">\n\t\t\t\t\t\t<div class=\"event-date\">\n                    <span class=\"event-day\">Jeudi<\/span>\n                    <span class=\"event-number\">10<\/span>\n                    <span class=\"event-month\">Avril<\/span>\n                <\/div> <!-- Ajout de la date ici -->\n\t\t\t\t\t\t\t<div class=\"event-infos\">\n\t\t\t\t\t\t\t\t<p>21 h\n\t\t\t\t\t\t\t\t<span class=\"separator\">\u2014<\/span>\n\t\t\t\t\t\t\t\tAppolo Cin\u00e9 8<\/p>\n\t\t\t\t\t\t\t<\/div>\n\t\t\t\t\t\t\t<span class=\"event-badge\">Cin\u00e9-d\u00e9bat<\/span>\n\t\t\t\t\t\t\t<h3>Something To Call Our Own<\/h3>\n\t\t\t\t\t\t\t<p class=\"subtitle\"><\/p>\n\t\t\t\t\t\t\t<p class=\"creator\"><p class=\"subtitle\">De Niel Romero<\/p><\/p>\n\t\t\t\t\t\t\t<div class=\"event-excerpt\"><p class=\"event-details\">Documentaire \/ Guam \/ 60&#039; \/ VOSTFR \/ 2025<\/p><p class=\"event-text\">R\u00e9sum\u00e9 L&rsquo;importance de la danse comme affirmation et r\u00e9sistance de la culture Chamorro de Guam : De la petite \u00eele de Guam \u00e0 la sc\u00e8ne internationale du FestPAC, c\u2019est l\u2019histoire inspirante des efforts continus pour la restauration et la pr\u00e9servation d\u2019une tradition qui appartient au peuple Chamorro, autrefois r\u00e9duit au silence par la colonisation. Avec [&hellip;]<\/p><p class=\"event-details\">En pr\u00e9sence du r\u00e9alisateur<br \/><br \/>\r\nInterpr\u00e8te : Odile Lacoste<\/p>\n                <\/div>\n            <\/div>\n        <\/div>\n    <\/a>\n\t\t\t\t<a href=\"https:\/\/www.rochefortpacifique.org\/edition2025\/festival\/bereziina\/\" class=\"event-card-link\">\n\t\t\t\t\t<div class=\"event-card\">\n\t\t\t\t\t\t<div class=\"prog-event-thumbnail\" style=\"background-image: url(https:\/\/www.rochefortpacifique.org\/edition2025\/wp-content\/uploads\/sites\/3\/2025\/03\/BereziinaPoster-766x1024.jpg); max-height: 270px;\"><\/div>\n\t\t\t\t\t\t<div class=\"event-content\">\n\t\t\t\t\t\t<div class=\"event-date\">\n                    <span class=\"event-day\">Vendredi<\/span>\n                    <span class=\"event-number\">11<\/span>\n                    <span class=\"event-month\">Avril<\/span>\n                <\/div> <!-- Ajout de la date ici -->\n\t\t\t\t\t\t\t<div class=\"event-infos\">\n\t\t\t\t\t\t\t\t<p>10 h\n\t\t\t\t\t\t\t\t<span class=\"separator\">\u2014<\/span>\n\t\t\t\t\t\t\t\tAppolo Cin\u00e9 8<\/p>\n\t\t\t\t\t\t\t<\/div>\n\t\t\t\t\t\t\t<span class=\"event-badge\">Cin\u00e9-d\u00e9bat<\/span>\n\t\t\t\t\t\t\t<h3>BEREZIINA<\/h3>\n\t\t\t\t\t\t\t<p class=\"subtitle\"><\/p>\n\t\t\t\t\t\t\t<p class=\"creator\"><p class=\"subtitle\">De Anthony Pedulla<\/p><\/p>\n\t\t\t\t\t\t\t<div class=\"event-excerpt\"><p class=\"event-details\">Court m\u00e9trage \/ Nouvelle-Cal\u00e9donie \/ 19&#039; \/ VF \/ 2024<\/p><p class=\"event-text\">\u00c0 Noum\u00e9a, Zerbina, une jeune danseuse de hip-hop kanak doit s\u2019\u00e9clipser d\u2019une r\u00e9p\u00e9tition car son p\u00e8re la convoque en brousse. Retour difficile \u00e0 la tribu pour la jeune fille. Cin\u00e9-d\u00e9bat<\/p><p class=\"event-details\">En pr\u00e9sence du r\u00e9alisateur<br \/><br \/>\r\net de la productrice Cinthia DJIRAM<\/p>\n                <\/div>\n            <\/div>\n        <\/div>\n    <\/a>\n\t\t\t\t<a href=\"https:\/\/www.rochefortpacifique.org\/edition2025\/festival\/charlie-tangaroa-et-la-creature-des-abysses\/\" class=\"event-card-link\">\n\t\t\t\t\t<div class=\"event-card\">\n\t\t\t\t\t\t<div class=\"prog-event-thumbnail\" style=\"background-image: url(https:\/\/www.rochefortpacifique.org\/edition2025\/wp-content\/uploads\/sites\/3\/2025\/03\/Couv1CharlieTagaroaweb-624x1024.jpg); max-height: 270px;\"><\/div>\n\t\t\t\t\t\t<div class=\"event-content\">\n\t\t\t\t\t\t<div class=\"event-date\">\n                    <span class=\"event-day\">Vendredi<\/span>\n                    <span class=\"event-number\">11<\/span>\n                    <span class=\"event-month\">Avril<\/span>\n                <\/div> <!-- Ajout de la date ici -->\n\t\t\t\t\t\t\t<div class=\"event-infos\">\n\t\t\t\t\t\t\t\t<p>10 h 45\n\t\t\t\t\t\t\t\t<span class=\"separator\">\u2014<\/span>\n\t\t\t\t\t\t\t\tAppolo Cin\u00e9 8<\/p>\n\t\t\t\t\t\t\t<\/div>\n\t\t\t\t\t\t\t<span class=\"event-badge\">Rencontre litt\u00e9raire<\/span>\n\t\t\t\t\t\t\t<h3>Charlie Tangaroa et la cr\u00e9ature des abysses<\/h3>\n\t\t\t\t\t\t\t<p class=\"subtitle\"><\/p>\n\t\t\t\t\t\t\t<p class=\"creator\"><p class=\"subtitle\">De Tania K. Roxborogh<\/p><\/p>\n\t\t\t\t\t\t\t<div class=\"event-excerpt\"><p class=\"event-details\">Roman Jeunesse \/ Au Vent des \u00celes \/ 2025<\/p><p class=\"event-text\">Alors que Charlie Tangaroa et son demi-fr\u00e8re nettoient la plage, ils font la d\u00e9couverte d\u2019une sir\u00e8ne \u00e9chou\u00e9e mais encore vivante qu\u2019ils vont secourir avec l\u2019aide de leur grand-p\u00e8re. C\u2019est le d\u00e9but d\u2019une grande aventure pour Charlie alors que des temp\u00eates font rage et que son village c\u00f4tier est touch\u00e9 par des s\u00e9ismes. Charlie comprend que [&hellip;]<\/p><p class=\"event-details\">Traduit par Christine ROTH<br \/><br \/>\r\nPr\u00e9sent\u00e9 par Mireille Vignol, traductrice avec l\u2019auteure en visioconf\u00e9rence depuis la Nouvelle-Z\u00e9lande<br \/><br \/>\r\nInterpr\u00e8te : Odile LACOSTE<\/p>\n                <\/div>\n            <\/div>\n        <\/div>\n    <\/a>\n\t\t\t\t<a href=\"https:\/\/www.rochefortpacifique.org\/edition2025\/festival\/tradewinds\/\" class=\"event-card-link\">\n\t\t\t\t\t<div class=\"event-card\">\n\t\t\t\t\t\t<div class=\"prog-event-thumbnail\" style=\"background-image: url(https:\/\/www.rochefortpacifique.org\/edition2025\/wp-content\/uploads\/sites\/3\/2025\/03\/TRADEWINDSposter-819x1024.jpg); max-height: 270px;\"><\/div>\n\t\t\t\t\t\t<div class=\"event-content\">\n\t\t\t\t\t\t<div class=\"event-date\">\n                    <span class=\"event-day\">Vendredi<\/span>\n                    <span class=\"event-number\">11<\/span>\n                    <span class=\"event-month\">Avril<\/span>\n                <\/div> <!-- Ajout de la date ici -->\n\t\t\t\t\t\t\t<div class=\"event-infos\">\n\t\t\t\t\t\t\t\t<p>11 h 15\n\t\t\t\t\t\t\t\t<span class=\"separator\">\u2014<\/span>\n\t\t\t\t\t\t\t\tAppolo Cin\u00e9 8<\/p>\n\t\t\t\t\t\t\t<\/div>\n\t\t\t\t\t\t\t<span class=\"event-badge\">Cin\u00e9-d\u00e9bat<\/span>\n\t\t\t\t\t\t\t<h3>TradeWinds<\/h3>\n\t\t\t\t\t\t\t<p class=\"subtitle\"><\/p>\n\t\t\t\t\t\t\t<p class=\"creator\"><p class=\"subtitle\">De Kyle Perron<\/p><\/p>\n\t\t\t\t\t\t\t<div class=\"event-excerpt\"><p class=\"event-details\">Documentaire \/ Guam \/ 23&#039; \/ VOSTFR \/ 2023<\/p><p class=\"event-text\">R\u00e9sum\u00e9 Un portrait du musicien de jazz Chamorro Patrick Palomo, qui se transforme rapidement en une lettre d\u2019amour \u00e0 sa culture indig\u00e8ne et \u00e0 toutes les fa\u00e7ons dont elle influence le pianiste qu\u2019il est. Palomo se retrouve \u00e0 encadrer la prochaine g\u00e9n\u00e9ration de talents musicaux \u00e9mergents de Guam, en constituant leur groupe \u201dTradewinds\u201d. Bande-annonce \/ [&hellip;]<\/p><p class=\"event-details\">Pr\u00e9sent\u00e9 par Niel Romero, cin\u00e9aste de Guam<br \/><br \/>\r\nInterpr\u00e8te : Odile LACOSTE<\/p>\n                <\/div>\n            <\/div>\n        <\/div>\n    <\/a>\n\t\t\t\t<a href=\"https:\/\/www.rochefortpacifique.org\/edition2025\/festival\/henua\/\" class=\"event-card-link\">\n\t\t\t\t\t<div class=\"event-card\">\n\t\t\t\t\t\t<div class=\"prog-event-thumbnail\" style=\"background-image: url(https:\/\/www.rochefortpacifique.org\/edition2025\/wp-content\/uploads\/sites\/3\/2025\/03\/HENUA-700x1024.jpg); max-height: 270px;\"><\/div>\n\t\t\t\t\t\t<div class=\"event-content\">\n\t\t\t\t\t\t<div class=\"event-date\">\n                    <span class=\"event-day\">Vendredi<\/span>\n                    <span class=\"event-number\">11<\/span>\n                    <span class=\"event-month\">Avril<\/span>\n                <\/div> <!-- Ajout de la date ici -->\n\t\t\t\t\t\t\t<div class=\"event-infos\">\n\t\t\t\t\t\t\t\t<p>14 h\n\t\t\t\t\t\t\t\t<span class=\"separator\">\u2014<\/span>\n\t\t\t\t\t\t\t\tAppolo Cin\u00e9 8<\/p>\n\t\t\t\t\t\t\t<\/div>\n\t\t\t\t\t\t\t<span class=\"event-badge\">Rencontre litt\u00e9raire<\/span>\n\t\t\t\t\t\t\t<h3>Henua<\/h3>\n\t\t\t\t\t\t\t<p class=\"subtitle\"><\/p>\n\t\t\t\t\t\t\t<p class=\"creator\"><p class=\"subtitle\">De Marin Ledun<\/p><\/p>\n\t\t\t\t\t\t\t<div class=\"event-excerpt\"><p class=\"event-details\">Roman policier \/ Collection S\u00e9rie Noire - Gallimard \/ 2025<\/p><p class=\"event-text\">\u00c0 Henua Enana, la Terre des Hommes, v\u00e9ritable nom des Marquises, est retrouv\u00e9 le corps de Paiotoka O\u2019Connor, une jeune m\u00e8re respect\u00e9e, \u00e9prise de libert\u00e9, aimant passionn\u00e9ment Nuku Hiva, son \u00eele. Le lieutenant de gendarmerie Tepano Morel \u2013 n\u00e9 d\u2019un p\u00e8re m\u00e9tropolitain et d\u2019une m\u00e8re marquisienne \u2013 est d\u00e9p\u00each\u00e9 depuis Tahiti pour enqu\u00eater, second\u00e9 sur [&hellip;]<\/p><p class=\"event-details\"> En pr\u00e9sence de l\u2019auteur<\/p>\n                <\/div>\n            <\/div>\n        <\/div>\n    <\/a>\n\t\t\t\t<a href=\"https:\/\/www.rochefortpacifique.org\/edition2025\/festival\/war-for-guam\/\" class=\"event-card-link\">\n\t\t\t\t\t<div class=\"event-card\">\n\t\t\t\t\t\t<div class=\"prog-event-thumbnail\" style=\"background-image: url(https:\/\/www.rochefortpacifique.org\/edition2025\/wp-content\/uploads\/sites\/3\/2025\/03\/WarForGuam-affiche-741x1024.jpg); max-height: 270px;\"><\/div>\n\t\t\t\t\t\t<div class=\"event-content\">\n\t\t\t\t\t\t<div class=\"event-date\">\n                    <span class=\"event-day\">Vendredi<\/span>\n                    <span class=\"event-number\">11<\/span>\n                    <span class=\"event-month\">Avril<\/span>\n                <\/div> <!-- Ajout de la date ici -->\n\t\t\t\t\t\t\t<div class=\"event-infos\">\n\t\t\t\t\t\t\t\t<p>14 h 45\n\t\t\t\t\t\t\t\t<span class=\"separator\">\u2014<\/span>\n\t\t\t\t\t\t\t\tAppolo Cin\u00e9 8<\/p>\n\t\t\t\t\t\t\t<\/div>\n\t\t\t\t\t\t\t<span class=\"event-badge\">Cin\u00e9-d\u00e9bat<\/span>\n\t\t\t\t\t\t\t<h3>War for Guam<\/h3>\n\t\t\t\t\t\t\t<p class=\"subtitle\"><\/p>\n\t\t\t\t\t\t\t<p class=\"creator\"><p class=\"subtitle\">De Frances Negron Muntaner<\/p><\/p>\n\t\t\t\t\t\t\t<div class=\"event-excerpt\"><p class=\"event-details\">Documentaire \/ Guam \/ 56&#039; \/ VOSTFR \/ 2015<\/p><p class=\"event-text\">R\u00e9sum\u00e9 L&rsquo;histoire du peuple autochtone de Guam, les Chamorros, qui sont rest\u00e9s fid\u00e8les aux \u00c9tats-Unis sous l\u2019occupation japonaise brutale de 1941-44, mais qui ont \u00e9t\u00e9 d\u00e9pouill\u00e9s d&rsquo;une grande partie de leurs terres ancestrales pour construire des installations militaires apr\u00e8s la Seconde Guerre mondiale. \u00c0 travers des images d&rsquo;archives rarement vues, ainsi que des t\u00e9moignages de [&hellip;]<\/p><p class=\"event-details\">Pr\u00e9sent\u00e9 par Niel Romero, cin\u00e9aste de Guam<br \/><br \/>\r\nInterpr\u00e8te : Odile LACOSTE<\/p>\n                <\/div>\n            <\/div>\n        <\/div>\n    <\/a>\n\t\t\t\t<a href=\"https:\/\/www.rochefortpacifique.org\/edition2025\/festival\/micronesie\/\" class=\"event-card-link\">\n\t\t\t\t\t<div class=\"event-card\">\n\t\t\t\t\t\t<div class=\"prog-event-thumbnail\" style=\"background-image: url(https:\/\/www.rochefortpacifique.org\/edition2025\/wp-content\/uploads\/sites\/3\/2025\/03\/micronesie-editions-magellan-et-cie-666x1024.jpg); max-height: 270px;\"><\/div>\n\t\t\t\t\t\t<div class=\"event-content\">\n\t\t\t\t\t\t<div class=\"event-date\">\n                    <span class=\"event-day\">Vendredi<\/span>\n                    <span class=\"event-number\">11<\/span>\n                    <span class=\"event-month\">Avril<\/span>\n                <\/div> <!-- Ajout de la date ici -->\n\t\t\t\t\t\t\t<div class=\"event-infos\">\n\t\t\t\t\t\t\t\t<p>16 h 30\n\t\t\t\t\t\t\t\t<span class=\"separator\">\u2014<\/span>\n\t\t\t\t\t\t\t\tAppolo Cin\u00e9 8<\/p>\n\t\t\t\t\t\t\t<\/div>\n\t\t\t\t\t\t\t<span class=\"event-badge\">Rencontre litt\u00e9raire<\/span>\n\t\t\t\t\t\t\t<h3>Micron\u00e9sie<\/h3>\n\t\t\t\t\t\t\t<p class=\"subtitle\"><\/p>\n\t\t\t\t\t\t\t<p class=\"creator\"><p class=\"subtitle\">De Adrien Gombeaud<\/p><\/p>\n\t\t\t\t\t\t\t<div class=\"event-excerpt\"><p class=\"event-details\">R\u00e9cit \/ Magellan &amp; Cie \/ 2022<\/p><p class=\"event-text\">La Micron\u00e9sie est une r\u00e9gion m\u00e9connue de l\u2019Oc\u00e9anie constitu\u00e9e de deux mille \u00eeles r\u00e9parties sur plus de sept millions de kilom\u00e8tres carr\u00e9s. Elle regroupe plusieurs \u00c9tats et r\u00e9gions administratives dont Guam et les quatre \u00c9tats f\u00e9d\u00e9r\u00e9s de Micron\u00e9sie: Yap, Kosrae,Pohnpei et Chuuk. En plongeant \u00e0 Chuuk parmi les \u00e9paves de la Seconde Guerre mondiale, restes [&hellip;]<\/p><p class=\"event-details\">En pr\u00e9sence de l\u2019auteur<\/p>\n                <\/div>\n            <\/div>\n        <\/div>\n    <\/a>\n\t\t\t\t<a href=\"https:\/\/www.rochefortpacifique.org\/edition2025\/festival\/a-la-decouverte-de-lile-de-guam\/\" class=\"event-card-link\">\n\t\t\t\t\t<div class=\"event-card\">\n\t\t\t\t\t\t<div class=\"prog-event-thumbnail\" style=\"background-image: url(https:\/\/www.rochefortpacifique.org\/edition2025\/wp-content\/uploads\/sites\/3\/2025\/03\/b8-1024x358.jpg); max-height: 270px;\"><\/div>\n\t\t\t\t\t\t<div class=\"event-content\">\n\t\t\t\t\t\t<div class=\"event-date\">\n                    <span class=\"event-day\">Vendredi<\/span>\n                    <span class=\"event-number\">11<\/span>\n                    <span class=\"event-month\">Avril<\/span>\n                <\/div> <!-- Ajout de la date ici -->\n\t\t\t\t\t\t\t<div class=\"event-infos\">\n\t\t\t\t\t\t\t\t<p>17 h 15\n\t\t\t\t\t\t\t\t<span class=\"separator\">\u2014<\/span>\n\t\t\t\t\t\t\t\tAppolo Cin\u00e9 8<\/p>\n\t\t\t\t\t\t\t<\/div>\n\t\t\t\t\t\t\t<span class=\"event-badge\">Table ronde<\/span>\n\t\t\t\t\t\t\t<h3>\u00c0 la d\u00e9couverte de l&rsquo;\u00efle de Guam<\/h3>\n\t\t\t\t\t\t\t<p class=\"subtitle\"><\/p>\n\t\t\t\t\t\t\t<p class=\"creator\"><\/p>\n\t\t\t\t\t\t\t<div class=\"event-excerpt\"><p class=\"event-text\">avec Neil ROMERO, cin\u00e9aste de Guam, Christophe SAND, arch\u00e9ologue de Nouvelle-Cal\u00e9donie, Adrien GOMBEAUD, journaliste<\/p><p class=\"event-details\">Anim\u00e9e par Catherine Ruelle, journaliste et critique de cin\u00e9ma.<br \/><br \/>\r\nInterpr\u00e8te : Odile LACOSTE<\/p>\n                <\/div>\n            <\/div>\n        <\/div>\n    <\/a>\n\t\t\t\t<a href=\"https:\/\/www.rochefortpacifique.org\/edition2025\/festival\/hecatombe-oceanienne-2\/\" class=\"event-card-link\">\n\t\t\t\t\t<div class=\"event-card\">\n\t\t\t\t\t\t<div class=\"prog-event-thumbnail\" style=\"background-image: url(https:\/\/www.rochefortpacifique.org\/edition2025\/wp-content\/uploads\/sites\/3\/2025\/03\/hecatombe-oceanienne-811x1024.jpg); max-height: 270px;\"><\/div>\n\t\t\t\t\t\t<div class=\"event-content\">\n\t\t\t\t\t\t<div class=\"event-date\">\n                    <span class=\"event-day\">Vendredi<\/span>\n                    <span class=\"event-number\">11<\/span>\n                    <span class=\"event-month\">Avril<\/span>\n                <\/div> <!-- Ajout de la date ici -->\n\t\t\t\t\t\t\t<div class=\"event-infos\">\n\t\t\t\t\t\t\t\t<p>18 h\n\t\t\t\t\t\t\t\t<span class=\"separator\">\u2014<\/span>\n\t\t\t\t\t\t\t\tApollo Cin\u00e9 8<\/p>\n\t\t\t\t\t\t\t<\/div>\n\t\t\t\t\t\t\t<span class=\"event-badge\">Rencontre litt\u00e9raire<\/span>\n\t\t\t\t\t\t\t<h3>H\u00c9CATOMBE OC\u00c9ANIENNE<\/h3>\n\t\t\t\t\t\t\t<p class=\"subtitle\"><\/p>\n\t\t\t\t\t\t\t<p class=\"creator\"><p class=\"subtitle\">De Christophe Sand<\/p><\/p>\n\t\t\t\t\t\t\t<div class=\"event-excerpt\"><p class=\"event-details\">Essai \/ \u00c9ditions Au Vent des \u00celes \/ Oc\u00e9anie \/ 2024<\/p><p class=\"event-text\">Pourquoi la d\u00e9population des peuples du Pacifique \u00e0 la suite des premiers contacts avec les navigateurs occidentaux a-t-elle \u00e9t\u00e9 minimis\u00e9e depuis plus d\u2019un demi-si\u00e8cle, alors m\u00eame que les donn\u00e9es arch\u00e9ologiques, les premiers \u00e9crits europ\u00e9ens et des traditions orales l\u2019attestent ? En associant t\u00e9moignages de l\u2019\u00e9poque des grandes exp\u00e9ditions, archives missionnaires, traditions orales et d\u00e9couvertes scientifiques, [&hellip;]<\/p><p class=\"event-details\">En pr\u00e9sence de l\u2019auteur<\/p>\n                <\/div>\n            <\/div>\n        <\/div>\n    <\/a>\n\t\t\t\t<a href=\"https:\/\/www.rochefortpacifique.org\/edition2025\/festival\/the-convert\/\" class=\"event-card-link\">\n\t\t\t\t\t<div class=\"event-card\">\n\t\t\t\t\t\t<div class=\"prog-event-thumbnail\" style=\"background-image: url(https:\/\/www.rochefortpacifique.org\/edition2025\/wp-content\/uploads\/sites\/3\/2025\/03\/6afficheTheConvert-698x1024.jpg); max-height: 270px;\"><\/div>\n\t\t\t\t\t\t<div class=\"event-content\">\n\t\t\t\t\t\t<div class=\"event-date\">\n                    <span class=\"event-day\">Vendredi<\/span>\n                    <span class=\"event-number\">11<\/span>\n                    <span class=\"event-month\">Avril<\/span>\n                <\/div> <!-- Ajout de la date ici -->\n\t\t\t\t\t\t\t<div class=\"event-infos\">\n\t\t\t\t\t\t\t\t<p>20 h 30\n\t\t\t\t\t\t\t\t<span class=\"separator\">\u2014<\/span>\n\t\t\t\t\t\t\t\tAppolo Cin\u00e9 8<\/p>\n\t\t\t\t\t\t\t<\/div>\n\t\t\t\t\t\t\t<span class=\"event-badge\">Cin\u00e9-d\u00e9bat<\/span>\n\t\t\t\t\t\t\t<h3>The Convert<\/h3>\n\t\t\t\t\t\t\t<p class=\"subtitle\"><\/p>\n\t\t\t\t\t\t\t<p class=\"creator\"><p class=\"subtitle\">De Lee Tamahori<\/p><\/p>\n\t\t\t\t\t\t\t<div class=\"event-excerpt\"><p class=\"event-details\">Fiction \/ Nouvelle-Z\u00e9lande \/ 119&#039; \/ VOSTFR Anglais et Te Reo M\u0101ori sous-titr\u00e9 fran\u00e7ais \/ 2023<\/p><p class=\"event-text\">R\u00e9sum\u00e9 Dans les ann\u00e9es 1830, la Nouvelle-Z\u00e9lande est un monde maori, domin\u00e9 par les guerres tribales. En qu\u00eate de r\u00e9demption apr\u00e8s un pass\u00e9 sombre, le pr\u00e9dicateur anglais Thomas Munro arrive \u00e0 la colonie britannique nouvellement \u00e9tablie d&rsquo;Epwort, se retrouve pris dans une bataille entre tribus maories et assiste au massacre d&rsquo;innocents par le chef Akatarawa. [&hellip;]<\/p><p class=\"event-details\">Pr\u00e9sent\u00e9 par Bernard Bories, cr\u00e9ateur du Festival des Antipodes<\/p>\n                <\/div>\n            <\/div>\n        <\/div>\n    <\/a>\n\t\t\t\t<a href=\"https:\/\/www.rochefortpacifique.org\/edition2025\/festival\/fier-e-s-la-voix-du-pacifique\/\" class=\"event-card-link\">\n\t\t\t\t\t<div class=\"event-card\">\n\t\t\t\t\t\t<div class=\"prog-event-thumbnail\" style=\"background-image: url(https:\/\/www.rochefortpacifique.org\/edition2025\/wp-content\/uploads\/sites\/3\/2025\/03\/FIER-E-S_affiche-724x1024.jpg); max-height: 270px;\"><\/div>\n\t\t\t\t\t\t<div class=\"event-content\">\n\t\t\t\t\t\t<div class=\"event-date\">\n                    <span class=\"event-day\">Samedi<\/span>\n                    <span class=\"event-number\">12<\/span>\n                    <span class=\"event-month\">Avril<\/span>\n                <\/div> <!-- Ajout de la date ici -->\n\t\t\t\t\t\t\t<div class=\"event-infos\">\n\t\t\t\t\t\t\t\t<p>10 h\n\t\t\t\t\t\t\t\t<span class=\"separator\">\u2014<\/span>\n\t\t\t\t\t\t\t\tAppolo Cin\u00e9 8<\/p>\n\t\t\t\t\t\t\t<\/div>\n\t\t\t\t\t\t\t<span class=\"event-badge\">Cin\u00e9-d\u00e9bat<\/span>\n\t\t\t\t\t\t\t<h3>Fi\u00e8r.e.s, la Voix du Pacifique<\/h3>\n\t\t\t\t\t\t\t<p class=\"subtitle\"><\/p>\n\t\t\t\t\t\t\t<p class=\"creator\"><p class=\"subtitle\">De Raynald MERIENNE<\/p><\/p>\n\t\t\t\t\t\t\t<div class=\"event-excerpt\"><p class=\"event-details\">Documentaire \/ Polyn\u00e9sie Fran\u00e7aise \/ 55&#039; \/ VOF \/ 2024<\/p><p class=\"event-text\">R\u00e9sum\u00e9 Dans le triangle polyn\u00e9sien, la notion de genre est bien plus complexe qu\u2019il n\u2019y para\u00eet. Lo\u00efc, Reretini, Lalita, Tehau et Sailali, souvent qualifi\u00e9s de \u00ab mauvais genre \u00bb ou encore de \u00ab 3e sexe \u00bb, sont les porteurs d\u2019une identit\u00e9 transgenre rare et puissante. \u00c0 travers une s\u00e9rie de portraits lumineux et intimistes, ce [&hellip;]<\/p><p class=\"event-details\">Pr\u00e9sent\u00e9 par Caroline Omond, productrice du film, Gabriel, personnage du film et avec le r\u00e9alisateur en visioconf\u00e9rence depuis Hawa\u00ef<\/p>\n                <\/div>\n            <\/div>\n        <\/div>\n    <\/a>\n\t\t\t\t<a href=\"https:\/\/www.rochefortpacifique.org\/edition2025\/festival\/la-legende-de-molly-johnson\/\" class=\"event-card-link\">\n\t\t\t\t\t<div class=\"event-card\">\n\t\t\t\t\t\t<div class=\"prog-event-thumbnail\" style=\"background-image: url(https:\/\/www.rochefortpacifique.org\/edition2025\/wp-content\/uploads\/sites\/3\/2025\/03\/Legende-Molly-Johnson-Couverture-605x1024.jpg); max-height: 270px;\"><\/div>\n\t\t\t\t\t\t<div class=\"event-content\">\n\t\t\t\t\t\t<div class=\"event-date\">\n                    <span class=\"event-day\">Samedi<\/span>\n                    <span class=\"event-number\">12<\/span>\n                    <span class=\"event-month\">Avril<\/span>\n                <\/div> <!-- Ajout de la date ici -->\n\t\t\t\t\t\t\t<div class=\"event-infos\">\n\t\t\t\t\t\t\t\t<p>11 h 30\n\t\t\t\t\t\t\t\t<span class=\"separator\">\u2014<\/span>\n\t\t\t\t\t\t\t\tAppolo Cin\u00e9 8<\/p>\n\t\t\t\t\t\t\t<\/div>\n\t\t\t\t\t\t\t<span class=\"event-badge\">Rencontre litt\u00e9raire<\/span>\n\t\t\t\t\t\t\t<h3>La L\u00e9gende de Molly Johnson<\/h3>\n\t\t\t\t\t\t\t<p class=\"subtitle\"><\/p>\n\t\t\t\t\t\t\t<p class=\"creator\"><p class=\"subtitle\">De Leah PURCELL<\/p><\/p>\n\t\t\t\t\t\t\t<div class=\"event-excerpt\"><p class=\"event-details\">Roman \/ Editions Synchronique \/ Australie \/ 2024<\/p><p class=\"event-text\">1893, dans le bush australien, Molly Johnson, une femme enceinte solitaire et farouche, lutte pour \u00e9lever ses quatre enfants et g\u00e9rer le quotidien en l&rsquo;absence de son mari. Une nuit arrive Yadaka, un Aborig\u00e8ne \u00ab\u00a0gardien d\u2019histoires\u00a0\u00bb recherch\u00e9 par les autorit\u00e9s. Dans cette nation prise entre deux mondes, tous deux savent que la justice peut \u00eatre [&hellip;]<\/p><p class=\"event-details\">Traduit par Mireille VIGNOL<br \/><br \/>\r\nPr\u00e9sent\u00e9 par la traductrice Mireille VIGNOL et de l\u2019auteure en visioconf\u00e9rence depuis l\u2019Australie<\/p>\n                <\/div>\n            <\/div>\n        <\/div>\n    <\/a>\n\t\t\t\t<a href=\"https:\/\/www.rochefortpacifique.org\/edition2025\/festival\/cemel-la-vie-ensemble\/\" class=\"event-card-link\">\n\t\t\t\t\t<div class=\"event-card\">\n\t\t\t\t\t\t<div class=\"prog-event-thumbnail\" style=\"background-image: url(https:\/\/www.rochefortpacifique.org\/edition2025\/wp-content\/uploads\/sites\/3\/2025\/03\/CEMELposter-867x1024.jpg); max-height: 270px;\"><\/div>\n\t\t\t\t\t\t<div class=\"event-content\">\n\t\t\t\t\t\t<div class=\"event-date\">\n                    <span class=\"event-day\">Samedi<\/span>\n                    <span class=\"event-number\">12<\/span>\n                    <span class=\"event-month\">Avril<\/span>\n                <\/div> <!-- Ajout de la date ici -->\n\t\t\t\t\t\t\t<div class=\"event-infos\">\n\t\t\t\t\t\t\t\t<p>14 h\n\t\t\t\t\t\t\t\t<span class=\"separator\">\u2014<\/span>\n\t\t\t\t\t\t\t\tAppolo Cin\u00e9 8<\/p>\n\t\t\t\t\t\t\t<\/div>\n\t\t\t\t\t\t\t<span class=\"event-badge\">Cin\u00e9-d\u00e9bat<\/span>\n\t\t\t\t\t\t\t<h3>Cemel, La Vie Ensemble<\/h3>\n\t\t\t\t\t\t\t<p class=\"subtitle\"><\/p>\n\t\t\t\t\t\t\t<p class=\"creator\"><p class=\"subtitle\">De Faustine Lefranc<\/p><\/p>\n\t\t\t\t\t\t\t<div class=\"event-excerpt\"><p class=\"event-details\">Documentaire \/ Nouvelle-Cal\u00e9donie \/ 86&#039; \/ VO Fran\u00e7ais et Drehu \/ 2023<\/p><p class=\"event-text\">R\u00e9sum\u00e9 Dans la tribu de Jozip, sur l\u2019\u00eele de Lifou, une petite \u00e9cole maternelle accueille un groupe d\u2019enfants de 3 \u00e0 6 ans en classe unique. Ici au quotidien, les valeurs du syst\u00e8me \u00e9ducatif fran\u00e7ais s\u2019impr\u00e8gnent de la culture drehu (la langue de l\u2019\u00eele). Au fil des jours, la cam\u00e9ra s\u2019attache \u00e0 ce petit groupe [&hellip;]<\/p><p class=\"event-details\">Pr\u00e9sent\u00e9 par la r\u00e9alisatrice, Sylvain Lefranc, preneur de son et Diane Derne-Lefranc, 6 ans personnage du film<\/p>\n                <\/div>\n            <\/div>\n        <\/div>\n    <\/a>\n\t\t\t\t<a href=\"https:\/\/www.rochefortpacifique.org\/edition2025\/festival\/master-class-ukulele\/\" class=\"event-card-link\">\n\t\t\t\t\t<div class=\"event-card\">\n\t\t\t\t\t\t<div class=\"prog-event-thumbnail\" style=\"background-image: url(https:\/\/www.rochefortpacifique.org\/edition2025\/wp-content\/uploads\/sites\/3\/2025\/03\/ukulele-1024x678.jpg); max-height: 270px;\"><\/div>\n\t\t\t\t\t\t<div class=\"event-content\">\n\t\t\t\t\t\t<div class=\"event-date\">\n                    <span class=\"event-day\">Samedi<\/span>\n                    <span class=\"event-number\">12<\/span>\n                    <span class=\"event-month\">Avril<\/span>\n                <\/div> <!-- Ajout de la date ici -->\n\t\t\t\t\t\t\t<div class=\"event-infos\">\n\t\t\t\t\t\t\t\t<p>14 h\n\t\t\t\t\t\t\t\t<span class=\"separator\">\u2014<\/span>\n\t\t\t\t\t\t\t\tPalais des Congr\u00e8s de Rochefort<\/p>\n\t\t\t\t\t\t\t<\/div>\n\t\t\t\t\t\t\t<span class=\"event-badge\">Animation<\/span><span class=\"event-badge\">Atelier musical<\/span>\n\t\t\t\t\t\t\t<h3>MASTER CLASS \u00ab\u00a0UKUL\u00c9L\u00c9\u00a0\u00bb<\/h3>\n\t\t\t\t\t\t\t<p class=\"subtitle\"><\/p>\n\t\t\t\t\t\t\t<p class=\"creator\"><\/p>\n\t\t\t\t\t\t\t<div class=\"event-excerpt\"><p class=\"event-text\">Atelier de 2 heures pour apprendre \u00e0 jouer et \u00e0 chanter une chanson polyn\u00e9sienne: \u00ab\u00a0Pahoho\u201d. La rythmique, les encha\u00eenements d&rsquo;accords, des exercices cibl\u00e9s pour une progression acc\u00e9l\u00e9r\u00e9e, et des conseils pour jouer et chanter plus facilement.<\/p><p class=\"event-details\">Dur\u00e9e : 2h, 15 participant.e.s maxi. <br \/><br \/>\r\nPrix : 20 euros. Paiement sur place. Inscription conseill\u00e9e au 07 86 38 99 90<\/p>\n                <\/div>\n            <\/div>\n        <\/div>\n    <\/a>\n\t\t\t\t<a href=\"https:\/\/www.rochefortpacifique.org\/edition2025\/festival\/oui-cest-une-mutinerie\/\" class=\"event-card-link\">\n\t\t\t\t\t<div class=\"event-card\">\n\t\t\t\t\t\t<div class=\"prog-event-thumbnail\" style=\"background-image: url(https:\/\/www.rochefortpacifique.org\/edition2025\/wp-content\/uploads\/sites\/3\/2025\/03\/Mutinerie_couv.jpg); max-height: 270px;\"><\/div>\n\t\t\t\t\t\t<div class=\"event-content\">\n\t\t\t\t\t\t<div class=\"event-date\">\n                    <span class=\"event-day\">Samedi<\/span>\n                    <span class=\"event-number\">12<\/span>\n                    <span class=\"event-month\">Avril<\/span>\n                <\/div> <!-- Ajout de la date ici -->\n\t\t\t\t\t\t\t<div class=\"event-infos\">\n\t\t\t\t\t\t\t\t<p>15 h\n\t\t\t\t\t\t\t\t<span class=\"separator\">\u2014<\/span>\n\t\t\t\t\t\t\t\tAppolo Cin\u00e9 8<\/p>\n\t\t\t\t\t\t\t<\/div>\n\t\t\t\t\t\t\t<span class=\"event-badge\">Rencontre litt\u00e9raire<\/span>\n\t\t\t\t\t\t\t<h3>Oui, c&rsquo;est une Mutinerie<\/h3>\n\t\t\t\t\t\t\t<p class=\"subtitle\"><\/p>\n\t\t\t\t\t\t\t<p class=\"creator\"><p class=\"subtitle\">De Craig Santos Perez<\/p><\/p>\n\t\t\t\t\t\t\t<div class=\"event-excerpt\"><p class=\"event-details\">Po\u00e8me \/ Guam \/ \u00c9dition Les Petites All\u00e9es \/ 2024<\/p><p class=\"event-text\">Po\u00e8me titre du septi\u00e8me livre de l\u2019auteur Chamorro qui rassemble des po\u00e8mes initialement publi\u00e9s dans des revues et des anthologies de 2008 \u00e0 2023. La po\u00e9sie de Craig SANTOS PEREZ partage l\u2019histoire et la culture autochtones pour offrir une gu\u00e9rison au traumatisme du colonialisme et de l\u2019injustice.<\/p><p class=\"event-details\">Avec l\u2019auteur en visioconf\u00e9rence depuis la Californie<br \/><br \/>\r\nInterpr\u00e8te : Odile LACOSTE<\/p>\n                <\/div>\n            <\/div>\n        <\/div>\n    <\/a>\n\t\t\t\t<a href=\"https:\/\/www.rochefortpacifique.org\/edition2025\/festival\/i-am-the-river-the-river-is-me\/\" class=\"event-card-link\">\n\t\t\t\t\t<div class=\"event-card\">\n\t\t\t\t\t\t<div class=\"prog-event-thumbnail\" style=\"background-image: url(https:\/\/www.rochefortpacifique.org\/edition2025\/wp-content\/uploads\/sites\/3\/2025\/03\/Poster-I-am-the-river-A4-scaled-2-724x1024.jpg); max-height: 270px;\"><\/div>\n\t\t\t\t\t\t<div class=\"event-content\">\n\t\t\t\t\t\t<div class=\"event-date\">\n                    <span class=\"event-day\">Samedi<\/span>\n                    <span class=\"event-number\">12<\/span>\n                    <span class=\"event-month\">Avril<\/span>\n                <\/div> <!-- Ajout de la date ici -->\n\t\t\t\t\t\t\t<div class=\"event-infos\">\n\t\t\t\t\t\t\t\t<p>17 h\n\t\t\t\t\t\t\t\t<span class=\"separator\">\u2014<\/span>\n\t\t\t\t\t\t\t\tAppolo Cin\u00e9 8<\/p>\n\t\t\t\t\t\t\t<\/div>\n\t\t\t\t\t\t\t<span class=\"event-badge\">Cin\u00e9-d\u00e9bat<\/span>\n\t\t\t\t\t\t\t<h3>I am the River, the River is Me<\/h3>\n\t\t\t\t\t\t\t<p class=\"subtitle\"><\/p>\n\t\t\t\t\t\t\t<p class=\"creator\"><p class=\"subtitle\">De Corinne Van Egeraat &amp; Petr Lom<\/p><\/p>\n\t\t\t\t\t\t\t<div class=\"event-excerpt\"><p class=\"event-details\">Documentaire \/ Nouvelle-Z\u00e9lande \/ 89&#039; \/ VO Anglais, Te Reo M\u0101ori et Tati tati sous-titr\u00e9e fran\u00e7ais \/ 2024<\/p><p class=\"event-text\">R\u00e9sum\u00e9 Nouvelle-Z\u00e9lande, une descente en cano\u00eb sur la rivi\u00e8re Whanganui, la premi\u00e8re rivi\u00e8re au monde reconnue comme personne morale. Au cours de ce p\u00e9riple dirig\u00e9 par un m\u0101ori, les participants de plusieurs pays vont se rapprocher de la nature, livrer une part d&rsquo;eux-m\u00eames et lancer un appel \u00e0 la mobilisation pour la reconnaissance des droits [&hellip;]<\/p><p class=\"event-details\">En pr\u00e9sence du r\u00e9alisateur et de la productrice Corinne VAN EGERAAT<\/p>\n                <\/div>\n            <\/div>\n        <\/div>\n    <\/a>\n\t\t\t\t<a href=\"https:\/\/www.rochefortpacifique.org\/edition2025\/festival\/cloture-du-festival\/\" class=\"event-card-link\">\n\t\t\t\t\t<div class=\"event-card\">\n\t\t\t\t\t\t<div class=\"prog-event-thumbnail\" style=\"background-image: url(https:\/\/www.rochefortpacifique.org\/edition2025\/wp-content\/uploads\/sites\/3\/2025\/01\/bird.png); max-height: 270px;\"><\/div>\n\t\t\t\t\t\t<div class=\"event-content\">\n\t\t\t\t\t\t<div class=\"event-date\">\n                    <span class=\"event-day\">Samedi<\/span>\n                    <span class=\"event-number\">12<\/span>\n                    <span class=\"event-month\">Avril<\/span>\n                <\/div> <!-- Ajout de la date ici -->\n\t\t\t\t\t\t\t<div class=\"event-infos\">\n\t\t\t\t\t\t\t\t<p>19 h\n\t\t\t\t\t\t\t\t<span class=\"separator\">\u2014<\/span>\n\t\t\t\t\t\t\t\tAppolo Cin\u00e9 8<\/p>\n\t\t\t\t\t\t\t<\/div>\n\t\t\t\t\t\t\t<span class=\"event-badge\">Animation<\/span><span class=\"event-badge\">Discours<\/span>\n\t\t\t\t\t\t\t<h3>Cl\u00f4ture du Festival<\/h3>\n\t\t\t\t\t\t\t<p class=\"subtitle\"><\/p>\n\t\t\t\t\t\t\t<p class=\"creator\"><\/p>\n\t\t\t\t\t\t\t<div class=\"event-excerpt\"><p class=\"event-text\">PASSATION ENTRE GUAM ET LES PAYS ET TERRITOIRES \u00c0 L\u2019HONNEUR EN 2026Discours de cl\u00f4ture<\/p><p class=\"event-details\">Pr\u00e9sentation de l\u2019\u00e9dition sp\u00e9ciale 2026 - 20e anniversaire<br \/><br \/>\r\n<\/p>\n                <\/div>\n            <\/div>\n        <\/div>\n    <\/a>\n\t\t\t\t<a href=\"https:\/\/www.rochefortpacifique.org\/edition2025\/festival\/projection-de-i-am-the-river-the-river-is-me\/\" class=\"event-card-link\">\n\t\t\t\t\t<div class=\"event-card\">\n\t\t\t\t\t\t<div class=\"prog-event-thumbnail\" style=\"background-image: url(https:\/\/www.rochefortpacifique.org\/edition2025\/wp-content\/uploads\/sites\/3\/2025\/03\/Poster-I-am-the-river-A4-scaled-2-724x1024.jpg); max-height: 270px;\"><\/div>\n\t\t\t\t\t\t<div class=\"event-content\">\n\t\t\t\t\t\t<div class=\"event-date\">\n                    <span class=\"event-day\">Jeudi<\/span>\n                    <span class=\"event-number\">26<\/span>\n                    <span class=\"event-month\">Juin<\/span>\n                <\/div> <!-- Ajout de la date ici -->\n\t\t\t\t\t\t\t<div class=\"event-infos\">\n\t\t\t\t\t\t\t\t<p>20 h\n\t\t\t\t\t\t\t\t<span class=\"separator\">\u2014<\/span>\n\t\t\t\t\t\t\t\tCin\u00e9ma le Galaxy - Cognac<\/p>\n\t\t\t\t\t\t\t<\/div>\n\t\t\t\t\t\t\t<span class=\"event-badge\">Cin\u00e9-d\u00e9bat<\/span><span class=\"event-badge\">Rendez-vous Oc\u00e9anien<\/span>\n\t\t\t\t\t\t\t<h3>Projection de \u00ab\u00a0I am the river, the river is me\u00a0\u00bb<\/h3>\n\t\t\t\t\t\t\t<p class=\"subtitle\"><\/p>\n\t\t\t\t\t\t\t<p class=\"creator\"><p class=\"subtitle\">De Corinne Van Egeraat &amp; Petr Lom<\/p><\/p>\n\t\t\t\t\t\t\t<div class=\"event-excerpt\"><p class=\"event-text\">Premier \u00ab\u00a0Rendez-vous Oc\u00e9anien\u00a0\u00bb de 2025 r\u00e9ussi au Cin\u00e9ma Galaxy de Cognac hier soir 26\/6 pour une projection de \u00ab\u00a0I am the river, the river is me\u00a0\u00bb de Petr Lom &amp; Corinne Van Egeraat, suivie d&rsquo;\u00e9changes entre les cin\u00e9astes et un public tr\u00e8s motiv\u00e9 par les questions d&rsquo;eau de rivi\u00e8res et de nature, avec la collaboration [&hellip;]<\/p><p class=\"event-details\">en partenariat avec le collectif \u201cPour la reconnaissance des droits du fleuve Charente\u201d<\/p>\n                <\/div>\n            <\/div>\n        <\/div>\n    <\/a>\n\t\t\t\t<a href=\"https:\/\/www.rochefortpacifique.org\/edition2025\/festival\/projection-de-i-am-the-river-the-river-is-me\/\" class=\"event-card-link\">\n\t\t\t\t\t<div class=\"event-card\">\n\t\t\t\t\t\t<div class=\"prog-event-thumbnail\" style=\"background-image: url(https:\/\/www.rochefortpacifique.org\/edition2025\/wp-content\/uploads\/sites\/3\/2025\/03\/Poster-I-am-the-river-A4-scaled-2-724x1024.jpg); max-height: 270px;\"><\/div>\n\t\t\t\t\t\t<div class=\"event-content\">\n\t\t\t\t\t\t<div class=\"event-date\">\n                    <span class=\"event-day\">Vendredi<\/span>\n                    <span class=\"event-number\">27<\/span>\n                    <span class=\"event-month\">Juin<\/span>\n                <\/div> <!-- Ajout de la date ici -->\n\t\t\t\t\t\t\t<div class=\"event-infos\">\n\t\t\t\t\t\t\t\t<p>20 h\n\t\t\t\t\t\t\t\t<span class=\"separator\">\u2014<\/span>\n\t\t\t\t\t\t\t\tCin\u00e9ma Le Palace - Surg\u00e8res<\/p>\n\t\t\t\t\t\t\t<\/div>\n\t\t\t\t\t\t\t<span class=\"event-badge\">Cin\u00e9-d\u00e9bat<\/span><span class=\"event-badge\">Rendez-vous Oc\u00e9anien<\/span>\n\t\t\t\t\t\t\t<h3>Projection de \u00ab\u00a0I am the river, the river is me\u00a0\u00bb<\/h3>\n\t\t\t\t\t\t\t<p class=\"subtitle\"><\/p>\n\t\t\t\t\t\t\t<p class=\"creator\"><p class=\"subtitle\">De Corinne Van Egeraat &amp; Petr Lom<\/p><\/p>\n\t\t\t\t\t\t\t<div class=\"event-excerpt\"><p class=\"event-text\">Premier \u00ab\u00a0Rendez-vous Oc\u00e9anien\u00a0\u00bb de 2025 r\u00e9ussi au Cin\u00e9ma Galaxy de Cognac hier soir 26\/6 pour une projection de \u00ab\u00a0I am the river, the river is me\u00a0\u00bb de Petr Lom &amp; Corinne Van Egeraat, suivie d&rsquo;\u00e9changes entre les cin\u00e9astes et un public tr\u00e8s motiv\u00e9 par les questions d&rsquo;eau de rivi\u00e8res et de nature, avec la collaboration [&hellip;]<\/p><p class=\"event-details\">en partenariat avec le collectif \u201cPour la reconnaissance des droits du fleuve Charente\u201d<\/p>\n                <\/div>\n            <\/div>\n        <\/div>\n    <\/a>\n\t\t\t\t<a href=\"https:\/\/www.rochefortpacifique.org\/edition2025\/festival\/myrjana-la-valeur-dune-femme\/\" class=\"event-card-link\">\n\t\t\t\t\t<div class=\"event-card\">\n\t\t\t\t\t\t<div class=\"prog-event-thumbnail\" style=\"background-image: url(https:\/\/www.rochefortpacifique.org\/edition2025\/wp-content\/uploads\/sites\/3\/2025\/03\/myCANAL_Jaquette_MEA_600x800-OMti.webp); max-height: 270px;\"><\/div>\n\t\t\t\t\t\t<div class=\"event-content\">\n\t\t\t\t\t\t <!-- Ajout de la date ici -->\n\t\t\t\t\t\t\t<div class=\"event-infos\">\n\t\t\t\t\t\t\t\t<p>\n\t\t\t\t\t\t\t\t<span class=\"separator\">\u2014<\/span>\n\t\t\t\t\t\t\t\t<\/p>\n\t\t\t\t\t\t\t<\/div>\n\t\t\t\t\t\t\t<span class=\"event-badge\">Cin\u00e9-d\u00e9bat<\/span><span class=\"event-badge\">Rendez-vous Oc\u00e9anien<\/span>\n\t\t\t\t\t\t\t<h3>MYRJANA, LA VALEUR D&rsquo;UNE FEMME<\/h3>\n\t\t\t\t\t\t\t<p class=\"subtitle\"><\/p>\n\t\t\t\t\t\t\t<p class=\"creator\"><\/p>\n\t\t\t\t\t\t\t<div class=\"event-excerpt\"><p class=\"event-details\">Documentaire \/ NOUVELLE-CAL\u00c9DONIE \/ 73&#039; \/ VF \/ 2024<\/p><p class=\"event-text\">Depuis le f\u00e9minicide de Myrjana, en Nouvelle-Cal\u00e9donie, ses s\u0153urs prennent soin de ses deux jeunes orphelins laiss\u00e9s pour compte et se mettent en mouvement avec C\u00e9cile, la sage-femme du village.<\/p><p class=\"event-details\">Avec le r\u00e9alisateur en visioconf\u00e9rence depuis la Nouvelle-Cal\u00e9donie<\/p>\n                <\/div>\n            <\/div>\n        <\/div>\n    <\/a>\n\t\t\t\t<a href=\"https:\/\/www.rochefortpacifique.org\/edition2025\/festival\/1878-2\/\" class=\"event-card-link\">\n\t\t\t\t\t<div class=\"event-card\">\n\t\t\t\t\t\t<div class=\"prog-event-thumbnail\" style=\"background-image: url(https:\/\/www.rochefortpacifique.org\/edition2025\/wp-content\/uploads\/sites\/3\/2025\/03\/1878_AFF_HD-scaled-1-724x1024.jpg); max-height: 270px;\"><\/div>\n\t\t\t\t\t\t<div class=\"event-content\">\n\t\t\t\t\t\t <!-- Ajout de la date ici -->\n\t\t\t\t\t\t\t<div class=\"event-infos\">\n\t\t\t\t\t\t\t\t<p>\n\t\t\t\t\t\t\t\t<span class=\"separator\">\u2014<\/span>\n\t\t\t\t\t\t\t\t<\/p>\n\t\t\t\t\t\t\t<\/div>\n\t\t\t\t\t\t\t<span class=\"event-badge\">Cin\u00e9-d\u00e9bat<\/span><span class=\"event-badge\">Rendez-vous Oc\u00e9anien<\/span>\n\t\t\t\t\t\t\t<h3>1878<\/h3>\n\t\t\t\t\t\t\t<p class=\"subtitle\"><\/p>\n\t\t\t\t\t\t\t<p class=\"creator\"><\/p>\n\t\t\t\t\t\t\t<div class=\"event-excerpt\"><p class=\"event-details\">Court m\u00e9trage \/ NOUVELLE-CAL\u00c9DONIE \/ 20&#039; \/ Fran\u00e7ais \/ Drehu \/ 2024<\/p><p class=\"event-text\">1878, Nouvelle-Cal\u00e9donie. Alors qu\u2019une bataille sanglante fait rage, un missionnaire croise le regard d\u2019une petite fille kanak. Et si elle, il pouvait la sauver ?<\/p><p class=\"event-details\">En pr\u00e9sence de la r\u00e9alisatrice et de Siman\u00eb Wenethem, acteur du film<\/p>\n                <\/div>\n            <\/div>\n        <\/div>\n    <\/a>\n\t\t\t\t<a href=\"https:\/\/www.rochefortpacifique.org\/edition2025\/festival\/les-droits-de-la-nature\/\" class=\"event-card-link\">\n\t\t\t\t\t<div class=\"event-card\">\n\t\t\t\t\t\t<div class=\"prog-event-thumbnail\" style=\"background-image: url(https:\/\/www.rochefortpacifique.org\/edition2025\/wp-content\/uploads\/sites\/3\/2025\/03\/etre-la-riviere.jpg); max-height: 270px;\"><\/div>\n\t\t\t\t\t\t<div class=\"event-content\">\n\t\t\t\t\t\t <!-- Ajout de la date ici -->\n\t\t\t\t\t\t\t<div class=\"event-infos\">\n\t\t\t\t\t\t\t\t<p>\n\t\t\t\t\t\t\t\t<span class=\"separator\">\u2014<\/span>\n\t\t\t\t\t\t\t\t<\/p>\n\t\t\t\t\t\t\t<\/div>\n\t\t\t\t\t\t\t<span class=\"event-badge\">Rencontre litt\u00e9raire<\/span><span class=\"event-badge\">Rendez-vous Oc\u00e9anien<\/span>\n\t\t\t\t\t\t\t<h3>LES DROITS DE LA NATURE<\/h3>\n\t\t\t\t\t\t\t<p class=\"subtitle\"><\/p>\n\t\t\t\t\t\t\t<p class=\"creator\"><\/p>\n\t\t\t\t\t\t\t<div class=\"event-excerpt\"><p class=\"event-text\">Un livre&nbsp;\u00caTRE LA RIVI\u00c8REde Sacha Bourgeois-GirondeEssai \/ Editions Presses Universitaires France \/ France \/ 2020 Une enqu\u00eate sur l\u2019attribution d\u2019une personnalit\u00e9 juridique au fleuve Whanganui par la loi n\u00e9o-z\u00e9landaise, de l\u2019analyse du texte juridique et son histoire \u00e0 la rencontre des acteurs sur les rives du fleuve.<\/p><p class=\"event-details\">en partenariat avec le collectif \u201cPour la reconnaissance des droits du fleuve Charente\u201d<\/p>\n                <\/div>\n            <\/div>\n        <\/div>\n    <\/a>\n\t\t\t\t<a href=\"https:\/\/www.rochefortpacifique.org\/edition2025\/festival\/la-petite-fille-blanche\/\" class=\"event-card-link\">\n\t\t\t\t\t<div class=\"event-card\">\n\t\t\t\t\t\t<div class=\"prog-event-thumbnail\" style=\"background-image: url(https:\/\/www.rochefortpacifique.org\/edition2025\/wp-content\/uploads\/sites\/3\/2025\/03\/la-petite-fille-blanche-e1741602302706-603x1024.jpg); max-height: 270px;\"><\/div>\n\t\t\t\t\t\t<div class=\"event-content\">\n\t\t\t\t\t\t <!-- Ajout de la date ici -->\n\t\t\t\t\t\t\t<div class=\"event-infos\">\n\t\t\t\t\t\t\t\t<p>\n\t\t\t\t\t\t\t\t<span class=\"separator\">\u2014<\/span>\n\t\t\t\t\t\t\t\t<\/p>\n\t\t\t\t\t\t\t<\/div>\n\t\t\t\t\t\t\t<span class=\"event-badge\">Rencontre litt\u00e9raire<\/span><span class=\"event-badge\">Rendez-vous Oc\u00e9anien<\/span>\n\t\t\t\t\t\t\t<h3>La Petite Fille Blanche<\/h3>\n\t\t\t\t\t\t\t<p class=\"subtitle\"><\/p>\n\t\t\t\t\t\t\t<p class=\"creator\"><\/p>\n\t\t\t\t\t\t\t<div class=\"event-excerpt\"><p class=\"event-details\">Roman \/ Editions Synchronique \/ AUSTRALIE \/ 2025<\/p><p class=\"event-text\">Pendant treize ans Odette, qui vit une petite ville rurale australienne, a r\u00e9ussi, apr\u00e8s la disparition de sa fille Lila, \u00e0 \u00e9lever sa petite-fille Sissy discr\u00e8tement, \u00e9vitant l\u2019attention des services sociaux qui enl\u00e8vent les enfants aborig\u00e8nes \u00e0 la peau claire \u00e0 leur famille. Mais arrive en ville un nouveau policier z\u00e9l\u00e9\u2026Dans cette fuite \u00e0 travers [&hellip;]<\/p><p class=\"event-details\">Traduit de l'anglais (Australie) par Nadine Gassie<br \/><br \/>\r\nPr\u00e9sent\u00e9 par la traductrice<\/p>\n                <\/div>\n            <\/div>\n        <\/div>\n    <\/a><\/div>\n<\/div>\n\n\n\n<div data-aos= \"fade\" data-aos-duration=\"400\" data-aos-delay=\"0\" data-aos-easing=\"ease\" data-aos-once=\"true\" class=\"wp-block-uagb-tabs-child uagb-tabs__body-container uagb-inner-tab-1\" aria-labelledby=\"uagb-tabs__tab1\"><div id=\"prog-complete\" class=\"festival-events-grid\">\n\t\t\t\t<a href=\"https:\/\/www.rochefortpacifique.org\/edition2025\/festival\/rencontre-avec-benoit-trepied\/\" class=\"event-card-link\">\n\t\t\t\t\t<div class=\"event-card\">\n\t\t\t\t\t\t<div class=\"prog-event-thumbnail\" style=\"background-image: url(https:\/\/www.rochefortpacifique.org\/edition2025\/wp-content\/uploads\/sites\/3\/2025\/09\/benoit-trepied_decolonisier-la-kanaki_nouvelle-caledonie-640x1024.jpg); max-height: 270px;\"><\/div>\n\t\t\t\t\t\t<div class=\"event-content\">\n\t\t\t\t\t\t<div class=\"event-date\">\n                    <span class=\"event-day\">Vendredi<\/span>\n                    <span class=\"event-number\">03<\/span>\n                    <span class=\"event-month\">Octobre<\/span>\n                <\/div> <!-- Ajout de la date ici -->\n\t\t\t\t\t\t\t<div class=\"event-infos\">\n\t\t\t\t\t\t\t\t<p>18 h\n\t\t\t\t\t\t\t\t<span class=\"separator\">\u2014<\/span>\n\t\t\t\t\t\t\t\tSalle de Conf\u00e9rence du CIM - Librairie de la Corderie Royale de Rochefort<\/p>\n\t\t\t\t\t\t\t<\/div>\n\t\t\t\t\t\t\t<span class=\"event-badge\">Rendez-vous Oc\u00e9anien<\/span>\n\t\t\t\t\t\t\t<h3>Rencontre avec Beno\u00eet Tr\u00e9pied autour du livre \u00ab\u00a0D\u00e9coloniser la Kanaki-Nouvelle-Cal\u00e9donie\u00a0\u00bb<\/h3>\n\t\t\t\t\t\t\t<p class=\"subtitle\"><\/p>\n\t\t\t\t\t\t\t<p class=\"creator\"><p class=\"subtitle\">De Beno\u00eet Tr\u00e9pied<\/p><\/p>\n\t\t\t\t\t\t\t<div class=\"event-excerpt\"><p class=\"event-text\">Le second \u00ab\u00a0Rendez-Vous Oc\u00e9anien\u00a0\u00bb de 2025 recevra Beno\u00eet Tr\u00e9pied, anthropologue charg\u00e9 de recherche au CNRS, qui pr\u00e9sentera son livre \u00ab\u00a0D\u00e9coloniser la Kanaky-Nouvelle-Cal\u00e9donie\u00a0\u00bb parue en Mars 2025 \u00e0 Anacharsis \u00c9ditions, Le vendredi 3 Octobre 2025 \u00e0 18h \u00e0 la Salle de Conf\u00e9rence du CIM &#8211; Corderie Royale &#8211; Centre International de la Mer &#8211; librairie de [&hellip;]<\/p><p class=\"event-details\"><\/p>\n                <\/div>\n            <\/div>\n        <\/div>\n    <\/a>\n\t\t\t\t<a href=\"https:\/\/www.rochefortpacifique.org\/edition2025\/festival\/projection-de-i-am-the-river-the-river-is-me\/\" class=\"event-card-link\">\n\t\t\t\t\t<div class=\"event-card\">\n\t\t\t\t\t\t<div class=\"prog-event-thumbnail\" style=\"background-image: url(https:\/\/www.rochefortpacifique.org\/edition2025\/wp-content\/uploads\/sites\/3\/2025\/03\/Poster-I-am-the-river-A4-scaled-2-724x1024.jpg); max-height: 270px;\"><\/div>\n\t\t\t\t\t\t<div class=\"event-content\">\n\t\t\t\t\t\t<div class=\"event-date\">\n                    <span class=\"event-day\">Jeudi<\/span>\n                    <span class=\"event-number\">26<\/span>\n                    <span class=\"event-month\">Juin<\/span>\n                <\/div> <!-- Ajout de la date ici -->\n\t\t\t\t\t\t\t<div class=\"event-infos\">\n\t\t\t\t\t\t\t\t<p>20 h\n\t\t\t\t\t\t\t\t<span class=\"separator\">\u2014<\/span>\n\t\t\t\t\t\t\t\tCin\u00e9ma le Galaxy - Cognac<\/p>\n\t\t\t\t\t\t\t<\/div>\n\t\t\t\t\t\t\t<span class=\"event-badge\">Cin\u00e9-d\u00e9bat<\/span><span class=\"event-badge\">Rendez-vous Oc\u00e9anien<\/span>\n\t\t\t\t\t\t\t<h3>Projection de \u00ab\u00a0I am the river, the river is me\u00a0\u00bb<\/h3>\n\t\t\t\t\t\t\t<p class=\"subtitle\"><\/p>\n\t\t\t\t\t\t\t<p class=\"creator\"><p class=\"subtitle\">De Corinne Van Egeraat &amp; Petr Lom<\/p><\/p>\n\t\t\t\t\t\t\t<div class=\"event-excerpt\"><p class=\"event-text\">Premier \u00ab\u00a0Rendez-vous Oc\u00e9anien\u00a0\u00bb de 2025 r\u00e9ussi au Cin\u00e9ma Galaxy de Cognac hier soir 26\/6 pour une projection de \u00ab\u00a0I am the river, the river is me\u00a0\u00bb de Petr Lom &amp; Corinne Van Egeraat, suivie d&rsquo;\u00e9changes entre les cin\u00e9astes et un public tr\u00e8s motiv\u00e9 par les questions d&rsquo;eau de rivi\u00e8res et de nature, avec la collaboration [&hellip;]<\/p><p class=\"event-details\">en partenariat avec le collectif \u201cPour la reconnaissance des droits du fleuve Charente\u201d<\/p>\n                <\/div>\n            <\/div>\n        <\/div>\n    <\/a>\n\t\t\t\t<a href=\"https:\/\/www.rochefortpacifique.org\/edition2025\/festival\/projection-de-i-am-the-river-the-river-is-me\/\" class=\"event-card-link\">\n\t\t\t\t\t<div class=\"event-card\">\n\t\t\t\t\t\t<div class=\"prog-event-thumbnail\" style=\"background-image: url(https:\/\/www.rochefortpacifique.org\/edition2025\/wp-content\/uploads\/sites\/3\/2025\/03\/Poster-I-am-the-river-A4-scaled-2-724x1024.jpg); max-height: 270px;\"><\/div>\n\t\t\t\t\t\t<div class=\"event-content\">\n\t\t\t\t\t\t<div class=\"event-date\">\n                    <span class=\"event-day\">Vendredi<\/span>\n                    <span class=\"event-number\">27<\/span>\n                    <span class=\"event-month\">Juin<\/span>\n                <\/div> <!-- Ajout de la date ici -->\n\t\t\t\t\t\t\t<div class=\"event-infos\">\n\t\t\t\t\t\t\t\t<p>20 h\n\t\t\t\t\t\t\t\t<span class=\"separator\">\u2014<\/span>\n\t\t\t\t\t\t\t\tCin\u00e9ma Le Palace - Surg\u00e8res<\/p>\n\t\t\t\t\t\t\t<\/div>\n\t\t\t\t\t\t\t<span class=\"event-badge\">Cin\u00e9-d\u00e9bat<\/span><span class=\"event-badge\">Rendez-vous Oc\u00e9anien<\/span>\n\t\t\t\t\t\t\t<h3>Projection de \u00ab\u00a0I am the river, the river is me\u00a0\u00bb<\/h3>\n\t\t\t\t\t\t\t<p class=\"subtitle\"><\/p>\n\t\t\t\t\t\t\t<p class=\"creator\"><p class=\"subtitle\">De Corinne Van Egeraat &amp; Petr Lom<\/p><\/p>\n\t\t\t\t\t\t\t<div class=\"event-excerpt\"><p class=\"event-text\">Premier \u00ab\u00a0Rendez-vous Oc\u00e9anien\u00a0\u00bb de 2025 r\u00e9ussi au Cin\u00e9ma Galaxy de Cognac hier soir 26\/6 pour une projection de \u00ab\u00a0I am the river, the river is me\u00a0\u00bb de Petr Lom &amp; Corinne Van Egeraat, suivie d&rsquo;\u00e9changes entre les cin\u00e9astes et un public tr\u00e8s motiv\u00e9 par les questions d&rsquo;eau de rivi\u00e8res et de nature, avec la collaboration [&hellip;]<\/p><p class=\"event-details\">en partenariat avec le collectif \u201cPour la reconnaissance des droits du fleuve Charente\u201d<\/p>\n                <\/div>\n            <\/div>\n        <\/div>\n    <\/a>\n\t\t\t\t<a href=\"https:\/\/www.rochefortpacifique.org\/edition2025\/festival\/myrjana-la-valeur-dune-femme\/\" class=\"event-card-link\">\n\t\t\t\t\t<div class=\"event-card\">\n\t\t\t\t\t\t<div class=\"prog-event-thumbnail\" style=\"background-image: url(https:\/\/www.rochefortpacifique.org\/edition2025\/wp-content\/uploads\/sites\/3\/2025\/03\/myCANAL_Jaquette_MEA_600x800-OMti.webp); max-height: 270px;\"><\/div>\n\t\t\t\t\t\t<div class=\"event-content\">\n\t\t\t\t\t\t <!-- Ajout de la date ici -->\n\t\t\t\t\t\t\t<div class=\"event-infos\">\n\t\t\t\t\t\t\t\t<p>\n\t\t\t\t\t\t\t\t<span class=\"separator\">\u2014<\/span>\n\t\t\t\t\t\t\t\t<\/p>\n\t\t\t\t\t\t\t<\/div>\n\t\t\t\t\t\t\t<span class=\"event-badge\">Cin\u00e9-d\u00e9bat<\/span><span class=\"event-badge\">Rendez-vous Oc\u00e9anien<\/span>\n\t\t\t\t\t\t\t<h3>MYRJANA, LA VALEUR D&rsquo;UNE FEMME<\/h3>\n\t\t\t\t\t\t\t<p class=\"subtitle\"><\/p>\n\t\t\t\t\t\t\t<p class=\"creator\"><\/p>\n\t\t\t\t\t\t\t<div class=\"event-excerpt\"><p class=\"event-details\">Documentaire \/ NOUVELLE-CAL\u00c9DONIE \/ 73&#039; \/ VF \/ 2024<\/p><p class=\"event-text\">Depuis le f\u00e9minicide de Myrjana, en Nouvelle-Cal\u00e9donie, ses s\u0153urs prennent soin de ses deux jeunes orphelins laiss\u00e9s pour compte et se mettent en mouvement avec C\u00e9cile, la sage-femme du village.<\/p><p class=\"event-details\">Avec le r\u00e9alisateur en visioconf\u00e9rence depuis la Nouvelle-Cal\u00e9donie<\/p>\n                <\/div>\n            <\/div>\n        <\/div>\n    <\/a>\n\t\t\t\t<a href=\"https:\/\/www.rochefortpacifique.org\/edition2025\/festival\/1878-2\/\" class=\"event-card-link\">\n\t\t\t\t\t<div class=\"event-card\">\n\t\t\t\t\t\t<div class=\"prog-event-thumbnail\" style=\"background-image: url(https:\/\/www.rochefortpacifique.org\/edition2025\/wp-content\/uploads\/sites\/3\/2025\/03\/1878_AFF_HD-scaled-1-724x1024.jpg); max-height: 270px;\"><\/div>\n\t\t\t\t\t\t<div class=\"event-content\">\n\t\t\t\t\t\t <!-- Ajout de la date ici -->\n\t\t\t\t\t\t\t<div class=\"event-infos\">\n\t\t\t\t\t\t\t\t<p>\n\t\t\t\t\t\t\t\t<span class=\"separator\">\u2014<\/span>\n\t\t\t\t\t\t\t\t<\/p>\n\t\t\t\t\t\t\t<\/div>\n\t\t\t\t\t\t\t<span class=\"event-badge\">Cin\u00e9-d\u00e9bat<\/span><span class=\"event-badge\">Rendez-vous Oc\u00e9anien<\/span>\n\t\t\t\t\t\t\t<h3>1878<\/h3>\n\t\t\t\t\t\t\t<p class=\"subtitle\"><\/p>\n\t\t\t\t\t\t\t<p class=\"creator\"><\/p>\n\t\t\t\t\t\t\t<div class=\"event-excerpt\"><p class=\"event-details\">Court m\u00e9trage \/ NOUVELLE-CAL\u00c9DONIE \/ 20&#039; \/ Fran\u00e7ais \/ Drehu \/ 2024<\/p><p class=\"event-text\">1878, Nouvelle-Cal\u00e9donie. Alors qu\u2019une bataille sanglante fait rage, un missionnaire croise le regard d\u2019une petite fille kanak. Et si elle, il pouvait la sauver ?<\/p><p class=\"event-details\">En pr\u00e9sence de la r\u00e9alisatrice et de Siman\u00eb Wenethem, acteur du film<\/p>\n                <\/div>\n            <\/div>\n        <\/div>\n    <\/a>\n\t\t\t\t<a href=\"https:\/\/www.rochefortpacifique.org\/edition2025\/festival\/les-droits-de-la-nature\/\" class=\"event-card-link\">\n\t\t\t\t\t<div class=\"event-card\">\n\t\t\t\t\t\t<div class=\"prog-event-thumbnail\" style=\"background-image: url(https:\/\/www.rochefortpacifique.org\/edition2025\/wp-content\/uploads\/sites\/3\/2025\/03\/etre-la-riviere.jpg); max-height: 270px;\"><\/div>\n\t\t\t\t\t\t<div class=\"event-content\">\n\t\t\t\t\t\t <!-- Ajout de la date ici -->\n\t\t\t\t\t\t\t<div class=\"event-infos\">\n\t\t\t\t\t\t\t\t<p>\n\t\t\t\t\t\t\t\t<span class=\"separator\">\u2014<\/span>\n\t\t\t\t\t\t\t\t<\/p>\n\t\t\t\t\t\t\t<\/div>\n\t\t\t\t\t\t\t<span class=\"event-badge\">Rencontre litt\u00e9raire<\/span><span class=\"event-badge\">Rendez-vous Oc\u00e9anien<\/span>\n\t\t\t\t\t\t\t<h3>LES DROITS DE LA NATURE<\/h3>\n\t\t\t\t\t\t\t<p class=\"subtitle\"><\/p>\n\t\t\t\t\t\t\t<p class=\"creator\"><\/p>\n\t\t\t\t\t\t\t<div class=\"event-excerpt\"><p class=\"event-text\">Un livre&nbsp;\u00caTRE LA RIVI\u00c8REde Sacha Bourgeois-GirondeEssai \/ Editions Presses Universitaires France \/ France \/ 2020 Une enqu\u00eate sur l\u2019attribution d\u2019une personnalit\u00e9 juridique au fleuve Whanganui par la loi n\u00e9o-z\u00e9landaise, de l\u2019analyse du texte juridique et son histoire \u00e0 la rencontre des acteurs sur les rives du fleuve.<\/p><p class=\"event-details\">en partenariat avec le collectif \u201cPour la reconnaissance des droits du fleuve Charente\u201d<\/p>\n                <\/div>\n            <\/div>\n        <\/div>\n    <\/a>\n\t\t\t\t<a href=\"https:\/\/www.rochefortpacifique.org\/edition2025\/festival\/la-petite-fille-blanche\/\" class=\"event-card-link\">\n\t\t\t\t\t<div class=\"event-card\">\n\t\t\t\t\t\t<div class=\"prog-event-thumbnail\" style=\"background-image: url(https:\/\/www.rochefortpacifique.org\/edition2025\/wp-content\/uploads\/sites\/3\/2025\/03\/la-petite-fille-blanche-e1741602302706-603x1024.jpg); max-height: 270px;\"><\/div>\n\t\t\t\t\t\t<div class=\"event-content\">\n\t\t\t\t\t\t <!-- Ajout de la date ici -->\n\t\t\t\t\t\t\t<div class=\"event-infos\">\n\t\t\t\t\t\t\t\t<p>\n\t\t\t\t\t\t\t\t<span class=\"separator\">\u2014<\/span>\n\t\t\t\t\t\t\t\t<\/p>\n\t\t\t\t\t\t\t<\/div>\n\t\t\t\t\t\t\t<span class=\"event-badge\">Rencontre litt\u00e9raire<\/span><span class=\"event-badge\">Rendez-vous Oc\u00e9anien<\/span>\n\t\t\t\t\t\t\t<h3>La Petite Fille Blanche<\/h3>\n\t\t\t\t\t\t\t<p class=\"subtitle\"><\/p>\n\t\t\t\t\t\t\t<p class=\"creator\"><\/p>\n\t\t\t\t\t\t\t<div class=\"event-excerpt\"><p class=\"event-details\">Roman \/ Editions Synchronique \/ AUSTRALIE \/ 2025<\/p><p class=\"event-text\">Pendant treize ans Odette, qui vit une petite ville rurale australienne, a r\u00e9ussi, apr\u00e8s la disparition de sa fille Lila, \u00e0 \u00e9lever sa petite-fille Sissy discr\u00e8tement, \u00e9vitant l\u2019attention des services sociaux qui enl\u00e8vent les enfants aborig\u00e8nes \u00e0 la peau claire \u00e0 leur famille. Mais arrive en ville un nouveau policier z\u00e9l\u00e9\u2026Dans cette fuite \u00e0 travers [&hellip;]<\/p><p class=\"event-details\">Traduit de l'anglais (Australie) par Nadine Gassie<br \/><br \/>\r\nPr\u00e9sent\u00e9 par la traductrice<\/p>\n                <\/div>\n            <\/div>\n        <\/div>\n    <\/a><\/div>\n<\/div>\n\n\n\n<div data-aos= \"fade\" data-aos-duration=\"400\" data-aos-delay=\"0\" data-aos-easing=\"ease\" data-aos-once=\"true\" class=\"wp-block-uagb-tabs-child uagb-tabs__body-container uagb-inner-tab-2\" aria-labelledby=\"uagb-tabs__tab2\"><div id=\"prog-complete\" class=\"festival-events-grid\">\n\t\t\t\t<a href=\"https:\/\/www.rochefortpacifique.org\/edition2025\/festival\/narcisse-pelletier-jeune-mousse-perdu-en-australie\/\" class=\"event-card-link\">\n\t\t\t\t\t<div class=\"event-card\">\n\t\t\t\t\t\t<div class=\"prog-event-thumbnail\" style=\"background-image: url(https:\/\/www.rochefortpacifique.org\/edition2025\/wp-content\/uploads\/sites\/3\/2025\/03\/narcisse-pelletier_expo-2-724x1024.jpg); max-height: 270px;\"><\/div>\n\t\t\t\t\t\t<div class=\"event-content\">\n\t\t\t\t\t\t<div class=\"event-date\">\n                    <span class=\"event-day\">Jeudi<\/span>\n                    <span class=\"event-number\">10<\/span>\n                    <span class=\"event-month\">Avril<\/span>\n                <\/div> <!-- Ajout de la date ici -->\n\t\t\t\t\t\t\t<div class=\"event-infos\">\n\t\t\t\t\t\t\t\t<p>14 h\n\t\t\t\t\t\t\t\t<span class=\"separator\">\u2014<\/span>\n\t\t\t\t\t\t\t\tMus\u00e9e H\u00e8bre<\/p>\n\t\t\t\t\t\t\t<\/div>\n\t\t\t\t\t\t\t<span class=\"event-badge\">Exposition<\/span>\n\t\t\t\t\t\t\t<h3>Visite de l\u2019exposition \u201cNarcisse Pelletier, jeune mousse perdu en Australie\u201d par l\u2019historien Thomas Duranteau<\/h3>\n\t\t\t\t\t\t\t<p class=\"subtitle\"><\/p>\n\t\t\t\t\t\t\t<p class=\"creator\"><\/p>\n\t\t\t\t\t\t\t<div class=\"event-excerpt\"><p class=\"event-text\">Visite de l\u2019exposition \u201cNarcisse Pelletier, jeune mousse perdu en Australie\u201d par l\u2019historien Thomas Duranteau<\/p><p class=\"event-details\">Sur inscription aupr\u00e8s du Mus\u00e9e H\u00e8bre - 05 46 82 91 60 - tarif 5.50 \u20ac (entr\u00e9e mus\u00e9e) gratuit pour les adh\u00e9rents - 20 personnes max.<\/p>\n                <\/div>\n            <\/div>\n        <\/div>\n    <\/a>\n\t\t\t\t<a href=\"https:\/\/www.rochefortpacifique.org\/edition2025\/festival\/hecatombe-oceanienne\/\" class=\"event-card-link\">\n\t\t\t\t\t<div class=\"event-card\">\n\t\t\t\t\t\t<div class=\"prog-event-thumbnail\" style=\"background-image: url(https:\/\/www.rochefortpacifique.org\/edition2025\/wp-content\/uploads\/sites\/3\/2025\/03\/hecatombe-oceanienne-811x1024.jpg); max-height: 270px;\"><\/div>\n\t\t\t\t\t\t<div class=\"event-content\">\n\t\t\t\t\t\t<div class=\"event-date\">\n                    <span class=\"event-day\">Jeudi<\/span>\n                    <span class=\"event-number\">10<\/span>\n                    <span class=\"event-month\">Avril<\/span>\n                <\/div> <!-- Ajout de la date ici -->\n\t\t\t\t\t\t\t<div class=\"event-infos\">\n\t\t\t\t\t\t\t\t<p>16 h\n\t\t\t\t\t\t\t\t<span class=\"separator\">\u2014<\/span>\n\t\t\t\t\t\t\t\tMus\u00e9e H\u00e8bre<\/p>\n\t\t\t\t\t\t\t<\/div>\n\t\t\t\t\t\t\t<span class=\"event-badge\">Rencontre litt\u00e9raire<\/span>\n\t\t\t\t\t\t\t<h3>H\u00c9CATOMBE OC\u00c9ANIENNE<\/h3>\n\t\t\t\t\t\t\t<p class=\"subtitle\"><\/p>\n\t\t\t\t\t\t\t<p class=\"creator\"><p class=\"subtitle\">De Christophe Sand<\/p><\/p>\n\t\t\t\t\t\t\t<div class=\"event-excerpt\"><p class=\"event-details\">Essai \/ \u00c9ditions Au Vent des \u00celes \/ Oc\u00e9anie \/ 2024<\/p><p class=\"event-text\">Pourquoi la d\u00e9population des peuples du Pacifique \u00e0 la suite des premiers contacts avec les navigateurs occidentaux a-t-elle \u00e9t\u00e9 minimis\u00e9e depuis plus d\u2019un demi-si\u00e8cle, alors m\u00eame que les donn\u00e9es arch\u00e9ologiques, les premiers \u00e9crits europ\u00e9ens et des traditions orales l\u2019attestent ? En associant t\u00e9moignages de l\u2019\u00e9poque des grandes exp\u00e9ditions, archives missionnaires, traditions orales et d\u00e9couvertes scientifiques, [&hellip;]<\/p><p class=\"event-details\">En pr\u00e9sence de l\u2019auteur<br \/><br \/>\r\nD\u00e9dicace sur place<\/p>\n                <\/div>\n            <\/div>\n        <\/div>\n    <\/a>\n\t\t\t\t<a href=\"https:\/\/www.rochefortpacifique.org\/edition2025\/festival\/ouverture-de-la-19e-edition-du-festival\/\" class=\"event-card-link\">\n\t\t\t\t\t<div class=\"event-card\">\n\t\t\t\t\t\t<div class=\"prog-event-thumbnail\" style=\"background-image: url(https:\/\/www.rochefortpacifique.org\/edition2025\/wp-content\/uploads\/sites\/3\/2025\/01\/affiche-RP-2025-mobile-728x1024.jpg); max-height: 270px;\"><\/div>\n\t\t\t\t\t\t<div class=\"event-content\">\n\t\t\t\t\t\t<div class=\"event-date\">\n                    <span class=\"event-day\">Jeudi<\/span>\n                    <span class=\"event-number\">10<\/span>\n                    <span class=\"event-month\">Avril<\/span>\n                <\/div> <!-- Ajout de la date ici -->\n\t\t\t\t\t\t\t<div class=\"event-infos\">\n\t\t\t\t\t\t\t\t<p>18 h 30\n\t\t\t\t\t\t\t\t<span class=\"separator\">\u2014<\/span>\n\t\t\t\t\t\t\t\tAppolo Cin\u00e9 8<\/p>\n\t\t\t\t\t\t\t<\/div>\n\t\t\t\t\t\t\t<span class=\"event-badge\">Animation<\/span><span class=\"event-badge\">Discours d&#039;ouverture<\/span>\n\t\t\t\t\t\t\t<h3>OUVERTURE DE LA 19e \u00c9DITION DU FESTIVAL<\/h3>\n\t\t\t\t\t\t\t<p class=\"subtitle\"><\/p>\n\t\t\t\t\t\t\t<p class=\"creator\"><\/p>\n\t\t\t\t\t\t\t<div class=\"event-excerpt\"><p class=\"event-text\">Spectacle de musiques et danses des \u00e9l\u00e8ves du Conservatoire inspir\u00e9es des cultures du Pacifique. Discours d\u2019ouverture<\/p><p class=\"event-details\">Pot de l\u2019amiti\u00e9<\/p>\n                <\/div>\n            <\/div>\n        <\/div>\n    <\/a>\n\t\t\t\t<a href=\"https:\/\/www.rochefortpacifique.org\/edition2025\/festival\/something-to-call-our-own\/\" class=\"event-card-link\">\n\t\t\t\t\t<div class=\"event-card\">\n\t\t\t\t\t\t<div class=\"prog-event-thumbnail\" style=\"background-image: url(https:\/\/www.rochefortpacifique.org\/edition2025\/wp-content\/uploads\/sites\/3\/2025\/03\/SomeThingCallOurOwn-Poster-819x1024.jpg); max-height: 270px;\"><\/div>\n\t\t\t\t\t\t<div class=\"event-content\">\n\t\t\t\t\t\t<div class=\"event-date\">\n                    <span class=\"event-day\">Jeudi<\/span>\n                    <span class=\"event-number\">10<\/span>\n                    <span class=\"event-month\">Avril<\/span>\n                <\/div> <!-- Ajout de la date ici -->\n\t\t\t\t\t\t\t<div class=\"event-infos\">\n\t\t\t\t\t\t\t\t<p>21 h\n\t\t\t\t\t\t\t\t<span class=\"separator\">\u2014<\/span>\n\t\t\t\t\t\t\t\tAppolo Cin\u00e9 8<\/p>\n\t\t\t\t\t\t\t<\/div>\n\t\t\t\t\t\t\t<span class=\"event-badge\">Cin\u00e9-d\u00e9bat<\/span>\n\t\t\t\t\t\t\t<h3>Something To Call Our Own<\/h3>\n\t\t\t\t\t\t\t<p class=\"subtitle\"><\/p>\n\t\t\t\t\t\t\t<p class=\"creator\"><p class=\"subtitle\">De Niel Romero<\/p><\/p>\n\t\t\t\t\t\t\t<div class=\"event-excerpt\"><p class=\"event-details\">Documentaire \/ Guam \/ 60&#039; \/ VOSTFR \/ 2025<\/p><p class=\"event-text\">R\u00e9sum\u00e9 L&rsquo;importance de la danse comme affirmation et r\u00e9sistance de la culture Chamorro de Guam : De la petite \u00eele de Guam \u00e0 la sc\u00e8ne internationale du FestPAC, c\u2019est l\u2019histoire inspirante des efforts continus pour la restauration et la pr\u00e9servation d\u2019une tradition qui appartient au peuple Chamorro, autrefois r\u00e9duit au silence par la colonisation. Avec [&hellip;]<\/p><p class=\"event-details\">En pr\u00e9sence du r\u00e9alisateur<br \/><br \/>\r\nInterpr\u00e8te : Odile Lacoste<\/p>\n                <\/div>\n            <\/div>\n        <\/div>\n    <\/a><\/div>\n<\/div>\n\n\n\n<div data-aos= \"fade\" data-aos-duration=\"400\" data-aos-delay=\"0\" data-aos-easing=\"ease\" data-aos-once=\"true\" class=\"wp-block-uagb-tabs-child uagb-tabs__body-container uagb-inner-tab-3\" aria-labelledby=\"uagb-tabs__tab3\"><div id=\"prog-complete\" class=\"festival-events-grid\">\n\t\t\t\t<a href=\"https:\/\/www.rochefortpacifique.org\/edition2025\/festival\/bereziina\/\" class=\"event-card-link\">\n\t\t\t\t\t<div class=\"event-card\">\n\t\t\t\t\t\t<div class=\"prog-event-thumbnail\" style=\"background-image: url(https:\/\/www.rochefortpacifique.org\/edition2025\/wp-content\/uploads\/sites\/3\/2025\/03\/BereziinaPoster-766x1024.jpg); max-height: 270px;\"><\/div>\n\t\t\t\t\t\t<div class=\"event-content\">\n\t\t\t\t\t\t<div class=\"event-date\">\n                    <span class=\"event-day\">Vendredi<\/span>\n                    <span class=\"event-number\">11<\/span>\n                    <span class=\"event-month\">Avril<\/span>\n                <\/div> <!-- Ajout de la date ici -->\n\t\t\t\t\t\t\t<div class=\"event-infos\">\n\t\t\t\t\t\t\t\t<p>10 h\n\t\t\t\t\t\t\t\t<span class=\"separator\">\u2014<\/span>\n\t\t\t\t\t\t\t\tAppolo Cin\u00e9 8<\/p>\n\t\t\t\t\t\t\t<\/div>\n\t\t\t\t\t\t\t<span class=\"event-badge\">Cin\u00e9-d\u00e9bat<\/span>\n\t\t\t\t\t\t\t<h3>BEREZIINA<\/h3>\n\t\t\t\t\t\t\t<p class=\"subtitle\"><\/p>\n\t\t\t\t\t\t\t<p class=\"creator\"><p class=\"subtitle\">De Anthony Pedulla<\/p><\/p>\n\t\t\t\t\t\t\t<div class=\"event-excerpt\"><p class=\"event-details\">Court m\u00e9trage \/ Nouvelle-Cal\u00e9donie \/ 19&#039; \/ VF \/ 2024<\/p><p class=\"event-text\">\u00c0 Noum\u00e9a, Zerbina, une jeune danseuse de hip-hop kanak doit s\u2019\u00e9clipser d\u2019une r\u00e9p\u00e9tition car son p\u00e8re la convoque en brousse. Retour difficile \u00e0 la tribu pour la jeune fille. Cin\u00e9-d\u00e9bat<\/p><p class=\"event-details\">En pr\u00e9sence du r\u00e9alisateur<br \/><br \/>\r\net de la productrice Cinthia DJIRAM<\/p>\n                <\/div>\n            <\/div>\n        <\/div>\n    <\/a>\n\t\t\t\t<a href=\"https:\/\/www.rochefortpacifique.org\/edition2025\/festival\/charlie-tangaroa-et-la-creature-des-abysses\/\" class=\"event-card-link\">\n\t\t\t\t\t<div class=\"event-card\">\n\t\t\t\t\t\t<div class=\"prog-event-thumbnail\" style=\"background-image: url(https:\/\/www.rochefortpacifique.org\/edition2025\/wp-content\/uploads\/sites\/3\/2025\/03\/Couv1CharlieTagaroaweb-624x1024.jpg); max-height: 270px;\"><\/div>\n\t\t\t\t\t\t<div class=\"event-content\">\n\t\t\t\t\t\t<div class=\"event-date\">\n                    <span class=\"event-day\">Vendredi<\/span>\n                    <span class=\"event-number\">11<\/span>\n                    <span class=\"event-month\">Avril<\/span>\n                <\/div> <!-- Ajout de la date ici -->\n\t\t\t\t\t\t\t<div class=\"event-infos\">\n\t\t\t\t\t\t\t\t<p>10 h 45\n\t\t\t\t\t\t\t\t<span class=\"separator\">\u2014<\/span>\n\t\t\t\t\t\t\t\tAppolo Cin\u00e9 8<\/p>\n\t\t\t\t\t\t\t<\/div>\n\t\t\t\t\t\t\t<span class=\"event-badge\">Rencontre litt\u00e9raire<\/span>\n\t\t\t\t\t\t\t<h3>Charlie Tangaroa et la cr\u00e9ature des abysses<\/h3>\n\t\t\t\t\t\t\t<p class=\"subtitle\"><\/p>\n\t\t\t\t\t\t\t<p class=\"creator\"><p class=\"subtitle\">De Tania K. Roxborogh<\/p><\/p>\n\t\t\t\t\t\t\t<div class=\"event-excerpt\"><p class=\"event-details\">Roman Jeunesse \/ Au Vent des \u00celes \/ 2025<\/p><p class=\"event-text\">Alors que Charlie Tangaroa et son demi-fr\u00e8re nettoient la plage, ils font la d\u00e9couverte d\u2019une sir\u00e8ne \u00e9chou\u00e9e mais encore vivante qu\u2019ils vont secourir avec l\u2019aide de leur grand-p\u00e8re. C\u2019est le d\u00e9but d\u2019une grande aventure pour Charlie alors que des temp\u00eates font rage et que son village c\u00f4tier est touch\u00e9 par des s\u00e9ismes. Charlie comprend que [&hellip;]<\/p><p class=\"event-details\">Traduit par Christine ROTH<br \/><br \/>\r\nPr\u00e9sent\u00e9 par Mireille Vignol, traductrice avec l\u2019auteure en visioconf\u00e9rence depuis la Nouvelle-Z\u00e9lande<br \/><br \/>\r\nInterpr\u00e8te : Odile LACOSTE<\/p>\n                <\/div>\n            <\/div>\n        <\/div>\n    <\/a>\n\t\t\t\t<a href=\"https:\/\/www.rochefortpacifique.org\/edition2025\/festival\/tradewinds\/\" class=\"event-card-link\">\n\t\t\t\t\t<div class=\"event-card\">\n\t\t\t\t\t\t<div class=\"prog-event-thumbnail\" style=\"background-image: url(https:\/\/www.rochefortpacifique.org\/edition2025\/wp-content\/uploads\/sites\/3\/2025\/03\/TRADEWINDSposter-819x1024.jpg); max-height: 270px;\"><\/div>\n\t\t\t\t\t\t<div class=\"event-content\">\n\t\t\t\t\t\t<div class=\"event-date\">\n                    <span class=\"event-day\">Vendredi<\/span>\n                    <span class=\"event-number\">11<\/span>\n                    <span class=\"event-month\">Avril<\/span>\n                <\/div> <!-- Ajout de la date ici -->\n\t\t\t\t\t\t\t<div class=\"event-infos\">\n\t\t\t\t\t\t\t\t<p>11 h 15\n\t\t\t\t\t\t\t\t<span class=\"separator\">\u2014<\/span>\n\t\t\t\t\t\t\t\tAppolo Cin\u00e9 8<\/p>\n\t\t\t\t\t\t\t<\/div>\n\t\t\t\t\t\t\t<span class=\"event-badge\">Cin\u00e9-d\u00e9bat<\/span>\n\t\t\t\t\t\t\t<h3>TradeWinds<\/h3>\n\t\t\t\t\t\t\t<p class=\"subtitle\"><\/p>\n\t\t\t\t\t\t\t<p class=\"creator\"><p class=\"subtitle\">De Kyle Perron<\/p><\/p>\n\t\t\t\t\t\t\t<div class=\"event-excerpt\"><p class=\"event-details\">Documentaire \/ Guam \/ 23&#039; \/ VOSTFR \/ 2023<\/p><p class=\"event-text\">R\u00e9sum\u00e9 Un portrait du musicien de jazz Chamorro Patrick Palomo, qui se transforme rapidement en une lettre d\u2019amour \u00e0 sa culture indig\u00e8ne et \u00e0 toutes les fa\u00e7ons dont elle influence le pianiste qu\u2019il est. Palomo se retrouve \u00e0 encadrer la prochaine g\u00e9n\u00e9ration de talents musicaux \u00e9mergents de Guam, en constituant leur groupe \u201dTradewinds\u201d. Bande-annonce \/ [&hellip;]<\/p><p class=\"event-details\">Pr\u00e9sent\u00e9 par Niel Romero, cin\u00e9aste de Guam<br \/><br \/>\r\nInterpr\u00e8te : Odile LACOSTE<\/p>\n                <\/div>\n            <\/div>\n        <\/div>\n    <\/a>\n\t\t\t\t<a href=\"https:\/\/www.rochefortpacifique.org\/edition2025\/festival\/henua\/\" class=\"event-card-link\">\n\t\t\t\t\t<div class=\"event-card\">\n\t\t\t\t\t\t<div class=\"prog-event-thumbnail\" style=\"background-image: url(https:\/\/www.rochefortpacifique.org\/edition2025\/wp-content\/uploads\/sites\/3\/2025\/03\/HENUA-700x1024.jpg); max-height: 270px;\"><\/div>\n\t\t\t\t\t\t<div class=\"event-content\">\n\t\t\t\t\t\t<div class=\"event-date\">\n                    <span class=\"event-day\">Vendredi<\/span>\n                    <span class=\"event-number\">11<\/span>\n                    <span class=\"event-month\">Avril<\/span>\n                <\/div> <!-- Ajout de la date ici -->\n\t\t\t\t\t\t\t<div class=\"event-infos\">\n\t\t\t\t\t\t\t\t<p>14 h\n\t\t\t\t\t\t\t\t<span class=\"separator\">\u2014<\/span>\n\t\t\t\t\t\t\t\tAppolo Cin\u00e9 8<\/p>\n\t\t\t\t\t\t\t<\/div>\n\t\t\t\t\t\t\t<span class=\"event-badge\">Rencontre litt\u00e9raire<\/span>\n\t\t\t\t\t\t\t<h3>Henua<\/h3>\n\t\t\t\t\t\t\t<p class=\"subtitle\"><\/p>\n\t\t\t\t\t\t\t<p class=\"creator\"><p class=\"subtitle\">De Marin Ledun<\/p><\/p>\n\t\t\t\t\t\t\t<div class=\"event-excerpt\"><p class=\"event-details\">Roman policier \/ Collection S\u00e9rie Noire - Gallimard \/ 2025<\/p><p class=\"event-text\">\u00c0 Henua Enana, la Terre des Hommes, v\u00e9ritable nom des Marquises, est retrouv\u00e9 le corps de Paiotoka O\u2019Connor, une jeune m\u00e8re respect\u00e9e, \u00e9prise de libert\u00e9, aimant passionn\u00e9ment Nuku Hiva, son \u00eele. Le lieutenant de gendarmerie Tepano Morel \u2013 n\u00e9 d\u2019un p\u00e8re m\u00e9tropolitain et d\u2019une m\u00e8re marquisienne \u2013 est d\u00e9p\u00each\u00e9 depuis Tahiti pour enqu\u00eater, second\u00e9 sur [&hellip;]<\/p><p class=\"event-details\"> En pr\u00e9sence de l\u2019auteur<\/p>\n                <\/div>\n            <\/div>\n        <\/div>\n    <\/a>\n\t\t\t\t<a href=\"https:\/\/www.rochefortpacifique.org\/edition2025\/festival\/war-for-guam\/\" class=\"event-card-link\">\n\t\t\t\t\t<div class=\"event-card\">\n\t\t\t\t\t\t<div class=\"prog-event-thumbnail\" style=\"background-image: url(https:\/\/www.rochefortpacifique.org\/edition2025\/wp-content\/uploads\/sites\/3\/2025\/03\/WarForGuam-affiche-741x1024.jpg); max-height: 270px;\"><\/div>\n\t\t\t\t\t\t<div class=\"event-content\">\n\t\t\t\t\t\t<div class=\"event-date\">\n                    <span class=\"event-day\">Vendredi<\/span>\n                    <span class=\"event-number\">11<\/span>\n                    <span class=\"event-month\">Avril<\/span>\n                <\/div> <!-- Ajout de la date ici -->\n\t\t\t\t\t\t\t<div class=\"event-infos\">\n\t\t\t\t\t\t\t\t<p>14 h 45\n\t\t\t\t\t\t\t\t<span class=\"separator\">\u2014<\/span>\n\t\t\t\t\t\t\t\tAppolo Cin\u00e9 8<\/p>\n\t\t\t\t\t\t\t<\/div>\n\t\t\t\t\t\t\t<span class=\"event-badge\">Cin\u00e9-d\u00e9bat<\/span>\n\t\t\t\t\t\t\t<h3>War for Guam<\/h3>\n\t\t\t\t\t\t\t<p class=\"subtitle\"><\/p>\n\t\t\t\t\t\t\t<p class=\"creator\"><p class=\"subtitle\">De Frances Negron Muntaner<\/p><\/p>\n\t\t\t\t\t\t\t<div class=\"event-excerpt\"><p class=\"event-details\">Documentaire \/ Guam \/ 56&#039; \/ VOSTFR \/ 2015<\/p><p class=\"event-text\">R\u00e9sum\u00e9 L&rsquo;histoire du peuple autochtone de Guam, les Chamorros, qui sont rest\u00e9s fid\u00e8les aux \u00c9tats-Unis sous l\u2019occupation japonaise brutale de 1941-44, mais qui ont \u00e9t\u00e9 d\u00e9pouill\u00e9s d&rsquo;une grande partie de leurs terres ancestrales pour construire des installations militaires apr\u00e8s la Seconde Guerre mondiale. \u00c0 travers des images d&rsquo;archives rarement vues, ainsi que des t\u00e9moignages de [&hellip;]<\/p><p class=\"event-details\">Pr\u00e9sent\u00e9 par Niel Romero, cin\u00e9aste de Guam<br \/><br \/>\r\nInterpr\u00e8te : Odile LACOSTE<\/p>\n                <\/div>\n            <\/div>\n        <\/div>\n    <\/a>\n\t\t\t\t<a href=\"https:\/\/www.rochefortpacifique.org\/edition2025\/festival\/micronesie\/\" class=\"event-card-link\">\n\t\t\t\t\t<div class=\"event-card\">\n\t\t\t\t\t\t<div class=\"prog-event-thumbnail\" style=\"background-image: url(https:\/\/www.rochefortpacifique.org\/edition2025\/wp-content\/uploads\/sites\/3\/2025\/03\/micronesie-editions-magellan-et-cie-666x1024.jpg); max-height: 270px;\"><\/div>\n\t\t\t\t\t\t<div class=\"event-content\">\n\t\t\t\t\t\t<div class=\"event-date\">\n                    <span class=\"event-day\">Vendredi<\/span>\n                    <span class=\"event-number\">11<\/span>\n                    <span class=\"event-month\">Avril<\/span>\n                <\/div> <!-- Ajout de la date ici -->\n\t\t\t\t\t\t\t<div class=\"event-infos\">\n\t\t\t\t\t\t\t\t<p>16 h 30\n\t\t\t\t\t\t\t\t<span class=\"separator\">\u2014<\/span>\n\t\t\t\t\t\t\t\tAppolo Cin\u00e9 8<\/p>\n\t\t\t\t\t\t\t<\/div>\n\t\t\t\t\t\t\t<span class=\"event-badge\">Rencontre litt\u00e9raire<\/span>\n\t\t\t\t\t\t\t<h3>Micron\u00e9sie<\/h3>\n\t\t\t\t\t\t\t<p class=\"subtitle\"><\/p>\n\t\t\t\t\t\t\t<p class=\"creator\"><p class=\"subtitle\">De Adrien Gombeaud<\/p><\/p>\n\t\t\t\t\t\t\t<div class=\"event-excerpt\"><p class=\"event-details\">R\u00e9cit \/ Magellan &amp; Cie \/ 2022<\/p><p class=\"event-text\">La Micron\u00e9sie est une r\u00e9gion m\u00e9connue de l\u2019Oc\u00e9anie constitu\u00e9e de deux mille \u00eeles r\u00e9parties sur plus de sept millions de kilom\u00e8tres carr\u00e9s. Elle regroupe plusieurs \u00c9tats et r\u00e9gions administratives dont Guam et les quatre \u00c9tats f\u00e9d\u00e9r\u00e9s de Micron\u00e9sie: Yap, Kosrae,Pohnpei et Chuuk. En plongeant \u00e0 Chuuk parmi les \u00e9paves de la Seconde Guerre mondiale, restes [&hellip;]<\/p><p class=\"event-details\">En pr\u00e9sence de l\u2019auteur<\/p>\n                <\/div>\n            <\/div>\n        <\/div>\n    <\/a>\n\t\t\t\t<a href=\"https:\/\/www.rochefortpacifique.org\/edition2025\/festival\/a-la-decouverte-de-lile-de-guam\/\" class=\"event-card-link\">\n\t\t\t\t\t<div class=\"event-card\">\n\t\t\t\t\t\t<div class=\"prog-event-thumbnail\" style=\"background-image: url(https:\/\/www.rochefortpacifique.org\/edition2025\/wp-content\/uploads\/sites\/3\/2025\/03\/b8-1024x358.jpg); max-height: 270px;\"><\/div>\n\t\t\t\t\t\t<div class=\"event-content\">\n\t\t\t\t\t\t<div class=\"event-date\">\n                    <span class=\"event-day\">Vendredi<\/span>\n                    <span class=\"event-number\">11<\/span>\n                    <span class=\"event-month\">Avril<\/span>\n                <\/div> <!-- Ajout de la date ici -->\n\t\t\t\t\t\t\t<div class=\"event-infos\">\n\t\t\t\t\t\t\t\t<p>17 h 15\n\t\t\t\t\t\t\t\t<span class=\"separator\">\u2014<\/span>\n\t\t\t\t\t\t\t\tAppolo Cin\u00e9 8<\/p>\n\t\t\t\t\t\t\t<\/div>\n\t\t\t\t\t\t\t<span class=\"event-badge\">Table ronde<\/span>\n\t\t\t\t\t\t\t<h3>\u00c0 la d\u00e9couverte de l&rsquo;\u00efle de Guam<\/h3>\n\t\t\t\t\t\t\t<p class=\"subtitle\"><\/p>\n\t\t\t\t\t\t\t<p class=\"creator\"><\/p>\n\t\t\t\t\t\t\t<div class=\"event-excerpt\"><p class=\"event-text\">avec Neil ROMERO, cin\u00e9aste de Guam, Christophe SAND, arch\u00e9ologue de Nouvelle-Cal\u00e9donie, Adrien GOMBEAUD, journaliste<\/p><p class=\"event-details\">Anim\u00e9e par Catherine Ruelle, journaliste et critique de cin\u00e9ma.<br \/><br \/>\r\nInterpr\u00e8te : Odile LACOSTE<\/p>\n                <\/div>\n            <\/div>\n        <\/div>\n    <\/a>\n\t\t\t\t<a href=\"https:\/\/www.rochefortpacifique.org\/edition2025\/festival\/hecatombe-oceanienne-2\/\" class=\"event-card-link\">\n\t\t\t\t\t<div class=\"event-card\">\n\t\t\t\t\t\t<div class=\"prog-event-thumbnail\" style=\"background-image: url(https:\/\/www.rochefortpacifique.org\/edition2025\/wp-content\/uploads\/sites\/3\/2025\/03\/hecatombe-oceanienne-811x1024.jpg); max-height: 270px;\"><\/div>\n\t\t\t\t\t\t<div class=\"event-content\">\n\t\t\t\t\t\t<div class=\"event-date\">\n                    <span class=\"event-day\">Vendredi<\/span>\n                    <span class=\"event-number\">11<\/span>\n                    <span class=\"event-month\">Avril<\/span>\n                <\/div> <!-- Ajout de la date ici -->\n\t\t\t\t\t\t\t<div class=\"event-infos\">\n\t\t\t\t\t\t\t\t<p>18 h\n\t\t\t\t\t\t\t\t<span class=\"separator\">\u2014<\/span>\n\t\t\t\t\t\t\t\tApollo Cin\u00e9 8<\/p>\n\t\t\t\t\t\t\t<\/div>\n\t\t\t\t\t\t\t<span class=\"event-badge\">Rencontre litt\u00e9raire<\/span>\n\t\t\t\t\t\t\t<h3>H\u00c9CATOMBE OC\u00c9ANIENNE<\/h3>\n\t\t\t\t\t\t\t<p class=\"subtitle\"><\/p>\n\t\t\t\t\t\t\t<p class=\"creator\"><p class=\"subtitle\">De Christophe Sand<\/p><\/p>\n\t\t\t\t\t\t\t<div class=\"event-excerpt\"><p class=\"event-details\">Essai \/ \u00c9ditions Au Vent des \u00celes \/ Oc\u00e9anie \/ 2024<\/p><p class=\"event-text\">Pourquoi la d\u00e9population des peuples du Pacifique \u00e0 la suite des premiers contacts avec les navigateurs occidentaux a-t-elle \u00e9t\u00e9 minimis\u00e9e depuis plus d\u2019un demi-si\u00e8cle, alors m\u00eame que les donn\u00e9es arch\u00e9ologiques, les premiers \u00e9crits europ\u00e9ens et des traditions orales l\u2019attestent ? En associant t\u00e9moignages de l\u2019\u00e9poque des grandes exp\u00e9ditions, archives missionnaires, traditions orales et d\u00e9couvertes scientifiques, [&hellip;]<\/p><p class=\"event-details\">En pr\u00e9sence de l\u2019auteur<\/p>\n                <\/div>\n            <\/div>\n        <\/div>\n    <\/a>\n\t\t\t\t<a href=\"https:\/\/www.rochefortpacifique.org\/edition2025\/festival\/the-convert\/\" class=\"event-card-link\">\n\t\t\t\t\t<div class=\"event-card\">\n\t\t\t\t\t\t<div class=\"prog-event-thumbnail\" style=\"background-image: url(https:\/\/www.rochefortpacifique.org\/edition2025\/wp-content\/uploads\/sites\/3\/2025\/03\/6afficheTheConvert-698x1024.jpg); max-height: 270px;\"><\/div>\n\t\t\t\t\t\t<div class=\"event-content\">\n\t\t\t\t\t\t<div class=\"event-date\">\n                    <span class=\"event-day\">Vendredi<\/span>\n                    <span class=\"event-number\">11<\/span>\n                    <span class=\"event-month\">Avril<\/span>\n                <\/div> <!-- Ajout de la date ici -->\n\t\t\t\t\t\t\t<div class=\"event-infos\">\n\t\t\t\t\t\t\t\t<p>20 h 30\n\t\t\t\t\t\t\t\t<span class=\"separator\">\u2014<\/span>\n\t\t\t\t\t\t\t\tAppolo Cin\u00e9 8<\/p>\n\t\t\t\t\t\t\t<\/div>\n\t\t\t\t\t\t\t<span class=\"event-badge\">Cin\u00e9-d\u00e9bat<\/span>\n\t\t\t\t\t\t\t<h3>The Convert<\/h3>\n\t\t\t\t\t\t\t<p class=\"subtitle\"><\/p>\n\t\t\t\t\t\t\t<p class=\"creator\"><p class=\"subtitle\">De Lee Tamahori<\/p><\/p>\n\t\t\t\t\t\t\t<div class=\"event-excerpt\"><p class=\"event-details\">Fiction \/ Nouvelle-Z\u00e9lande \/ 119&#039; \/ VOSTFR Anglais et Te Reo M\u0101ori sous-titr\u00e9 fran\u00e7ais \/ 2023<\/p><p class=\"event-text\">R\u00e9sum\u00e9 Dans les ann\u00e9es 1830, la Nouvelle-Z\u00e9lande est un monde maori, domin\u00e9 par les guerres tribales. En qu\u00eate de r\u00e9demption apr\u00e8s un pass\u00e9 sombre, le pr\u00e9dicateur anglais Thomas Munro arrive \u00e0 la colonie britannique nouvellement \u00e9tablie d&rsquo;Epwort, se retrouve pris dans une bataille entre tribus maories et assiste au massacre d&rsquo;innocents par le chef Akatarawa. [&hellip;]<\/p><p class=\"event-details\">Pr\u00e9sent\u00e9 par Bernard Bories, cr\u00e9ateur du Festival des Antipodes<\/p>\n                <\/div>\n            <\/div>\n        <\/div>\n    <\/a><\/div>\n<\/div>\n\n\n\n<div data-aos= \"fade\" data-aos-duration=\"400\" data-aos-delay=\"0\" data-aos-easing=\"ease\" data-aos-once=\"true\" class=\"wp-block-uagb-tabs-child uagb-tabs__body-container uagb-inner-tab-4\" aria-labelledby=\"uagb-tabs__tab4\"><div id=\"prog-complete\" class=\"festival-events-grid\">\n\t\t\t\t<a href=\"https:\/\/www.rochefortpacifique.org\/edition2025\/festival\/fier-e-s-la-voix-du-pacifique\/\" class=\"event-card-link\">\n\t\t\t\t\t<div class=\"event-card\">\n\t\t\t\t\t\t<div class=\"prog-event-thumbnail\" style=\"background-image: url(https:\/\/www.rochefortpacifique.org\/edition2025\/wp-content\/uploads\/sites\/3\/2025\/03\/FIER-E-S_affiche-724x1024.jpg); max-height: 270px;\"><\/div>\n\t\t\t\t\t\t<div class=\"event-content\">\n\t\t\t\t\t\t<div class=\"event-date\">\n                    <span class=\"event-day\">Samedi<\/span>\n                    <span class=\"event-number\">12<\/span>\n                    <span class=\"event-month\">Avril<\/span>\n                <\/div> <!-- Ajout de la date ici -->\n\t\t\t\t\t\t\t<div class=\"event-infos\">\n\t\t\t\t\t\t\t\t<p>10 h\n\t\t\t\t\t\t\t\t<span class=\"separator\">\u2014<\/span>\n\t\t\t\t\t\t\t\tAppolo Cin\u00e9 8<\/p>\n\t\t\t\t\t\t\t<\/div>\n\t\t\t\t\t\t\t<span class=\"event-badge\">Cin\u00e9-d\u00e9bat<\/span>\n\t\t\t\t\t\t\t<h3>Fi\u00e8r.e.s, la Voix du Pacifique<\/h3>\n\t\t\t\t\t\t\t<p class=\"subtitle\"><\/p>\n\t\t\t\t\t\t\t<p class=\"creator\"><p class=\"subtitle\">De Raynald MERIENNE<\/p><\/p>\n\t\t\t\t\t\t\t<div class=\"event-excerpt\"><p class=\"event-details\">Documentaire \/ Polyn\u00e9sie Fran\u00e7aise \/ 55&#039; \/ VOF \/ 2024<\/p><p class=\"event-text\">R\u00e9sum\u00e9 Dans le triangle polyn\u00e9sien, la notion de genre est bien plus complexe qu\u2019il n\u2019y para\u00eet. Lo\u00efc, Reretini, Lalita, Tehau et Sailali, souvent qualifi\u00e9s de \u00ab mauvais genre \u00bb ou encore de \u00ab 3e sexe \u00bb, sont les porteurs d\u2019une identit\u00e9 transgenre rare et puissante. \u00c0 travers une s\u00e9rie de portraits lumineux et intimistes, ce [&hellip;]<\/p><p class=\"event-details\">Pr\u00e9sent\u00e9 par Caroline Omond, productrice du film, Gabriel, personnage du film et avec le r\u00e9alisateur en visioconf\u00e9rence depuis Hawa\u00ef<\/p>\n                <\/div>\n            <\/div>\n        <\/div>\n    <\/a>\n\t\t\t\t<a href=\"https:\/\/www.rochefortpacifique.org\/edition2025\/festival\/la-legende-de-molly-johnson\/\" class=\"event-card-link\">\n\t\t\t\t\t<div class=\"event-card\">\n\t\t\t\t\t\t<div class=\"prog-event-thumbnail\" style=\"background-image: url(https:\/\/www.rochefortpacifique.org\/edition2025\/wp-content\/uploads\/sites\/3\/2025\/03\/Legende-Molly-Johnson-Couverture-605x1024.jpg); max-height: 270px;\"><\/div>\n\t\t\t\t\t\t<div class=\"event-content\">\n\t\t\t\t\t\t<div class=\"event-date\">\n                    <span class=\"event-day\">Samedi<\/span>\n                    <span class=\"event-number\">12<\/span>\n                    <span class=\"event-month\">Avril<\/span>\n                <\/div> <!-- Ajout de la date ici -->\n\t\t\t\t\t\t\t<div class=\"event-infos\">\n\t\t\t\t\t\t\t\t<p>11 h 30\n\t\t\t\t\t\t\t\t<span class=\"separator\">\u2014<\/span>\n\t\t\t\t\t\t\t\tAppolo Cin\u00e9 8<\/p>\n\t\t\t\t\t\t\t<\/div>\n\t\t\t\t\t\t\t<span class=\"event-badge\">Rencontre litt\u00e9raire<\/span>\n\t\t\t\t\t\t\t<h3>La L\u00e9gende de Molly Johnson<\/h3>\n\t\t\t\t\t\t\t<p class=\"subtitle\"><\/p>\n\t\t\t\t\t\t\t<p class=\"creator\"><p class=\"subtitle\">De Leah PURCELL<\/p><\/p>\n\t\t\t\t\t\t\t<div class=\"event-excerpt\"><p class=\"event-details\">Roman \/ Editions Synchronique \/ Australie \/ 2024<\/p><p class=\"event-text\">1893, dans le bush australien, Molly Johnson, une femme enceinte solitaire et farouche, lutte pour \u00e9lever ses quatre enfants et g\u00e9rer le quotidien en l&rsquo;absence de son mari. Une nuit arrive Yadaka, un Aborig\u00e8ne \u00ab\u00a0gardien d\u2019histoires\u00a0\u00bb recherch\u00e9 par les autorit\u00e9s. Dans cette nation prise entre deux mondes, tous deux savent que la justice peut \u00eatre [&hellip;]<\/p><p class=\"event-details\">Traduit par Mireille VIGNOL<br \/><br \/>\r\nPr\u00e9sent\u00e9 par la traductrice Mireille VIGNOL et de l\u2019auteure en visioconf\u00e9rence depuis l\u2019Australie<\/p>\n                <\/div>\n            <\/div>\n        <\/div>\n    <\/a>\n\t\t\t\t<a href=\"https:\/\/www.rochefortpacifique.org\/edition2025\/festival\/cemel-la-vie-ensemble\/\" class=\"event-card-link\">\n\t\t\t\t\t<div class=\"event-card\">\n\t\t\t\t\t\t<div class=\"prog-event-thumbnail\" style=\"background-image: url(https:\/\/www.rochefortpacifique.org\/edition2025\/wp-content\/uploads\/sites\/3\/2025\/03\/CEMELposter-867x1024.jpg); max-height: 270px;\"><\/div>\n\t\t\t\t\t\t<div class=\"event-content\">\n\t\t\t\t\t\t<div class=\"event-date\">\n                    <span class=\"event-day\">Samedi<\/span>\n                    <span class=\"event-number\">12<\/span>\n                    <span class=\"event-month\">Avril<\/span>\n                <\/div> <!-- Ajout de la date ici -->\n\t\t\t\t\t\t\t<div class=\"event-infos\">\n\t\t\t\t\t\t\t\t<p>14 h\n\t\t\t\t\t\t\t\t<span class=\"separator\">\u2014<\/span>\n\t\t\t\t\t\t\t\tAppolo Cin\u00e9 8<\/p>\n\t\t\t\t\t\t\t<\/div>\n\t\t\t\t\t\t\t<span class=\"event-badge\">Cin\u00e9-d\u00e9bat<\/span>\n\t\t\t\t\t\t\t<h3>Cemel, La Vie Ensemble<\/h3>\n\t\t\t\t\t\t\t<p class=\"subtitle\"><\/p>\n\t\t\t\t\t\t\t<p class=\"creator\"><p class=\"subtitle\">De Faustine Lefranc<\/p><\/p>\n\t\t\t\t\t\t\t<div class=\"event-excerpt\"><p class=\"event-details\">Documentaire \/ Nouvelle-Cal\u00e9donie \/ 86&#039; \/ VO Fran\u00e7ais et Drehu \/ 2023<\/p><p class=\"event-text\">R\u00e9sum\u00e9 Dans la tribu de Jozip, sur l\u2019\u00eele de Lifou, une petite \u00e9cole maternelle accueille un groupe d\u2019enfants de 3 \u00e0 6 ans en classe unique. Ici au quotidien, les valeurs du syst\u00e8me \u00e9ducatif fran\u00e7ais s\u2019impr\u00e8gnent de la culture drehu (la langue de l\u2019\u00eele). Au fil des jours, la cam\u00e9ra s\u2019attache \u00e0 ce petit groupe [&hellip;]<\/p><p class=\"event-details\">Pr\u00e9sent\u00e9 par la r\u00e9alisatrice, Sylvain Lefranc, preneur de son et Diane Derne-Lefranc, 6 ans personnage du film<\/p>\n                <\/div>\n            <\/div>\n        <\/div>\n    <\/a>\n\t\t\t\t<a href=\"https:\/\/www.rochefortpacifique.org\/edition2025\/festival\/master-class-ukulele\/\" class=\"event-card-link\">\n\t\t\t\t\t<div class=\"event-card\">\n\t\t\t\t\t\t<div class=\"prog-event-thumbnail\" style=\"background-image: url(https:\/\/www.rochefortpacifique.org\/edition2025\/wp-content\/uploads\/sites\/3\/2025\/03\/ukulele-1024x678.jpg); max-height: 270px;\"><\/div>\n\t\t\t\t\t\t<div class=\"event-content\">\n\t\t\t\t\t\t<div class=\"event-date\">\n                    <span class=\"event-day\">Samedi<\/span>\n                    <span class=\"event-number\">12<\/span>\n                    <span class=\"event-month\">Avril<\/span>\n                <\/div> <!-- Ajout de la date ici -->\n\t\t\t\t\t\t\t<div class=\"event-infos\">\n\t\t\t\t\t\t\t\t<p>14 h\n\t\t\t\t\t\t\t\t<span class=\"separator\">\u2014<\/span>\n\t\t\t\t\t\t\t\tPalais des Congr\u00e8s de Rochefort<\/p>\n\t\t\t\t\t\t\t<\/div>\n\t\t\t\t\t\t\t<span class=\"event-badge\">Animation<\/span><span class=\"event-badge\">Atelier musical<\/span>\n\t\t\t\t\t\t\t<h3>MASTER CLASS \u00ab\u00a0UKUL\u00c9L\u00c9\u00a0\u00bb<\/h3>\n\t\t\t\t\t\t\t<p class=\"subtitle\"><\/p>\n\t\t\t\t\t\t\t<p class=\"creator\"><\/p>\n\t\t\t\t\t\t\t<div class=\"event-excerpt\"><p class=\"event-text\">Atelier de 2 heures pour apprendre \u00e0 jouer et \u00e0 chanter une chanson polyn\u00e9sienne: \u00ab\u00a0Pahoho\u201d. La rythmique, les encha\u00eenements d&rsquo;accords, des exercices cibl\u00e9s pour une progression acc\u00e9l\u00e9r\u00e9e, et des conseils pour jouer et chanter plus facilement.<\/p><p class=\"event-details\">Dur\u00e9e : 2h, 15 participant.e.s maxi. <br \/><br \/>\r\nPrix : 20 euros. Paiement sur place. Inscription conseill\u00e9e au 07 86 38 99 90<\/p>\n                <\/div>\n            <\/div>\n        <\/div>\n    <\/a>\n\t\t\t\t<a href=\"https:\/\/www.rochefortpacifique.org\/edition2025\/festival\/oui-cest-une-mutinerie\/\" class=\"event-card-link\">\n\t\t\t\t\t<div class=\"event-card\">\n\t\t\t\t\t\t<div class=\"prog-event-thumbnail\" style=\"background-image: url(https:\/\/www.rochefortpacifique.org\/edition2025\/wp-content\/uploads\/sites\/3\/2025\/03\/Mutinerie_couv.jpg); max-height: 270px;\"><\/div>\n\t\t\t\t\t\t<div class=\"event-content\">\n\t\t\t\t\t\t<div class=\"event-date\">\n                    <span class=\"event-day\">Samedi<\/span>\n                    <span class=\"event-number\">12<\/span>\n                    <span class=\"event-month\">Avril<\/span>\n                <\/div> <!-- Ajout de la date ici -->\n\t\t\t\t\t\t\t<div class=\"event-infos\">\n\t\t\t\t\t\t\t\t<p>15 h\n\t\t\t\t\t\t\t\t<span class=\"separator\">\u2014<\/span>\n\t\t\t\t\t\t\t\tAppolo Cin\u00e9 8<\/p>\n\t\t\t\t\t\t\t<\/div>\n\t\t\t\t\t\t\t<span class=\"event-badge\">Rencontre litt\u00e9raire<\/span>\n\t\t\t\t\t\t\t<h3>Oui, c&rsquo;est une Mutinerie<\/h3>\n\t\t\t\t\t\t\t<p class=\"subtitle\"><\/p>\n\t\t\t\t\t\t\t<p class=\"creator\"><p class=\"subtitle\">De Craig Santos Perez<\/p><\/p>\n\t\t\t\t\t\t\t<div class=\"event-excerpt\"><p class=\"event-details\">Po\u00e8me \/ Guam \/ \u00c9dition Les Petites All\u00e9es \/ 2024<\/p><p class=\"event-text\">Po\u00e8me titre du septi\u00e8me livre de l\u2019auteur Chamorro qui rassemble des po\u00e8mes initialement publi\u00e9s dans des revues et des anthologies de 2008 \u00e0 2023. La po\u00e9sie de Craig SANTOS PEREZ partage l\u2019histoire et la culture autochtones pour offrir une gu\u00e9rison au traumatisme du colonialisme et de l\u2019injustice.<\/p><p class=\"event-details\">Avec l\u2019auteur en visioconf\u00e9rence depuis la Californie<br \/><br \/>\r\nInterpr\u00e8te : Odile LACOSTE<\/p>\n                <\/div>\n            <\/div>\n        <\/div>\n    <\/a>\n\t\t\t\t<a href=\"https:\/\/www.rochefortpacifique.org\/edition2025\/festival\/i-am-the-river-the-river-is-me\/\" class=\"event-card-link\">\n\t\t\t\t\t<div class=\"event-card\">\n\t\t\t\t\t\t<div class=\"prog-event-thumbnail\" style=\"background-image: url(https:\/\/www.rochefortpacifique.org\/edition2025\/wp-content\/uploads\/sites\/3\/2025\/03\/Poster-I-am-the-river-A4-scaled-2-724x1024.jpg); max-height: 270px;\"><\/div>\n\t\t\t\t\t\t<div class=\"event-content\">\n\t\t\t\t\t\t<div class=\"event-date\">\n                    <span class=\"event-day\">Samedi<\/span>\n                    <span class=\"event-number\">12<\/span>\n                    <span class=\"event-month\">Avril<\/span>\n                <\/div> <!-- Ajout de la date ici -->\n\t\t\t\t\t\t\t<div class=\"event-infos\">\n\t\t\t\t\t\t\t\t<p>17 h\n\t\t\t\t\t\t\t\t<span class=\"separator\">\u2014<\/span>\n\t\t\t\t\t\t\t\tAppolo Cin\u00e9 8<\/p>\n\t\t\t\t\t\t\t<\/div>\n\t\t\t\t\t\t\t<span class=\"event-badge\">Cin\u00e9-d\u00e9bat<\/span>\n\t\t\t\t\t\t\t<h3>I am the River, the River is Me<\/h3>\n\t\t\t\t\t\t\t<p class=\"subtitle\"><\/p>\n\t\t\t\t\t\t\t<p class=\"creator\"><p class=\"subtitle\">De Corinne Van Egeraat &amp; Petr Lom<\/p><\/p>\n\t\t\t\t\t\t\t<div class=\"event-excerpt\"><p class=\"event-details\">Documentaire \/ Nouvelle-Z\u00e9lande \/ 89&#039; \/ VO Anglais, Te Reo M\u0101ori et Tati tati sous-titr\u00e9e fran\u00e7ais \/ 2024<\/p><p class=\"event-text\">R\u00e9sum\u00e9 Nouvelle-Z\u00e9lande, une descente en cano\u00eb sur la rivi\u00e8re Whanganui, la premi\u00e8re rivi\u00e8re au monde reconnue comme personne morale. Au cours de ce p\u00e9riple dirig\u00e9 par un m\u0101ori, les participants de plusieurs pays vont se rapprocher de la nature, livrer une part d&rsquo;eux-m\u00eames et lancer un appel \u00e0 la mobilisation pour la reconnaissance des droits [&hellip;]<\/p><p class=\"event-details\">En pr\u00e9sence du r\u00e9alisateur et de la productrice Corinne VAN EGERAAT<\/p>\n                <\/div>\n            <\/div>\n        <\/div>\n    <\/a>\n\t\t\t\t<a href=\"https:\/\/www.rochefortpacifique.org\/edition2025\/festival\/cloture-du-festival\/\" class=\"event-card-link\">\n\t\t\t\t\t<div class=\"event-card\">\n\t\t\t\t\t\t<div class=\"prog-event-thumbnail\" style=\"background-image: url(https:\/\/www.rochefortpacifique.org\/edition2025\/wp-content\/uploads\/sites\/3\/2025\/01\/bird.png); max-height: 270px;\"><\/div>\n\t\t\t\t\t\t<div class=\"event-content\">\n\t\t\t\t\t\t<div class=\"event-date\">\n                    <span class=\"event-day\">Samedi<\/span>\n                    <span class=\"event-number\">12<\/span>\n                    <span class=\"event-month\">Avril<\/span>\n                <\/div> <!-- Ajout de la date ici -->\n\t\t\t\t\t\t\t<div class=\"event-infos\">\n\t\t\t\t\t\t\t\t<p>19 h\n\t\t\t\t\t\t\t\t<span class=\"separator\">\u2014<\/span>\n\t\t\t\t\t\t\t\tAppolo Cin\u00e9 8<\/p>\n\t\t\t\t\t\t\t<\/div>\n\t\t\t\t\t\t\t<span class=\"event-badge\">Animation<\/span><span class=\"event-badge\">Discours<\/span>\n\t\t\t\t\t\t\t<h3>Cl\u00f4ture du Festival<\/h3>\n\t\t\t\t\t\t\t<p class=\"subtitle\"><\/p>\n\t\t\t\t\t\t\t<p class=\"creator\"><\/p>\n\t\t\t\t\t\t\t<div class=\"event-excerpt\"><p class=\"event-text\">PASSATION ENTRE GUAM ET LES PAYS ET TERRITOIRES \u00c0 L\u2019HONNEUR EN 2026Discours de cl\u00f4ture<\/p><p class=\"event-details\">Pr\u00e9sentation de l\u2019\u00e9dition sp\u00e9ciale 2026 - 20e anniversaire<br \/><br \/>\r\n<\/p>\n                <\/div>\n            <\/div>\n        <\/div>\n    <\/a><\/div>\n<\/div>\n\n\n\n<div data-aos= \"fade\" data-aos-duration=\"400\" data-aos-delay=\"0\" data-aos-easing=\"ease\" data-aos-once=\"true\" class=\"wp-block-uagb-tabs-child uagb-tabs__body-container uagb-inner-tab-5\" aria-labelledby=\"uagb-tabs__tab5\"><div id=\"prog-complete\" class=\"festival-events-grid\">\n\t\t\t\t<a href=\"https:\/\/www.rochefortpacifique.org\/edition2025\/festival\/something-to-call-our-own\/\" class=\"event-card-link\">\n\t\t\t\t\t<div class=\"event-card\">\n\t\t\t\t\t\t<div class=\"prog-event-thumbnail\" style=\"background-image: url(https:\/\/www.rochefortpacifique.org\/edition2025\/wp-content\/uploads\/sites\/3\/2025\/03\/SomeThingCallOurOwn-Poster-819x1024.jpg); max-height: 270px;\"><\/div>\n\t\t\t\t\t\t<div class=\"event-content\">\n\t\t\t\t\t\t<div class=\"event-date\">\n                    <span class=\"event-day\">Jeudi<\/span>\n                    <span class=\"event-number\">10<\/span>\n                    <span class=\"event-month\">Avril<\/span>\n                <\/div> <!-- Ajout de la date ici -->\n\t\t\t\t\t\t\t<div class=\"event-infos\">\n\t\t\t\t\t\t\t\t<p>21 h\n\t\t\t\t\t\t\t\t<span class=\"separator\">\u2014<\/span>\n\t\t\t\t\t\t\t\tAppolo Cin\u00e9 8<\/p>\n\t\t\t\t\t\t\t<\/div>\n\t\t\t\t\t\t\t<span class=\"event-badge\">Cin\u00e9-d\u00e9bat<\/span>\n\t\t\t\t\t\t\t<h3>Something To Call Our Own<\/h3>\n\t\t\t\t\t\t\t<p class=\"subtitle\"><\/p>\n\t\t\t\t\t\t\t<p class=\"creator\"><p class=\"subtitle\">De Niel Romero<\/p><\/p>\n\t\t\t\t\t\t\t<div class=\"event-excerpt\"><p class=\"event-details\">Documentaire \/ Guam \/ 60&#039; \/ VOSTFR \/ 2025<\/p><p class=\"event-text\">R\u00e9sum\u00e9 L&rsquo;importance de la danse comme affirmation et r\u00e9sistance de la culture Chamorro de Guam : De la petite \u00eele de Guam \u00e0 la sc\u00e8ne internationale du FestPAC, c\u2019est l\u2019histoire inspirante des efforts continus pour la restauration et la pr\u00e9servation d\u2019une tradition qui appartient au peuple Chamorro, autrefois r\u00e9duit au silence par la colonisation. Avec [&hellip;]<\/p><p class=\"event-details\">En pr\u00e9sence du r\u00e9alisateur<br \/><br \/>\r\nInterpr\u00e8te : Odile Lacoste<\/p>\n                <\/div>\n            <\/div>\n        <\/div>\n    <\/a>\n\t\t\t\t<a href=\"https:\/\/www.rochefortpacifique.org\/edition2025\/festival\/bereziina\/\" class=\"event-card-link\">\n\t\t\t\t\t<div class=\"event-card\">\n\t\t\t\t\t\t<div class=\"prog-event-thumbnail\" style=\"background-image: url(https:\/\/www.rochefortpacifique.org\/edition2025\/wp-content\/uploads\/sites\/3\/2025\/03\/BereziinaPoster-766x1024.jpg); max-height: 270px;\"><\/div>\n\t\t\t\t\t\t<div class=\"event-content\">\n\t\t\t\t\t\t<div class=\"event-date\">\n                    <span class=\"event-day\">Vendredi<\/span>\n                    <span class=\"event-number\">11<\/span>\n                    <span class=\"event-month\">Avril<\/span>\n                <\/div> <!-- Ajout de la date ici -->\n\t\t\t\t\t\t\t<div class=\"event-infos\">\n\t\t\t\t\t\t\t\t<p>10 h\n\t\t\t\t\t\t\t\t<span class=\"separator\">\u2014<\/span>\n\t\t\t\t\t\t\t\tAppolo Cin\u00e9 8<\/p>\n\t\t\t\t\t\t\t<\/div>\n\t\t\t\t\t\t\t<span class=\"event-badge\">Cin\u00e9-d\u00e9bat<\/span>\n\t\t\t\t\t\t\t<h3>BEREZIINA<\/h3>\n\t\t\t\t\t\t\t<p class=\"subtitle\"><\/p>\n\t\t\t\t\t\t\t<p class=\"creator\"><p class=\"subtitle\">De Anthony Pedulla<\/p><\/p>\n\t\t\t\t\t\t\t<div class=\"event-excerpt\"><p class=\"event-details\">Court m\u00e9trage \/ Nouvelle-Cal\u00e9donie \/ 19&#039; \/ VF \/ 2024<\/p><p class=\"event-text\">\u00c0 Noum\u00e9a, Zerbina, une jeune danseuse de hip-hop kanak doit s\u2019\u00e9clipser d\u2019une r\u00e9p\u00e9tition car son p\u00e8re la convoque en brousse. Retour difficile \u00e0 la tribu pour la jeune fille. Cin\u00e9-d\u00e9bat<\/p><p class=\"event-details\">En pr\u00e9sence du r\u00e9alisateur<br \/><br \/>\r\net de la productrice Cinthia DJIRAM<\/p>\n                <\/div>\n            <\/div>\n        <\/div>\n    <\/a>\n\t\t\t\t<a href=\"https:\/\/www.rochefortpacifique.org\/edition2025\/festival\/tradewinds\/\" class=\"event-card-link\">\n\t\t\t\t\t<div class=\"event-card\">\n\t\t\t\t\t\t<div class=\"prog-event-thumbnail\" style=\"background-image: url(https:\/\/www.rochefortpacifique.org\/edition2025\/wp-content\/uploads\/sites\/3\/2025\/03\/TRADEWINDSposter-819x1024.jpg); max-height: 270px;\"><\/div>\n\t\t\t\t\t\t<div class=\"event-content\">\n\t\t\t\t\t\t<div class=\"event-date\">\n                    <span class=\"event-day\">Vendredi<\/span>\n                    <span class=\"event-number\">11<\/span>\n                    <span class=\"event-month\">Avril<\/span>\n                <\/div> <!-- Ajout de la date ici -->\n\t\t\t\t\t\t\t<div class=\"event-infos\">\n\t\t\t\t\t\t\t\t<p>11 h 15\n\t\t\t\t\t\t\t\t<span class=\"separator\">\u2014<\/span>\n\t\t\t\t\t\t\t\tAppolo Cin\u00e9 8<\/p>\n\t\t\t\t\t\t\t<\/div>\n\t\t\t\t\t\t\t<span class=\"event-badge\">Cin\u00e9-d\u00e9bat<\/span>\n\t\t\t\t\t\t\t<h3>TradeWinds<\/h3>\n\t\t\t\t\t\t\t<p class=\"subtitle\"><\/p>\n\t\t\t\t\t\t\t<p class=\"creator\"><p class=\"subtitle\">De Kyle Perron<\/p><\/p>\n\t\t\t\t\t\t\t<div class=\"event-excerpt\"><p class=\"event-details\">Documentaire \/ Guam \/ 23&#039; \/ VOSTFR \/ 2023<\/p><p class=\"event-text\">R\u00e9sum\u00e9 Un portrait du musicien de jazz Chamorro Patrick Palomo, qui se transforme rapidement en une lettre d\u2019amour \u00e0 sa culture indig\u00e8ne et \u00e0 toutes les fa\u00e7ons dont elle influence le pianiste qu\u2019il est. Palomo se retrouve \u00e0 encadrer la prochaine g\u00e9n\u00e9ration de talents musicaux \u00e9mergents de Guam, en constituant leur groupe \u201dTradewinds\u201d. Bande-annonce \/ [&hellip;]<\/p><p class=\"event-details\">Pr\u00e9sent\u00e9 par Niel Romero, cin\u00e9aste de Guam<br \/><br \/>\r\nInterpr\u00e8te : Odile LACOSTE<\/p>\n                <\/div>\n            <\/div>\n        <\/div>\n    <\/a>\n\t\t\t\t<a href=\"https:\/\/www.rochefortpacifique.org\/edition2025\/festival\/war-for-guam\/\" class=\"event-card-link\">\n\t\t\t\t\t<div class=\"event-card\">\n\t\t\t\t\t\t<div class=\"prog-event-thumbnail\" style=\"background-image: url(https:\/\/www.rochefortpacifique.org\/edition2025\/wp-content\/uploads\/sites\/3\/2025\/03\/WarForGuam-affiche-741x1024.jpg); max-height: 270px;\"><\/div>\n\t\t\t\t\t\t<div class=\"event-content\">\n\t\t\t\t\t\t<div class=\"event-date\">\n                    <span class=\"event-day\">Vendredi<\/span>\n                    <span class=\"event-number\">11<\/span>\n                    <span class=\"event-month\">Avril<\/span>\n                <\/div> <!-- Ajout de la date ici -->\n\t\t\t\t\t\t\t<div class=\"event-infos\">\n\t\t\t\t\t\t\t\t<p>14 h 45\n\t\t\t\t\t\t\t\t<span class=\"separator\">\u2014<\/span>\n\t\t\t\t\t\t\t\tAppolo Cin\u00e9 8<\/p>\n\t\t\t\t\t\t\t<\/div>\n\t\t\t\t\t\t\t<span class=\"event-badge\">Cin\u00e9-d\u00e9bat<\/span>\n\t\t\t\t\t\t\t<h3>War for Guam<\/h3>\n\t\t\t\t\t\t\t<p class=\"subtitle\"><\/p>\n\t\t\t\t\t\t\t<p class=\"creator\"><p class=\"subtitle\">De Frances Negron Muntaner<\/p><\/p>\n\t\t\t\t\t\t\t<div class=\"event-excerpt\"><p class=\"event-details\">Documentaire \/ Guam \/ 56&#039; \/ VOSTFR \/ 2015<\/p><p class=\"event-text\">R\u00e9sum\u00e9 L&rsquo;histoire du peuple autochtone de Guam, les Chamorros, qui sont rest\u00e9s fid\u00e8les aux \u00c9tats-Unis sous l\u2019occupation japonaise brutale de 1941-44, mais qui ont \u00e9t\u00e9 d\u00e9pouill\u00e9s d&rsquo;une grande partie de leurs terres ancestrales pour construire des installations militaires apr\u00e8s la Seconde Guerre mondiale. \u00c0 travers des images d&rsquo;archives rarement vues, ainsi que des t\u00e9moignages de [&hellip;]<\/p><p class=\"event-details\">Pr\u00e9sent\u00e9 par Niel Romero, cin\u00e9aste de Guam<br \/><br \/>\r\nInterpr\u00e8te : Odile LACOSTE<\/p>\n                <\/div>\n            <\/div>\n        <\/div>\n    <\/a>\n\t\t\t\t<a href=\"https:\/\/www.rochefortpacifique.org\/edition2025\/festival\/the-convert\/\" class=\"event-card-link\">\n\t\t\t\t\t<div class=\"event-card\">\n\t\t\t\t\t\t<div class=\"prog-event-thumbnail\" style=\"background-image: url(https:\/\/www.rochefortpacifique.org\/edition2025\/wp-content\/uploads\/sites\/3\/2025\/03\/6afficheTheConvert-698x1024.jpg); max-height: 270px;\"><\/div>\n\t\t\t\t\t\t<div class=\"event-content\">\n\t\t\t\t\t\t<div class=\"event-date\">\n                    <span class=\"event-day\">Vendredi<\/span>\n                    <span class=\"event-number\">11<\/span>\n                    <span class=\"event-month\">Avril<\/span>\n                <\/div> <!-- Ajout de la date ici -->\n\t\t\t\t\t\t\t<div class=\"event-infos\">\n\t\t\t\t\t\t\t\t<p>20 h 30\n\t\t\t\t\t\t\t\t<span class=\"separator\">\u2014<\/span>\n\t\t\t\t\t\t\t\tAppolo Cin\u00e9 8<\/p>\n\t\t\t\t\t\t\t<\/div>\n\t\t\t\t\t\t\t<span class=\"event-badge\">Cin\u00e9-d\u00e9bat<\/span>\n\t\t\t\t\t\t\t<h3>The Convert<\/h3>\n\t\t\t\t\t\t\t<p class=\"subtitle\"><\/p>\n\t\t\t\t\t\t\t<p class=\"creator\"><p class=\"subtitle\">De Lee Tamahori<\/p><\/p>\n\t\t\t\t\t\t\t<div class=\"event-excerpt\"><p class=\"event-details\">Fiction \/ Nouvelle-Z\u00e9lande \/ 119&#039; \/ VOSTFR Anglais et Te Reo M\u0101ori sous-titr\u00e9 fran\u00e7ais \/ 2023<\/p><p class=\"event-text\">R\u00e9sum\u00e9 Dans les ann\u00e9es 1830, la Nouvelle-Z\u00e9lande est un monde maori, domin\u00e9 par les guerres tribales. En qu\u00eate de r\u00e9demption apr\u00e8s un pass\u00e9 sombre, le pr\u00e9dicateur anglais Thomas Munro arrive \u00e0 la colonie britannique nouvellement \u00e9tablie d&rsquo;Epwort, se retrouve pris dans une bataille entre tribus maories et assiste au massacre d&rsquo;innocents par le chef Akatarawa. [&hellip;]<\/p><p class=\"event-details\">Pr\u00e9sent\u00e9 par Bernard Bories, cr\u00e9ateur du Festival des Antipodes<\/p>\n                <\/div>\n            <\/div>\n        <\/div>\n    <\/a>\n\t\t\t\t<a href=\"https:\/\/www.rochefortpacifique.org\/edition2025\/festival\/fier-e-s-la-voix-du-pacifique\/\" class=\"event-card-link\">\n\t\t\t\t\t<div class=\"event-card\">\n\t\t\t\t\t\t<div class=\"prog-event-thumbnail\" style=\"background-image: url(https:\/\/www.rochefortpacifique.org\/edition2025\/wp-content\/uploads\/sites\/3\/2025\/03\/FIER-E-S_affiche-724x1024.jpg); max-height: 270px;\"><\/div>\n\t\t\t\t\t\t<div class=\"event-content\">\n\t\t\t\t\t\t<div class=\"event-date\">\n                    <span class=\"event-day\">Samedi<\/span>\n                    <span class=\"event-number\">12<\/span>\n                    <span class=\"event-month\">Avril<\/span>\n                <\/div> <!-- Ajout de la date ici -->\n\t\t\t\t\t\t\t<div class=\"event-infos\">\n\t\t\t\t\t\t\t\t<p>10 h\n\t\t\t\t\t\t\t\t<span class=\"separator\">\u2014<\/span>\n\t\t\t\t\t\t\t\tAppolo Cin\u00e9 8<\/p>\n\t\t\t\t\t\t\t<\/div>\n\t\t\t\t\t\t\t<span class=\"event-badge\">Cin\u00e9-d\u00e9bat<\/span>\n\t\t\t\t\t\t\t<h3>Fi\u00e8r.e.s, la Voix du Pacifique<\/h3>\n\t\t\t\t\t\t\t<p class=\"subtitle\"><\/p>\n\t\t\t\t\t\t\t<p class=\"creator\"><p class=\"subtitle\">De Raynald MERIENNE<\/p><\/p>\n\t\t\t\t\t\t\t<div class=\"event-excerpt\"><p class=\"event-details\">Documentaire \/ Polyn\u00e9sie Fran\u00e7aise \/ 55&#039; \/ VOF \/ 2024<\/p><p class=\"event-text\">R\u00e9sum\u00e9 Dans le triangle polyn\u00e9sien, la notion de genre est bien plus complexe qu\u2019il n\u2019y para\u00eet. Lo\u00efc, Reretini, Lalita, Tehau et Sailali, souvent qualifi\u00e9s de \u00ab mauvais genre \u00bb ou encore de \u00ab 3e sexe \u00bb, sont les porteurs d\u2019une identit\u00e9 transgenre rare et puissante. \u00c0 travers une s\u00e9rie de portraits lumineux et intimistes, ce [&hellip;]<\/p><p class=\"event-details\">Pr\u00e9sent\u00e9 par Caroline Omond, productrice du film, Gabriel, personnage du film et avec le r\u00e9alisateur en visioconf\u00e9rence depuis Hawa\u00ef<\/p>\n                <\/div>\n            <\/div>\n        <\/div>\n    <\/a>\n\t\t\t\t<a href=\"https:\/\/www.rochefortpacifique.org\/edition2025\/festival\/cemel-la-vie-ensemble\/\" class=\"event-card-link\">\n\t\t\t\t\t<div class=\"event-card\">\n\t\t\t\t\t\t<div class=\"prog-event-thumbnail\" style=\"background-image: url(https:\/\/www.rochefortpacifique.org\/edition2025\/wp-content\/uploads\/sites\/3\/2025\/03\/CEMELposter-867x1024.jpg); max-height: 270px;\"><\/div>\n\t\t\t\t\t\t<div class=\"event-content\">\n\t\t\t\t\t\t<div class=\"event-date\">\n                    <span class=\"event-day\">Samedi<\/span>\n                    <span class=\"event-number\">12<\/span>\n                    <span class=\"event-month\">Avril<\/span>\n                <\/div> <!-- Ajout de la date ici -->\n\t\t\t\t\t\t\t<div class=\"event-infos\">\n\t\t\t\t\t\t\t\t<p>14 h\n\t\t\t\t\t\t\t\t<span class=\"separator\">\u2014<\/span>\n\t\t\t\t\t\t\t\tAppolo Cin\u00e9 8<\/p>\n\t\t\t\t\t\t\t<\/div>\n\t\t\t\t\t\t\t<span class=\"event-badge\">Cin\u00e9-d\u00e9bat<\/span>\n\t\t\t\t\t\t\t<h3>Cemel, La Vie Ensemble<\/h3>\n\t\t\t\t\t\t\t<p class=\"subtitle\"><\/p>\n\t\t\t\t\t\t\t<p class=\"creator\"><p class=\"subtitle\">De Faustine Lefranc<\/p><\/p>\n\t\t\t\t\t\t\t<div class=\"event-excerpt\"><p class=\"event-details\">Documentaire \/ Nouvelle-Cal\u00e9donie \/ 86&#039; \/ VO Fran\u00e7ais et Drehu \/ 2023<\/p><p class=\"event-text\">R\u00e9sum\u00e9 Dans la tribu de Jozip, sur l\u2019\u00eele de Lifou, une petite \u00e9cole maternelle accueille un groupe d\u2019enfants de 3 \u00e0 6 ans en classe unique. Ici au quotidien, les valeurs du syst\u00e8me \u00e9ducatif fran\u00e7ais s\u2019impr\u00e8gnent de la culture drehu (la langue de l\u2019\u00eele). Au fil des jours, la cam\u00e9ra s\u2019attache \u00e0 ce petit groupe [&hellip;]<\/p><p class=\"event-details\">Pr\u00e9sent\u00e9 par la r\u00e9alisatrice, Sylvain Lefranc, preneur de son et Diane Derne-Lefranc, 6 ans personnage du film<\/p>\n                <\/div>\n            <\/div>\n        <\/div>\n    <\/a>\n\t\t\t\t<a href=\"https:\/\/www.rochefortpacifique.org\/edition2025\/festival\/i-am-the-river-the-river-is-me\/\" class=\"event-card-link\">\n\t\t\t\t\t<div class=\"event-card\">\n\t\t\t\t\t\t<div class=\"prog-event-thumbnail\" style=\"background-image: url(https:\/\/www.rochefortpacifique.org\/edition2025\/wp-content\/uploads\/sites\/3\/2025\/03\/Poster-I-am-the-river-A4-scaled-2-724x1024.jpg); max-height: 270px;\"><\/div>\n\t\t\t\t\t\t<div class=\"event-content\">\n\t\t\t\t\t\t<div class=\"event-date\">\n                    <span class=\"event-day\">Samedi<\/span>\n                    <span class=\"event-number\">12<\/span>\n                    <span class=\"event-month\">Avril<\/span>\n                <\/div> <!-- Ajout de la date ici -->\n\t\t\t\t\t\t\t<div class=\"event-infos\">\n\t\t\t\t\t\t\t\t<p>17 h\n\t\t\t\t\t\t\t\t<span class=\"separator\">\u2014<\/span>\n\t\t\t\t\t\t\t\tAppolo Cin\u00e9 8<\/p>\n\t\t\t\t\t\t\t<\/div>\n\t\t\t\t\t\t\t<span class=\"event-badge\">Cin\u00e9-d\u00e9bat<\/span>\n\t\t\t\t\t\t\t<h3>I am the River, the River is Me<\/h3>\n\t\t\t\t\t\t\t<p class=\"subtitle\"><\/p>\n\t\t\t\t\t\t\t<p class=\"creator\"><p class=\"subtitle\">De Corinne Van Egeraat &amp; Petr Lom<\/p><\/p>\n\t\t\t\t\t\t\t<div class=\"event-excerpt\"><p class=\"event-details\">Documentaire \/ Nouvelle-Z\u00e9lande \/ 89&#039; \/ VO Anglais, Te Reo M\u0101ori et Tati tati sous-titr\u00e9e fran\u00e7ais \/ 2024<\/p><p class=\"event-text\">R\u00e9sum\u00e9 Nouvelle-Z\u00e9lande, une descente en cano\u00eb sur la rivi\u00e8re Whanganui, la premi\u00e8re rivi\u00e8re au monde reconnue comme personne morale. Au cours de ce p\u00e9riple dirig\u00e9 par un m\u0101ori, les participants de plusieurs pays vont se rapprocher de la nature, livrer une part d&rsquo;eux-m\u00eames et lancer un appel \u00e0 la mobilisation pour la reconnaissance des droits [&hellip;]<\/p><p class=\"event-details\">En pr\u00e9sence du r\u00e9alisateur et de la productrice Corinne VAN EGERAAT<\/p>\n                <\/div>\n            <\/div>\n        <\/div>\n    <\/a>\n\t\t\t\t<a href=\"https:\/\/www.rochefortpacifique.org\/edition2025\/festival\/projection-de-i-am-the-river-the-river-is-me\/\" class=\"event-card-link\">\n\t\t\t\t\t<div class=\"event-card\">\n\t\t\t\t\t\t<div class=\"prog-event-thumbnail\" style=\"background-image: url(https:\/\/www.rochefortpacifique.org\/edition2025\/wp-content\/uploads\/sites\/3\/2025\/03\/Poster-I-am-the-river-A4-scaled-2-724x1024.jpg); max-height: 270px;\"><\/div>\n\t\t\t\t\t\t<div class=\"event-content\">\n\t\t\t\t\t\t<div class=\"event-date\">\n                    <span class=\"event-day\">Jeudi<\/span>\n                    <span class=\"event-number\">26<\/span>\n                    <span class=\"event-month\">Juin<\/span>\n                <\/div> <!-- Ajout de la date ici -->\n\t\t\t\t\t\t\t<div class=\"event-infos\">\n\t\t\t\t\t\t\t\t<p>20 h\n\t\t\t\t\t\t\t\t<span class=\"separator\">\u2014<\/span>\n\t\t\t\t\t\t\t\tCin\u00e9ma le Galaxy - Cognac<\/p>\n\t\t\t\t\t\t\t<\/div>\n\t\t\t\t\t\t\t<span class=\"event-badge\">Cin\u00e9-d\u00e9bat<\/span><span class=\"event-badge\">Rendez-vous Oc\u00e9anien<\/span>\n\t\t\t\t\t\t\t<h3>Projection de \u00ab\u00a0I am the river, the river is me\u00a0\u00bb<\/h3>\n\t\t\t\t\t\t\t<p class=\"subtitle\"><\/p>\n\t\t\t\t\t\t\t<p class=\"creator\"><p class=\"subtitle\">De Corinne Van Egeraat &amp; Petr Lom<\/p><\/p>\n\t\t\t\t\t\t\t<div class=\"event-excerpt\"><p class=\"event-text\">Premier \u00ab\u00a0Rendez-vous Oc\u00e9anien\u00a0\u00bb de 2025 r\u00e9ussi au Cin\u00e9ma Galaxy de Cognac hier soir 26\/6 pour une projection de \u00ab\u00a0I am the river, the river is me\u00a0\u00bb de Petr Lom &amp; Corinne Van Egeraat, suivie d&rsquo;\u00e9changes entre les cin\u00e9astes et un public tr\u00e8s motiv\u00e9 par les questions d&rsquo;eau de rivi\u00e8res et de nature, avec la collaboration [&hellip;]<\/p><p class=\"event-details\">en partenariat avec le collectif \u201cPour la reconnaissance des droits du fleuve Charente\u201d<\/p>\n                <\/div>\n            <\/div>\n        <\/div>\n    <\/a>\n\t\t\t\t<a href=\"https:\/\/www.rochefortpacifique.org\/edition2025\/festival\/projection-de-i-am-the-river-the-river-is-me\/\" class=\"event-card-link\">\n\t\t\t\t\t<div class=\"event-card\">\n\t\t\t\t\t\t<div class=\"prog-event-thumbnail\" style=\"background-image: url(https:\/\/www.rochefortpacifique.org\/edition2025\/wp-content\/uploads\/sites\/3\/2025\/03\/Poster-I-am-the-river-A4-scaled-2-724x1024.jpg); max-height: 270px;\"><\/div>\n\t\t\t\t\t\t<div class=\"event-content\">\n\t\t\t\t\t\t<div class=\"event-date\">\n                    <span class=\"event-day\">Vendredi<\/span>\n                    <span class=\"event-number\">27<\/span>\n                    <span class=\"event-month\">Juin<\/span>\n                <\/div> <!-- Ajout de la date ici -->\n\t\t\t\t\t\t\t<div class=\"event-infos\">\n\t\t\t\t\t\t\t\t<p>20 h\n\t\t\t\t\t\t\t\t<span class=\"separator\">\u2014<\/span>\n\t\t\t\t\t\t\t\tCin\u00e9ma Le Palace - Surg\u00e8res<\/p>\n\t\t\t\t\t\t\t<\/div>\n\t\t\t\t\t\t\t<span class=\"event-badge\">Cin\u00e9-d\u00e9bat<\/span><span class=\"event-badge\">Rendez-vous Oc\u00e9anien<\/span>\n\t\t\t\t\t\t\t<h3>Projection de \u00ab\u00a0I am the river, the river is me\u00a0\u00bb<\/h3>\n\t\t\t\t\t\t\t<p class=\"subtitle\"><\/p>\n\t\t\t\t\t\t\t<p class=\"creator\"><p class=\"subtitle\">De Corinne Van Egeraat &amp; Petr Lom<\/p><\/p>\n\t\t\t\t\t\t\t<div class=\"event-excerpt\"><p class=\"event-text\">Premier \u00ab\u00a0Rendez-vous Oc\u00e9anien\u00a0\u00bb de 2025 r\u00e9ussi au Cin\u00e9ma Galaxy de Cognac hier soir 26\/6 pour une projection de \u00ab\u00a0I am the river, the river is me\u00a0\u00bb de Petr Lom &amp; Corinne Van Egeraat, suivie d&rsquo;\u00e9changes entre les cin\u00e9astes et un public tr\u00e8s motiv\u00e9 par les questions d&rsquo;eau de rivi\u00e8res et de nature, avec la collaboration [&hellip;]<\/p><p class=\"event-details\">en partenariat avec le collectif \u201cPour la reconnaissance des droits du fleuve Charente\u201d<\/p>\n                <\/div>\n            <\/div>\n        <\/div>\n    <\/a>\n\t\t\t\t<a href=\"https:\/\/www.rochefortpacifique.org\/edition2025\/festival\/myrjana-la-valeur-dune-femme\/\" class=\"event-card-link\">\n\t\t\t\t\t<div class=\"event-card\">\n\t\t\t\t\t\t<div class=\"prog-event-thumbnail\" style=\"background-image: url(https:\/\/www.rochefortpacifique.org\/edition2025\/wp-content\/uploads\/sites\/3\/2025\/03\/myCANAL_Jaquette_MEA_600x800-OMti.webp); max-height: 270px;\"><\/div>\n\t\t\t\t\t\t<div class=\"event-content\">\n\t\t\t\t\t\t <!-- Ajout de la date ici -->\n\t\t\t\t\t\t\t<div class=\"event-infos\">\n\t\t\t\t\t\t\t\t<p>\n\t\t\t\t\t\t\t\t<span class=\"separator\">\u2014<\/span>\n\t\t\t\t\t\t\t\t<\/p>\n\t\t\t\t\t\t\t<\/div>\n\t\t\t\t\t\t\t<span class=\"event-badge\">Cin\u00e9-d\u00e9bat<\/span><span class=\"event-badge\">Rendez-vous Oc\u00e9anien<\/span>\n\t\t\t\t\t\t\t<h3>MYRJANA, LA VALEUR D&rsquo;UNE FEMME<\/h3>\n\t\t\t\t\t\t\t<p class=\"subtitle\"><\/p>\n\t\t\t\t\t\t\t<p class=\"creator\"><\/p>\n\t\t\t\t\t\t\t<div class=\"event-excerpt\"><p class=\"event-details\">Documentaire \/ NOUVELLE-CAL\u00c9DONIE \/ 73&#039; \/ VF \/ 2024<\/p><p class=\"event-text\">Depuis le f\u00e9minicide de Myrjana, en Nouvelle-Cal\u00e9donie, ses s\u0153urs prennent soin de ses deux jeunes orphelins laiss\u00e9s pour compte et se mettent en mouvement avec C\u00e9cile, la sage-femme du village.<\/p><p class=\"event-details\">Avec le r\u00e9alisateur en visioconf\u00e9rence depuis la Nouvelle-Cal\u00e9donie<\/p>\n                <\/div>\n            <\/div>\n        <\/div>\n    <\/a>\n\t\t\t\t<a href=\"https:\/\/www.rochefortpacifique.org\/edition2025\/festival\/1878-2\/\" class=\"event-card-link\">\n\t\t\t\t\t<div class=\"event-card\">\n\t\t\t\t\t\t<div class=\"prog-event-thumbnail\" style=\"background-image: url(https:\/\/www.rochefortpacifique.org\/edition2025\/wp-content\/uploads\/sites\/3\/2025\/03\/1878_AFF_HD-scaled-1-724x1024.jpg); max-height: 270px;\"><\/div>\n\t\t\t\t\t\t<div class=\"event-content\">\n\t\t\t\t\t\t <!-- Ajout de la date ici -->\n\t\t\t\t\t\t\t<div class=\"event-infos\">\n\t\t\t\t\t\t\t\t<p>\n\t\t\t\t\t\t\t\t<span class=\"separator\">\u2014<\/span>\n\t\t\t\t\t\t\t\t<\/p>\n\t\t\t\t\t\t\t<\/div>\n\t\t\t\t\t\t\t<span class=\"event-badge\">Cin\u00e9-d\u00e9bat<\/span><span class=\"event-badge\">Rendez-vous Oc\u00e9anien<\/span>\n\t\t\t\t\t\t\t<h3>1878<\/h3>\n\t\t\t\t\t\t\t<p class=\"subtitle\"><\/p>\n\t\t\t\t\t\t\t<p class=\"creator\"><\/p>\n\t\t\t\t\t\t\t<div class=\"event-excerpt\"><p class=\"event-details\">Court m\u00e9trage \/ NOUVELLE-CAL\u00c9DONIE \/ 20&#039; \/ Fran\u00e7ais \/ Drehu \/ 2024<\/p><p class=\"event-text\">1878, Nouvelle-Cal\u00e9donie. Alors qu\u2019une bataille sanglante fait rage, un missionnaire croise le regard d\u2019une petite fille kanak. Et si elle, il pouvait la sauver ?<\/p><p class=\"event-details\">En pr\u00e9sence de la r\u00e9alisatrice et de Siman\u00eb Wenethem, acteur du film<\/p>\n                <\/div>\n            <\/div>\n        <\/div>\n    <\/a><\/div>\n<\/div>\n\n\n\n<div data-aos= \"fade\" data-aos-duration=\"400\" data-aos-delay=\"0\" data-aos-easing=\"ease\" data-aos-once=\"true\" class=\"wp-block-uagb-tabs-child uagb-tabs__body-container uagb-inner-tab-6\" aria-labelledby=\"uagb-tabs__tab6\"><div id=\"prog-complete\" class=\"festival-events-grid\">\n\t\t\t\t<a href=\"https:\/\/www.rochefortpacifique.org\/edition2025\/festival\/hecatombe-oceanienne\/\" class=\"event-card-link\">\n\t\t\t\t\t<div class=\"event-card\">\n\t\t\t\t\t\t<div class=\"prog-event-thumbnail\" style=\"background-image: url(https:\/\/www.rochefortpacifique.org\/edition2025\/wp-content\/uploads\/sites\/3\/2025\/03\/hecatombe-oceanienne-811x1024.jpg); max-height: 270px;\"><\/div>\n\t\t\t\t\t\t<div class=\"event-content\">\n\t\t\t\t\t\t<div class=\"event-date\">\n                    <span class=\"event-day\">Jeudi<\/span>\n                    <span class=\"event-number\">10<\/span>\n                    <span class=\"event-month\">Avril<\/span>\n                <\/div> <!-- Ajout de la date ici -->\n\t\t\t\t\t\t\t<div class=\"event-infos\">\n\t\t\t\t\t\t\t\t<p>16 h\n\t\t\t\t\t\t\t\t<span class=\"separator\">\u2014<\/span>\n\t\t\t\t\t\t\t\tMus\u00e9e H\u00e8bre<\/p>\n\t\t\t\t\t\t\t<\/div>\n\t\t\t\t\t\t\t<span class=\"event-badge\">Rencontre litt\u00e9raire<\/span>\n\t\t\t\t\t\t\t<h3>H\u00c9CATOMBE OC\u00c9ANIENNE<\/h3>\n\t\t\t\t\t\t\t<p class=\"subtitle\"><\/p>\n\t\t\t\t\t\t\t<p class=\"creator\"><p class=\"subtitle\">De Christophe Sand<\/p><\/p>\n\t\t\t\t\t\t\t<div class=\"event-excerpt\"><p class=\"event-details\">Essai \/ \u00c9ditions Au Vent des \u00celes \/ Oc\u00e9anie \/ 2024<\/p><p class=\"event-text\">Pourquoi la d\u00e9population des peuples du Pacifique \u00e0 la suite des premiers contacts avec les navigateurs occidentaux a-t-elle \u00e9t\u00e9 minimis\u00e9e depuis plus d\u2019un demi-si\u00e8cle, alors m\u00eame que les donn\u00e9es arch\u00e9ologiques, les premiers \u00e9crits europ\u00e9ens et des traditions orales l\u2019attestent ? En associant t\u00e9moignages de l\u2019\u00e9poque des grandes exp\u00e9ditions, archives missionnaires, traditions orales et d\u00e9couvertes scientifiques, [&hellip;]<\/p><p class=\"event-details\">En pr\u00e9sence de l\u2019auteur<br \/><br \/>\r\nD\u00e9dicace sur place<\/p>\n                <\/div>\n            <\/div>\n        <\/div>\n    <\/a>\n\t\t\t\t<a href=\"https:\/\/www.rochefortpacifique.org\/edition2025\/festival\/charlie-tangaroa-et-la-creature-des-abysses\/\" class=\"event-card-link\">\n\t\t\t\t\t<div class=\"event-card\">\n\t\t\t\t\t\t<div class=\"prog-event-thumbnail\" style=\"background-image: url(https:\/\/www.rochefortpacifique.org\/edition2025\/wp-content\/uploads\/sites\/3\/2025\/03\/Couv1CharlieTagaroaweb-624x1024.jpg); max-height: 270px;\"><\/div>\n\t\t\t\t\t\t<div class=\"event-content\">\n\t\t\t\t\t\t<div class=\"event-date\">\n                    <span class=\"event-day\">Vendredi<\/span>\n                    <span class=\"event-number\">11<\/span>\n                    <span class=\"event-month\">Avril<\/span>\n                <\/div> <!-- Ajout de la date ici -->\n\t\t\t\t\t\t\t<div class=\"event-infos\">\n\t\t\t\t\t\t\t\t<p>10 h 45\n\t\t\t\t\t\t\t\t<span class=\"separator\">\u2014<\/span>\n\t\t\t\t\t\t\t\tAppolo Cin\u00e9 8<\/p>\n\t\t\t\t\t\t\t<\/div>\n\t\t\t\t\t\t\t<span class=\"event-badge\">Rencontre litt\u00e9raire<\/span>\n\t\t\t\t\t\t\t<h3>Charlie Tangaroa et la cr\u00e9ature des abysses<\/h3>\n\t\t\t\t\t\t\t<p class=\"subtitle\"><\/p>\n\t\t\t\t\t\t\t<p class=\"creator\"><p class=\"subtitle\">De Tania K. Roxborogh<\/p><\/p>\n\t\t\t\t\t\t\t<div class=\"event-excerpt\"><p class=\"event-details\">Roman Jeunesse \/ Au Vent des \u00celes \/ 2025<\/p><p class=\"event-text\">Alors que Charlie Tangaroa et son demi-fr\u00e8re nettoient la plage, ils font la d\u00e9couverte d\u2019une sir\u00e8ne \u00e9chou\u00e9e mais encore vivante qu\u2019ils vont secourir avec l\u2019aide de leur grand-p\u00e8re. C\u2019est le d\u00e9but d\u2019une grande aventure pour Charlie alors que des temp\u00eates font rage et que son village c\u00f4tier est touch\u00e9 par des s\u00e9ismes. Charlie comprend que [&hellip;]<\/p><p class=\"event-details\">Traduit par Christine ROTH<br \/><br \/>\r\nPr\u00e9sent\u00e9 par Mireille Vignol, traductrice avec l\u2019auteure en visioconf\u00e9rence depuis la Nouvelle-Z\u00e9lande<br \/><br \/>\r\nInterpr\u00e8te : Odile LACOSTE<\/p>\n                <\/div>\n            <\/div>\n        <\/div>\n    <\/a>\n\t\t\t\t<a href=\"https:\/\/www.rochefortpacifique.org\/edition2025\/festival\/henua\/\" class=\"event-card-link\">\n\t\t\t\t\t<div class=\"event-card\">\n\t\t\t\t\t\t<div class=\"prog-event-thumbnail\" style=\"background-image: url(https:\/\/www.rochefortpacifique.org\/edition2025\/wp-content\/uploads\/sites\/3\/2025\/03\/HENUA-700x1024.jpg); max-height: 270px;\"><\/div>\n\t\t\t\t\t\t<div class=\"event-content\">\n\t\t\t\t\t\t<div class=\"event-date\">\n                    <span class=\"event-day\">Vendredi<\/span>\n                    <span class=\"event-number\">11<\/span>\n                    <span class=\"event-month\">Avril<\/span>\n                <\/div> <!-- Ajout de la date ici -->\n\t\t\t\t\t\t\t<div class=\"event-infos\">\n\t\t\t\t\t\t\t\t<p>14 h\n\t\t\t\t\t\t\t\t<span class=\"separator\">\u2014<\/span>\n\t\t\t\t\t\t\t\tAppolo Cin\u00e9 8<\/p>\n\t\t\t\t\t\t\t<\/div>\n\t\t\t\t\t\t\t<span class=\"event-badge\">Rencontre litt\u00e9raire<\/span>\n\t\t\t\t\t\t\t<h3>Henua<\/h3>\n\t\t\t\t\t\t\t<p class=\"subtitle\"><\/p>\n\t\t\t\t\t\t\t<p class=\"creator\"><p class=\"subtitle\">De Marin Ledun<\/p><\/p>\n\t\t\t\t\t\t\t<div class=\"event-excerpt\"><p class=\"event-details\">Roman policier \/ Collection S\u00e9rie Noire - Gallimard \/ 2025<\/p><p class=\"event-text\">\u00c0 Henua Enana, la Terre des Hommes, v\u00e9ritable nom des Marquises, est retrouv\u00e9 le corps de Paiotoka O\u2019Connor, une jeune m\u00e8re respect\u00e9e, \u00e9prise de libert\u00e9, aimant passionn\u00e9ment Nuku Hiva, son \u00eele. Le lieutenant de gendarmerie Tepano Morel \u2013 n\u00e9 d\u2019un p\u00e8re m\u00e9tropolitain et d\u2019une m\u00e8re marquisienne \u2013 est d\u00e9p\u00each\u00e9 depuis Tahiti pour enqu\u00eater, second\u00e9 sur [&hellip;]<\/p><p class=\"event-details\"> En pr\u00e9sence de l\u2019auteur<\/p>\n                <\/div>\n            <\/div>\n        <\/div>\n    <\/a>\n\t\t\t\t<a href=\"https:\/\/www.rochefortpacifique.org\/edition2025\/festival\/micronesie\/\" class=\"event-card-link\">\n\t\t\t\t\t<div class=\"event-card\">\n\t\t\t\t\t\t<div class=\"prog-event-thumbnail\" style=\"background-image: url(https:\/\/www.rochefortpacifique.org\/edition2025\/wp-content\/uploads\/sites\/3\/2025\/03\/micronesie-editions-magellan-et-cie-666x1024.jpg); max-height: 270px;\"><\/div>\n\t\t\t\t\t\t<div class=\"event-content\">\n\t\t\t\t\t\t<div class=\"event-date\">\n                    <span class=\"event-day\">Vendredi<\/span>\n                    <span class=\"event-number\">11<\/span>\n                    <span class=\"event-month\">Avril<\/span>\n                <\/div> <!-- Ajout de la date ici -->\n\t\t\t\t\t\t\t<div class=\"event-infos\">\n\t\t\t\t\t\t\t\t<p>16 h 30\n\t\t\t\t\t\t\t\t<span class=\"separator\">\u2014<\/span>\n\t\t\t\t\t\t\t\tAppolo Cin\u00e9 8<\/p>\n\t\t\t\t\t\t\t<\/div>\n\t\t\t\t\t\t\t<span class=\"event-badge\">Rencontre litt\u00e9raire<\/span>\n\t\t\t\t\t\t\t<h3>Micron\u00e9sie<\/h3>\n\t\t\t\t\t\t\t<p class=\"subtitle\"><\/p>\n\t\t\t\t\t\t\t<p class=\"creator\"><p class=\"subtitle\">De Adrien Gombeaud<\/p><\/p>\n\t\t\t\t\t\t\t<div class=\"event-excerpt\"><p class=\"event-details\">R\u00e9cit \/ Magellan &amp; Cie \/ 2022<\/p><p class=\"event-text\">La Micron\u00e9sie est une r\u00e9gion m\u00e9connue de l\u2019Oc\u00e9anie constitu\u00e9e de deux mille \u00eeles r\u00e9parties sur plus de sept millions de kilom\u00e8tres carr\u00e9s. Elle regroupe plusieurs \u00c9tats et r\u00e9gions administratives dont Guam et les quatre \u00c9tats f\u00e9d\u00e9r\u00e9s de Micron\u00e9sie: Yap, Kosrae,Pohnpei et Chuuk. En plongeant \u00e0 Chuuk parmi les \u00e9paves de la Seconde Guerre mondiale, restes [&hellip;]<\/p><p class=\"event-details\">En pr\u00e9sence de l\u2019auteur<\/p>\n                <\/div>\n            <\/div>\n        <\/div>\n    <\/a>\n\t\t\t\t<a href=\"https:\/\/www.rochefortpacifique.org\/edition2025\/festival\/hecatombe-oceanienne-2\/\" class=\"event-card-link\">\n\t\t\t\t\t<div class=\"event-card\">\n\t\t\t\t\t\t<div class=\"prog-event-thumbnail\" style=\"background-image: url(https:\/\/www.rochefortpacifique.org\/edition2025\/wp-content\/uploads\/sites\/3\/2025\/03\/hecatombe-oceanienne-811x1024.jpg); max-height: 270px;\"><\/div>\n\t\t\t\t\t\t<div class=\"event-content\">\n\t\t\t\t\t\t<div class=\"event-date\">\n                    <span class=\"event-day\">Vendredi<\/span>\n                    <span class=\"event-number\">11<\/span>\n                    <span class=\"event-month\">Avril<\/span>\n                <\/div> <!-- Ajout de la date ici -->\n\t\t\t\t\t\t\t<div class=\"event-infos\">\n\t\t\t\t\t\t\t\t<p>18 h\n\t\t\t\t\t\t\t\t<span class=\"separator\">\u2014<\/span>\n\t\t\t\t\t\t\t\tApollo Cin\u00e9 8<\/p>\n\t\t\t\t\t\t\t<\/div>\n\t\t\t\t\t\t\t<span class=\"event-badge\">Rencontre litt\u00e9raire<\/span>\n\t\t\t\t\t\t\t<h3>H\u00c9CATOMBE OC\u00c9ANIENNE<\/h3>\n\t\t\t\t\t\t\t<p class=\"subtitle\"><\/p>\n\t\t\t\t\t\t\t<p class=\"creator\"><p class=\"subtitle\">De Christophe Sand<\/p><\/p>\n\t\t\t\t\t\t\t<div class=\"event-excerpt\"><p class=\"event-details\">Essai \/ \u00c9ditions Au Vent des \u00celes \/ Oc\u00e9anie \/ 2024<\/p><p class=\"event-text\">Pourquoi la d\u00e9population des peuples du Pacifique \u00e0 la suite des premiers contacts avec les navigateurs occidentaux a-t-elle \u00e9t\u00e9 minimis\u00e9e depuis plus d\u2019un demi-si\u00e8cle, alors m\u00eame que les donn\u00e9es arch\u00e9ologiques, les premiers \u00e9crits europ\u00e9ens et des traditions orales l\u2019attestent ? En associant t\u00e9moignages de l\u2019\u00e9poque des grandes exp\u00e9ditions, archives missionnaires, traditions orales et d\u00e9couvertes scientifiques, [&hellip;]<\/p><p class=\"event-details\">En pr\u00e9sence de l\u2019auteur<\/p>\n                <\/div>\n            <\/div>\n        <\/div>\n    <\/a>\n\t\t\t\t<a href=\"https:\/\/www.rochefortpacifique.org\/edition2025\/festival\/la-legende-de-molly-johnson\/\" class=\"event-card-link\">\n\t\t\t\t\t<div class=\"event-card\">\n\t\t\t\t\t\t<div class=\"prog-event-thumbnail\" style=\"background-image: url(https:\/\/www.rochefortpacifique.org\/edition2025\/wp-content\/uploads\/sites\/3\/2025\/03\/Legende-Molly-Johnson-Couverture-605x1024.jpg); max-height: 270px;\"><\/div>\n\t\t\t\t\t\t<div class=\"event-content\">\n\t\t\t\t\t\t<div class=\"event-date\">\n                    <span class=\"event-day\">Samedi<\/span>\n                    <span class=\"event-number\">12<\/span>\n                    <span class=\"event-month\">Avril<\/span>\n                <\/div> <!-- Ajout de la date ici -->\n\t\t\t\t\t\t\t<div class=\"event-infos\">\n\t\t\t\t\t\t\t\t<p>11 h 30\n\t\t\t\t\t\t\t\t<span class=\"separator\">\u2014<\/span>\n\t\t\t\t\t\t\t\tAppolo Cin\u00e9 8<\/p>\n\t\t\t\t\t\t\t<\/div>\n\t\t\t\t\t\t\t<span class=\"event-badge\">Rencontre litt\u00e9raire<\/span>\n\t\t\t\t\t\t\t<h3>La L\u00e9gende de Molly Johnson<\/h3>\n\t\t\t\t\t\t\t<p class=\"subtitle\"><\/p>\n\t\t\t\t\t\t\t<p class=\"creator\"><p class=\"subtitle\">De Leah PURCELL<\/p><\/p>\n\t\t\t\t\t\t\t<div class=\"event-excerpt\"><p class=\"event-details\">Roman \/ Editions Synchronique \/ Australie \/ 2024<\/p><p class=\"event-text\">1893, dans le bush australien, Molly Johnson, une femme enceinte solitaire et farouche, lutte pour \u00e9lever ses quatre enfants et g\u00e9rer le quotidien en l&rsquo;absence de son mari. Une nuit arrive Yadaka, un Aborig\u00e8ne \u00ab\u00a0gardien d\u2019histoires\u00a0\u00bb recherch\u00e9 par les autorit\u00e9s. Dans cette nation prise entre deux mondes, tous deux savent que la justice peut \u00eatre [&hellip;]<\/p><p class=\"event-details\">Traduit par Mireille VIGNOL<br \/><br \/>\r\nPr\u00e9sent\u00e9 par la traductrice Mireille VIGNOL et de l\u2019auteure en visioconf\u00e9rence depuis l\u2019Australie<\/p>\n                <\/div>\n            <\/div>\n        <\/div>\n    <\/a>\n\t\t\t\t<a href=\"https:\/\/www.rochefortpacifique.org\/edition2025\/festival\/oui-cest-une-mutinerie\/\" class=\"event-card-link\">\n\t\t\t\t\t<div class=\"event-card\">\n\t\t\t\t\t\t<div class=\"prog-event-thumbnail\" style=\"background-image: url(https:\/\/www.rochefortpacifique.org\/edition2025\/wp-content\/uploads\/sites\/3\/2025\/03\/Mutinerie_couv.jpg); max-height: 270px;\"><\/div>\n\t\t\t\t\t\t<div class=\"event-content\">\n\t\t\t\t\t\t<div class=\"event-date\">\n                    <span class=\"event-day\">Samedi<\/span>\n                    <span class=\"event-number\">12<\/span>\n                    <span class=\"event-month\">Avril<\/span>\n                <\/div> <!-- Ajout de la date ici -->\n\t\t\t\t\t\t\t<div class=\"event-infos\">\n\t\t\t\t\t\t\t\t<p>15 h\n\t\t\t\t\t\t\t\t<span class=\"separator\">\u2014<\/span>\n\t\t\t\t\t\t\t\tAppolo Cin\u00e9 8<\/p>\n\t\t\t\t\t\t\t<\/div>\n\t\t\t\t\t\t\t<span class=\"event-badge\">Rencontre litt\u00e9raire<\/span>\n\t\t\t\t\t\t\t<h3>Oui, c&rsquo;est une Mutinerie<\/h3>\n\t\t\t\t\t\t\t<p class=\"subtitle\"><\/p>\n\t\t\t\t\t\t\t<p class=\"creator\"><p class=\"subtitle\">De Craig Santos Perez<\/p><\/p>\n\t\t\t\t\t\t\t<div class=\"event-excerpt\"><p class=\"event-details\">Po\u00e8me \/ Guam \/ \u00c9dition Les Petites All\u00e9es \/ 2024<\/p><p class=\"event-text\">Po\u00e8me titre du septi\u00e8me livre de l\u2019auteur Chamorro qui rassemble des po\u00e8mes initialement publi\u00e9s dans des revues et des anthologies de 2008 \u00e0 2023. La po\u00e9sie de Craig SANTOS PEREZ partage l\u2019histoire et la culture autochtones pour offrir une gu\u00e9rison au traumatisme du colonialisme et de l\u2019injustice.<\/p><p class=\"event-details\">Avec l\u2019auteur en visioconf\u00e9rence depuis la Californie<br \/><br \/>\r\nInterpr\u00e8te : Odile LACOSTE<\/p>\n                <\/div>\n            <\/div>\n        <\/div>\n    <\/a>\n\t\t\t\t<a href=\"https:\/\/www.rochefortpacifique.org\/edition2025\/festival\/les-droits-de-la-nature\/\" class=\"event-card-link\">\n\t\t\t\t\t<div class=\"event-card\">\n\t\t\t\t\t\t<div class=\"prog-event-thumbnail\" style=\"background-image: url(https:\/\/www.rochefortpacifique.org\/edition2025\/wp-content\/uploads\/sites\/3\/2025\/03\/etre-la-riviere.jpg); max-height: 270px;\"><\/div>\n\t\t\t\t\t\t<div class=\"event-content\">\n\t\t\t\t\t\t <!-- Ajout de la date ici -->\n\t\t\t\t\t\t\t<div class=\"event-infos\">\n\t\t\t\t\t\t\t\t<p>\n\t\t\t\t\t\t\t\t<span class=\"separator\">\u2014<\/span>\n\t\t\t\t\t\t\t\t<\/p>\n\t\t\t\t\t\t\t<\/div>\n\t\t\t\t\t\t\t<span class=\"event-badge\">Rencontre litt\u00e9raire<\/span><span class=\"event-badge\">Rendez-vous Oc\u00e9anien<\/span>\n\t\t\t\t\t\t\t<h3>LES DROITS DE LA NATURE<\/h3>\n\t\t\t\t\t\t\t<p class=\"subtitle\"><\/p>\n\t\t\t\t\t\t\t<p class=\"creator\"><\/p>\n\t\t\t\t\t\t\t<div class=\"event-excerpt\"><p class=\"event-text\">Un livre&nbsp;\u00caTRE LA RIVI\u00c8REde Sacha Bourgeois-GirondeEssai \/ Editions Presses Universitaires France \/ France \/ 2020 Une enqu\u00eate sur l\u2019attribution d\u2019une personnalit\u00e9 juridique au fleuve Whanganui par la loi n\u00e9o-z\u00e9landaise, de l\u2019analyse du texte juridique et son histoire \u00e0 la rencontre des acteurs sur les rives du fleuve.<\/p><p class=\"event-details\">en partenariat avec le collectif \u201cPour la reconnaissance des droits du fleuve Charente\u201d<\/p>\n                <\/div>\n            <\/div>\n        <\/div>\n    <\/a>\n\t\t\t\t<a href=\"https:\/\/www.rochefortpacifique.org\/edition2025\/festival\/la-petite-fille-blanche\/\" class=\"event-card-link\">\n\t\t\t\t\t<div class=\"event-card\">\n\t\t\t\t\t\t<div class=\"prog-event-thumbnail\" style=\"background-image: url(https:\/\/www.rochefortpacifique.org\/edition2025\/wp-content\/uploads\/sites\/3\/2025\/03\/la-petite-fille-blanche-e1741602302706-603x1024.jpg); max-height: 270px;\"><\/div>\n\t\t\t\t\t\t<div class=\"event-content\">\n\t\t\t\t\t\t <!-- Ajout de la date ici -->\n\t\t\t\t\t\t\t<div class=\"event-infos\">\n\t\t\t\t\t\t\t\t<p>\n\t\t\t\t\t\t\t\t<span class=\"separator\">\u2014<\/span>\n\t\t\t\t\t\t\t\t<\/p>\n\t\t\t\t\t\t\t<\/div>\n\t\t\t\t\t\t\t<span class=\"event-badge\">Rencontre litt\u00e9raire<\/span><span class=\"event-badge\">Rendez-vous Oc\u00e9anien<\/span>\n\t\t\t\t\t\t\t<h3>La Petite Fille Blanche<\/h3>\n\t\t\t\t\t\t\t<p class=\"subtitle\"><\/p>\n\t\t\t\t\t\t\t<p class=\"creator\"><\/p>\n\t\t\t\t\t\t\t<div class=\"event-excerpt\"><p class=\"event-details\">Roman \/ Editions Synchronique \/ AUSTRALIE \/ 2025<\/p><p class=\"event-text\">Pendant treize ans Odette, qui vit une petite ville rurale australienne, a r\u00e9ussi, apr\u00e8s la disparition de sa fille Lila, \u00e0 \u00e9lever sa petite-fille Sissy discr\u00e8tement, \u00e9vitant l\u2019attention des services sociaux qui enl\u00e8vent les enfants aborig\u00e8nes \u00e0 la peau claire \u00e0 leur famille. Mais arrive en ville un nouveau policier z\u00e9l\u00e9\u2026Dans cette fuite \u00e0 travers [&hellip;]<\/p><p class=\"event-details\">Traduit de l'anglais (Australie) par Nadine Gassie<br \/><br \/>\r\nPr\u00e9sent\u00e9 par la traductrice<\/p>\n                <\/div>\n            <\/div>\n        <\/div>\n    <\/a><\/div>\n<\/div>\n\n\n\n<div data-aos= \"fade\" data-aos-duration=\"400\" data-aos-delay=\"0\" data-aos-easing=\"ease\" data-aos-once=\"true\" class=\"wp-block-uagb-tabs-child uagb-tabs__body-container uagb-inner-tab-7\" aria-labelledby=\"uagb-tabs__tab7\"><div id=\"prog-complete\" class=\"festival-events-grid\">\n\t\t\t\t<a href=\"https:\/\/www.rochefortpacifique.org\/edition2025\/festival\/ouverture-de-la-19e-edition-du-festival\/\" class=\"event-card-link\">\n\t\t\t\t\t<div class=\"event-card\">\n\t\t\t\t\t\t<div class=\"prog-event-thumbnail\" style=\"background-image: url(https:\/\/www.rochefortpacifique.org\/edition2025\/wp-content\/uploads\/sites\/3\/2025\/01\/affiche-RP-2025-mobile-728x1024.jpg); max-height: 270px;\"><\/div>\n\t\t\t\t\t\t<div class=\"event-content\">\n\t\t\t\t\t\t<div class=\"event-date\">\n                    <span class=\"event-day\">Jeudi<\/span>\n                    <span class=\"event-number\">10<\/span>\n                    <span class=\"event-month\">Avril<\/span>\n                <\/div> <!-- Ajout de la date ici -->\n\t\t\t\t\t\t\t<div class=\"event-infos\">\n\t\t\t\t\t\t\t\t<p>18 h 30\n\t\t\t\t\t\t\t\t<span class=\"separator\">\u2014<\/span>\n\t\t\t\t\t\t\t\tAppolo Cin\u00e9 8<\/p>\n\t\t\t\t\t\t\t<\/div>\n\t\t\t\t\t\t\t<span class=\"event-badge\">Animation<\/span><span class=\"event-badge\">Discours d&#039;ouverture<\/span>\n\t\t\t\t\t\t\t<h3>OUVERTURE DE LA 19e \u00c9DITION DU FESTIVAL<\/h3>\n\t\t\t\t\t\t\t<p class=\"subtitle\"><\/p>\n\t\t\t\t\t\t\t<p class=\"creator\"><\/p>\n\t\t\t\t\t\t\t<div class=\"event-excerpt\"><p class=\"event-text\">Spectacle de musiques et danses des \u00e9l\u00e8ves du Conservatoire inspir\u00e9es des cultures du Pacifique. Discours d\u2019ouverture<\/p><p class=\"event-details\">Pot de l\u2019amiti\u00e9<\/p>\n                <\/div>\n            <\/div>\n        <\/div>\n    <\/a>\n\t\t\t\t<a href=\"https:\/\/www.rochefortpacifique.org\/edition2025\/festival\/master-class-ukulele\/\" class=\"event-card-link\">\n\t\t\t\t\t<div class=\"event-card\">\n\t\t\t\t\t\t<div class=\"prog-event-thumbnail\" style=\"background-image: url(https:\/\/www.rochefortpacifique.org\/edition2025\/wp-content\/uploads\/sites\/3\/2025\/03\/ukulele-1024x678.jpg); max-height: 270px;\"><\/div>\n\t\t\t\t\t\t<div class=\"event-content\">\n\t\t\t\t\t\t<div class=\"event-date\">\n                    <span class=\"event-day\">Samedi<\/span>\n                    <span class=\"event-number\">12<\/span>\n                    <span class=\"event-month\">Avril<\/span>\n                <\/div> <!-- Ajout de la date ici -->\n\t\t\t\t\t\t\t<div class=\"event-infos\">\n\t\t\t\t\t\t\t\t<p>14 h\n\t\t\t\t\t\t\t\t<span class=\"separator\">\u2014<\/span>\n\t\t\t\t\t\t\t\tPalais des Congr\u00e8s de Rochefort<\/p>\n\t\t\t\t\t\t\t<\/div>\n\t\t\t\t\t\t\t<span class=\"event-badge\">Animation<\/span><span class=\"event-badge\">Atelier musical<\/span>\n\t\t\t\t\t\t\t<h3>MASTER CLASS \u00ab\u00a0UKUL\u00c9L\u00c9\u00a0\u00bb<\/h3>\n\t\t\t\t\t\t\t<p class=\"subtitle\"><\/p>\n\t\t\t\t\t\t\t<p class=\"creator\"><\/p>\n\t\t\t\t\t\t\t<div class=\"event-excerpt\"><p class=\"event-text\">Atelier de 2 heures pour apprendre \u00e0 jouer et \u00e0 chanter une chanson polyn\u00e9sienne: \u00ab\u00a0Pahoho\u201d. La rythmique, les encha\u00eenements d&rsquo;accords, des exercices cibl\u00e9s pour une progression acc\u00e9l\u00e9r\u00e9e, et des conseils pour jouer et chanter plus facilement.<\/p><p class=\"event-details\">Dur\u00e9e : 2h, 15 participant.e.s maxi. <br \/><br \/>\r\nPrix : 20 euros. Paiement sur place. Inscription conseill\u00e9e au 07 86 38 99 90<\/p>\n                <\/div>\n            <\/div>\n        <\/div>\n    <\/a>\n\t\t\t\t<a href=\"https:\/\/www.rochefortpacifique.org\/edition2025\/festival\/cloture-du-festival\/\" class=\"event-card-link\">\n\t\t\t\t\t<div class=\"event-card\">\n\t\t\t\t\t\t<div class=\"prog-event-thumbnail\" style=\"background-image: url(https:\/\/www.rochefortpacifique.org\/edition2025\/wp-content\/uploads\/sites\/3\/2025\/01\/bird.png); max-height: 270px;\"><\/div>\n\t\t\t\t\t\t<div class=\"event-content\">\n\t\t\t\t\t\t<div class=\"event-date\">\n                    <span class=\"event-day\">Samedi<\/span>\n                    <span class=\"event-number\">12<\/span>\n                    <span class=\"event-month\">Avril<\/span>\n                <\/div> <!-- Ajout de la date ici -->\n\t\t\t\t\t\t\t<div class=\"event-infos\">\n\t\t\t\t\t\t\t\t<p>19 h\n\t\t\t\t\t\t\t\t<span class=\"separator\">\u2014<\/span>\n\t\t\t\t\t\t\t\tAppolo Cin\u00e9 8<\/p>\n\t\t\t\t\t\t\t<\/div>\n\t\t\t\t\t\t\t<span class=\"event-badge\">Animation<\/span><span class=\"event-badge\">Discours<\/span>\n\t\t\t\t\t\t\t<h3>Cl\u00f4ture du Festival<\/h3>\n\t\t\t\t\t\t\t<p class=\"subtitle\"><\/p>\n\t\t\t\t\t\t\t<p class=\"creator\"><\/p>\n\t\t\t\t\t\t\t<div class=\"event-excerpt\"><p class=\"event-text\">PASSATION ENTRE GUAM ET LES PAYS ET TERRITOIRES \u00c0 L\u2019HONNEUR EN 2026Discours de cl\u00f4ture<\/p><p class=\"event-details\">Pr\u00e9sentation de l\u2019\u00e9dition sp\u00e9ciale 2026 - 20e anniversaire<br \/><br \/>\r\n<\/p>\n                <\/div>\n            <\/div>\n        <\/div>\n    <\/a><\/div>\n<\/div>\n<\/div><\/div>\n<\/div><\/div>\n\n\n\n<div class=\"wp-block-uagb-container uagb-block-e9d6728b alignfull uagb-is-root-container\"><div class=\"uagb-container-inner-blocks-wrap\">\n<div class=\"wp-block-uagb-container uagb-block-a227cbbb\">\n<div class=\"wp-block-uagb-container uagb-block-e1957f2c\">\n<p class=\"estilo_title has-white-color has-text-color has-link-color wp-elements-de9c96574f281d8a2bcef7c46f78a4c4\" style=\"font-size:32px;font-style:normal;font-weight:300\"><strong>Festival<br>Rochefort Pacifique<\/strong><\/p>\n\n\n\n<div style=\"height:1rem\" aria-hidden=\"true\" class=\"wp-block-spacer\"><\/div>\n\n\n\n<div data-aos= \"fade-up\" data-aos-duration=\"400\" data-aos-delay=\"0\" data-aos-easing=\"ease\" data-aos-once=\"true\" class=\"wp-block-uagb-advanced-heading uagb-block-b23fecc6 rp-h2\"><h2 class=\"uagb-heading-text\">Infos<br>pratiques<\/h2><\/div>\n<\/div>\n\n\n\n<div style=\"height:60px\" aria-hidden=\"true\" class=\"wp-block-spacer\"><\/div>\n\n\n\n<div class=\"wp-block-uagb-container uagb-block-bdabca91\">\n<h3 class=\"wp-block-heading\">CIN\u00c9MA APOLLO CIN\u00c9 8<\/h3>\n\n\n\n<p>1 Cours Roy Bry, 17300 Rochefort.<br>Il est recommand\u00e9 de se pr\u00e9senter 30 mn avant la s\u00e9ance de chaque d\u00e9but de matin\u00e9e \/ apr\u00e8s-midi \/ soir\u00e9e pour paiement et mise \u00e0 jour de votre adh\u00e9sion.<\/p>\n\n\n\n<h3 class=\"wp-block-heading\">PARTICIPATION<\/h3>\n\n\n\n<p>5 \u20ac par journ\u00e9e<br>GRATUITE POUR LES SCOLAIRES, \u00c9TUDIANTS, MEMBRES DES CENTRES SOCIAUX<br>ET ADH\u00c9RENT.E.S (adh\u00e9sion annuelle : 10 \u20ac)<\/p>\n\n\n\n<h3 class=\"wp-block-heading\">L\u2019ESPACE LIBRAIRIE<\/h3>\n\n\n\n<p>Espace de vente de livres et de d\u00e9dicaces au Cin\u00e9ma Apollo Cin\u00e9 8.<\/p>\n<\/div>\n<\/div>\n\n\n\n<div class=\"wp-block-uagb-container uagb-block-8e340c60\">\n<div class=\"wp-block-uagb-image uagb-block-c0346062 wp-block-uagb-image--layout-default wp-block-uagb-image--effect-static wp-block-uagb-image--align-none\"><figure class=\"wp-block-uagb-image__figure\"><img decoding=\"async\" srcset=\"https:\/\/www.rochefortpacifique.org\/edition2025\/wp-content\/uploads\/sites\/3\/2025\/03\/rochefort_pacifique_map_2025-924x1024.jpg ,https:\/\/www.rochefortpacifique.org\/edition2025\/wp-content\/uploads\/sites\/3\/2025\/03\/rochefort_pacifique_map_2025.jpg 780w, https:\/\/www.rochefortpacifique.org\/edition2025\/wp-content\/uploads\/sites\/3\/2025\/03\/rochefort_pacifique_map_2025.jpg 360w\" sizes=\"auto, (max-width: 480px) 150px\" src=\"https:\/\/www.rochefortpacifique.org\/edition2025\/wp-content\/uploads\/sites\/3\/2025\/03\/rochefort_pacifique_map_2025-924x1024.jpg\" alt=\"\" class=\"uag-image-6176\" width=\"1920\" height=\"2127\" title=\"rochefort_pacifique_map_2025\" loading=\"lazy\" role=\"img\"\/><\/figure><\/div>\n<\/div>\n<\/div><\/div>\n","protected":false},"excerpt":{"rendered":"<p>du 10 au 12 avril 2025 Programmation Guam \u00e0 l&rsquo;honneur FestivalRochefort Pacifique Infospratiques CIN\u00c9MA APOLLO CIN\u00c9 8 1 Cours Roy Bry, 17300 Rochefort.Il est recommand\u00e9 de se pr\u00e9senter 30 mn avant la s\u00e9ance de chaque d\u00e9but de matin\u00e9e \/ apr\u00e8s-midi \/ soir\u00e9e pour paiement et mise \u00e0 jour de votre adh\u00e9sion. PARTICIPATION 5 \u20ac par [&hellip;]<\/p>\n","protected":false},"author":12,"featured_media":6438,"parent":0,"menu_order":1,"comment_status":"closed","ping_status":"closed","template":"page-full.php","meta":{"_acf_changed":false,"inline_featured_image":false,"_uag_custom_page_level_css":"","footnotes":""},"class_list":["post-5535","page","type-page","status-publish","has-post-thumbnail","hentry"],"acf":[],"uagb_featured_image_src":{"full":["https:\/\/www.rochefortpacifique.org\/edition2025\/wp-content\/uploads\/sites\/3\/2025\/03\/festival-rochefort-pacifique_du-10au12avril2025_visuel_programmation2025.jpg",1920,1080,false],"thumbnail":["https:\/\/www.rochefortpacifique.org\/edition2025\/wp-content\/uploads\/sites\/3\/2025\/03\/festival-rochefort-pacifique_du-10au12avril2025_visuel_programmation2025-150x150.jpg",150,150,true],"medium":["https:\/\/www.rochefortpacifique.org\/edition2025\/wp-content\/uploads\/sites\/3\/2025\/03\/festival-rochefort-pacifique_du-10au12avril2025_visuel_programmation2025-300x169.jpg",300,169,true],"medium_large":["https:\/\/www.rochefortpacifique.org\/edition2025\/wp-content\/uploads\/sites\/3\/2025\/03\/festival-rochefort-pacifique_du-10au12avril2025_visuel_programmation2025-768x432.jpg",768,432,true],"large":["https:\/\/www.rochefortpacifique.org\/edition2025\/wp-content\/uploads\/sites\/3\/2025\/03\/festival-rochefort-pacifique_du-10au12avril2025_visuel_programmation2025-1024x576.jpg",800,450,true],"1536x1536":["https:\/\/www.rochefortpacifique.org\/edition2025\/wp-content\/uploads\/sites\/3\/2025\/03\/festival-rochefort-pacifique_du-10au12avril2025_visuel_programmation2025-1536x864.jpg",1536,864,true],"2048x2048":["https:\/\/www.rochefortpacifique.org\/edition2025\/wp-content\/uploads\/sites\/3\/2025\/03\/festival-rochefort-pacifique_du-10au12avril2025_visuel_programmation2025.jpg",1920,1080,false]},"uagb_author_info":{"display_name":"Julien Taureau","author_link":"https:\/\/www.rochefortpacifique.org\/edition2025\/author\/julient\/"},"uagb_comment_info":0,"uagb_excerpt":"du 10 au 12 avril 2025 Programmation Guam \u00e0 l&rsquo;honneur FestivalRochefort Pacifique Infospratiques CIN\u00c9MA APOLLO CIN\u00c9 8 1 Cours Roy Bry, 17300 Rochefort.Il est recommand\u00e9 de se pr\u00e9senter 30 mn avant la s\u00e9ance de chaque d\u00e9but de matin\u00e9e \/ apr\u00e8s-midi \/ soir\u00e9e pour paiement et mise \u00e0 jour de votre adh\u00e9sion. PARTICIPATION 5 \u20ac par\u2026","_links":{"self":[{"href":"https:\/\/www.rochefortpacifique.org\/edition2025\/wp-json\/wp\/v2\/pages\/5535","targetHints":{"allow":["GET"]}}],"collection":[{"href":"https:\/\/www.rochefortpacifique.org\/edition2025\/wp-json\/wp\/v2\/pages"}],"about":[{"href":"https:\/\/www.rochefortpacifique.org\/edition2025\/wp-json\/wp\/v2\/types\/page"}],"author":[{"embeddable":true,"href":"https:\/\/www.rochefortpacifique.org\/edition2025\/wp-json\/wp\/v2\/users\/12"}],"replies":[{"embeddable":true,"href":"https:\/\/www.rochefortpacifique.org\/edition2025\/wp-json\/wp\/v2\/comments?post=5535"}],"version-history":[{"count":59,"href":"https:\/\/www.rochefortpacifique.org\/edition2025\/wp-json\/wp\/v2\/pages\/5535\/revisions"}],"predecessor-version":[{"id":6775,"href":"https:\/\/www.rochefortpacifique.org\/edition2025\/wp-json\/wp\/v2\/pages\/5535\/revisions\/6775"}],"wp:featuredmedia":[{"embeddable":true,"href":"https:\/\/www.rochefortpacifique.org\/edition2025\/wp-json\/wp\/v2\/media\/6438"}],"wp:attachment":[{"href":"https:\/\/www.rochefortpacifique.org\/edition2025\/wp-json\/wp\/v2\/media?parent=5535"}],"curies":[{"name":"wp","href":"https:\/\/api.w.org\/{rel}","templated":true}]}}