{"id":6740,"date":"2025-09-20T13:55:25","date_gmt":"2025-09-20T11:55:25","guid":{"rendered":"https:\/\/www.rochefortpacifique.org\/edition2025\/?post_type=festival&#038;p=6740"},"modified":"2025-09-22T19:15:05","modified_gmt":"2025-09-22T17:15:05","slug":"projection-de-i-am-the-river-the-river-is-me","status":"publish","type":"festival","link":"https:\/\/www.rochefortpacifique.org\/edition2025\/festival\/projection-de-i-am-the-river-the-river-is-me\/","title":{"rendered":"Projection de \u00ab\u00a0I am the river, the river is me\u00a0\u00bb"},"content":{"rendered":"\n<p>Premier \u00ab\u00a0Rendez-vous Oc\u00e9anien\u00a0\u00bb de 2025 r\u00e9ussi au Cin\u00e9ma Galaxy de Cognac hier soir 26\/6 pour une projection de \u00ab\u00a0I am the river, the river is me\u00a0\u00bb de Petr Lom &amp; Corinne Van Egeraat, suivie d&rsquo;\u00e9changes entre les cin\u00e9astes et un public tr\u00e8s motiv\u00e9 par les questions d&rsquo;eau de rivi\u00e8res et de nature, avec la collaboration et les interventions \u00e9clairantes de <a href=\"https:\/\/www.facebook.com\/profile.php?id=61558911268707&amp;__cft__[0]=AZWIQ3auj-iI2vGgYCSKxQwp7WWcbiNSnvncgAcXQavSH0Y-LbmH1rjU9j6xzdWoteVzqVjPgJ-ynnhj29xh9gGJw9mJJ7qNb-tgQlnfHhYKpBq_yjbvmdpAEP4ZphGM6DdX1kTiSqwa1JUh1Ejyh33-baT6zxmzWL4_ZRIXiiSdEwqb9muWwRlhfHSgT2fuwTs&amp;__tn__=-]K-R\" target=\"_blank\" rel=\"noopener\">Droits Fleuve Charente<\/a>, Collectif Clapotis et <a href=\"https:\/\/www.facebook.com\/BNMAumeCouture?__cft__[0]=AZWIQ3auj-iI2vGgYCSKxQwp7WWcbiNSnvncgAcXQavSH0Y-LbmH1rjU9j6xzdWoteVzqVjPgJ-ynnhj29xh9gGJw9mJJ7qNb-tgQlnfHhYKpBq_yjbvmdpAEP4ZphGM6DdX1kTiSqwa1JUh1Ejyh33-baT6zxmzWL4_ZRIXiiSdEwqb9muWwRlhfHSgT2fuwTs&amp;__tn__=-]K-R\" target=\"_blank\" rel=\"noopener\">Bassines Non Merci Aume Couture<\/a><\/p>\n\n\n\n<p>Un grand merci \u00e0 Eurocin\u00e9-Cognac et <a href=\"https:\/\/www.facebook.com\/letextelibre?__cft__[0]=AZWIQ3auj-iI2vGgYCSKxQwp7WWcbiNSnvncgAcXQavSH0Y-LbmH1rjU9j6xzdWoteVzqVjPgJ-ynnhj29xh9gGJw9mJJ7qNb-tgQlnfHhYKpBq_yjbvmdpAEP4ZphGM6DdX1kTiSqwa1JUh1Ejyh33-baT6zxmzWL4_ZRIXiiSdEwqb9muWwRlhfHSgT2fuwTs&amp;__tn__=-]K-R\" target=\"_blank\" rel=\"noopener\">Le Texte Libre<\/a> pour leur aide au succ\u00e8s de ce \u00ab\u00a0rendez-vous\u00a0\u00bb <img loading=\"lazy\" decoding=\"async\" height=\"16\" width=\"16\" src=\"https:\/\/static.xx.fbcdn.net\/images\/emoji.php\/v9\/tfc\/1\/16\/1f44d.png\" alt=\"\ud83d\udc4d\"><\/p>\n\n\n\n<div style=\"height:60px\" aria-hidden=\"true\" class=\"wp-block-spacer\"><\/div>\n\n\n\n<p>Second \u00ab\u00a0Rendez-vous Oc\u00e9anien\u00a0\u00bb de 2025 r\u00e9ussi au Cin\u00e9ma Le Palace de Surg\u00e8res le 27\/6 pour une projection de \u00ab\u00a0I am the river, the river is me\u00a0\u00bb de Petr Lom &amp; Corinne Van Egeraat, suivie d&rsquo;\u00e9changes entre les cin\u00e9astes et un public tr\u00e8s motiv\u00e9 par les questions d&rsquo;eau de rivi\u00e8res et de nature, avec la collaboration et les interventions \u00e9clairantes de <a href=\"https:\/\/www.facebook.com\/profile.php?id=61558911268707&amp;__cft__[0]=AZWbtSv3WxSdN6tf-5EZKyv7Mz4gOlP8gNsy4TRxQMCVwI23JICyrw4sUIrPR6oXLsgoQl98ezLJMLy7OKX0_qv6DQbrxgf3QxuCwuQrj3EYFYaDvQbxToxRG623sFEz0mwTk5SnsyRGPu4QMTRnuuNGLb8Y688li7-a8qoJbblcMZVjSvJCz1DDNS5u9RU41d8&amp;__tn__=-]K-R\" target=\"_blank\" rel=\"noopener\">Droits Fleuve Charente<\/a><\/p>\n\n\n\n<p>Un grand merci au cin\u00e9ma Le Palace et \u00e0 @Droits Fleuve Charente pour leur participation au succ\u00e8s de ce \u00ab\u00a0rendez-vous\u00a0\u00bb <img loading=\"lazy\" decoding=\"async\" height=\"16\" width=\"16\" alt=\"\ud83d\udc4d\" src=\"https:\/\/static.xx.fbcdn.net\/images\/emoji.php\/v9\/tfc\/1\/16\/1f44d.png\"><\/p>\n\n\n\n<p>Film<a href=\"https:\/\/www.rochefortpacifique.org\/edition2025\/festival\/i-am-the-river-the-river-is-me\/\">&nbsp;<strong>I AM THE RIVER, THE RIVER IS ME<\/strong><\/a><br><strong>de Petr LOM Production Corinne VAN EGERAAT<\/strong><br><em>En pr\u00e9sence du r\u00e9alisateur Peter LOM et de la productrice Corinne VAN EGERAAT<\/em><\/p>\n\n\n\n<div style=\"height:60px\" aria-hidden=\"true\" class=\"wp-block-spacer\"><\/div>\n\n\n\n<h2 class=\"wp-block-heading\">Retours sur l&rsquo;\u00e9v\u00e9nement<\/h2>\n\n\n\n<p class=\"has-medium-font-size\">En partenariat avec<strong><em> Droits Fleuves Charente<\/em><\/strong> et <strong><em>EuroCin\u00e9 Cognac<\/em><\/strong><\/p>\n\n\n\n<p><em>Un grand merci \u00e0 Nolhan, Kilian, Enzo, Shanon, Am\u00e9lie, Nathan, \u00e9tudiants en Terminale option \u00ab\u00a0Cin\u00e9ma\u00a0\u00bb ou en BTS \u00ab\u00a0Communication\u00a0\u00bb au lyc\u00e9e BTS Communication Merleau Ponty de Rochefort et \u00e0 Antoine de MoTv &#8211; Audiovisuel Participatif pour leur implication et leur travail&nbsp;\u201d mettant en valeur&nbsp;le travail des jeunes&nbsp;lyc\u00e9ens avec Antoine<\/em><\/p>\n\n\n\n<figure class=\"wp-block-embed is-type-video is-provider-youtube wp-block-embed-youtube wp-embed-aspect-16-9 wp-has-aspect-ratio\"><div class=\"wp-block-embed__wrapper\">\n<div class=\"ratio ratio-16x9\"><iframe loading=\"lazy\" title=\"Cin\u00e9 D\u00e9bat sur le film &quot;I am the river, the river is me&quot; au 19e festival Rochefort Pacifique 2025\" width=\"800\" height=\"450\" src=\"https:\/\/www.youtube.com\/embed\/PZUqh6ISXO8?feature=oembed\" frameborder=\"0\" allow=\"accelerometer; autoplay; clipboard-write; encrypted-media; gyroscope; picture-in-picture; web-share\" referrerpolicy=\"strict-origin-when-cross-origin\" allowfullscreen><\/iframe><\/div>\n<\/div><\/figure>\n\n\n\n<div class=\"wp-block-group\"><div class=\"wp-block-group__inner-container is-layout-constrained wp-block-group-is-layout-constrained\">\n<div style=\"height:3em\" aria-hidden=\"true\" class=\"wp-block-spacer\"><\/div>\n\n\n\n<h2 class=\"wp-block-heading\">Photos<\/h2>\n\n\n\t\t\t\t\t<div\n\t\t\t\t\t\tclass=\"wp-block-uagb-image-gallery uagb-block-7125a892     \"\n\t\t\t\t\t\tstyle=\"\"\n\t\t\t\t\t>\n\t\t\t\t\t\t\t\t\t\t\t<div class=\"spectra-image-gallery spectra-image-gallery__layout--grid spectra-image-gallery__layout--grid-col-3 spectra-image-gallery__layout--grid-col-tab-3 spectra-image-gallery__layout--grid-col-mob-2\">\n\t\t\t\t\t\t\t\t\t\t\t<div class='spectra-image-gallery__media-wrapper' data-spectra-gallery-image-id='6713' tabindex=\"0\">\n\t\t\t\t\t\t\t<div class=\"spectra-image-gallery__media spectra-image-gallery__media--grid\">\n\t\t\t\t<picture>\n\t\t\t\t\t<source media=\"(min-width: 1024px)\" srcset=\"https:\/\/www.rochefortpacifique.org\/edition2025\/wp-content\/uploads\/sites\/3\/2025\/03\/513073022_1280542330745526_6732240293309990879_n-1024x769.jpg\">\n\t\t\t\t\t<source media=\"(min-width: 768px)\" srcset=\"https:\/\/www.rochefortpacifique.org\/edition2025\/wp-content\/uploads\/sites\/3\/2025\/03\/513073022_1280542330745526_6732240293309990879_n-1024x769.jpg\">\n\t\t\t\t\t<img decoding=\"async\" class=\"spectra-image-gallery__media-thumbnail spectra-image-gallery__media-thumbnail--grid\" src=\"https:\/\/www.rochefortpacifique.org\/edition2025\/wp-content\/uploads\/sites\/3\/2025\/03\/513073022_1280542330745526_6732240293309990879_n-300x225.jpg\" alt=\"\" loading=\"lazy\" \/>\n\t\t\t\t<\/picture>\n\t\t\t\t<div class=\"spectra-image-gallery__media-thumbnail-blurrer\"><\/div>\n\t\t\t\t\t\t\t\t\t\t\t<div class=\"spectra-image-gallery__media-thumbnail-caption-wrapper spectra-image-gallery__media-thumbnail-caption-wrapper--overlay\"><\/div>\n\t\t\t\t\t\t\t\t<\/div>\n\t\t\t\t\t\t<\/div>\n\t\t\t\t\t\t<div class='spectra-image-gallery__media-wrapper' data-spectra-gallery-image-id='6714' tabindex=\"0\">\n\t\t\t\t\t\t\t<div class=\"spectra-image-gallery__media spectra-image-gallery__media--grid\">\n\t\t\t\t<picture>\n\t\t\t\t\t<source media=\"(min-width: 1024px)\" srcset=\"https:\/\/www.rochefortpacifique.org\/edition2025\/wp-content\/uploads\/sites\/3\/2025\/03\/514520208_1281627537303672_9012112017121990585_n-768x1024.jpg\">\n\t\t\t\t\t<source media=\"(min-width: 768px)\" srcset=\"https:\/\/www.rochefortpacifique.org\/edition2025\/wp-content\/uploads\/sites\/3\/2025\/03\/514520208_1281627537303672_9012112017121990585_n-768x1024.jpg\">\n\t\t\t\t\t<img decoding=\"async\" class=\"spectra-image-gallery__media-thumbnail spectra-image-gallery__media-thumbnail--grid\" src=\"https:\/\/www.rochefortpacifique.org\/edition2025\/wp-content\/uploads\/sites\/3\/2025\/03\/514520208_1281627537303672_9012112017121990585_n-225x300.jpg\" alt=\"\" loading=\"lazy\" \/>\n\t\t\t\t<\/picture>\n\t\t\t\t<div class=\"spectra-image-gallery__media-thumbnail-blurrer\"><\/div>\n\t\t\t\t\t\t\t\t\t\t\t<div class=\"spectra-image-gallery__media-thumbnail-caption-wrapper spectra-image-gallery__media-thumbnail-caption-wrapper--overlay\"><\/div>\n\t\t\t\t\t\t\t\t<\/div>\n\t\t\t\t\t\t<\/div>\n\t\t\t\t\t\t\t\t\t\t<\/div>\n\t\t\t\t\t\t\t\t\t\t\t\t\t\t\t\t\t\t<\/div>\n\t\t\t\t\t\t\t\t\t\t\t<div class='spectra-image-gallery__control-lightbox' tabindex='0'>\n\t\t\t\t\t\t\t\t\t\t\t<div class=\"swiper spectra-image-gallery__control-lightbox--main\" dir=\"\">\n\t\t\t\t\t<div class=\"swiper-wrapper\">\n\t\t\t\t\t\t\t\t\t\t\t\t\t\n\t\t\t\t\t\t\t<div class=\"swiper-slide\">\n\t\t\t\t\t\t\t\t<img class=\"swiper-lazy\" data-src=\"https:\/\/www.rochefortpacifique.org\/edition2025\/wp-content\/uploads\/sites\/3\/2025\/03\/513073022_1280542330745526_6732240293309990879_n.jpg\" alt=\"\"\/>\n\t\t\t\t\t\t\t\t<div class=\"swiper-lazy-preloader swiper-lazy-preloader-white\"><\/div>\n\t\t\t\t\t\t\t\t\t\t\t\t\t\t\t<\/div>\n\t\t\t\t\t\t\t\t\t\t\t\t\t\n\t\t\t\t\t\t\t<div class=\"swiper-slide\">\n\t\t\t\t\t\t\t\t<img class=\"swiper-lazy\" data-src=\"https:\/\/www.rochefortpacifique.org\/edition2025\/wp-content\/uploads\/sites\/3\/2025\/03\/514520208_1281627537303672_9012112017121990585_n.jpg\" alt=\"\"\/>\n\t\t\t\t\t\t\t\t<div class=\"swiper-lazy-preloader swiper-lazy-preloader-white\"><\/div>\n\t\t\t\t\t\t\t\t\t\t\t\t\t\t\t<\/div>\n\t\t\t\t\t\t\t\t\t\t\t<\/div>\n\t\t\t\t\t<div class=\"swiper-button-next\"><\/div>\n\t\t\t\t\t<div class=\"swiper-button-prev\"><\/div>\n\t\t\t\t<\/div>\t\t\t\n\t\t\t\t\t\t\t\t\t\t\t\t\t\t\t\t\t\t\t\t\t\t\t\t\t\t\t\t\t\t\t\t<button class='spectra-image-gallery__control-lightbox--close' aria-label=\"Close\">\n\t\t\t\t\t\t\t\t\t\t\t\t\t<svg xmlns=\"https:\/\/www.w3.org\/2000\/svg\" viewBox= \"0 0 320 512\"><path d=\"M310.6 361.4c12.5 12.5 12.5 32.75 0 45.25C304.4 412.9 296.2 416 288 416s-16.38-3.125-22.62-9.375L160 301.3L54.63 406.6C48.38 412.9 40.19 416 32 416S15.63 412.9 9.375 406.6c-12.5-12.5-12.5-32.75 0-45.25l105.4-105.4L9.375 150.6c-12.5-12.5-12.5-32.75 0-45.25s32.75-12.5 45.25 0L160 210.8l105.4-105.4c12.5-12.5 32.75-12.5 45.25 0s12.5 32.75 0 45.25l-105.4 105.4L310.6 361.4z\"><\/path><\/svg>\n\t\t\t\t\t\t\t\t\t\t\t\t<\/button>\n\t\t\t\t\t\t\t\t\t\t\t\t\t<\/div>\n\t\t\t\t\t\t\t\t\t<\/div><\/div>\n","protected":false},"excerpt":{"rendered":"<p>Premier \u00ab\u00a0Rendez-vous Oc\u00e9anien\u00a0\u00bb de 2025 r\u00e9ussi au Cin\u00e9ma Galaxy de Cognac hier soir 26\/6 pour une projection de \u00ab\u00a0I am the river, the river is me\u00a0\u00bb de Petr Lom &amp; Corinne Van Egeraat, suivie d&rsquo;\u00e9changes entre les cin\u00e9astes et un public tr\u00e8s motiv\u00e9 par les questions d&rsquo;eau de rivi\u00e8res et de nature, avec la collaboration [&hellip;]<\/p>\n","protected":false},"featured_media":5749,"parent":0,"template":"","edition":[76],"personnalite":[],"evenement":[71,75],"class_list":["post-6740","festival","type-festival","status-publish","has-post-thumbnail","hentry","edition-76","evenement-cine-debat","evenement-rendez-vous-oceanien"],"acf":[],"uagb_featured_image_src":{"full":["https:\/\/www.rochefortpacifique.org\/edition2025\/wp-content\/uploads\/sites\/3\/2025\/03\/Poster-I-am-the-river-A4-scaled-2.jpg",1358,1920,false],"thumbnail":["https:\/\/www.rochefortpacifique.org\/edition2025\/wp-content\/uploads\/sites\/3\/2025\/03\/Poster-I-am-the-river-A4-scaled-2-150x150.jpg",150,150,true],"medium":["https:\/\/www.rochefortpacifique.org\/edition2025\/wp-content\/uploads\/sites\/3\/2025\/03\/Poster-I-am-the-river-A4-scaled-2-212x300.jpg",212,300,true],"medium_large":["https:\/\/www.rochefortpacifique.org\/edition2025\/wp-content\/uploads\/sites\/3\/2025\/03\/Poster-I-am-the-river-A4-scaled-2-768x1086.jpg",768,1086,true],"large":["https:\/\/www.rochefortpacifique.org\/edition2025\/wp-content\/uploads\/sites\/3\/2025\/03\/Poster-I-am-the-river-A4-scaled-2-724x1024.jpg",724,1024,true],"1536x1536":["https:\/\/www.rochefortpacifique.org\/edition2025\/wp-content\/uploads\/sites\/3\/2025\/03\/Poster-I-am-the-river-A4-scaled-2-1086x1536.jpg",1086,1536,true],"2048x2048":["https:\/\/www.rochefortpacifique.org\/edition2025\/wp-content\/uploads\/sites\/3\/2025\/03\/Poster-I-am-the-river-A4-scaled-2.jpg",1358,1920,false]},"uagb_author_info":{"display_name":"Julien Taureau","author_link":"https:\/\/www.rochefortpacifique.org\/edition2025\/author\/"},"uagb_comment_info":0,"uagb_excerpt":"Premier \u00ab\u00a0Rendez-vous Oc\u00e9anien\u00a0\u00bb de 2025 r\u00e9ussi au Cin\u00e9ma Galaxy de Cognac hier soir 26\/6 pour une projection de \u00ab\u00a0I am the river, the river is me\u00a0\u00bb de Petr Lom &amp; Corinne Van Egeraat, suivie d&rsquo;\u00e9changes entre les cin\u00e9astes et un public tr\u00e8s motiv\u00e9 par les questions d&rsquo;eau de rivi\u00e8res et de nature, avec la collaboration\u2026","_links":{"self":[{"href":"https:\/\/www.rochefortpacifique.org\/edition2025\/wp-json\/wp\/v2\/festival\/6740","targetHints":{"allow":["GET"]}}],"collection":[{"href":"https:\/\/www.rochefortpacifique.org\/edition2025\/wp-json\/wp\/v2\/festival"}],"about":[{"href":"https:\/\/www.rochefortpacifique.org\/edition2025\/wp-json\/wp\/v2\/types\/festival"}],"version-history":[{"count":2,"href":"https:\/\/www.rochefortpacifique.org\/edition2025\/wp-json\/wp\/v2\/festival\/6740\/revisions"}],"predecessor-version":[{"id":6745,"href":"https:\/\/www.rochefortpacifique.org\/edition2025\/wp-json\/wp\/v2\/festival\/6740\/revisions\/6745"}],"wp:featuredmedia":[{"embeddable":true,"href":"https:\/\/www.rochefortpacifique.org\/edition2025\/wp-json\/wp\/v2\/media\/5749"}],"wp:attachment":[{"href":"https:\/\/www.rochefortpacifique.org\/edition2025\/wp-json\/wp\/v2\/media?parent=6740"}],"wp:term":[{"taxonomy":"edition","embeddable":true,"href":"https:\/\/www.rochefortpacifique.org\/edition2025\/wp-json\/wp\/v2\/edition?post=6740"},{"taxonomy":"personnalite","embeddable":true,"href":"https:\/\/www.rochefortpacifique.org\/edition2025\/wp-json\/wp\/v2\/personnalite?post=6740"},{"taxonomy":"evenement","embeddable":true,"href":"https:\/\/www.rochefortpacifique.org\/edition2025\/wp-json\/wp\/v2\/evenement?post=6740"}],"curies":[{"name":"wp","href":"https:\/\/api.w.org\/{rel}","templated":true}]}}