{"id":6499,"date":"2025-03-31T09:42:07","date_gmt":"2025-03-31T07:42:07","guid":{"rendered":"https:\/\/www.rochefortpacifique.org\/edition2025\/?post_type=festival&#038;p=6499"},"modified":"2025-03-31T09:45:29","modified_gmt":"2025-03-31T07:45:29","slug":"craig-santos-perez","status":"publish","type":"festival","link":"https:\/\/www.rochefortpacifique.org\/edition2025\/festival\/craig-santos-perez\/","title":{"rendered":"Craig Santos Perez"},"content":{"rendered":"\n<p><strong>Craig SANTOS PEREZ<\/strong>, est un po\u00e8te, essayiste, professeur d\u2019universit\u00e9 et \u00e9diteur Chamorro, n\u00e9 dans l\u2019\u00eele de Guam. Sa famille d\u00e9m\u00e9nage de Guam en Californie, o\u00f9 il fait ses \u00e9tudes, \u00e0 l\u2019universit\u00e9 de Berkeley. Il y soutient sa th\u00e8se de doctorat PhD en ethnologie en 2015. Parmi ses \u00e9crits, sa trilogie \u201cFrom Unincorporated Territory\u201d, 2008, remporte imm\u00e9diatement un succ\u00e8s \u00e0 travers le Pacifique. En 2011, il co-fonde la maison d&rsquo;\u00e9dition \u00ab\u00a0Ala Press\u00a0\u00bb sp\u00e9cialis\u00e9e dans la diffusion de la litt\u00e9rature et de la culture des \u00eeles du Pacifique.<\/p>\n\n\n\n<p>Il enseigne la litt\u00e9rature du Pacifique et la cr\u00e9ation litt\u00e9raire \u00e0 Hawa\u00ef puis en Californie.<\/p>\n\n\n\n<p>La po\u00e9sie de Santos Perez se concentre sur les th\u00e8mes de la vie du Pacifique, de l\u2019immigration insulaire vers les \u00c9tats-Unis, de l&rsquo;histoire coloniale des \u00eeles du Pacifique et des diff\u00e9rentes diaspora des insulaires du Pacifique.<\/p>\n\n\n\n<p><strong>\u201cOui, c\u2019est une mutinerie\u201d, traduit pour les \u00e9ditions \u00ab\u00a0Les Petites All\u00e9es et extrait de son livre, \u00ab\u00a0Call This Mutiny\u00a0\u00bb sera pr\u00e9sent\u00e9 au Festival Rochefort Pacifique<\/strong><\/p>\n","protected":false},"excerpt":{"rendered":"<p>Craig SANTOS PEREZ, est un po\u00e8te, essayiste, professeur d\u2019universit\u00e9 et \u00e9diteur Chamorro, n\u00e9 dans l\u2019\u00eele de Guam. Sa famille d\u00e9m\u00e9nage de Guam en Californie, o\u00f9 il fait ses \u00e9tudes, \u00e0 l\u2019universit\u00e9 de Berkeley. Il y soutient sa th\u00e8se de doctorat PhD en ethnologie en 2015. Parmi ses \u00e9crits, sa trilogie \u201cFrom Unincorporated Territory\u201d, 2008, remporte [&hellip;]<\/p>\n","protected":false},"featured_media":6501,"parent":0,"template":"","edition":[76],"personnalite":[81,77],"evenement":[],"class_list":["post-6499","festival","type-festival","status-publish","has-post-thumbnail","hentry","edition-76","personnalite-auteur","personnalite-invite"],"acf":[],"uagb_featured_image_src":{"full":["https:\/\/www.rochefortpacifique.org\/edition2025\/wp-content\/uploads\/sites\/3\/2025\/03\/craig-santos-perez.jpg",1280,1920,false],"thumbnail":["https:\/\/www.rochefortpacifique.org\/edition2025\/wp-content\/uploads\/sites\/3\/2025\/03\/craig-santos-perez-150x150.jpg",150,150,true],"medium":["https:\/\/www.rochefortpacifique.org\/edition2025\/wp-content\/uploads\/sites\/3\/2025\/03\/craig-santos-perez-200x300.jpg",200,300,true],"medium_large":["https:\/\/www.rochefortpacifique.org\/edition2025\/wp-content\/uploads\/sites\/3\/2025\/03\/craig-santos-perez-768x1152.jpg",768,1152,true],"large":["https:\/\/www.rochefortpacifique.org\/edition2025\/wp-content\/uploads\/sites\/3\/2025\/03\/craig-santos-perez-683x1024.jpg",683,1024,true],"1536x1536":["https:\/\/www.rochefortpacifique.org\/edition2025\/wp-content\/uploads\/sites\/3\/2025\/03\/craig-santos-perez-1024x1536.jpg",1024,1536,true],"2048x2048":["https:\/\/www.rochefortpacifique.org\/edition2025\/wp-content\/uploads\/sites\/3\/2025\/03\/craig-santos-perez.jpg",1280,1920,false]},"uagb_author_info":{"display_name":"Julien Taureau","author_link":"https:\/\/www.rochefortpacifique.org\/edition2025\/author\/"},"uagb_comment_info":0,"uagb_excerpt":"Craig SANTOS PEREZ, est un po\u00e8te, essayiste, professeur d\u2019universit\u00e9 et \u00e9diteur Chamorro, n\u00e9 dans l\u2019\u00eele de Guam. Sa famille d\u00e9m\u00e9nage de Guam en Californie, o\u00f9 il fait ses \u00e9tudes, \u00e0 l\u2019universit\u00e9 de Berkeley. Il y soutient sa th\u00e8se de doctorat PhD en ethnologie en 2015. Parmi ses \u00e9crits, sa trilogie \u201cFrom Unincorporated Territory\u201d, 2008, remporte\u2026","_links":{"self":[{"href":"https:\/\/www.rochefortpacifique.org\/edition2025\/wp-json\/wp\/v2\/festival\/6499","targetHints":{"allow":["GET"]}}],"collection":[{"href":"https:\/\/www.rochefortpacifique.org\/edition2025\/wp-json\/wp\/v2\/festival"}],"about":[{"href":"https:\/\/www.rochefortpacifique.org\/edition2025\/wp-json\/wp\/v2\/types\/festival"}],"version-history":[{"count":2,"href":"https:\/\/www.rochefortpacifique.org\/edition2025\/wp-json\/wp\/v2\/festival\/6499\/revisions"}],"predecessor-version":[{"id":6504,"href":"https:\/\/www.rochefortpacifique.org\/edition2025\/wp-json\/wp\/v2\/festival\/6499\/revisions\/6504"}],"wp:featuredmedia":[{"embeddable":true,"href":"https:\/\/www.rochefortpacifique.org\/edition2025\/wp-json\/wp\/v2\/media\/6501"}],"wp:attachment":[{"href":"https:\/\/www.rochefortpacifique.org\/edition2025\/wp-json\/wp\/v2\/media?parent=6499"}],"wp:term":[{"taxonomy":"edition","embeddable":true,"href":"https:\/\/www.rochefortpacifique.org\/edition2025\/wp-json\/wp\/v2\/edition?post=6499"},{"taxonomy":"personnalite","embeddable":true,"href":"https:\/\/www.rochefortpacifique.org\/edition2025\/wp-json\/wp\/v2\/personnalite?post=6499"},{"taxonomy":"evenement","embeddable":true,"href":"https:\/\/www.rochefortpacifique.org\/edition2025\/wp-json\/wp\/v2\/evenement?post=6499"}],"curies":[{"name":"wp","href":"https:\/\/api.w.org\/{rel}","templated":true}]}}