{"id":6383,"date":"2025-03-28T10:08:50","date_gmt":"2025-03-28T09:08:50","guid":{"rendered":"https:\/\/www.rochefortpacifique.org\/edition2025\/?post_type=festival&#038;p=6383"},"modified":"2025-04-02T09:39:41","modified_gmt":"2025-04-02T07:39:41","slug":"caroline-omond","status":"publish","type":"festival","link":"https:\/\/www.rochefortpacifique.org\/edition2025\/festival\/caroline-omond\/","title":{"rendered":"Caroline Omond"},"content":{"rendered":"\n<p>Caroline OMOND fait ses premi\u00e8res armes dans la production d\u2019\u00e9v\u00e9nements et de films institutionnels pour les entreprises.<\/p>\n\n\n\n<p>En 2003, elle dirige la production de son premier film documentaire pour la t\u00e9l\u00e9vision.Cette exp\u00e9rience tracera sa voie et sa passion. Elle a aujourd&rsquo;hui \u00e0 son actif la direction de production de plus de 230 films pour des m\u00e9dias aux profils vari\u00e9s : cha\u00eenes de t\u00e9l\u00e9vision,<\/p>\n\n\n\n<p>plateformes num\u00e9riques, mus\u00e9es et festivals. Les projets d\u00e9di\u00e9s \u00e0 l\u2019art, la culture, le patrimoine et l\u2019histoire constituent l\u2019essentiel de son univers professionnel.<\/p>\n\n\n\n<p><strong>\u00ab\u00a0Fier.e.s\u00a0\u00bb le dernier film qu\u2019elle a produit est pr\u00e9sent\u00e9 au Festival Rochefort Pacifique.<\/strong><\/p>\n","protected":false},"excerpt":{"rendered":"<p>Caroline OMOND fait ses premi\u00e8res armes dans la production d\u2019\u00e9v\u00e9nements et de films institutionnels pour les entreprises. En 2003, elle dirige la production de son premier film documentaire pour la t\u00e9l\u00e9vision.Cette exp\u00e9rience tracera sa voie et sa passion. Elle a aujourd&rsquo;hui \u00e0 son actif la direction de production de plus de 230 films pour des [&hellip;]<\/p>\n","protected":false},"featured_media":6658,"parent":0,"template":"","edition":[76],"personnalite":[84,77],"evenement":[],"class_list":["post-6383","festival","type-festival","status-publish","has-post-thumbnail","hentry","edition-76","personnalite-intervenante","personnalite-invite"],"acf":[],"uagb_featured_image_src":{"full":["https:\/\/www.rochefortpacifique.org\/edition2025\/wp-content\/uploads\/sites\/3\/2025\/03\/caroline-omond.jpg",1454,1512,false],"thumbnail":["https:\/\/www.rochefortpacifique.org\/edition2025\/wp-content\/uploads\/sites\/3\/2025\/03\/caroline-omond-150x150.jpg",150,150,true],"medium":["https:\/\/www.rochefortpacifique.org\/edition2025\/wp-content\/uploads\/sites\/3\/2025\/03\/caroline-omond-288x300.jpg",288,300,true],"medium_large":["https:\/\/www.rochefortpacifique.org\/edition2025\/wp-content\/uploads\/sites\/3\/2025\/03\/caroline-omond-768x799.jpg",768,799,true],"large":["https:\/\/www.rochefortpacifique.org\/edition2025\/wp-content\/uploads\/sites\/3\/2025\/03\/caroline-omond-985x1024.jpg",800,832,true],"1536x1536":["https:\/\/www.rochefortpacifique.org\/edition2025\/wp-content\/uploads\/sites\/3\/2025\/03\/caroline-omond.jpg",1454,1512,false],"2048x2048":["https:\/\/www.rochefortpacifique.org\/edition2025\/wp-content\/uploads\/sites\/3\/2025\/03\/caroline-omond.jpg",1454,1512,false]},"uagb_author_info":{"display_name":"Julien Taureau","author_link":"https:\/\/www.rochefortpacifique.org\/edition2025\/author\/"},"uagb_comment_info":0,"uagb_excerpt":"Caroline OMOND fait ses premi\u00e8res armes dans la production d\u2019\u00e9v\u00e9nements et de films institutionnels pour les entreprises. En 2003, elle dirige la production de son premier film documentaire pour la t\u00e9l\u00e9vision.Cette exp\u00e9rience tracera sa voie et sa passion. Elle a aujourd&rsquo;hui \u00e0 son actif la direction de production de plus de 230 films pour des\u2026","_links":{"self":[{"href":"https:\/\/www.rochefortpacifique.org\/edition2025\/wp-json\/wp\/v2\/festival\/6383","targetHints":{"allow":["GET"]}}],"collection":[{"href":"https:\/\/www.rochefortpacifique.org\/edition2025\/wp-json\/wp\/v2\/festival"}],"about":[{"href":"https:\/\/www.rochefortpacifique.org\/edition2025\/wp-json\/wp\/v2\/types\/festival"}],"version-history":[{"count":3,"href":"https:\/\/www.rochefortpacifique.org\/edition2025\/wp-json\/wp\/v2\/festival\/6383\/revisions"}],"predecessor-version":[{"id":6659,"href":"https:\/\/www.rochefortpacifique.org\/edition2025\/wp-json\/wp\/v2\/festival\/6383\/revisions\/6659"}],"wp:featuredmedia":[{"embeddable":true,"href":"https:\/\/www.rochefortpacifique.org\/edition2025\/wp-json\/wp\/v2\/media\/6658"}],"wp:attachment":[{"href":"https:\/\/www.rochefortpacifique.org\/edition2025\/wp-json\/wp\/v2\/media?parent=6383"}],"wp:term":[{"taxonomy":"edition","embeddable":true,"href":"https:\/\/www.rochefortpacifique.org\/edition2025\/wp-json\/wp\/v2\/edition?post=6383"},{"taxonomy":"personnalite","embeddable":true,"href":"https:\/\/www.rochefortpacifique.org\/edition2025\/wp-json\/wp\/v2\/personnalite?post=6383"},{"taxonomy":"evenement","embeddable":true,"href":"https:\/\/www.rochefortpacifique.org\/edition2025\/wp-json\/wp\/v2\/evenement?post=6383"}],"curies":[{"name":"wp","href":"https:\/\/api.w.org\/{rel}","templated":true}]}}