{"id":6380,"date":"2025-03-28T10:06:14","date_gmt":"2025-03-28T09:06:14","guid":{"rendered":"https:\/\/www.rochefortpacifique.org\/edition2025\/?post_type=festival&#038;p=6380"},"modified":"2025-04-03T13:30:56","modified_gmt":"2025-04-03T11:30:56","slug":"raynald-merienne","status":"publish","type":"festival","link":"https:\/\/www.rochefortpacifique.org\/edition2025\/festival\/raynald-merienne\/","title":{"rendered":"Raynald MERIENNE"},"content":{"rendered":"\n<p>Raynald M\u00e9rienne \u00e9crit et r\u00e9alise, depuis plus de 25 ans, des films documentaires et des grands reportages consacr\u00e9s \u00e0 l&rsquo;art, l&rsquo;histoire, la culture et le patrimoine. Ses films sont r\u00e9guli\u00e8rement diffus\u00e9s sur les antennes de France T\u00e9l\u00e9visions. Il a notamment collabor\u00e9 pendant plus de 10 ans \u00e0 l\u2019\u00e9mission embl\u00e9matique de France 3 \u00ab\u00a0Des Racines et des Ailes\u00a0\u00bb, gr\u00e2ce \u00e0 laquelle il a rencontr\u00e9 la Polyn\u00e9sie fran\u00e7aise.<\/p>\n\n\n\n<p>Depuis, les cultures polyn\u00e9siennes et la pens\u00e9e oc\u00e9anienne exercent une puissante fascination sur son travail de documentariste, nourrissant les valeurs humanistes et universelles qui inspirent aujourd\u2019hui ses projets, comme en t\u00e9moigne son \u00ab\u00a0Motu Haka, le combat des \u00eeles Marquises\u201d, 2022. Passeurs de Lumi\u00e8re, ses films ambitionnent de raconter le monde et de nous raconter nous-m\u00eames, \u00e0 travers un regard curieux et bienveillant qui c\u00e9l\u00e8bre la diff\u00e9rence pour y puiser les enseignements les plus \u00e9clairants.<\/p>\n","protected":false},"excerpt":{"rendered":"<p>Raynald M\u00e9rienne \u00e9crit et r\u00e9alise, depuis plus de 25 ans, des films documentaires et des grands reportages consacr\u00e9s \u00e0 l&rsquo;art, l&rsquo;histoire, la culture et le patrimoine. Ses films sont r\u00e9guli\u00e8rement diffus\u00e9s sur les antennes de France T\u00e9l\u00e9visions. Il a notamment collabor\u00e9 pendant plus de 10 ans \u00e0 l\u2019\u00e9mission embl\u00e9matique de France 3 \u00ab\u00a0Des Racines et [&hellip;]<\/p>\n","protected":false},"featured_media":6423,"parent":0,"template":"","edition":[76],"personnalite":[79],"evenement":[],"class_list":["post-6380","festival","type-festival","status-publish","has-post-thumbnail","hentry","edition-76","personnalite-realisateur"],"acf":[],"uagb_featured_image_src":{"full":["https:\/\/www.rochefortpacifique.org\/edition2025\/wp-content\/uploads\/sites\/3\/2025\/03\/Raynald-Merienne-\u00a9-Alain-Febvin.jpg",1440,1920,false],"thumbnail":["https:\/\/www.rochefortpacifique.org\/edition2025\/wp-content\/uploads\/sites\/3\/2025\/03\/Raynald-Merienne-\u00a9-Alain-Febvin-150x150.jpg",150,150,true],"medium":["https:\/\/www.rochefortpacifique.org\/edition2025\/wp-content\/uploads\/sites\/3\/2025\/03\/Raynald-Merienne-\u00a9-Alain-Febvin-225x300.jpg",225,300,true],"medium_large":["https:\/\/www.rochefortpacifique.org\/edition2025\/wp-content\/uploads\/sites\/3\/2025\/03\/Raynald-Merienne-\u00a9-Alain-Febvin-768x1024.jpg",768,1024,true],"large":["https:\/\/www.rochefortpacifique.org\/edition2025\/wp-content\/uploads\/sites\/3\/2025\/03\/Raynald-Merienne-\u00a9-Alain-Febvin-768x1024.jpg",768,1024,true],"1536x1536":["https:\/\/www.rochefortpacifique.org\/edition2025\/wp-content\/uploads\/sites\/3\/2025\/03\/Raynald-Merienne-\u00a9-Alain-Febvin-1152x1536.jpg",1152,1536,true],"2048x2048":["https:\/\/www.rochefortpacifique.org\/edition2025\/wp-content\/uploads\/sites\/3\/2025\/03\/Raynald-Merienne-\u00a9-Alain-Febvin.jpg",1440,1920,false]},"uagb_author_info":{"display_name":"Julien Taureau","author_link":"https:\/\/www.rochefortpacifique.org\/edition2025\/author\/"},"uagb_comment_info":0,"uagb_excerpt":"Raynald M\u00e9rienne \u00e9crit et r\u00e9alise, depuis plus de 25 ans, des films documentaires et des grands reportages consacr\u00e9s \u00e0 l&rsquo;art, l&rsquo;histoire, la culture et le patrimoine. Ses films sont r\u00e9guli\u00e8rement diffus\u00e9s sur les antennes de France T\u00e9l\u00e9visions. Il a notamment collabor\u00e9 pendant plus de 10 ans \u00e0 l\u2019\u00e9mission embl\u00e9matique de France 3 \u00ab\u00a0Des Racines et\u2026","_links":{"self":[{"href":"https:\/\/www.rochefortpacifique.org\/edition2025\/wp-json\/wp\/v2\/festival\/6380","targetHints":{"allow":["GET"]}}],"collection":[{"href":"https:\/\/www.rochefortpacifique.org\/edition2025\/wp-json\/wp\/v2\/festival"}],"about":[{"href":"https:\/\/www.rochefortpacifique.org\/edition2025\/wp-json\/wp\/v2\/types\/festival"}],"version-history":[{"count":1,"href":"https:\/\/www.rochefortpacifique.org\/edition2025\/wp-json\/wp\/v2\/festival\/6380\/revisions"}],"predecessor-version":[{"id":6381,"href":"https:\/\/www.rochefortpacifique.org\/edition2025\/wp-json\/wp\/v2\/festival\/6380\/revisions\/6381"}],"wp:featuredmedia":[{"embeddable":true,"href":"https:\/\/www.rochefortpacifique.org\/edition2025\/wp-json\/wp\/v2\/media\/6423"}],"wp:attachment":[{"href":"https:\/\/www.rochefortpacifique.org\/edition2025\/wp-json\/wp\/v2\/media?parent=6380"}],"wp:term":[{"taxonomy":"edition","embeddable":true,"href":"https:\/\/www.rochefortpacifique.org\/edition2025\/wp-json\/wp\/v2\/edition?post=6380"},{"taxonomy":"personnalite","embeddable":true,"href":"https:\/\/www.rochefortpacifique.org\/edition2025\/wp-json\/wp\/v2\/personnalite?post=6380"},{"taxonomy":"evenement","embeddable":true,"href":"https:\/\/www.rochefortpacifique.org\/edition2025\/wp-json\/wp\/v2\/evenement?post=6380"}],"curies":[{"name":"wp","href":"https:\/\/api.w.org\/{rel}","templated":true}]}}