{"id":6048,"date":"2025-03-10T11:25:08","date_gmt":"2025-03-10T10:25:08","guid":{"rendered":"https:\/\/www.rochefortpacifique.org\/edition2025\/?post_type=festival&#038;p=6048"},"modified":"2025-03-31T12:45:39","modified_gmt":"2025-03-31T10:45:39","slug":"la-petite-fille-blanche","status":"publish","type":"festival","link":"https:\/\/www.rochefortpacifique.org\/edition2025\/festival\/la-petite-fille-blanche\/","title":{"rendered":"La Petite Fille Blanche"},"content":{"rendered":"\n<p>Pendant treize ans Odette, qui vit une petite ville rurale australienne, a r\u00e9ussi, apr\u00e8s la disparition de sa fille Lila, \u00e0 \u00e9lever sa petite-fille Sissy discr\u00e8tement, \u00e9vitant l\u2019attention des services sociaux qui enl\u00e8vent les enfants aborig\u00e8nes \u00e0 la peau claire \u00e0 leur famille. Mais arrive en ville un nouveau policier z\u00e9l\u00e9\u2026<br>Dans cette fuite \u00e0 travers l\u2019Australie des ann\u00e9es 60, le plus grand conteur indig\u00e8ne australien d\u2019aujourd\u2019hui nous offre un roman immersif et d\u2019une profonde humanit\u00e9, qui explore les limites que nous sommes pr\u00eats \u00e0 franchir pour prot\u00e9ger ceux que nous aimons.<\/p>\n","protected":false},"excerpt":{"rendered":"<p>Pendant treize ans Odette, qui vit une petite ville rurale australienne, a r\u00e9ussi, apr\u00e8s la disparition de sa fille Lila, \u00e0 \u00e9lever sa petite-fille Sissy discr\u00e8tement, \u00e9vitant l\u2019attention des services sociaux qui enl\u00e8vent les enfants aborig\u00e8nes \u00e0 la peau claire \u00e0 leur famille. Mais arrive en ville un nouveau policier z\u00e9l\u00e9\u2026Dans cette fuite \u00e0 travers [&hellip;]<\/p>\n","protected":false},"featured_media":6049,"parent":0,"template":"","edition":[76],"personnalite":[],"evenement":[72,75],"class_list":["post-6048","festival","type-festival","status-publish","has-post-thumbnail","hentry","edition-76","evenement-rencontre-litteraire","evenement-rendez-vous-oceanien"],"acf":[],"uagb_featured_image_src":{"full":["https:\/\/www.rochefortpacifique.org\/edition2025\/wp-content\/uploads\/sites\/3\/2025\/03\/la-petite-fille-blanche-e1741602302706.jpg",662,1125,false],"thumbnail":["https:\/\/www.rochefortpacifique.org\/edition2025\/wp-content\/uploads\/sites\/3\/2025\/03\/la-petite-fille-blanche-e1741602302706-150x150.jpg",150,150,true],"medium":["https:\/\/www.rochefortpacifique.org\/edition2025\/wp-content\/uploads\/sites\/3\/2025\/03\/la-petite-fille-blanche-e1741602302706-177x300.jpg",177,300,true],"medium_large":["https:\/\/www.rochefortpacifique.org\/edition2025\/wp-content\/uploads\/sites\/3\/2025\/03\/la-petite-fille-blanche-768x864.jpg",768,864,true],"large":["https:\/\/www.rochefortpacifique.org\/edition2025\/wp-content\/uploads\/sites\/3\/2025\/03\/la-petite-fille-blanche-e1741602302706-603x1024.jpg",603,1024,true],"1536x1536":["https:\/\/www.rochefortpacifique.org\/edition2025\/wp-content\/uploads\/sites\/3\/2025\/03\/la-petite-fille-blanche-e1741602302706.jpg",662,1125,false],"2048x2048":["https:\/\/www.rochefortpacifique.org\/edition2025\/wp-content\/uploads\/sites\/3\/2025\/03\/la-petite-fille-blanche-e1741602302706.jpg",662,1125,false]},"uagb_author_info":{"display_name":"Julien Taureau","author_link":"https:\/\/www.rochefortpacifique.org\/edition2025\/author\/"},"uagb_comment_info":0,"uagb_excerpt":"Pendant treize ans Odette, qui vit une petite ville rurale australienne, a r\u00e9ussi, apr\u00e8s la disparition de sa fille Lila, \u00e0 \u00e9lever sa petite-fille Sissy discr\u00e8tement, \u00e9vitant l\u2019attention des services sociaux qui enl\u00e8vent les enfants aborig\u00e8nes \u00e0 la peau claire \u00e0 leur famille. Mais arrive en ville un nouveau policier z\u00e9l\u00e9\u2026Dans cette fuite \u00e0 travers\u2026","_links":{"self":[{"href":"https:\/\/www.rochefortpacifique.org\/edition2025\/wp-json\/wp\/v2\/festival\/6048","targetHints":{"allow":["GET"]}}],"collection":[{"href":"https:\/\/www.rochefortpacifique.org\/edition2025\/wp-json\/wp\/v2\/festival"}],"about":[{"href":"https:\/\/www.rochefortpacifique.org\/edition2025\/wp-json\/wp\/v2\/types\/festival"}],"version-history":[{"count":2,"href":"https:\/\/www.rochefortpacifique.org\/edition2025\/wp-json\/wp\/v2\/festival\/6048\/revisions"}],"predecessor-version":[{"id":6639,"href":"https:\/\/www.rochefortpacifique.org\/edition2025\/wp-json\/wp\/v2\/festival\/6048\/revisions\/6639"}],"wp:featuredmedia":[{"embeddable":true,"href":"https:\/\/www.rochefortpacifique.org\/edition2025\/wp-json\/wp\/v2\/media\/6049"}],"wp:attachment":[{"href":"https:\/\/www.rochefortpacifique.org\/edition2025\/wp-json\/wp\/v2\/media?parent=6048"}],"wp:term":[{"taxonomy":"edition","embeddable":true,"href":"https:\/\/www.rochefortpacifique.org\/edition2025\/wp-json\/wp\/v2\/edition?post=6048"},{"taxonomy":"personnalite","embeddable":true,"href":"https:\/\/www.rochefortpacifique.org\/edition2025\/wp-json\/wp\/v2\/personnalite?post=6048"},{"taxonomy":"evenement","embeddable":true,"href":"https:\/\/www.rochefortpacifique.org\/edition2025\/wp-json\/wp\/v2\/evenement?post=6048"}],"curies":[{"name":"wp","href":"https:\/\/api.w.org\/{rel}","templated":true}]}}