{"id":5873,"date":"2025-03-08T14:51:51","date_gmt":"2025-03-08T13:51:51","guid":{"rendered":"https:\/\/www.rochefortpacifique.org\/edition2025\/?post_type=festival&#038;p=5873"},"modified":"2025-04-03T17:15:24","modified_gmt":"2025-04-03T15:15:24","slug":"i-am-the-river-the-river-is-me","status":"publish","type":"festival","link":"https:\/\/www.rochefortpacifique.org\/edition2025\/festival\/i-am-the-river-the-river-is-me\/","title":{"rendered":"I am the River, the River is Me"},"content":{"rendered":"\n<div class=\"wp-block-group\"><div class=\"wp-block-group__inner-container is-layout-constrained wp-block-group-is-layout-constrained\">\n<h2 class=\"wp-block-heading\">R\u00e9sum\u00e9<\/h2>\n\n\n\n<p>Nouvelle-Z\u00e9lande, une descente en cano\u00eb sur la rivi\u00e8re Whanganui, la premi\u00e8re rivi\u00e8re au monde reconnue comme personne morale. Au cours de ce p\u00e9riple dirig\u00e9 par un m\u0101ori, les participants de plusieurs pays vont se rapprocher de la nature, livrer une part d&rsquo;eux-m\u00eames et lancer un appel \u00e0 la mobilisation pour la reconnaissance des droits des rivi\u00e8res et l&rsquo;action contre le d\u00e9r\u00e8glement climatique et questionner nos valeurs.<\/p>\n\n\n\n<div style=\"height:3em\" aria-hidden=\"true\" class=\"wp-block-spacer\"><\/div>\n\n\n\n<h2 class=\"wp-block-heading\">Bande-annonce \/ extra\u00eet<\/h2>\n\n\n\n<figure class=\"wp-block-embed is-type-video is-provider-vimeo wp-block-embed-vimeo wp-embed-aspect-16-9 wp-has-aspect-ratio\"><div class=\"wp-block-embed__wrapper\">\n<div class=\"ratio ratio-16x9\"><iframe loading=\"lazy\" title=\"&quot;Je suis la rivi\u00e8re&quot; teaser du film surprise programm\u00e9 au 19e &quot;Festival Rochefort Pacifique&quot; 10-12 Avril 2025\" src=\"https:\/\/player.vimeo.com\/video\/1056702405?dnt=1&amp;app_id=122963\" width=\"800\" height=\"450\" frameborder=\"0\" allow=\"autoplay; fullscreen; picture-in-picture; clipboard-write; encrypted-media\"><\/iframe><\/div>\n<\/div><\/figure>\n\n\n\n<div style=\"height:3em\" aria-hidden=\"true\" class=\"wp-block-spacer\"><\/div>\n\n\n\n<h2 class=\"wp-block-heading\">Photos du film<\/h2>\n\n\n\t\t\t\t\t<div\n\t\t\t\t\t\tclass=\"wp-block-uagb-image-gallery uagb-block-7125a892     \"\n\t\t\t\t\t\tstyle=\"\"\n\t\t\t\t\t>\n\t\t\t\t\t\t\t\t\t\t\t<div class=\"spectra-image-gallery spectra-image-gallery__layout--grid spectra-image-gallery__layout--grid-col-3 spectra-image-gallery__layout--grid-col-tab-3 spectra-image-gallery__layout--grid-col-mob-2\">\n\t\t\t\t\t\t\t\t\t\t\t<div class='spectra-image-gallery__media-wrapper' data-spectra-gallery-image-id='5967' tabindex=\"0\">\n\t\t\t\t\t\t\t<div class=\"spectra-image-gallery__media spectra-image-gallery__media--grid\">\n\t\t\t\t<picture>\n\t\t\t\t\t<source media=\"(min-width: 1024px)\" srcset=\"https:\/\/www.rochefortpacifique.org\/edition2025\/wp-content\/uploads\/sites\/3\/2025\/03\/i-am-river_photos_film_festival-2025-1-1024x551.jpg\">\n\t\t\t\t\t<source media=\"(min-width: 768px)\" srcset=\"https:\/\/www.rochefortpacifique.org\/edition2025\/wp-content\/uploads\/sites\/3\/2025\/03\/i-am-river_photos_film_festival-2025-1-1024x551.jpg\">\n\t\t\t\t\t<img decoding=\"async\" class=\"spectra-image-gallery__media-thumbnail spectra-image-gallery__media-thumbnail--grid\" src=\"https:\/\/www.rochefortpacifique.org\/edition2025\/wp-content\/uploads\/sites\/3\/2025\/03\/i-am-river_photos_film_festival-2025-1-300x161.jpg\" alt=\"\" loading=\"lazy\" \/>\n\t\t\t\t<\/picture>\n\t\t\t\t<div class=\"spectra-image-gallery__media-thumbnail-blurrer\"><\/div>\n\t\t\t\t\t\t\t\t\t\t\t<div class=\"spectra-image-gallery__media-thumbnail-caption-wrapper spectra-image-gallery__media-thumbnail-caption-wrapper--overlay\"><\/div>\n\t\t\t\t\t\t\t\t<\/div>\n\t\t\t\t\t\t<\/div>\n\t\t\t\t\t\t<div class='spectra-image-gallery__media-wrapper' data-spectra-gallery-image-id='5968' tabindex=\"0\">\n\t\t\t\t\t\t\t<div class=\"spectra-image-gallery__media spectra-image-gallery__media--grid\">\n\t\t\t\t<picture>\n\t\t\t\t\t<source media=\"(min-width: 1024px)\" srcset=\"https:\/\/www.rochefortpacifique.org\/edition2025\/wp-content\/uploads\/sites\/3\/2025\/03\/i-am-river_photos_film_festival-2025-2-1024x542.jpg\">\n\t\t\t\t\t<source media=\"(min-width: 768px)\" srcset=\"https:\/\/www.rochefortpacifique.org\/edition2025\/wp-content\/uploads\/sites\/3\/2025\/03\/i-am-river_photos_film_festival-2025-2-1024x542.jpg\">\n\t\t\t\t\t<img decoding=\"async\" class=\"spectra-image-gallery__media-thumbnail spectra-image-gallery__media-thumbnail--grid\" src=\"https:\/\/www.rochefortpacifique.org\/edition2025\/wp-content\/uploads\/sites\/3\/2025\/03\/i-am-river_photos_film_festival-2025-2-300x159.jpg\" alt=\"\" loading=\"lazy\" \/>\n\t\t\t\t<\/picture>\n\t\t\t\t<div class=\"spectra-image-gallery__media-thumbnail-blurrer\"><\/div>\n\t\t\t\t\t\t\t\t\t\t\t<div class=\"spectra-image-gallery__media-thumbnail-caption-wrapper spectra-image-gallery__media-thumbnail-caption-wrapper--overlay\"><\/div>\n\t\t\t\t\t\t\t\t<\/div>\n\t\t\t\t\t\t<\/div>\n\t\t\t\t\t\t<div class='spectra-image-gallery__media-wrapper' data-spectra-gallery-image-id='5969' tabindex=\"0\">\n\t\t\t\t\t\t\t<div class=\"spectra-image-gallery__media spectra-image-gallery__media--grid\">\n\t\t\t\t<picture>\n\t\t\t\t\t<source media=\"(min-width: 1024px)\" srcset=\"https:\/\/www.rochefortpacifique.org\/edition2025\/wp-content\/uploads\/sites\/3\/2025\/03\/i-am-river_photos_film_festival-2025-3-1024x553.jpg\">\n\t\t\t\t\t<source media=\"(min-width: 768px)\" srcset=\"https:\/\/www.rochefortpacifique.org\/edition2025\/wp-content\/uploads\/sites\/3\/2025\/03\/i-am-river_photos_film_festival-2025-3-1024x553.jpg\">\n\t\t\t\t\t<img decoding=\"async\" class=\"spectra-image-gallery__media-thumbnail spectra-image-gallery__media-thumbnail--grid\" src=\"https:\/\/www.rochefortpacifique.org\/edition2025\/wp-content\/uploads\/sites\/3\/2025\/03\/i-am-river_photos_film_festival-2025-3-300x162.jpg\" alt=\"\" loading=\"lazy\" \/>\n\t\t\t\t<\/picture>\n\t\t\t\t<div class=\"spectra-image-gallery__media-thumbnail-blurrer\"><\/div>\n\t\t\t\t\t\t\t\t\t\t\t<div class=\"spectra-image-gallery__media-thumbnail-caption-wrapper spectra-image-gallery__media-thumbnail-caption-wrapper--overlay\"><\/div>\n\t\t\t\t\t\t\t\t<\/div>\n\t\t\t\t\t\t<\/div>\n\t\t\t\t\t\t<div class='spectra-image-gallery__media-wrapper' data-spectra-gallery-image-id='5971' tabindex=\"0\">\n\t\t\t\t\t\t\t<div class=\"spectra-image-gallery__media spectra-image-gallery__media--grid\">\n\t\t\t\t<picture>\n\t\t\t\t\t<source media=\"(min-width: 1024px)\" srcset=\"https:\/\/www.rochefortpacifique.org\/edition2025\/wp-content\/uploads\/sites\/3\/2025\/03\/i-am-river_photos_film_festival-2025-5-1024x550.jpg\">\n\t\t\t\t\t<source media=\"(min-width: 768px)\" srcset=\"https:\/\/www.rochefortpacifique.org\/edition2025\/wp-content\/uploads\/sites\/3\/2025\/03\/i-am-river_photos_film_festival-2025-5-1024x550.jpg\">\n\t\t\t\t\t<img decoding=\"async\" class=\"spectra-image-gallery__media-thumbnail spectra-image-gallery__media-thumbnail--grid\" src=\"https:\/\/www.rochefortpacifique.org\/edition2025\/wp-content\/uploads\/sites\/3\/2025\/03\/i-am-river_photos_film_festival-2025-5-300x161.jpg\" alt=\"\" loading=\"lazy\" \/>\n\t\t\t\t<\/picture>\n\t\t\t\t<div class=\"spectra-image-gallery__media-thumbnail-blurrer\"><\/div>\n\t\t\t\t\t\t\t\t\t\t\t<div class=\"spectra-image-gallery__media-thumbnail-caption-wrapper spectra-image-gallery__media-thumbnail-caption-wrapper--overlay\"><\/div>\n\t\t\t\t\t\t\t\t<\/div>\n\t\t\t\t\t\t<\/div>\n\t\t\t\t\t\t<div class='spectra-image-gallery__media-wrapper' data-spectra-gallery-image-id='5972' tabindex=\"0\">\n\t\t\t\t\t\t\t<div class=\"spectra-image-gallery__media spectra-image-gallery__media--grid\">\n\t\t\t\t<picture>\n\t\t\t\t\t<source media=\"(min-width: 1024px)\" srcset=\"https:\/\/www.rochefortpacifique.org\/edition2025\/wp-content\/uploads\/sites\/3\/2025\/03\/i-am-river_photos_film_festival-2025-6-1024x551.jpg\">\n\t\t\t\t\t<source media=\"(min-width: 768px)\" srcset=\"https:\/\/www.rochefortpacifique.org\/edition2025\/wp-content\/uploads\/sites\/3\/2025\/03\/i-am-river_photos_film_festival-2025-6-1024x551.jpg\">\n\t\t\t\t\t<img decoding=\"async\" class=\"spectra-image-gallery__media-thumbnail spectra-image-gallery__media-thumbnail--grid\" src=\"https:\/\/www.rochefortpacifique.org\/edition2025\/wp-content\/uploads\/sites\/3\/2025\/03\/i-am-river_photos_film_festival-2025-6-300x161.jpg\" alt=\"\" loading=\"lazy\" \/>\n\t\t\t\t<\/picture>\n\t\t\t\t<div class=\"spectra-image-gallery__media-thumbnail-blurrer\"><\/div>\n\t\t\t\t\t\t\t\t\t\t\t<div class=\"spectra-image-gallery__media-thumbnail-caption-wrapper spectra-image-gallery__media-thumbnail-caption-wrapper--overlay\"><\/div>\n\t\t\t\t\t\t\t\t<\/div>\n\t\t\t\t\t\t<\/div>\n\t\t\t\t\t\t<div class='spectra-image-gallery__media-wrapper' data-spectra-gallery-image-id='5974' tabindex=\"0\">\n\t\t\t\t\t\t\t<div class=\"spectra-image-gallery__media spectra-image-gallery__media--grid\">\n\t\t\t\t<picture>\n\t\t\t\t\t<source media=\"(min-width: 1024px)\" srcset=\"https:\/\/www.rochefortpacifique.org\/edition2025\/wp-content\/uploads\/sites\/3\/2025\/03\/i-am-river_photos_film_festival-2025-8-1024x551.jpg\">\n\t\t\t\t\t<source media=\"(min-width: 768px)\" srcset=\"https:\/\/www.rochefortpacifique.org\/edition2025\/wp-content\/uploads\/sites\/3\/2025\/03\/i-am-river_photos_film_festival-2025-8-1024x551.jpg\">\n\t\t\t\t\t<img decoding=\"async\" class=\"spectra-image-gallery__media-thumbnail spectra-image-gallery__media-thumbnail--grid\" src=\"https:\/\/www.rochefortpacifique.org\/edition2025\/wp-content\/uploads\/sites\/3\/2025\/03\/i-am-river_photos_film_festival-2025-8-300x161.jpg\" alt=\"\" loading=\"lazy\" \/>\n\t\t\t\t<\/picture>\n\t\t\t\t<div class=\"spectra-image-gallery__media-thumbnail-blurrer\"><\/div>\n\t\t\t\t\t\t\t\t\t\t\t<div class=\"spectra-image-gallery__media-thumbnail-caption-wrapper spectra-image-gallery__media-thumbnail-caption-wrapper--overlay\"><\/div>\n\t\t\t\t\t\t\t\t<\/div>\n\t\t\t\t\t\t<\/div>\n\t\t\t\t\t\t\t\t\t\t<\/div>\n\t\t\t\t\t\t\t\t\t\t\t\t\t\t\t\t\t\t<\/div>\n\t\t\t\t\t\t\t\t\t\t\t<div class='spectra-image-gallery__control-lightbox' tabindex='0'>\n\t\t\t\t\t\t\t\t\t\t\t<div class=\"swiper spectra-image-gallery__control-lightbox--main\" dir=\"\">\n\t\t\t\t\t<div class=\"swiper-wrapper\">\n\t\t\t\t\t\t\t\t\t\t\t\t\t\n\t\t\t\t\t\t\t<div class=\"swiper-slide\">\n\t\t\t\t\t\t\t\t<img class=\"swiper-lazy\" data-src=\"https:\/\/www.rochefortpacifique.org\/edition2025\/wp-content\/uploads\/sites\/3\/2025\/03\/i-am-river_photos_film_festival-2025-1.jpg\" alt=\"\"\/>\n\t\t\t\t\t\t\t\t<div class=\"swiper-lazy-preloader swiper-lazy-preloader-white\"><\/div>\n\t\t\t\t\t\t\t\t\t\t\t\t\t\t\t<\/div>\n\t\t\t\t\t\t\t\t\t\t\t\t\t\n\t\t\t\t\t\t\t<div class=\"swiper-slide\">\n\t\t\t\t\t\t\t\t<img class=\"swiper-lazy\" data-src=\"https:\/\/www.rochefortpacifique.org\/edition2025\/wp-content\/uploads\/sites\/3\/2025\/03\/i-am-river_photos_film_festival-2025-2.jpg\" alt=\"\"\/>\n\t\t\t\t\t\t\t\t<div class=\"swiper-lazy-preloader swiper-lazy-preloader-white\"><\/div>\n\t\t\t\t\t\t\t\t\t\t\t\t\t\t\t<\/div>\n\t\t\t\t\t\t\t\t\t\t\t\t\t\n\t\t\t\t\t\t\t<div class=\"swiper-slide\">\n\t\t\t\t\t\t\t\t<img class=\"swiper-lazy\" data-src=\"https:\/\/www.rochefortpacifique.org\/edition2025\/wp-content\/uploads\/sites\/3\/2025\/03\/i-am-river_photos_film_festival-2025-3.jpg\" alt=\"\"\/>\n\t\t\t\t\t\t\t\t<div class=\"swiper-lazy-preloader swiper-lazy-preloader-white\"><\/div>\n\t\t\t\t\t\t\t\t\t\t\t\t\t\t\t<\/div>\n\t\t\t\t\t\t\t\t\t\t\t\t\t\n\t\t\t\t\t\t\t<div class=\"swiper-slide\">\n\t\t\t\t\t\t\t\t<img class=\"swiper-lazy\" data-src=\"https:\/\/www.rochefortpacifique.org\/edition2025\/wp-content\/uploads\/sites\/3\/2025\/03\/i-am-river_photos_film_festival-2025-5.jpg\" alt=\"\"\/>\n\t\t\t\t\t\t\t\t<div class=\"swiper-lazy-preloader swiper-lazy-preloader-white\"><\/div>\n\t\t\t\t\t\t\t\t\t\t\t\t\t\t\t<\/div>\n\t\t\t\t\t\t\t\t\t\t\t\t\t\n\t\t\t\t\t\t\t<div class=\"swiper-slide\">\n\t\t\t\t\t\t\t\t<img class=\"swiper-lazy\" data-src=\"https:\/\/www.rochefortpacifique.org\/edition2025\/wp-content\/uploads\/sites\/3\/2025\/03\/i-am-river_photos_film_festival-2025-6.jpg\" alt=\"\"\/>\n\t\t\t\t\t\t\t\t<div class=\"swiper-lazy-preloader swiper-lazy-preloader-white\"><\/div>\n\t\t\t\t\t\t\t\t\t\t\t\t\t\t\t<\/div>\n\t\t\t\t\t\t\t\t\t\t\t\t\t\n\t\t\t\t\t\t\t<div class=\"swiper-slide\">\n\t\t\t\t\t\t\t\t<img class=\"swiper-lazy\" data-src=\"https:\/\/www.rochefortpacifique.org\/edition2025\/wp-content\/uploads\/sites\/3\/2025\/03\/i-am-river_photos_film_festival-2025-8.jpg\" alt=\"\"\/>\n\t\t\t\t\t\t\t\t<div class=\"swiper-lazy-preloader swiper-lazy-preloader-white\"><\/div>\n\t\t\t\t\t\t\t\t\t\t\t\t\t\t\t<\/div>\n\t\t\t\t\t\t\t\t\t\t\t<\/div>\n\t\t\t\t\t<div class=\"swiper-button-next\"><\/div>\n\t\t\t\t\t<div class=\"swiper-button-prev\"><\/div>\n\t\t\t\t<\/div>\t\t\t\n\t\t\t\t\t\t\t\t\t\t\t\t\t\t\t\t\t\t\t\t\t\t\t\t\t\t\t\t\t\t\t\t<button class='spectra-image-gallery__control-lightbox--close' aria-label=\"Close\">\n\t\t\t\t\t\t\t\t\t\t\t\t\t<svg xmlns=\"https:\/\/www.w3.org\/2000\/svg\" viewBox= \"0 0 320 512\"><path d=\"M310.6 361.4c12.5 12.5 12.5 32.75 0 45.25C304.4 412.9 296.2 416 288 416s-16.38-3.125-22.62-9.375L160 301.3L54.63 406.6C48.38 412.9 40.19 416 32 416S15.63 412.9 9.375 406.6c-12.5-12.5-12.5-32.75 0-45.25l105.4-105.4L9.375 150.6c-12.5-12.5-12.5-32.75 0-45.25s32.75-12.5 45.25 0L160 210.8l105.4-105.4c12.5-12.5 32.75-12.5 45.25 0s12.5 32.75 0 45.25l-105.4 105.4L310.6 361.4z\"><\/path><\/svg>\n\t\t\t\t\t\t\t\t\t\t\t\t<\/button>\n\t\t\t\t\t\t\t\t\t\t\t\t\t<\/div>\n\t\t\t\t\t\t\t\t\t<\/div><\/div>\n","protected":false},"excerpt":{"rendered":"<p>R\u00e9sum\u00e9 Nouvelle-Z\u00e9lande, une descente en cano\u00eb sur la rivi\u00e8re Whanganui, la premi\u00e8re rivi\u00e8re au monde reconnue comme personne morale. Au cours de ce p\u00e9riple dirig\u00e9 par un m\u0101ori, les participants de plusieurs pays vont se rapprocher de la nature, livrer une part d&rsquo;eux-m\u00eames et lancer un appel \u00e0 la mobilisation pour la reconnaissance des droits [&hellip;]<\/p>\n","protected":false},"featured_media":5749,"parent":0,"template":"","edition":[76,88],"personnalite":[],"evenement":[71],"class_list":["post-5873","festival","type-festival","status-publish","has-post-thumbnail","hentry","edition-76","edition-samedi-12-avril","evenement-cine-debat"],"acf":[],"uagb_featured_image_src":{"full":["https:\/\/www.rochefortpacifique.org\/edition2025\/wp-content\/uploads\/sites\/3\/2025\/03\/Poster-I-am-the-river-A4-scaled-2.jpg",1358,1920,false],"thumbnail":["https:\/\/www.rochefortpacifique.org\/edition2025\/wp-content\/uploads\/sites\/3\/2025\/03\/Poster-I-am-the-river-A4-scaled-2-150x150.jpg",150,150,true],"medium":["https:\/\/www.rochefortpacifique.org\/edition2025\/wp-content\/uploads\/sites\/3\/2025\/03\/Poster-I-am-the-river-A4-scaled-2-212x300.jpg",212,300,true],"medium_large":["https:\/\/www.rochefortpacifique.org\/edition2025\/wp-content\/uploads\/sites\/3\/2025\/03\/Poster-I-am-the-river-A4-scaled-2-768x1086.jpg",768,1086,true],"large":["https:\/\/www.rochefortpacifique.org\/edition2025\/wp-content\/uploads\/sites\/3\/2025\/03\/Poster-I-am-the-river-A4-scaled-2-724x1024.jpg",724,1024,true],"1536x1536":["https:\/\/www.rochefortpacifique.org\/edition2025\/wp-content\/uploads\/sites\/3\/2025\/03\/Poster-I-am-the-river-A4-scaled-2-1086x1536.jpg",1086,1536,true],"2048x2048":["https:\/\/www.rochefortpacifique.org\/edition2025\/wp-content\/uploads\/sites\/3\/2025\/03\/Poster-I-am-the-river-A4-scaled-2.jpg",1358,1920,false]},"uagb_author_info":{"display_name":"Julien Taureau","author_link":"https:\/\/www.rochefortpacifique.org\/edition2025\/author\/"},"uagb_comment_info":0,"uagb_excerpt":"R\u00e9sum\u00e9 Nouvelle-Z\u00e9lande, une descente en cano\u00eb sur la rivi\u00e8re Whanganui, la premi\u00e8re rivi\u00e8re au monde reconnue comme personne morale. Au cours de ce p\u00e9riple dirig\u00e9 par un m\u0101ori, les participants de plusieurs pays vont se rapprocher de la nature, livrer une part d&rsquo;eux-m\u00eames et lancer un appel \u00e0 la mobilisation pour la reconnaissance des droits\u2026","_links":{"self":[{"href":"https:\/\/www.rochefortpacifique.org\/edition2025\/wp-json\/wp\/v2\/festival\/5873","targetHints":{"allow":["GET"]}}],"collection":[{"href":"https:\/\/www.rochefortpacifique.org\/edition2025\/wp-json\/wp\/v2\/festival"}],"about":[{"href":"https:\/\/www.rochefortpacifique.org\/edition2025\/wp-json\/wp\/v2\/types\/festival"}],"version-history":[{"count":2,"href":"https:\/\/www.rochefortpacifique.org\/edition2025\/wp-json\/wp\/v2\/festival\/5873\/revisions"}],"predecessor-version":[{"id":6677,"href":"https:\/\/www.rochefortpacifique.org\/edition2025\/wp-json\/wp\/v2\/festival\/5873\/revisions\/6677"}],"wp:featuredmedia":[{"embeddable":true,"href":"https:\/\/www.rochefortpacifique.org\/edition2025\/wp-json\/wp\/v2\/media\/5749"}],"wp:attachment":[{"href":"https:\/\/www.rochefortpacifique.org\/edition2025\/wp-json\/wp\/v2\/media?parent=5873"}],"wp:term":[{"taxonomy":"edition","embeddable":true,"href":"https:\/\/www.rochefortpacifique.org\/edition2025\/wp-json\/wp\/v2\/edition?post=5873"},{"taxonomy":"personnalite","embeddable":true,"href":"https:\/\/www.rochefortpacifique.org\/edition2025\/wp-json\/wp\/v2\/personnalite?post=5873"},{"taxonomy":"evenement","embeddable":true,"href":"https:\/\/www.rochefortpacifique.org\/edition2025\/wp-json\/wp\/v2\/evenement?post=5873"}],"curies":[{"name":"wp","href":"https:\/\/api.w.org\/{rel}","templated":true}]}}