{"id":5839,"date":"2025-03-08T14:03:09","date_gmt":"2025-03-08T13:03:09","guid":{"rendered":"https:\/\/www.rochefortpacifique.org\/edition2025\/?post_type=festival&#038;p=5839"},"modified":"2025-04-07T16:19:25","modified_gmt":"2025-04-07T14:19:25","slug":"the-convert","status":"publish","type":"festival","link":"https:\/\/www.rochefortpacifique.org\/edition2025\/festival\/the-convert\/","title":{"rendered":"The Convert"},"content":{"rendered":"\n<div class=\"wp-block-group\"><div class=\"wp-block-group__inner-container is-layout-constrained wp-block-group-is-layout-constrained\">\n<h2 class=\"wp-block-heading\">R\u00e9sum\u00e9<\/h2>\n\n\n\n<p>Dans les ann\u00e9es 1830, la Nouvelle-Z\u00e9lande est un monde maori, domin\u00e9 par les guerres tribales. En qu\u00eate de r\u00e9demption apr\u00e8s un pass\u00e9 sombre, le pr\u00e9dicateur anglais Thomas Munro arrive \u00e0 la colonie britannique nouvellement \u00e9tablie d&rsquo;Epwort, se retrouve pris dans une bataille entre tribus maories et assiste au massacre d&rsquo;innocents par le chef Akatarawa. Il parvient \u00e0 sauver la vie de Rangimai, la fille de Maianui, un chef rival dont les terres sont lou\u00e9es par les habitants d&rsquo;Epworth, suite \u00e0 un pr\u00e9caire arrangement\u2026<\/p>\n\n\n\n<div style=\"height:3em\" aria-hidden=\"true\" class=\"wp-block-spacer\"><\/div>\n\n\n\n<h2 class=\"wp-block-heading\">Bande-annonce \/ extra\u00eet<\/h2>\n\n\n\n<figure class=\"wp-block-embed is-type-video is-provider-youtube wp-block-embed-youtube wp-embed-aspect-16-9 wp-has-aspect-ratio\"><div class=\"wp-block-embed__wrapper\">\n<div class=\"ratio ratio-16x9\"><iframe loading=\"lazy\" title=\"The Convert - Official Trailer | Starring Guy Pearce | July 12\" width=\"800\" height=\"450\" src=\"https:\/\/www.youtube.com\/embed\/6NQkoW7hwi8?feature=oembed\" frameborder=\"0\" allow=\"accelerometer; autoplay; clipboard-write; encrypted-media; gyroscope; picture-in-picture; web-share\" referrerpolicy=\"strict-origin-when-cross-origin\" allowfullscreen><\/iframe><\/div>\n<\/div><\/figure>\n\n\n\n<div style=\"height:3em\" aria-hidden=\"true\" class=\"wp-block-spacer\"><\/div>\n\n\n\n<h2 class=\"wp-block-heading\">Photos du film<\/h2>\n\n\n\t\t\t\t\t<div\n\t\t\t\t\t\tclass=\"wp-block-uagb-image-gallery uagb-block-7125a892     \"\n\t\t\t\t\t\tstyle=\"\"\n\t\t\t\t\t>\n\t\t\t\t\t\t\t\t\t\t\t<div class=\"spectra-image-gallery spectra-image-gallery__layout--grid spectra-image-gallery__layout--grid-col-3 spectra-image-gallery__layout--grid-col-tab-3 spectra-image-gallery__layout--grid-col-mob-2\">\n\t\t\t\t\t\t\t\t\t\t\t<div class='spectra-image-gallery__media-wrapper' data-spectra-gallery-image-id='5978' tabindex=\"0\">\n\t\t\t\t\t\t\t<div class=\"spectra-image-gallery__media spectra-image-gallery__media--grid\">\n\t\t\t\t<picture>\n\t\t\t\t\t<source media=\"(min-width: 1024px)\" srcset=\"https:\/\/www.rochefortpacifique.org\/edition2025\/wp-content\/uploads\/sites\/3\/2025\/03\/the-convert_photos_film_festival-2025-5-1024x683.jpg\">\n\t\t\t\t\t<source media=\"(min-width: 768px)\" srcset=\"https:\/\/www.rochefortpacifique.org\/edition2025\/wp-content\/uploads\/sites\/3\/2025\/03\/the-convert_photos_film_festival-2025-5-1024x683.jpg\">\n\t\t\t\t\t<img decoding=\"async\" class=\"spectra-image-gallery__media-thumbnail spectra-image-gallery__media-thumbnail--grid\" src=\"https:\/\/www.rochefortpacifique.org\/edition2025\/wp-content\/uploads\/sites\/3\/2025\/03\/the-convert_photos_film_festival-2025-5-300x200.jpg\" alt=\"\" loading=\"lazy\" \/>\n\t\t\t\t<\/picture>\n\t\t\t\t<div class=\"spectra-image-gallery__media-thumbnail-blurrer\"><\/div>\n\t\t\t\t\t\t\t\t\t\t\t<div class=\"spectra-image-gallery__media-thumbnail-caption-wrapper spectra-image-gallery__media-thumbnail-caption-wrapper--overlay\"><\/div>\n\t\t\t\t\t\t\t\t<\/div>\n\t\t\t\t\t\t<\/div>\n\t\t\t\t\t\t<div class='spectra-image-gallery__media-wrapper' data-spectra-gallery-image-id='5979' tabindex=\"0\">\n\t\t\t\t\t\t\t<div class=\"spectra-image-gallery__media spectra-image-gallery__media--grid\">\n\t\t\t\t<picture>\n\t\t\t\t\t<source media=\"(min-width: 1024px)\" srcset=\"https:\/\/www.rochefortpacifique.org\/edition2025\/wp-content\/uploads\/sites\/3\/2025\/03\/the-convert_photos_film_festival-2025-1-1024x577.jpg\">\n\t\t\t\t\t<source media=\"(min-width: 768px)\" srcset=\"https:\/\/www.rochefortpacifique.org\/edition2025\/wp-content\/uploads\/sites\/3\/2025\/03\/the-convert_photos_film_festival-2025-1-1024x577.jpg\">\n\t\t\t\t\t<img decoding=\"async\" class=\"spectra-image-gallery__media-thumbnail spectra-image-gallery__media-thumbnail--grid\" src=\"https:\/\/www.rochefortpacifique.org\/edition2025\/wp-content\/uploads\/sites\/3\/2025\/03\/the-convert_photos_film_festival-2025-1-300x169.jpg\" alt=\"\" loading=\"lazy\" \/>\n\t\t\t\t<\/picture>\n\t\t\t\t<div class=\"spectra-image-gallery__media-thumbnail-blurrer\"><\/div>\n\t\t\t\t\t\t\t\t\t\t\t<div class=\"spectra-image-gallery__media-thumbnail-caption-wrapper spectra-image-gallery__media-thumbnail-caption-wrapper--overlay\"><\/div>\n\t\t\t\t\t\t\t\t<\/div>\n\t\t\t\t\t\t<\/div>\n\t\t\t\t\t\t<div class='spectra-image-gallery__media-wrapper' data-spectra-gallery-image-id='5980' tabindex=\"0\">\n\t\t\t\t\t\t\t<div class=\"spectra-image-gallery__media spectra-image-gallery__media--grid\">\n\t\t\t\t<picture>\n\t\t\t\t\t<source media=\"(min-width: 1024px)\" srcset=\"https:\/\/www.rochefortpacifique.org\/edition2025\/wp-content\/uploads\/sites\/3\/2025\/03\/the-convert_photos_film_festival-2025-2-1024x683.jpg\">\n\t\t\t\t\t<source media=\"(min-width: 768px)\" srcset=\"https:\/\/www.rochefortpacifique.org\/edition2025\/wp-content\/uploads\/sites\/3\/2025\/03\/the-convert_photos_film_festival-2025-2-1024x683.jpg\">\n\t\t\t\t\t<img decoding=\"async\" class=\"spectra-image-gallery__media-thumbnail spectra-image-gallery__media-thumbnail--grid\" src=\"https:\/\/www.rochefortpacifique.org\/edition2025\/wp-content\/uploads\/sites\/3\/2025\/03\/the-convert_photos_film_festival-2025-2-300x200.jpg\" alt=\"\" loading=\"lazy\" \/>\n\t\t\t\t<\/picture>\n\t\t\t\t<div class=\"spectra-image-gallery__media-thumbnail-blurrer\"><\/div>\n\t\t\t\t\t\t\t\t\t\t\t<div class=\"spectra-image-gallery__media-thumbnail-caption-wrapper spectra-image-gallery__media-thumbnail-caption-wrapper--overlay\"><\/div>\n\t\t\t\t\t\t\t\t<\/div>\n\t\t\t\t\t\t<\/div>\n\t\t\t\t\t\t<div class='spectra-image-gallery__media-wrapper' data-spectra-gallery-image-id='5981' tabindex=\"0\">\n\t\t\t\t\t\t\t<div class=\"spectra-image-gallery__media spectra-image-gallery__media--grid\">\n\t\t\t\t<picture>\n\t\t\t\t\t<source media=\"(min-width: 1024px)\" srcset=\"https:\/\/www.rochefortpacifique.org\/edition2025\/wp-content\/uploads\/sites\/3\/2025\/03\/the-convert_photos_film_festival-2025-3-1024x683.jpg\">\n\t\t\t\t\t<source media=\"(min-width: 768px)\" srcset=\"https:\/\/www.rochefortpacifique.org\/edition2025\/wp-content\/uploads\/sites\/3\/2025\/03\/the-convert_photos_film_festival-2025-3-1024x683.jpg\">\n\t\t\t\t\t<img decoding=\"async\" class=\"spectra-image-gallery__media-thumbnail spectra-image-gallery__media-thumbnail--grid\" src=\"https:\/\/www.rochefortpacifique.org\/edition2025\/wp-content\/uploads\/sites\/3\/2025\/03\/the-convert_photos_film_festival-2025-3-300x200.jpg\" alt=\"\" loading=\"lazy\" \/>\n\t\t\t\t<\/picture>\n\t\t\t\t<div class=\"spectra-image-gallery__media-thumbnail-blurrer\"><\/div>\n\t\t\t\t\t\t\t\t\t\t\t<div class=\"spectra-image-gallery__media-thumbnail-caption-wrapper spectra-image-gallery__media-thumbnail-caption-wrapper--overlay\"><\/div>\n\t\t\t\t\t\t\t\t<\/div>\n\t\t\t\t\t\t<\/div>\n\t\t\t\t\t\t<div class='spectra-image-gallery__media-wrapper' data-spectra-gallery-image-id='5982' tabindex=\"0\">\n\t\t\t\t\t\t\t<div class=\"spectra-image-gallery__media spectra-image-gallery__media--grid\">\n\t\t\t\t<picture>\n\t\t\t\t\t<source media=\"(min-width: 1024px)\" srcset=\"https:\/\/www.rochefortpacifique.org\/edition2025\/wp-content\/uploads\/sites\/3\/2025\/03\/the-convert_photos_film_festival-2025-4-1024x683.jpg\">\n\t\t\t\t\t<source media=\"(min-width: 768px)\" srcset=\"https:\/\/www.rochefortpacifique.org\/edition2025\/wp-content\/uploads\/sites\/3\/2025\/03\/the-convert_photos_film_festival-2025-4-1024x683.jpg\">\n\t\t\t\t\t<img decoding=\"async\" class=\"spectra-image-gallery__media-thumbnail spectra-image-gallery__media-thumbnail--grid\" src=\"https:\/\/www.rochefortpacifique.org\/edition2025\/wp-content\/uploads\/sites\/3\/2025\/03\/the-convert_photos_film_festival-2025-4-300x200.jpg\" alt=\"\" loading=\"lazy\" \/>\n\t\t\t\t<\/picture>\n\t\t\t\t<div class=\"spectra-image-gallery__media-thumbnail-blurrer\"><\/div>\n\t\t\t\t\t\t\t\t\t\t\t<div class=\"spectra-image-gallery__media-thumbnail-caption-wrapper spectra-image-gallery__media-thumbnail-caption-wrapper--overlay\"><\/div>\n\t\t\t\t\t\t\t\t<\/div>\n\t\t\t\t\t\t<\/div>\n\t\t\t\t\t\t\t\t\t\t<\/div>\n\t\t\t\t\t\t\t\t\t\t\t\t\t\t\t\t\t\t<\/div>\n\t\t\t\t\t\t\t\t\t\t\t<div class='spectra-image-gallery__control-lightbox' tabindex='0'>\n\t\t\t\t\t\t\t\t\t\t\t<div class=\"swiper spectra-image-gallery__control-lightbox--main\" dir=\"\">\n\t\t\t\t\t<div class=\"swiper-wrapper\">\n\t\t\t\t\t\t\t\t\t\t\t\t\t\n\t\t\t\t\t\t\t<div class=\"swiper-slide\">\n\t\t\t\t\t\t\t\t<img class=\"swiper-lazy\" data-src=\"https:\/\/www.rochefortpacifique.org\/edition2025\/wp-content\/uploads\/sites\/3\/2025\/03\/the-convert_photos_film_festival-2025-5.jpg\" alt=\"\"\/>\n\t\t\t\t\t\t\t\t<div class=\"swiper-lazy-preloader swiper-lazy-preloader-white\"><\/div>\n\t\t\t\t\t\t\t\t\t\t\t\t\t\t\t<\/div>\n\t\t\t\t\t\t\t\t\t\t\t\t\t\n\t\t\t\t\t\t\t<div class=\"swiper-slide\">\n\t\t\t\t\t\t\t\t<img class=\"swiper-lazy\" data-src=\"https:\/\/www.rochefortpacifique.org\/edition2025\/wp-content\/uploads\/sites\/3\/2025\/03\/the-convert_photos_film_festival-2025-1.jpg\" alt=\"\"\/>\n\t\t\t\t\t\t\t\t<div class=\"swiper-lazy-preloader swiper-lazy-preloader-white\"><\/div>\n\t\t\t\t\t\t\t\t\t\t\t\t\t\t\t<\/div>\n\t\t\t\t\t\t\t\t\t\t\t\t\t\n\t\t\t\t\t\t\t<div class=\"swiper-slide\">\n\t\t\t\t\t\t\t\t<img class=\"swiper-lazy\" data-src=\"https:\/\/www.rochefortpacifique.org\/edition2025\/wp-content\/uploads\/sites\/3\/2025\/03\/the-convert_photos_film_festival-2025-2.jpg\" alt=\"\"\/>\n\t\t\t\t\t\t\t\t<div class=\"swiper-lazy-preloader swiper-lazy-preloader-white\"><\/div>\n\t\t\t\t\t\t\t\t\t\t\t\t\t\t\t<\/div>\n\t\t\t\t\t\t\t\t\t\t\t\t\t\n\t\t\t\t\t\t\t<div class=\"swiper-slide\">\n\t\t\t\t\t\t\t\t<img class=\"swiper-lazy\" data-src=\"https:\/\/www.rochefortpacifique.org\/edition2025\/wp-content\/uploads\/sites\/3\/2025\/03\/the-convert_photos_film_festival-2025-3.jpg\" alt=\"\"\/>\n\t\t\t\t\t\t\t\t<div class=\"swiper-lazy-preloader swiper-lazy-preloader-white\"><\/div>\n\t\t\t\t\t\t\t\t\t\t\t\t\t\t\t<\/div>\n\t\t\t\t\t\t\t\t\t\t\t\t\t\n\t\t\t\t\t\t\t<div class=\"swiper-slide\">\n\t\t\t\t\t\t\t\t<img class=\"swiper-lazy\" data-src=\"https:\/\/www.rochefortpacifique.org\/edition2025\/wp-content\/uploads\/sites\/3\/2025\/03\/the-convert_photos_film_festival-2025-4.jpg\" alt=\"\"\/>\n\t\t\t\t\t\t\t\t<div class=\"swiper-lazy-preloader swiper-lazy-preloader-white\"><\/div>\n\t\t\t\t\t\t\t\t\t\t\t\t\t\t\t<\/div>\n\t\t\t\t\t\t\t\t\t\t\t<\/div>\n\t\t\t\t\t<div class=\"swiper-button-next\"><\/div>\n\t\t\t\t\t<div class=\"swiper-button-prev\"><\/div>\n\t\t\t\t<\/div>\t\t\t\n\t\t\t\t\t\t\t\t\t\t\t\t\t\t\t\t\t\t\t\t\t\t\t\t\t\t\t\t\t\t\t\t<button class='spectra-image-gallery__control-lightbox--close' aria-label=\"Close\">\n\t\t\t\t\t\t\t\t\t\t\t\t\t<svg xmlns=\"https:\/\/www.w3.org\/2000\/svg\" viewBox= \"0 0 320 512\"><path d=\"M310.6 361.4c12.5 12.5 12.5 32.75 0 45.25C304.4 412.9 296.2 416 288 416s-16.38-3.125-22.62-9.375L160 301.3L54.63 406.6C48.38 412.9 40.19 416 32 416S15.63 412.9 9.375 406.6c-12.5-12.5-12.5-32.75 0-45.25l105.4-105.4L9.375 150.6c-12.5-12.5-12.5-32.75 0-45.25s32.75-12.5 45.25 0L160 210.8l105.4-105.4c12.5-12.5 32.75-12.5 45.25 0s12.5 32.75 0 45.25l-105.4 105.4L310.6 361.4z\"><\/path><\/svg>\n\t\t\t\t\t\t\t\t\t\t\t\t<\/button>\n\t\t\t\t\t\t\t\t\t\t\t\t\t<\/div>\n\t\t\t\t\t\t\t\t\t<\/div><\/div>\n","protected":false},"excerpt":{"rendered":"<p>R\u00e9sum\u00e9 Dans les ann\u00e9es 1830, la Nouvelle-Z\u00e9lande est un monde maori, domin\u00e9 par les guerres tribales. En qu\u00eate de r\u00e9demption apr\u00e8s un pass\u00e9 sombre, le pr\u00e9dicateur anglais Thomas Munro arrive \u00e0 la colonie britannique nouvellement \u00e9tablie d&rsquo;Epwort, se retrouve pris dans une bataille entre tribus maories et assiste au massacre d&rsquo;innocents par le chef Akatarawa. [&hellip;]<\/p>\n","protected":false},"featured_media":5753,"parent":0,"template":"","edition":[76,87],"personnalite":[],"evenement":[71],"class_list":["post-5839","festival","type-festival","status-publish","has-post-thumbnail","hentry","edition-76","edition-vendredi-11-avril","evenement-cine-debat"],"acf":[],"uagb_featured_image_src":{"full":["https:\/\/www.rochefortpacifique.org\/edition2025\/wp-content\/uploads\/sites\/3\/2025\/03\/6afficheTheConvert.jpg",1308,1920,false],"thumbnail":["https:\/\/www.rochefortpacifique.org\/edition2025\/wp-content\/uploads\/sites\/3\/2025\/03\/6afficheTheConvert-150x150.jpg",150,150,true],"medium":["https:\/\/www.rochefortpacifique.org\/edition2025\/wp-content\/uploads\/sites\/3\/2025\/03\/6afficheTheConvert-204x300.jpg",204,300,true],"medium_large":["https:\/\/www.rochefortpacifique.org\/edition2025\/wp-content\/uploads\/sites\/3\/2025\/03\/6afficheTheConvert-768x1127.jpg",768,1127,true],"large":["https:\/\/www.rochefortpacifique.org\/edition2025\/wp-content\/uploads\/sites\/3\/2025\/03\/6afficheTheConvert-698x1024.jpg",698,1024,true],"1536x1536":["https:\/\/www.rochefortpacifique.org\/edition2025\/wp-content\/uploads\/sites\/3\/2025\/03\/6afficheTheConvert-1046x1536.jpg",1046,1536,true],"2048x2048":["https:\/\/www.rochefortpacifique.org\/edition2025\/wp-content\/uploads\/sites\/3\/2025\/03\/6afficheTheConvert.jpg",1308,1920,false]},"uagb_author_info":{"display_name":"Julien Taureau","author_link":"https:\/\/www.rochefortpacifique.org\/edition2025\/author\/"},"uagb_comment_info":0,"uagb_excerpt":"R\u00e9sum\u00e9 Dans les ann\u00e9es 1830, la Nouvelle-Z\u00e9lande est un monde maori, domin\u00e9 par les guerres tribales. En qu\u00eate de r\u00e9demption apr\u00e8s un pass\u00e9 sombre, le pr\u00e9dicateur anglais Thomas Munro arrive \u00e0 la colonie britannique nouvellement \u00e9tablie d&rsquo;Epwort, se retrouve pris dans une bataille entre tribus maories et assiste au massacre d&rsquo;innocents par le chef Akatarawa.\u2026","_links":{"self":[{"href":"https:\/\/www.rochefortpacifique.org\/edition2025\/wp-json\/wp\/v2\/festival\/5839","targetHints":{"allow":["GET"]}}],"collection":[{"href":"https:\/\/www.rochefortpacifique.org\/edition2025\/wp-json\/wp\/v2\/festival"}],"about":[{"href":"https:\/\/www.rochefortpacifique.org\/edition2025\/wp-json\/wp\/v2\/types\/festival"}],"version-history":[{"count":1,"href":"https:\/\/www.rochefortpacifique.org\/edition2025\/wp-json\/wp\/v2\/festival\/5839\/revisions"}],"predecessor-version":[{"id":5985,"href":"https:\/\/www.rochefortpacifique.org\/edition2025\/wp-json\/wp\/v2\/festival\/5839\/revisions\/5985"}],"wp:featuredmedia":[{"embeddable":true,"href":"https:\/\/www.rochefortpacifique.org\/edition2025\/wp-json\/wp\/v2\/media\/5753"}],"wp:attachment":[{"href":"https:\/\/www.rochefortpacifique.org\/edition2025\/wp-json\/wp\/v2\/media?parent=5839"}],"wp:term":[{"taxonomy":"edition","embeddable":true,"href":"https:\/\/www.rochefortpacifique.org\/edition2025\/wp-json\/wp\/v2\/edition?post=5839"},{"taxonomy":"personnalite","embeddable":true,"href":"https:\/\/www.rochefortpacifique.org\/edition2025\/wp-json\/wp\/v2\/personnalite?post=5839"},{"taxonomy":"evenement","embeddable":true,"href":"https:\/\/www.rochefortpacifique.org\/edition2025\/wp-json\/wp\/v2\/evenement?post=5839"}],"curies":[{"name":"wp","href":"https:\/\/api.w.org\/{rel}","templated":true}]}}