{"id":5830,"date":"2025-03-08T11:32:58","date_gmt":"2025-03-08T10:32:58","guid":{"rendered":"https:\/\/www.rochefortpacifique.org\/edition2025\/?post_type=festival&#038;p=5830"},"modified":"2025-03-31T10:53:43","modified_gmt":"2025-03-31T08:53:43","slug":"adrien-gombeaud","status":"publish","type":"festival","link":"https:\/\/www.rochefortpacifique.org\/edition2025\/festival\/adrien-gombeaud\/","title":{"rendered":"Adrien Gombeaud"},"content":{"rendered":"\n<p><strong>Adrien GOMBEAUD <\/strong>est \u00e9crivain, critique de cin\u00e9ma, voyageur et journaliste. Docteur en langue et civilisation cor\u00e9ennes, il est l\u2019auteur d\u2019une dizaine d\u2019ouvrages, principalement consacr\u00e9s au cin\u00e9ma et \u00e0 l\u2019Asie. Il \u00e9crit r\u00e9guli\u00e8rement pour Les \u00c9chos, Positif, \u2026 et a fait des reportages pour Vanity Fair, Vogue et Figaro Magazine, d\u2019o\u00f9 est tir\u00e9 son<\/p>\n\n\n\n<p><strong>\u00ab\u00a0Micron\u00e9sie\u00a0\u00bb, son livre de 2022, est pr\u00e9sent\u00e9 au Festival Rochefort Pacifique.<\/strong><\/p>\n","protected":false},"excerpt":{"rendered":"<p>Adrien GOMBEAUD est \u00e9crivain, critique de cin\u00e9ma, voyageur et journaliste. Docteur en langue et civilisation cor\u00e9ennes, il est l\u2019auteur d\u2019une dizaine d\u2019ouvrages, principalement consacr\u00e9s au cin\u00e9ma et \u00e0 l\u2019Asie. Il \u00e9crit r\u00e9guli\u00e8rement pour Les \u00c9chos, Positif, \u2026 et a fait des reportages pour Vanity Fair, Vogue et Figaro Magazine, d\u2019o\u00f9 est tir\u00e9 son \u00ab\u00a0Micron\u00e9sie\u00a0\u00bb, son [&hellip;]<\/p>\n","protected":false},"featured_media":6547,"parent":0,"template":"","edition":[76],"personnalite":[81,78,77],"evenement":[],"class_list":["post-5830","festival","type-festival","status-publish","has-post-thumbnail","hentry","edition-76","personnalite-auteur","personnalite-intervenant","personnalite-invite"],"acf":[],"uagb_featured_image_src":{"full":["https:\/\/www.rochefortpacifique.org\/edition2025\/wp-content\/uploads\/sites\/3\/2025\/03\/adrien-gombeaud.jpg",650,650,false],"thumbnail":["https:\/\/www.rochefortpacifique.org\/edition2025\/wp-content\/uploads\/sites\/3\/2025\/03\/adrien-gombeaud-150x150.jpg",150,150,true],"medium":["https:\/\/www.rochefortpacifique.org\/edition2025\/wp-content\/uploads\/sites\/3\/2025\/03\/adrien-gombeaud-300x300.jpg",300,300,true],"medium_large":["https:\/\/www.rochefortpacifique.org\/edition2025\/wp-content\/uploads\/sites\/3\/2025\/03\/adrien-gombeaud.jpg",650,650,false],"large":["https:\/\/www.rochefortpacifique.org\/edition2025\/wp-content\/uploads\/sites\/3\/2025\/03\/adrien-gombeaud.jpg",650,650,false],"1536x1536":["https:\/\/www.rochefortpacifique.org\/edition2025\/wp-content\/uploads\/sites\/3\/2025\/03\/adrien-gombeaud.jpg",650,650,false],"2048x2048":["https:\/\/www.rochefortpacifique.org\/edition2025\/wp-content\/uploads\/sites\/3\/2025\/03\/adrien-gombeaud.jpg",650,650,false]},"uagb_author_info":{"display_name":"Julien Taureau","author_link":"https:\/\/www.rochefortpacifique.org\/edition2025\/author\/"},"uagb_comment_info":0,"uagb_excerpt":"Adrien GOMBEAUD est \u00e9crivain, critique de cin\u00e9ma, voyageur et journaliste. Docteur en langue et civilisation cor\u00e9ennes, il est l\u2019auteur d\u2019une dizaine d\u2019ouvrages, principalement consacr\u00e9s au cin\u00e9ma et \u00e0 l\u2019Asie. Il \u00e9crit r\u00e9guli\u00e8rement pour Les \u00c9chos, Positif, \u2026 et a fait des reportages pour Vanity Fair, Vogue et Figaro Magazine, d\u2019o\u00f9 est tir\u00e9 son \u00ab\u00a0Micron\u00e9sie\u00a0\u00bb, son\u2026","_links":{"self":[{"href":"https:\/\/www.rochefortpacifique.org\/edition2025\/wp-json\/wp\/v2\/festival\/5830","targetHints":{"allow":["GET"]}}],"collection":[{"href":"https:\/\/www.rochefortpacifique.org\/edition2025\/wp-json\/wp\/v2\/festival"}],"about":[{"href":"https:\/\/www.rochefortpacifique.org\/edition2025\/wp-json\/wp\/v2\/types\/festival"}],"version-history":[{"count":2,"href":"https:\/\/www.rochefortpacifique.org\/edition2025\/wp-json\/wp\/v2\/festival\/5830\/revisions"}],"predecessor-version":[{"id":6548,"href":"https:\/\/www.rochefortpacifique.org\/edition2025\/wp-json\/wp\/v2\/festival\/5830\/revisions\/6548"}],"wp:featuredmedia":[{"embeddable":true,"href":"https:\/\/www.rochefortpacifique.org\/edition2025\/wp-json\/wp\/v2\/media\/6547"}],"wp:attachment":[{"href":"https:\/\/www.rochefortpacifique.org\/edition2025\/wp-json\/wp\/v2\/media?parent=5830"}],"wp:term":[{"taxonomy":"edition","embeddable":true,"href":"https:\/\/www.rochefortpacifique.org\/edition2025\/wp-json\/wp\/v2\/edition?post=5830"},{"taxonomy":"personnalite","embeddable":true,"href":"https:\/\/www.rochefortpacifique.org\/edition2025\/wp-json\/wp\/v2\/personnalite?post=5830"},{"taxonomy":"evenement","embeddable":true,"href":"https:\/\/www.rochefortpacifique.org\/edition2025\/wp-json\/wp\/v2\/evenement?post=5830"}],"curies":[{"name":"wp","href":"https:\/\/api.w.org\/{rel}","templated":true}]}}