{"id":5829,"date":"2025-03-08T11:33:04","date_gmt":"2025-03-08T10:33:04","guid":{"rendered":"https:\/\/www.rochefortpacifique.org\/edition2025\/?post_type=festival&#038;p=5829"},"modified":"2025-03-18T14:23:42","modified_gmt":"2025-03-18T13:23:42","slug":"micronesie","status":"publish","type":"festival","link":"https:\/\/www.rochefortpacifique.org\/edition2025\/festival\/micronesie\/","title":{"rendered":"Micron\u00e9sie"},"content":{"rendered":"\n<p>La Micron\u00e9sie est une r\u00e9gion m\u00e9connue de l\u2019Oc\u00e9anie constitu\u00e9e de deux mille \u00eeles r\u00e9parties sur plus de sept millions de kilom\u00e8tres carr\u00e9s. Elle regroupe plusieurs \u00c9tats et r\u00e9gions administratives dont Guam et les quatre \u00c9tats f\u00e9d\u00e9r\u00e9s de Micron\u00e9sie: Yap, Kosrae,Pohnpei et Chuuk. En plongeant \u00e0 Chuuk parmi les \u00e9paves de la Seconde Guerre mondiale, restes de l&rsquo;affrontement entre Japonais et Am\u00e9ricains, l&rsquo;auteur nous immerge dans le difficile travail de reconstruction d&rsquo;une identit\u00e9 \u00abnationale\u00bb, bouscul\u00e9e et violent\u00e9e par les diff\u00e9rents colons qui s\u2019y sont succ\u00e9d\u00e9 depuis Magellan.<\/p>\n\n\n\n<p><\/p>\n","protected":false},"excerpt":{"rendered":"<p>La Micron\u00e9sie est une r\u00e9gion m\u00e9connue de l\u2019Oc\u00e9anie constitu\u00e9e de deux mille \u00eeles r\u00e9parties sur plus de sept millions de kilom\u00e8tres carr\u00e9s. Elle regroupe plusieurs \u00c9tats et r\u00e9gions administratives dont Guam et les quatre \u00c9tats f\u00e9d\u00e9r\u00e9s de Micron\u00e9sie: Yap, Kosrae,Pohnpei et Chuuk. En plongeant \u00e0 Chuuk parmi les \u00e9paves de la Seconde Guerre mondiale, restes [&hellip;]<\/p>\n","protected":false},"featured_media":5748,"parent":0,"template":"","edition":[76,87],"personnalite":[],"evenement":[72],"class_list":["post-5829","festival","type-festival","status-publish","has-post-thumbnail","hentry","edition-76","edition-vendredi-11-avril","evenement-rencontre-litteraire"],"acf":[],"uagb_featured_image_src":{"full":["https:\/\/www.rochefortpacifique.org\/edition2025\/wp-content\/uploads\/sites\/3\/2025\/03\/micronesie-editions-magellan-et-cie.jpg",1248,1920,false],"thumbnail":["https:\/\/www.rochefortpacifique.org\/edition2025\/wp-content\/uploads\/sites\/3\/2025\/03\/micronesie-editions-magellan-et-cie-150x150.jpg",150,150,true],"medium":["https:\/\/www.rochefortpacifique.org\/edition2025\/wp-content\/uploads\/sites\/3\/2025\/03\/micronesie-editions-magellan-et-cie-195x300.jpg",195,300,true],"medium_large":["https:\/\/www.rochefortpacifique.org\/edition2025\/wp-content\/uploads\/sites\/3\/2025\/03\/micronesie-editions-magellan-et-cie-768x1182.jpg",768,1182,true],"large":["https:\/\/www.rochefortpacifique.org\/edition2025\/wp-content\/uploads\/sites\/3\/2025\/03\/micronesie-editions-magellan-et-cie-666x1024.jpg",666,1024,true],"1536x1536":["https:\/\/www.rochefortpacifique.org\/edition2025\/wp-content\/uploads\/sites\/3\/2025\/03\/micronesie-editions-magellan-et-cie-998x1536.jpg",998,1536,true],"2048x2048":["https:\/\/www.rochefortpacifique.org\/edition2025\/wp-content\/uploads\/sites\/3\/2025\/03\/micronesie-editions-magellan-et-cie.jpg",1248,1920,false]},"uagb_author_info":{"display_name":"Julien Taureau","author_link":"https:\/\/www.rochefortpacifique.org\/edition2025\/author\/"},"uagb_comment_info":0,"uagb_excerpt":"La Micron\u00e9sie est une r\u00e9gion m\u00e9connue de l\u2019Oc\u00e9anie constitu\u00e9e de deux mille \u00eeles r\u00e9parties sur plus de sept millions de kilom\u00e8tres carr\u00e9s. Elle regroupe plusieurs \u00c9tats et r\u00e9gions administratives dont Guam et les quatre \u00c9tats f\u00e9d\u00e9r\u00e9s de Micron\u00e9sie: Yap, Kosrae,Pohnpei et Chuuk. En plongeant \u00e0 Chuuk parmi les \u00e9paves de la Seconde Guerre mondiale, restes\u2026","_links":{"self":[{"href":"https:\/\/www.rochefortpacifique.org\/edition2025\/wp-json\/wp\/v2\/festival\/5829","targetHints":{"allow":["GET"]}}],"collection":[{"href":"https:\/\/www.rochefortpacifique.org\/edition2025\/wp-json\/wp\/v2\/festival"}],"about":[{"href":"https:\/\/www.rochefortpacifique.org\/edition2025\/wp-json\/wp\/v2\/types\/festival"}],"version-history":[{"count":1,"href":"https:\/\/www.rochefortpacifique.org\/edition2025\/wp-json\/wp\/v2\/festival\/5829\/revisions"}],"predecessor-version":[{"id":6187,"href":"https:\/\/www.rochefortpacifique.org\/edition2025\/wp-json\/wp\/v2\/festival\/5829\/revisions\/6187"}],"wp:featuredmedia":[{"embeddable":true,"href":"https:\/\/www.rochefortpacifique.org\/edition2025\/wp-json\/wp\/v2\/media\/5748"}],"wp:attachment":[{"href":"https:\/\/www.rochefortpacifique.org\/edition2025\/wp-json\/wp\/v2\/media?parent=5829"}],"wp:term":[{"taxonomy":"edition","embeddable":true,"href":"https:\/\/www.rochefortpacifique.org\/edition2025\/wp-json\/wp\/v2\/edition?post=5829"},{"taxonomy":"personnalite","embeddable":true,"href":"https:\/\/www.rochefortpacifique.org\/edition2025\/wp-json\/wp\/v2\/personnalite?post=5829"},{"taxonomy":"evenement","embeddable":true,"href":"https:\/\/www.rochefortpacifique.org\/edition2025\/wp-json\/wp\/v2\/evenement?post=5829"}],"curies":[{"name":"wp","href":"https:\/\/api.w.org\/{rel}","templated":true}]}}