{"id":5827,"date":"2025-03-08T11:20:43","date_gmt":"2025-03-08T10:20:43","guid":{"rendered":"https:\/\/www.rochefortpacifique.org\/edition2025\/?post_type=festival&#038;p=5827"},"modified":"2025-03-18T14:22:30","modified_gmt":"2025-03-18T13:22:30","slug":"henua","status":"publish","type":"festival","link":"https:\/\/www.rochefortpacifique.org\/edition2025\/festival\/henua\/","title":{"rendered":"Henua"},"content":{"rendered":"\n<p>\u00c0 Henua Enana, la Terre des Hommes, v\u00e9ritable nom des Marquises, est retrouv\u00e9 le corps de Paiotoka O\u2019Connor, une jeune m\u00e8re respect\u00e9e, \u00e9prise de libert\u00e9, aimant passionn\u00e9ment Nuku Hiva, son \u00eele.<\/p>\n\n\n\n<p>Le lieutenant de gendarmerie Tepano Morel \u2013 n\u00e9 d\u2019un p\u00e8re m\u00e9tropolitain et d\u2019une m\u00e8re marquisienne \u2013 est d\u00e9p\u00each\u00e9 depuis Tahiti pour enqu\u00eater, second\u00e9 sur place par Poerava Wong. Si ses investigations lui r\u00e9v\u00e8lent progressivement l\u2019envers du paradis marquisien, elles lui permettent \u00e9galement de renouer avec ses racines&#8230;.<\/p>\n","protected":false},"excerpt":{"rendered":"<p>\u00c0 Henua Enana, la Terre des Hommes, v\u00e9ritable nom des Marquises, est retrouv\u00e9 le corps de Paiotoka O\u2019Connor, une jeune m\u00e8re respect\u00e9e, \u00e9prise de libert\u00e9, aimant passionn\u00e9ment Nuku Hiva, son \u00eele. Le lieutenant de gendarmerie Tepano Morel \u2013 n\u00e9 d\u2019un p\u00e8re m\u00e9tropolitain et d\u2019une m\u00e8re marquisienne \u2013 est d\u00e9p\u00each\u00e9 depuis Tahiti pour enqu\u00eater, second\u00e9 sur [&hellip;]<\/p>\n","protected":false},"featured_media":5746,"parent":0,"template":"","edition":[76,87],"personnalite":[],"evenement":[72],"class_list":["post-5827","festival","type-festival","status-publish","has-post-thumbnail","hentry","edition-76","edition-vendredi-11-avril","evenement-rencontre-litteraire"],"acf":[],"uagb_featured_image_src":{"full":["https:\/\/www.rochefortpacifique.org\/edition2025\/wp-content\/uploads\/sites\/3\/2025\/03\/HENUA.jpg",1312,1920,false],"thumbnail":["https:\/\/www.rochefortpacifique.org\/edition2025\/wp-content\/uploads\/sites\/3\/2025\/03\/HENUA-150x150.jpg",150,150,true],"medium":["https:\/\/www.rochefortpacifique.org\/edition2025\/wp-content\/uploads\/sites\/3\/2025\/03\/HENUA-205x300.jpg",205,300,true],"medium_large":["https:\/\/www.rochefortpacifique.org\/edition2025\/wp-content\/uploads\/sites\/3\/2025\/03\/HENUA-768x1124.jpg",768,1124,true],"large":["https:\/\/www.rochefortpacifique.org\/edition2025\/wp-content\/uploads\/sites\/3\/2025\/03\/HENUA-700x1024.jpg",700,1024,true],"1536x1536":["https:\/\/www.rochefortpacifique.org\/edition2025\/wp-content\/uploads\/sites\/3\/2025\/03\/HENUA-1050x1536.jpg",1050,1536,true],"2048x2048":["https:\/\/www.rochefortpacifique.org\/edition2025\/wp-content\/uploads\/sites\/3\/2025\/03\/HENUA.jpg",1312,1920,false]},"uagb_author_info":{"display_name":"Julien Taureau","author_link":"https:\/\/www.rochefortpacifique.org\/edition2025\/author\/"},"uagb_comment_info":0,"uagb_excerpt":"\u00c0 Henua Enana, la Terre des Hommes, v\u00e9ritable nom des Marquises, est retrouv\u00e9 le corps de Paiotoka O\u2019Connor, une jeune m\u00e8re respect\u00e9e, \u00e9prise de libert\u00e9, aimant passionn\u00e9ment Nuku Hiva, son \u00eele. Le lieutenant de gendarmerie Tepano Morel \u2013 n\u00e9 d\u2019un p\u00e8re m\u00e9tropolitain et d\u2019une m\u00e8re marquisienne \u2013 est d\u00e9p\u00each\u00e9 depuis Tahiti pour enqu\u00eater, second\u00e9 sur\u2026","_links":{"self":[{"href":"https:\/\/www.rochefortpacifique.org\/edition2025\/wp-json\/wp\/v2\/festival\/5827","targetHints":{"allow":["GET"]}}],"collection":[{"href":"https:\/\/www.rochefortpacifique.org\/edition2025\/wp-json\/wp\/v2\/festival"}],"about":[{"href":"https:\/\/www.rochefortpacifique.org\/edition2025\/wp-json\/wp\/v2\/types\/festival"}],"version-history":[{"count":1,"href":"https:\/\/www.rochefortpacifique.org\/edition2025\/wp-json\/wp\/v2\/festival\/5827\/revisions"}],"predecessor-version":[{"id":6185,"href":"https:\/\/www.rochefortpacifique.org\/edition2025\/wp-json\/wp\/v2\/festival\/5827\/revisions\/6185"}],"wp:featuredmedia":[{"embeddable":true,"href":"https:\/\/www.rochefortpacifique.org\/edition2025\/wp-json\/wp\/v2\/media\/5746"}],"wp:attachment":[{"href":"https:\/\/www.rochefortpacifique.org\/edition2025\/wp-json\/wp\/v2\/media?parent=5827"}],"wp:term":[{"taxonomy":"edition","embeddable":true,"href":"https:\/\/www.rochefortpacifique.org\/edition2025\/wp-json\/wp\/v2\/edition?post=5827"},{"taxonomy":"personnalite","embeddable":true,"href":"https:\/\/www.rochefortpacifique.org\/edition2025\/wp-json\/wp\/v2\/personnalite?post=5827"},{"taxonomy":"evenement","embeddable":true,"href":"https:\/\/www.rochefortpacifique.org\/edition2025\/wp-json\/wp\/v2\/evenement?post=5827"}],"curies":[{"name":"wp","href":"https:\/\/api.w.org\/{rel}","templated":true}]}}