{"id":5742,"date":"2025-03-07T22:32:46","date_gmt":"2025-03-07T21:32:46","guid":{"rendered":"https:\/\/www.rochefortpacifique.org\/edition2025\/?post_type=festival&#038;p=5742"},"modified":"2025-03-31T09:46:16","modified_gmt":"2025-03-31T07:46:16","slug":"tania-roxborogh","status":"publish","type":"festival","link":"https:\/\/www.rochefortpacifique.org\/edition2025\/festival\/tania-roxborogh\/","title":{"rendered":"Tania K. Roxborogh"},"content":{"rendered":"\n<p><strong>Tania K. ROXBOROGH<\/strong> est une \u00e9crivaine n\u00e9o-z\u00e9landaise, de descendance maori, irlandaise et \u00e9cossaise et enseignante en anglais. Gr\u00e2ce \u00e0 son enfance nomade, ayant pass\u00e9 les 25 premi\u00e8res ann\u00e9es de sa vie du Nord au Sud de la Nouvelle-Z\u00e9lande, elle a acquis l\u2019exp\u00e9rience de ce que signifiait grandir dans ce pays dans les ann\u00e9es 60 et 70. Elle est l\u2019autrice de plus de trente romans.<\/p>\n\n\n\n<p><strong>\u00ab\u00a0Charlie Tangaroa et la cr\u00e9ature des abysses\u00a0\u00bb, r\u00e9compens\u00e9 par de nombreux prix dont le prestigieux New Zealand Book Awards for Children and Young Adults en 2021 et le premier de ses livres traduit en fran\u00e7ais est pr\u00e9sent\u00e9 par le Festival Rochefort Pacifique.<\/strong><\/p>\n","protected":false},"excerpt":{"rendered":"<p>Tania K. ROXBOROGH est une \u00e9crivaine n\u00e9o-z\u00e9landaise, de descendance maori, irlandaise et \u00e9cossaise et enseignante en anglais. Gr\u00e2ce \u00e0 son enfance nomade, ayant pass\u00e9 les 25 premi\u00e8res ann\u00e9es de sa vie du Nord au Sud de la Nouvelle-Z\u00e9lande, elle a acquis l\u2019exp\u00e9rience de ce que signifiait grandir dans ce pays dans les ann\u00e9es 60 et [&hellip;]<\/p>\n","protected":false},"featured_media":5618,"parent":0,"template":"","edition":[76],"personnalite":[81,77],"evenement":[],"class_list":["post-5742","festival","type-festival","status-publish","has-post-thumbnail","hentry","edition-76","personnalite-auteur","personnalite-invite"],"acf":[],"uagb_featured_image_src":{"full":["https:\/\/www.rochefortpacifique.org\/edition2025\/wp-content\/uploads\/sites\/3\/2025\/03\/Tania_Roxborogh_2022.jpg",1440,1920,false],"thumbnail":["https:\/\/www.rochefortpacifique.org\/edition2025\/wp-content\/uploads\/sites\/3\/2025\/03\/Tania_Roxborogh_2022-150x150.jpg",150,150,true],"medium":["https:\/\/www.rochefortpacifique.org\/edition2025\/wp-content\/uploads\/sites\/3\/2025\/03\/Tania_Roxborogh_2022-225x300.jpg",225,300,true],"medium_large":["https:\/\/www.rochefortpacifique.org\/edition2025\/wp-content\/uploads\/sites\/3\/2025\/03\/Tania_Roxborogh_2022-768x1024.jpg",768,1024,true],"large":["https:\/\/www.rochefortpacifique.org\/edition2025\/wp-content\/uploads\/sites\/3\/2025\/03\/Tania_Roxborogh_2022-768x1024.jpg",768,1024,true],"1536x1536":["https:\/\/www.rochefortpacifique.org\/edition2025\/wp-content\/uploads\/sites\/3\/2025\/03\/Tania_Roxborogh_2022-1152x1536.jpg",1152,1536,true],"2048x2048":["https:\/\/www.rochefortpacifique.org\/edition2025\/wp-content\/uploads\/sites\/3\/2025\/03\/Tania_Roxborogh_2022.jpg",1440,1920,false]},"uagb_author_info":{"display_name":"Julien Taureau","author_link":"https:\/\/www.rochefortpacifique.org\/edition2025\/author\/"},"uagb_comment_info":0,"uagb_excerpt":"Tania K. ROXBOROGH est une \u00e9crivaine n\u00e9o-z\u00e9landaise, de descendance maori, irlandaise et \u00e9cossaise et enseignante en anglais. Gr\u00e2ce \u00e0 son enfance nomade, ayant pass\u00e9 les 25 premi\u00e8res ann\u00e9es de sa vie du Nord au Sud de la Nouvelle-Z\u00e9lande, elle a acquis l\u2019exp\u00e9rience de ce que signifiait grandir dans ce pays dans les ann\u00e9es 60 et\u2026","_links":{"self":[{"href":"https:\/\/www.rochefortpacifique.org\/edition2025\/wp-json\/wp\/v2\/festival\/5742","targetHints":{"allow":["GET"]}}],"collection":[{"href":"https:\/\/www.rochefortpacifique.org\/edition2025\/wp-json\/wp\/v2\/festival"}],"about":[{"href":"https:\/\/www.rochefortpacifique.org\/edition2025\/wp-json\/wp\/v2\/types\/festival"}],"version-history":[{"count":2,"href":"https:\/\/www.rochefortpacifique.org\/edition2025\/wp-json\/wp\/v2\/festival\/5742\/revisions"}],"predecessor-version":[{"id":6506,"href":"https:\/\/www.rochefortpacifique.org\/edition2025\/wp-json\/wp\/v2\/festival\/5742\/revisions\/6506"}],"wp:featuredmedia":[{"embeddable":true,"href":"https:\/\/www.rochefortpacifique.org\/edition2025\/wp-json\/wp\/v2\/media\/5618"}],"wp:attachment":[{"href":"https:\/\/www.rochefortpacifique.org\/edition2025\/wp-json\/wp\/v2\/media?parent=5742"}],"wp:term":[{"taxonomy":"edition","embeddable":true,"href":"https:\/\/www.rochefortpacifique.org\/edition2025\/wp-json\/wp\/v2\/edition?post=5742"},{"taxonomy":"personnalite","embeddable":true,"href":"https:\/\/www.rochefortpacifique.org\/edition2025\/wp-json\/wp\/v2\/personnalite?post=5742"},{"taxonomy":"evenement","embeddable":true,"href":"https:\/\/www.rochefortpacifique.org\/edition2025\/wp-json\/wp\/v2\/evenement?post=5742"}],"curies":[{"name":"wp","href":"https:\/\/api.w.org\/{rel}","templated":true}]}}