{"id":5638,"date":"2025-03-07T18:11:27","date_gmt":"2025-03-07T17:11:27","guid":{"rendered":"https:\/\/www.rochefortpacifique.org\/edition2025\/?post_type=festival&#038;p=5638"},"modified":"2025-03-27T15:03:40","modified_gmt":"2025-03-27T14:03:40","slug":"christophe-sand","status":"publish","type":"festival","link":"https:\/\/www.rochefortpacifique.org\/edition2025\/festival\/christophe-sand\/","title":{"rendered":"Christophe Sand"},"content":{"rendered":"\n<p>Christophe Sand, arch\u00e9ologue cal\u00e9donien, responsable durant trois d\u00e9cennies de l\u2019arch\u00e9ologie de la Nouvelle-Cal\u00e9donie, \u00e9tudie depuis 40 ans le pass\u00e9 des peuples du Pacifique \u00e0 travers des recherches de terrain en M\u00e9lan\u00e9sie, en Polyn\u00e9sie et en Micron\u00e9sie. Il a publi\u00e9 des articles scientifiques et des livres de vulgarisation traitant des diff\u00e9rentes p\u00e9riodes de l\u2019histoire oc\u00e9anienne, du peuplement Lapita jusqu\u2019au bouleversement colonial. La restitution des r\u00e9sultats aux habitants des \u00eeles et la sauvegarde des vestiges du pass\u00e9 constituent pour lui des engagements essentiels.<\/p>\n\n\n\n<blockquote class=\"wp-block-quote is-layout-flow wp-block-quote-is-layout-flow\">\n<p>\u00ab\u00a0H\u00e9catombe oc\u00e9anienne. Histoire de la d\u00e9population du Pacifique et ses cons\u00e9quences (XVIe-XXe si\u00e8cle)\u00a0\u00bb est son dernier livre qu\u2019il pr\u00e9sente au Festival Rochefort Pacifique.<\/p>\n<\/blockquote>\n","protected":false},"excerpt":{"rendered":"<p>Christophe Sand, arch\u00e9ologue cal\u00e9donien, responsable durant trois d\u00e9cennies de l\u2019arch\u00e9ologie de la Nouvelle-Cal\u00e9donie, \u00e9tudie depuis 40 ans le pass\u00e9 des peuples du Pacifique \u00e0 travers des recherches de terrain en M\u00e9lan\u00e9sie, en Polyn\u00e9sie et en Micron\u00e9sie. Il a publi\u00e9 des articles scientifiques et des livres de vulgarisation traitant des diff\u00e9rentes p\u00e9riodes de l\u2019histoire oc\u00e9anienne, du [&hellip;]<\/p>\n","protected":false},"featured_media":6286,"parent":0,"template":"","edition":[76],"personnalite":[78,77],"evenement":[],"class_list":["post-5638","festival","type-festival","status-publish","has-post-thumbnail","hentry","edition-76","personnalite-intervenant","personnalite-invite"],"acf":[],"uagb_featured_image_src":{"full":["https:\/\/www.rochefortpacifique.org\/edition2025\/wp-content\/uploads\/sites\/3\/2025\/03\/christophe_sand.jpg",1920,1920,false],"thumbnail":["https:\/\/www.rochefortpacifique.org\/edition2025\/wp-content\/uploads\/sites\/3\/2025\/03\/christophe_sand-150x150.jpg",150,150,true],"medium":["https:\/\/www.rochefortpacifique.org\/edition2025\/wp-content\/uploads\/sites\/3\/2025\/03\/christophe_sand-300x300.jpg",300,300,true],"medium_large":["https:\/\/www.rochefortpacifique.org\/edition2025\/wp-content\/uploads\/sites\/3\/2025\/03\/christophe_sand-768x768.jpg",768,768,true],"large":["https:\/\/www.rochefortpacifique.org\/edition2025\/wp-content\/uploads\/sites\/3\/2025\/03\/christophe_sand-1024x1024.jpg",800,800,true],"1536x1536":["https:\/\/www.rochefortpacifique.org\/edition2025\/wp-content\/uploads\/sites\/3\/2025\/03\/christophe_sand-1536x1536.jpg",1536,1536,true],"2048x2048":["https:\/\/www.rochefortpacifique.org\/edition2025\/wp-content\/uploads\/sites\/3\/2025\/03\/christophe_sand.jpg",1920,1920,false]},"uagb_author_info":{"display_name":"Julien Taureau","author_link":"https:\/\/www.rochefortpacifique.org\/edition2025\/author\/"},"uagb_comment_info":0,"uagb_excerpt":"Christophe Sand, arch\u00e9ologue cal\u00e9donien, responsable durant trois d\u00e9cennies de l\u2019arch\u00e9ologie de la Nouvelle-Cal\u00e9donie, \u00e9tudie depuis 40 ans le pass\u00e9 des peuples du Pacifique \u00e0 travers des recherches de terrain en M\u00e9lan\u00e9sie, en Polyn\u00e9sie et en Micron\u00e9sie. Il a publi\u00e9 des articles scientifiques et des livres de vulgarisation traitant des diff\u00e9rentes p\u00e9riodes de l\u2019histoire oc\u00e9anienne, du\u2026","_links":{"self":[{"href":"https:\/\/www.rochefortpacifique.org\/edition2025\/wp-json\/wp\/v2\/festival\/5638","targetHints":{"allow":["GET"]}}],"collection":[{"href":"https:\/\/www.rochefortpacifique.org\/edition2025\/wp-json\/wp\/v2\/festival"}],"about":[{"href":"https:\/\/www.rochefortpacifique.org\/edition2025\/wp-json\/wp\/v2\/types\/festival"}],"version-history":[{"count":2,"href":"https:\/\/www.rochefortpacifique.org\/edition2025\/wp-json\/wp\/v2\/festival\/5638\/revisions"}],"predecessor-version":[{"id":6317,"href":"https:\/\/www.rochefortpacifique.org\/edition2025\/wp-json\/wp\/v2\/festival\/5638\/revisions\/6317"}],"wp:featuredmedia":[{"embeddable":true,"href":"https:\/\/www.rochefortpacifique.org\/edition2025\/wp-json\/wp\/v2\/media\/6286"}],"wp:attachment":[{"href":"https:\/\/www.rochefortpacifique.org\/edition2025\/wp-json\/wp\/v2\/media?parent=5638"}],"wp:term":[{"taxonomy":"edition","embeddable":true,"href":"https:\/\/www.rochefortpacifique.org\/edition2025\/wp-json\/wp\/v2\/edition?post=5638"},{"taxonomy":"personnalite","embeddable":true,"href":"https:\/\/www.rochefortpacifique.org\/edition2025\/wp-json\/wp\/v2\/personnalite?post=5638"},{"taxonomy":"evenement","embeddable":true,"href":"https:\/\/www.rochefortpacifique.org\/edition2025\/wp-json\/wp\/v2\/evenement?post=5638"}],"curies":[{"name":"wp","href":"https:\/\/api.w.org\/{rel}","templated":true}]}}