{"id":5609,"date":"2025-03-07T17:21:23","date_gmt":"2025-03-07T16:21:23","guid":{"rendered":"https:\/\/www.rochefortpacifique.org\/edition2025\/?post_type=festival&#038;p=5609"},"modified":"2025-03-27T15:04:13","modified_gmt":"2025-03-27T14:04:13","slug":"anthony-pedulla","status":"publish","type":"festival","link":"https:\/\/www.rochefortpacifique.org\/edition2025\/festival\/anthony-pedulla\/","title":{"rendered":"Anthony Pedulla"},"content":{"rendered":"\n<p>Anthony Pedulla commence la vid\u00e9o par des courts-m\u00e9trages p\u00e9dagogiques avec ses \u00e9l\u00e8ves dans le cadre de ses fonctions d\u2019enseignant en Nouvelle-Cal\u00e9donie, puis r\u00e9alise des films sur les probl\u00e9matiques \u00ab\u00a0jeunesse\u00a0\u00bb, avec des lyc\u00e9ens, comme \u201cLe souvenir du Totem\u201d ou \u201dDe l\u2019autre c\u00f4t\u00e9 du miroir\u201d.<\/p>\n\n\n\n<blockquote class=\"wp-block-quote is-layout-flow wp-block-quote-is-layout-flow\">\n<p>\u00ab\u00a0Bereziina\u00a0\u00bb, son dernier court m\u00e9trage, couronn\u00e9 de trois prix au 26e Festival de La Foa en 2024 est pr\u00e9sent\u00e9 au Festival Rochefort Pacifique.<\/p>\n<\/blockquote>\n","protected":false},"excerpt":{"rendered":"<p>Anthony Pedulla commence la vid\u00e9o par des courts-m\u00e9trages p\u00e9dagogiques avec ses \u00e9l\u00e8ves dans le cadre de ses fonctions d\u2019enseignant en Nouvelle-Cal\u00e9donie, puis r\u00e9alise des films sur les probl\u00e9matiques \u00ab\u00a0jeunesse\u00a0\u00bb, avec des lyc\u00e9ens, comme \u201cLe souvenir du Totem\u201d ou \u201dDe l\u2019autre c\u00f4t\u00e9 du miroir\u201d. \u00ab\u00a0Bereziina\u00a0\u00bb, son dernier court m\u00e9trage, couronn\u00e9 de trois prix au 26e Festival [&hellip;]<\/p>\n","protected":false},"featured_media":5610,"parent":0,"template":"","edition":[76],"personnalite":[78,77,79],"evenement":[],"class_list":["post-5609","festival","type-festival","status-publish","has-post-thumbnail","hentry","edition-76","personnalite-intervenant","personnalite-invite","personnalite-realisateur"],"acf":[],"uagb_featured_image_src":{"full":["https:\/\/www.rochefortpacifique.org\/edition2025\/wp-content\/uploads\/sites\/3\/2025\/03\/Anthony-Pedulla-image.jpg",1920,1546,false],"thumbnail":["https:\/\/www.rochefortpacifique.org\/edition2025\/wp-content\/uploads\/sites\/3\/2025\/03\/Anthony-Pedulla-image-150x150.jpg",150,150,true],"medium":["https:\/\/www.rochefortpacifique.org\/edition2025\/wp-content\/uploads\/sites\/3\/2025\/03\/Anthony-Pedulla-image-300x242.jpg",300,242,true],"medium_large":["https:\/\/www.rochefortpacifique.org\/edition2025\/wp-content\/uploads\/sites\/3\/2025\/03\/Anthony-Pedulla-image-768x618.jpg",768,618,true],"large":["https:\/\/www.rochefortpacifique.org\/edition2025\/wp-content\/uploads\/sites\/3\/2025\/03\/Anthony-Pedulla-image-1024x825.jpg",800,645,true],"1536x1536":["https:\/\/www.rochefortpacifique.org\/edition2025\/wp-content\/uploads\/sites\/3\/2025\/03\/Anthony-Pedulla-image-1536x1237.jpg",1536,1237,true],"2048x2048":["https:\/\/www.rochefortpacifique.org\/edition2025\/wp-content\/uploads\/sites\/3\/2025\/03\/Anthony-Pedulla-image.jpg",1920,1546,false]},"uagb_author_info":{"display_name":"Julien Taureau","author_link":"https:\/\/www.rochefortpacifique.org\/edition2025\/author\/"},"uagb_comment_info":0,"uagb_excerpt":"Anthony Pedulla commence la vid\u00e9o par des courts-m\u00e9trages p\u00e9dagogiques avec ses \u00e9l\u00e8ves dans le cadre de ses fonctions d\u2019enseignant en Nouvelle-Cal\u00e9donie, puis r\u00e9alise des films sur les probl\u00e9matiques \u00ab\u00a0jeunesse\u00a0\u00bb, avec des lyc\u00e9ens, comme \u201cLe souvenir du Totem\u201d ou \u201dDe l\u2019autre c\u00f4t\u00e9 du miroir\u201d. \u00ab\u00a0Bereziina\u00a0\u00bb, son dernier court m\u00e9trage, couronn\u00e9 de trois prix au 26e Festival\u2026","_links":{"self":[{"href":"https:\/\/www.rochefortpacifique.org\/edition2025\/wp-json\/wp\/v2\/festival\/5609","targetHints":{"allow":["GET"]}}],"collection":[{"href":"https:\/\/www.rochefortpacifique.org\/edition2025\/wp-json\/wp\/v2\/festival"}],"about":[{"href":"https:\/\/www.rochefortpacifique.org\/edition2025\/wp-json\/wp\/v2\/types\/festival"}],"version-history":[{"count":2,"href":"https:\/\/www.rochefortpacifique.org\/edition2025\/wp-json\/wp\/v2\/festival\/5609\/revisions"}],"predecessor-version":[{"id":6318,"href":"https:\/\/www.rochefortpacifique.org\/edition2025\/wp-json\/wp\/v2\/festival\/5609\/revisions\/6318"}],"wp:featuredmedia":[{"embeddable":true,"href":"https:\/\/www.rochefortpacifique.org\/edition2025\/wp-json\/wp\/v2\/media\/5610"}],"wp:attachment":[{"href":"https:\/\/www.rochefortpacifique.org\/edition2025\/wp-json\/wp\/v2\/media?parent=5609"}],"wp:term":[{"taxonomy":"edition","embeddable":true,"href":"https:\/\/www.rochefortpacifique.org\/edition2025\/wp-json\/wp\/v2\/edition?post=5609"},{"taxonomy":"personnalite","embeddable":true,"href":"https:\/\/www.rochefortpacifique.org\/edition2025\/wp-json\/wp\/v2\/personnalite?post=5609"},{"taxonomy":"evenement","embeddable":true,"href":"https:\/\/www.rochefortpacifique.org\/edition2025\/wp-json\/wp\/v2\/evenement?post=5609"}],"curies":[{"name":"wp","href":"https:\/\/api.w.org\/{rel}","templated":true}]}}